{"id":4170,"date":"2026-03-23T08:09:15","date_gmt":"2026-03-23T07:09:15","guid":{"rendered":"https:\/\/www.regionsaris.sk\/?post_type=vyznamna-tvar&#038;p=4170"},"modified":"2026-03-25T14:41:22","modified_gmt":"2026-03-25T13:41:22","slug":"michal-hudak","status":"publish","type":"vyznamna-tvar","link":"https:\/\/www.regionsaris.sk\/pl\/vyznamna-tvar\/michal-hudak\/","title":{"rendered":"Michal Hud\u00e1k"},"content":{"rendered":"<p>Mgr. Michal Hud\u00e1k urodzi\u0142 si\u0119 27 czerwca 1969 r. w Preszowie i jest narodowo\u015bci rosyjskiej. Uko\u0144czy\u0142 szko\u0142\u0119 podstawow\u0105 i liceum w j\u0119zyku ukrai\u0144skim. W dzieci\u0144stwie pracowa\u0142 w radiu i teatrze amatorskim. Jako nastolatek wyst\u0119powa\u0142 r\u00f3wnie\u017c w Ukrai\u0144skim Teatrze Narodowym w Preszowie (obecnie Teatr im. Aleksandra Duchnowicza).<\/p>\n\n\n\n<p>Zdecydowa\u0142 si\u0119 studiowa\u0107 aktorstwo na Akademii Sztuk Scenicznych w Bratys\u0142awie. W 1987 roku pomy\u015blnie przeszed\u0142 rozmowy kwalifikacyjne, ale ostatecznie rozpocz\u0105\u0142 studia aktorskie w Kijowskim Instytucie Sztuk Teatralnych. Studiowa\u0142 tam r\u00f3wnie\u017c jego brat Siergiej. Po czterech latach powr\u00f3ci\u0142 jako aktor teatralny i filmowy. Dosta\u0142 anga\u017c w Teatrze Aleksandra Duchnowicza w Preszowie. Pracowa\u0142 r\u00f3wnie\u017c w radiu Flash w Preszowie.<\/p>\n\n\n\n<p>Po raz pierwszy pojawi\u0142 si\u0119 w telewizji w programie konkursowym Telewizji S\u0142owackiej Spr\u00e1vny klucz, a p\u00f3\u017aniej w programie Var\u00edm var\u00ed\u0161 var\u00edme. Obecnie przygotowuje zwiastuny dla JOJ TV, pracuje w dubbingu i czyta komentarze do film\u00f3w dokumentalnych. W JOJ prowadzi\u0142 programy Dziewczyna za milion i reality show VyVolen\u00ed. W RTVS prowadzi\u0142 programy Fenomen i Fenomen Junior. Wyst\u0119puje r\u00f3wnie\u017c z zespo\u0142em country i bluegrass \u017dobr\u00e1ci, w kt\u00f3rym gra na mandolinie. Jest rozwiedziony, ma syn\u00f3w Simona i Hugo oraz c\u00f3rk\u0119 Ev\u0119.<\/p>\n\n\n\n<p>Wyst\u0105pi\u0142 w serialach telewizyjnych The Professionals i Panel\u00e1k. Obecnie cz\u0119sto pojawia si\u0119 w serialu Incognito u boku innego przyjaciela i kolegi Rosjanina, Mariana \u010cekovskiego.<\/p>\n\n\n\n<p><strong>\u0179r\u00f3d\u0142o:<\/strong> https:\/\/sk.wikipedia.org\/wiki\/Michal_Hud\u00e1k<br><strong>\u0179r\u00f3d\u0142o zdj\u0119cia: <\/strong>Autor: Pavol Fre\u0161o - flickr.com, CC BY 2.0, https:\/\/commons.wikimedia.org\/w\/index.php?curid=18192226<\/p>","protected":false},"featured_media":4235,"template":"","meta":{"_acf_changed":true},"kategoria-vyznamnych-tvari":[244],"oblast-posobenia":[238,263],"class_list":["post-4170","vyznamna-tvar","type-vyznamna-tvar","status-publish","has-post-thumbnail","hentry","kategoria-vyznamnych-tvari-sucasna-osobnost","oblast-posobenia-divadlo","oblast-posobenia-televizia"],"acf":[],"yoast_head":"<!-- This site is optimized with the Yoast SEO Premium plugin v26.3 (Yoast SEO v26.8) - https:\/\/yoast.com\/product\/yoast-seo-premium-wordpress\/ -->\n<title>Michal Hud\u00e1k - OOCR \u0160ari\u0161<\/title>\n<meta name=\"description\" content=\"Michal Hud\u00e1k moder\u00e1tor, spev\u00e1k a herec. Pozna\u0165 ho m\u00f4\u017eete z telev\u00edznych obrazoviek, viacer\u00fdch seri\u00e1lov alebo divadla.\" \/>\n<meta name=\"robots\" content=\"index, follow, max-snippet:-1, max-image-preview:large, max-video-preview:-1\" \/>\n<link rel=\"canonical\" href=\"https:\/\/www.regionsaris.sk\/pl\/vyznamna-tvar\/michal-hudak\/\" \/>\n<meta property=\"og:locale\" content=\"pl_PL\" \/>\n<meta property=\"og:type\" content=\"article\" \/>\n<meta property=\"og:title\" content=\"Michal Hud\u00e1k\" \/>\n<meta property=\"og:description\" content=\"Michal Hud\u00e1k moder\u00e1tor, spev\u00e1k a herec. Pozna\u0165 ho m\u00f4\u017eete z telev\u00edznych obrazoviek, viacer\u00fdch seri\u00e1lov alebo divadla.\" \/>\n<meta property=\"og:url\" content=\"https:\/\/www.regionsaris.sk\/pl\/vyznamna-tvar\/michal-hudak\/\" \/>\n<meta property=\"og:site_name\" content=\"OOCR \u0160ari\u0161\" \/>\n<meta property=\"article:modified_time\" content=\"2026-03-25T13:41:22+00:00\" \/>\n<meta property=\"og:image\" content=\"https:\/\/www.regionsaris.sk\/wp-content\/uploads\/2026\/03\/michal-hudak-vyznamne.tvare-regionu-oocrrs.png\" \/>\n\t<meta property=\"og:image:width\" content=\"500\" \/>\n\t<meta property=\"og:image:height\" content=\"500\" \/>\n\t<meta property=\"og:image:type\" content=\"image\/png\" \/>\n<meta name=\"twitter:card\" content=\"summary_large_image\" \/>\n<meta name=\"twitter:label1\" content=\"Est. reading time\" \/>\n\t<meta name=\"twitter:data1\" content=\"2 minuty\" \/>\n<script type=\"application\/ld+json\" class=\"yoast-schema-graph\">{\"@context\":\"https:\/\/schema.org\",\"@graph\":[{\"@type\":\"WebPage\",\"@id\":\"https:\/\/www.regionsaris.sk\/vyznamna-tvar\/michal-hudak\/\",\"url\":\"https:\/\/www.regionsaris.sk\/vyznamna-tvar\/michal-hudak\/\",\"name\":\"Michal Hud\u00e1k - OOCR \u0160ari\u0161\",\"isPartOf\":{\"@id\":\"https:\/\/www.regionsaris.sk\/#website\"},\"primaryImageOfPage\":{\"@id\":\"https:\/\/www.regionsaris.sk\/vyznamna-tvar\/michal-hudak\/#primaryimage\"},\"image\":{\"@id\":\"https:\/\/www.regionsaris.sk\/vyznamna-tvar\/michal-hudak\/#primaryimage\"},\"thumbnailUrl\":\"https:\/\/www.regionsaris.sk\/wp-content\/uploads\/2026\/03\/michal-hudak-vyznamne.tvare-regionu-oocrrs.png\",\"datePublished\":\"2026-03-23T07:09:15+00:00\",\"dateModified\":\"2026-03-25T13:41:22+00:00\",\"description\":\"Michal Hud\u00e1k moder\u00e1tor, spev\u00e1k a herec. Pozna\u0165 ho m\u00f4\u017eete z telev\u00edznych obrazoviek, viacer\u00fdch seri\u00e1lov alebo divadla.\",\"breadcrumb\":{\"@id\":\"https:\/\/www.regionsaris.sk\/vyznamna-tvar\/michal-hudak\/#breadcrumb\"},\"inLanguage\":\"pl-PL\",\"potentialAction\":[{\"@type\":\"ReadAction\",\"target\":[\"https:\/\/www.regionsaris.sk\/vyznamna-tvar\/michal-hudak\/\"]}]},{\"@type\":\"ImageObject\",\"inLanguage\":\"pl-PL\",\"@id\":\"https:\/\/www.regionsaris.sk\/vyznamna-tvar\/michal-hudak\/#primaryimage\",\"url\":\"https:\/\/www.regionsaris.sk\/wp-content\/uploads\/2026\/03\/michal-hudak-vyznamne.tvare-regionu-oocrrs.png\",\"contentUrl\":\"https:\/\/www.regionsaris.sk\/wp-content\/uploads\/2026\/03\/michal-hudak-vyznamne.tvare-regionu-oocrrs.png\",\"width\":500,\"height\":500},{\"@type\":\"BreadcrumbList\",\"@id\":\"https:\/\/www.regionsaris.sk\/vyznamna-tvar\/michal-hudak\/#breadcrumb\",\"itemListElement\":[{\"@type\":\"ListItem\",\"position\":1,\"name\":\"Domov\",\"item\":\"https:\/\/www.regionsaris.sk\/\"},{\"@type\":\"ListItem\",\"position\":2,\"name\":\"V\u00fdznamn\u00e9 tv\u00e1re regi\u00f3nu\",\"item\":\"https:\/\/www.regionsaris.sk\/vyznamne-tvare-regionu\/\"},{\"@type\":\"ListItem\",\"position\":3,\"name\":\"Michal Hud\u00e1k\"}]},{\"@type\":\"WebSite\",\"@id\":\"https:\/\/www.regionsaris.sk\/#website\",\"url\":\"https:\/\/www.regionsaris.sk\/\",\"name\":\"OOCR \u0160ari\u0161\",\"description\":\"\",\"potentialAction\":[{\"@type\":\"SearchAction\",\"target\":{\"@type\":\"EntryPoint\",\"urlTemplate\":\"https:\/\/www.regionsaris.sk\/?s={search_term_string}\"},\"query-input\":{\"@type\":\"PropertyValueSpecification\",\"valueRequired\":true,\"valueName\":\"search_term_string\"}}],\"inLanguage\":\"pl-PL\"}]}<\/script>\n<!-- \/ Yoast SEO Premium plugin. -->","yoast_head_json":{"title":"Michal Hud\u00e1k - OOCR \u0160ari\u0161","description":"Michal Hud\u00e1k moder\u00e1tor, spev\u00e1k a herec. Pozna\u0165 ho m\u00f4\u017eete z telev\u00edznych obrazoviek, viacer\u00fdch seri\u00e1lov alebo divadla.","robots":{"index":"index","follow":"follow","max-snippet":"max-snippet:-1","max-image-preview":"max-image-preview:large","max-video-preview":"max-video-preview:-1"},"canonical":"https:\/\/www.regionsaris.sk\/pl\/vyznamna-tvar\/michal-hudak\/","og_locale":"pl_PL","og_type":"article","og_title":"Michal Hud\u00e1k","og_description":"Michal Hud\u00e1k moder\u00e1tor, spev\u00e1k a herec. Pozna\u0165 ho m\u00f4\u017eete z telev\u00edznych obrazoviek, viacer\u00fdch seri\u00e1lov alebo divadla.","og_url":"https:\/\/www.regionsaris.sk\/pl\/vyznamna-tvar\/michal-hudak\/","og_site_name":"OOCR \u0160ari\u0161","article_modified_time":"2026-03-25T13:41:22+00:00","og_image":[{"width":500,"height":500,"url":"https:\/\/www.regionsaris.sk\/wp-content\/uploads\/2026\/03\/michal-hudak-vyznamne.tvare-regionu-oocrrs.png","type":"image\/png"}],"twitter_card":"summary_large_image","twitter_misc":{"Est. reading time":"2 minuty"},"schema":{"@context":"https:\/\/schema.org","@graph":[{"@type":"WebPage","@id":"https:\/\/www.regionsaris.sk\/vyznamna-tvar\/michal-hudak\/","url":"https:\/\/www.regionsaris.sk\/vyznamna-tvar\/michal-hudak\/","name":"Michal Hud\u00e1k - OOCR \u0160ari\u0161","isPartOf":{"@id":"https:\/\/www.regionsaris.sk\/#website"},"primaryImageOfPage":{"@id":"https:\/\/www.regionsaris.sk\/vyznamna-tvar\/michal-hudak\/#primaryimage"},"image":{"@id":"https:\/\/www.regionsaris.sk\/vyznamna-tvar\/michal-hudak\/#primaryimage"},"thumbnailUrl":"https:\/\/www.regionsaris.sk\/wp-content\/uploads\/2026\/03\/michal-hudak-vyznamne.tvare-regionu-oocrrs.png","datePublished":"2026-03-23T07:09:15+00:00","dateModified":"2026-03-25T13:41:22+00:00","description":"Michal Hud\u00e1k moder\u00e1tor, spev\u00e1k a herec. Pozna\u0165 ho m\u00f4\u017eete z telev\u00edznych obrazoviek, viacer\u00fdch seri\u00e1lov alebo divadla.","breadcrumb":{"@id":"https:\/\/www.regionsaris.sk\/vyznamna-tvar\/michal-hudak\/#breadcrumb"},"inLanguage":"pl-PL","potentialAction":[{"@type":"ReadAction","target":["https:\/\/www.regionsaris.sk\/vyznamna-tvar\/michal-hudak\/"]}]},{"@type":"ImageObject","inLanguage":"pl-PL","@id":"https:\/\/www.regionsaris.sk\/vyznamna-tvar\/michal-hudak\/#primaryimage","url":"https:\/\/www.regionsaris.sk\/wp-content\/uploads\/2026\/03\/michal-hudak-vyznamne.tvare-regionu-oocrrs.png","contentUrl":"https:\/\/www.regionsaris.sk\/wp-content\/uploads\/2026\/03\/michal-hudak-vyznamne.tvare-regionu-oocrrs.png","width":500,"height":500},{"@type":"BreadcrumbList","@id":"https:\/\/www.regionsaris.sk\/vyznamna-tvar\/michal-hudak\/#breadcrumb","itemListElement":[{"@type":"ListItem","position":1,"name":"Domov","item":"https:\/\/www.regionsaris.sk\/"},{"@type":"ListItem","position":2,"name":"V\u00fdznamn\u00e9 tv\u00e1re regi\u00f3nu","item":"https:\/\/www.regionsaris.sk\/vyznamne-tvare-regionu\/"},{"@type":"ListItem","position":3,"name":"Michal Hud\u00e1k"}]},{"@type":"WebSite","@id":"https:\/\/www.regionsaris.sk\/#website","url":"https:\/\/www.regionsaris.sk\/","name":"OOCR \u0160ari\u0161","description":"","potentialAction":[{"@type":"SearchAction","target":{"@type":"EntryPoint","urlTemplate":"https:\/\/www.regionsaris.sk\/?s={search_term_string}"},"query-input":{"@type":"PropertyValueSpecification","valueRequired":true,"valueName":"search_term_string"}}],"inLanguage":"pl-PL"}]}},"_links":{"self":[{"href":"https:\/\/www.regionsaris.sk\/pl\/wp-json\/wp\/v2\/vyznamna-tvar\/4170","targetHints":{"allow":["GET"]}}],"collection":[{"href":"https:\/\/www.regionsaris.sk\/pl\/wp-json\/wp\/v2\/vyznamna-tvar"}],"about":[{"href":"https:\/\/www.regionsaris.sk\/pl\/wp-json\/wp\/v2\/types\/vyznamna-tvar"}],"wp:featuredmedia":[{"embeddable":true,"href":"https:\/\/www.regionsaris.sk\/pl\/wp-json\/wp\/v2\/media\/4235"}],"wp:attachment":[{"href":"https:\/\/www.regionsaris.sk\/pl\/wp-json\/wp\/v2\/media?parent=4170"}],"wp:term":[{"taxonomy":"kategoria-vyznamnych-tvari","embeddable":true,"href":"https:\/\/www.regionsaris.sk\/pl\/wp-json\/wp\/v2\/kategoria-vyznamnych-tvari?post=4170"},{"taxonomy":"oblast-posobenia","embeddable":true,"href":"https:\/\/www.regionsaris.sk\/pl\/wp-json\/wp\/v2\/oblast-posobenia?post=4170"}],"curies":[{"name":"wp","href":"https:\/\/api.w.org\/{rel}","templated":true}]}}