{"id":4168,"date":"2026-03-23T08:04:26","date_gmt":"2026-03-23T07:04:26","guid":{"rendered":"https:\/\/www.regionsaris.sk\/?post_type=vyznamna-tvar&#038;p=4168"},"modified":"2026-03-25T14:43:46","modified_gmt":"2026-03-25T13:43:46","slug":"marcel-merciak","status":"publish","type":"vyznamna-tvar","link":"https:\/\/www.regionsaris.sk\/pl\/vyznamna-tvar\/marcel-merciak\/","title":{"rendered":"Marcel Merciak"},"content":{"rendered":"<p>Marcel Mer\u010diak urodzi\u0142 si\u0119 31 sierpnia 1975 r. w Preszowie. Po uko\u0144czeniu gimnazjum przy ulicy Tarasa \u0160ev\u010denka (obecnie Gimnazjum Jana Adama Raymana) w Preszowie, w 1993 roku rozpocz\u0105\u0142 studia dziennikarskie na Wydziale Sztuk Pi\u0119knych Uniwersytetu Karola w Bratys\u0142awie. Po uko\u0144czeniu studi\u00f3w magisterskich, 1 lipca 1997 r. zosta\u0142 pracownikiem Telewizji S\u0142owackiej, gdzie komentuje transmisje sportowe (g\u0142\u00f3wnie pi\u0142k\u0119 no\u017cn\u0105 i biathlon).&nbsp;<\/p>\n\n\n\n<p>Od 1996 do 2024 roku uczestniczy\u0142 we wszystkich pi\u0119tnastu igrzyskach olimpijskich (8 letnich i 7 zimowych). W jego godnych podziwu statystykach zawodowych wyr\u00f3\u017cniaj\u0105 si\u0119 rekordy komentowania mecz\u00f3w na siedmiu mistrzostwach \u015bwiata i siedmiu mistrzostwach Europy w pi\u0142ce no\u017cnej, 12 razy komentowa\u0142 fina\u0142 Ligi Mistrz\u00f3w.<\/p>\n\n\n\n<p>Po utworzeniu RTVS w styczniu 2011 r. kierownictwo dyrektora generalnego V\u00e1clava Miki powierzy\u0142o mu zarz\u0105dzanie dzia\u0142em sportowym RTVS. Funkcj\u0119 redaktora naczelnego ds. sportu pe\u0142ni\u0142 przez 4 lata i 11 miesi\u0119cy (od 1 lutego 2013 r. do ko\u0144ca 2017 r.). W 2021 r. obj\u0105\u0142 stanowisko szefa programowego kana\u0142u sportowego w mediach publicznych.&nbsp;<\/p>\n\n\n\n<p>Jest laureatem nagrody Tygodnika Zivot, laureatem nagrody Gab Zelenay przyznawanej przez Zwi\u0105zek S\u0142owackich Dziennikarzy, 13-krotnym zwyci\u0119zc\u0105 plebiscytu OTO (3 razy w kategorii prezenter sportowy, 8 razy w kategorii komentator sportowy i dwukrotnie \u201eAbsolute OTO\u201c). W 2014 r. kierownictwo \u00f3wczesnego RTVS powierzy\u0142o mu moderowanie konkursu wiedzy-rozrywkowego show \u201eCo ja wiem\u201c. Od 2013 roku jest cz\u0142onkiem Komisji Sportowej presti\u017cowej nagrody Kryszta\u0142owego Skrzyd\u0142a. Marcel Merciak wyr\u00f3s\u0142 na zintegrowan\u0105 osobowo\u015b\u0107 dziennikarsk\u0105, prawdziwego profesjonalist\u0119.<\/p>\n\n\n\n<p>Opr\u00f3cz pracy w telewizji, wielki dziennikarz sta\u0142 si\u0119 r\u00f3wnie\u017c niezale\u017cnym wsp\u00f3\u0142pracownikiem internetowego dziennika Standard, gdzie wzbogaca czytelnik\u00f3w swoimi komentarzami, spostrze\u017ceniami i wywiadami ze znanymi sportowcami.<\/p>\n\n\n\n<p><strong>\u0179r\u00f3d\u0142o:<\/strong> https:\/\/www.stvr.sk\/historia\/osobnosti\/marcel-merciak<br><strong>\u0179r\u00f3d\u0142o zdj\u0119cia:<\/strong> Autor: Powiat Bratys\u0142awski z Bratys\u0142awy, S\u0142owacja - Crystal Wing 2016, CC BY 2.0, https:\/\/commons.wikimedia.org\/w\/index.php?curid=46672694<\/p>","protected":false},"featured_media":4236,"template":"","meta":{"_acf_changed":true},"kategoria-vyznamnych-tvari":[244],"oblast-posobenia":[241,237,263],"class_list":["post-4168","vyznamna-tvar","type-vyznamna-tvar","status-publish","has-post-thumbnail","hentry","kategoria-vyznamnych-tvari-sucasna-osobnost","oblast-posobenia-publicistika","oblast-posobenia-sport","oblast-posobenia-televizia"],"acf":[],"yoast_head":"<!-- This site is optimized with the Yoast SEO Premium plugin v26.3 (Yoast SEO v26.8) - https:\/\/yoast.com\/product\/yoast-seo-premium-wordpress\/ -->\n<title>Marcel Mer\u010diak - OOCR \u0160ari\u0161<\/title>\n<meta name=\"description\" content=\"Marcel Mer\u010diak je zn\u00e1my slovensk\u00fd \u0161portov\u00fd koment\u00e1tor a novin\u00e1r. Taktie\u017e je extern\u00fdm spolupracovn\u00edkov denn\u00edka \u0160tandard.\" \/>\n<meta name=\"robots\" content=\"index, follow, max-snippet:-1, max-image-preview:large, max-video-preview:-1\" \/>\n<link rel=\"canonical\" href=\"https:\/\/www.regionsaris.sk\/pl\/vyznamna-tvar\/marcel-merciak\/\" \/>\n<meta property=\"og:locale\" content=\"pl_PL\" \/>\n<meta property=\"og:type\" content=\"article\" \/>\n<meta property=\"og:title\" content=\"Marcel Mer\u010diak\" \/>\n<meta property=\"og:description\" content=\"Marcel Mer\u010diak je zn\u00e1my slovensk\u00fd \u0161portov\u00fd koment\u00e1tor a novin\u00e1r. Taktie\u017e je extern\u00fdm spolupracovn\u00edkov denn\u00edka \u0160tandard.\" \/>\n<meta property=\"og:url\" content=\"https:\/\/www.regionsaris.sk\/pl\/vyznamna-tvar\/marcel-merciak\/\" \/>\n<meta property=\"og:site_name\" content=\"OOCR \u0160ari\u0161\" \/>\n<meta property=\"article:modified_time\" content=\"2026-03-25T13:43:46+00:00\" \/>\n<meta property=\"og:image\" content=\"https:\/\/www.regionsaris.sk\/wp-content\/uploads\/2026\/03\/marcel-merciak-vyznamne-tvare-regionu-oocrrs.png\" \/>\n\t<meta property=\"og:image:width\" content=\"500\" \/>\n\t<meta property=\"og:image:height\" content=\"500\" \/>\n\t<meta property=\"og:image:type\" content=\"image\/png\" \/>\n<meta name=\"twitter:card\" content=\"summary_large_image\" \/>\n<meta name=\"twitter:label1\" content=\"Est. reading time\" \/>\n\t<meta name=\"twitter:data1\" content=\"2 minuty\" \/>\n<script type=\"application\/ld+json\" class=\"yoast-schema-graph\">{\"@context\":\"https:\/\/schema.org\",\"@graph\":[{\"@type\":\"WebPage\",\"@id\":\"https:\/\/www.regionsaris.sk\/vyznamna-tvar\/marcel-merciak\/\",\"url\":\"https:\/\/www.regionsaris.sk\/vyznamna-tvar\/marcel-merciak\/\",\"name\":\"Marcel Mer\u010diak - OOCR \u0160ari\u0161\",\"isPartOf\":{\"@id\":\"https:\/\/www.regionsaris.sk\/#website\"},\"primaryImageOfPage\":{\"@id\":\"https:\/\/www.regionsaris.sk\/vyznamna-tvar\/marcel-merciak\/#primaryimage\"},\"image\":{\"@id\":\"https:\/\/www.regionsaris.sk\/vyznamna-tvar\/marcel-merciak\/#primaryimage\"},\"thumbnailUrl\":\"https:\/\/www.regionsaris.sk\/wp-content\/uploads\/2026\/03\/marcel-merciak-vyznamne-tvare-regionu-oocrrs.png\",\"datePublished\":\"2026-03-23T07:04:26+00:00\",\"dateModified\":\"2026-03-25T13:43:46+00:00\",\"description\":\"Marcel Mer\u010diak je zn\u00e1my slovensk\u00fd \u0161portov\u00fd koment\u00e1tor a novin\u00e1r. Taktie\u017e je extern\u00fdm spolupracovn\u00edkov denn\u00edka \u0160tandard.\",\"breadcrumb\":{\"@id\":\"https:\/\/www.regionsaris.sk\/vyznamna-tvar\/marcel-merciak\/#breadcrumb\"},\"inLanguage\":\"pl-PL\",\"potentialAction\":[{\"@type\":\"ReadAction\",\"target\":[\"https:\/\/www.regionsaris.sk\/vyznamna-tvar\/marcel-merciak\/\"]}]},{\"@type\":\"ImageObject\",\"inLanguage\":\"pl-PL\",\"@id\":\"https:\/\/www.regionsaris.sk\/vyznamna-tvar\/marcel-merciak\/#primaryimage\",\"url\":\"https:\/\/www.regionsaris.sk\/wp-content\/uploads\/2026\/03\/marcel-merciak-vyznamne-tvare-regionu-oocrrs.png\",\"contentUrl\":\"https:\/\/www.regionsaris.sk\/wp-content\/uploads\/2026\/03\/marcel-merciak-vyznamne-tvare-regionu-oocrrs.png\",\"width\":500,\"height\":500},{\"@type\":\"BreadcrumbList\",\"@id\":\"https:\/\/www.regionsaris.sk\/vyznamna-tvar\/marcel-merciak\/#breadcrumb\",\"itemListElement\":[{\"@type\":\"ListItem\",\"position\":1,\"name\":\"Domov\",\"item\":\"https:\/\/www.regionsaris.sk\/\"},{\"@type\":\"ListItem\",\"position\":2,\"name\":\"V\u00fdznamn\u00e9 tv\u00e1re regi\u00f3nu\",\"item\":\"https:\/\/www.regionsaris.sk\/vyznamne-tvare-regionu\/\"},{\"@type\":\"ListItem\",\"position\":3,\"name\":\"Marcel Mer\u010diak\"}]},{\"@type\":\"WebSite\",\"@id\":\"https:\/\/www.regionsaris.sk\/#website\",\"url\":\"https:\/\/www.regionsaris.sk\/\",\"name\":\"OOCR \u0160ari\u0161\",\"description\":\"\",\"potentialAction\":[{\"@type\":\"SearchAction\",\"target\":{\"@type\":\"EntryPoint\",\"urlTemplate\":\"https:\/\/www.regionsaris.sk\/?s={search_term_string}\"},\"query-input\":{\"@type\":\"PropertyValueSpecification\",\"valueRequired\":true,\"valueName\":\"search_term_string\"}}],\"inLanguage\":\"pl-PL\"}]}<\/script>\n<!-- \/ Yoast SEO Premium plugin. -->","yoast_head_json":{"title":"Marcel Mer\u010diak - OOCR \u0160ari\u0161","description":"Marcel Mer\u010diak je zn\u00e1my slovensk\u00fd \u0161portov\u00fd koment\u00e1tor a novin\u00e1r. Taktie\u017e je extern\u00fdm spolupracovn\u00edkov denn\u00edka \u0160tandard.","robots":{"index":"index","follow":"follow","max-snippet":"max-snippet:-1","max-image-preview":"max-image-preview:large","max-video-preview":"max-video-preview:-1"},"canonical":"https:\/\/www.regionsaris.sk\/pl\/vyznamna-tvar\/marcel-merciak\/","og_locale":"pl_PL","og_type":"article","og_title":"Marcel Mer\u010diak","og_description":"Marcel Mer\u010diak je zn\u00e1my slovensk\u00fd \u0161portov\u00fd koment\u00e1tor a novin\u00e1r. Taktie\u017e je extern\u00fdm spolupracovn\u00edkov denn\u00edka \u0160tandard.","og_url":"https:\/\/www.regionsaris.sk\/pl\/vyznamna-tvar\/marcel-merciak\/","og_site_name":"OOCR \u0160ari\u0161","article_modified_time":"2026-03-25T13:43:46+00:00","og_image":[{"width":500,"height":500,"url":"https:\/\/www.regionsaris.sk\/wp-content\/uploads\/2026\/03\/marcel-merciak-vyznamne-tvare-regionu-oocrrs.png","type":"image\/png"}],"twitter_card":"summary_large_image","twitter_misc":{"Est. reading time":"2 minuty"},"schema":{"@context":"https:\/\/schema.org","@graph":[{"@type":"WebPage","@id":"https:\/\/www.regionsaris.sk\/vyznamna-tvar\/marcel-merciak\/","url":"https:\/\/www.regionsaris.sk\/vyznamna-tvar\/marcel-merciak\/","name":"Marcel Mer\u010diak - OOCR \u0160ari\u0161","isPartOf":{"@id":"https:\/\/www.regionsaris.sk\/#website"},"primaryImageOfPage":{"@id":"https:\/\/www.regionsaris.sk\/vyznamna-tvar\/marcel-merciak\/#primaryimage"},"image":{"@id":"https:\/\/www.regionsaris.sk\/vyznamna-tvar\/marcel-merciak\/#primaryimage"},"thumbnailUrl":"https:\/\/www.regionsaris.sk\/wp-content\/uploads\/2026\/03\/marcel-merciak-vyznamne-tvare-regionu-oocrrs.png","datePublished":"2026-03-23T07:04:26+00:00","dateModified":"2026-03-25T13:43:46+00:00","description":"Marcel Mer\u010diak je zn\u00e1my slovensk\u00fd \u0161portov\u00fd koment\u00e1tor a novin\u00e1r. Taktie\u017e je extern\u00fdm spolupracovn\u00edkov denn\u00edka \u0160tandard.","breadcrumb":{"@id":"https:\/\/www.regionsaris.sk\/vyznamna-tvar\/marcel-merciak\/#breadcrumb"},"inLanguage":"pl-PL","potentialAction":[{"@type":"ReadAction","target":["https:\/\/www.regionsaris.sk\/vyznamna-tvar\/marcel-merciak\/"]}]},{"@type":"ImageObject","inLanguage":"pl-PL","@id":"https:\/\/www.regionsaris.sk\/vyznamna-tvar\/marcel-merciak\/#primaryimage","url":"https:\/\/www.regionsaris.sk\/wp-content\/uploads\/2026\/03\/marcel-merciak-vyznamne-tvare-regionu-oocrrs.png","contentUrl":"https:\/\/www.regionsaris.sk\/wp-content\/uploads\/2026\/03\/marcel-merciak-vyznamne-tvare-regionu-oocrrs.png","width":500,"height":500},{"@type":"BreadcrumbList","@id":"https:\/\/www.regionsaris.sk\/vyznamna-tvar\/marcel-merciak\/#breadcrumb","itemListElement":[{"@type":"ListItem","position":1,"name":"Domov","item":"https:\/\/www.regionsaris.sk\/"},{"@type":"ListItem","position":2,"name":"V\u00fdznamn\u00e9 tv\u00e1re regi\u00f3nu","item":"https:\/\/www.regionsaris.sk\/vyznamne-tvare-regionu\/"},{"@type":"ListItem","position":3,"name":"Marcel Mer\u010diak"}]},{"@type":"WebSite","@id":"https:\/\/www.regionsaris.sk\/#website","url":"https:\/\/www.regionsaris.sk\/","name":"OOCR \u0160ari\u0161","description":"","potentialAction":[{"@type":"SearchAction","target":{"@type":"EntryPoint","urlTemplate":"https:\/\/www.regionsaris.sk\/?s={search_term_string}"},"query-input":{"@type":"PropertyValueSpecification","valueRequired":true,"valueName":"search_term_string"}}],"inLanguage":"pl-PL"}]}},"_links":{"self":[{"href":"https:\/\/www.regionsaris.sk\/pl\/wp-json\/wp\/v2\/vyznamna-tvar\/4168","targetHints":{"allow":["GET"]}}],"collection":[{"href":"https:\/\/www.regionsaris.sk\/pl\/wp-json\/wp\/v2\/vyznamna-tvar"}],"about":[{"href":"https:\/\/www.regionsaris.sk\/pl\/wp-json\/wp\/v2\/types\/vyznamna-tvar"}],"wp:featuredmedia":[{"embeddable":true,"href":"https:\/\/www.regionsaris.sk\/pl\/wp-json\/wp\/v2\/media\/4236"}],"wp:attachment":[{"href":"https:\/\/www.regionsaris.sk\/pl\/wp-json\/wp\/v2\/media?parent=4168"}],"wp:term":[{"taxonomy":"kategoria-vyznamnych-tvari","embeddable":true,"href":"https:\/\/www.regionsaris.sk\/pl\/wp-json\/wp\/v2\/kategoria-vyznamnych-tvari?post=4168"},{"taxonomy":"oblast-posobenia","embeddable":true,"href":"https:\/\/www.regionsaris.sk\/pl\/wp-json\/wp\/v2\/oblast-posobenia?post=4168"}],"curies":[{"name":"wp","href":"https:\/\/api.w.org\/{rel}","templated":true}]}}