{"id":4164,"date":"2026-03-23T07:59:37","date_gmt":"2026-03-23T06:59:37","guid":{"rendered":"https:\/\/www.regionsaris.sk\/?post_type=vyznamna-tvar&#038;p=4164"},"modified":"2026-03-25T14:48:50","modified_gmt":"2026-03-25T13:48:50","slug":"katarina-knechtova","status":"publish","type":"vyznamna-tvar","link":"https:\/\/www.regionsaris.sk\/pl\/vyznamna-tvar\/katarina-knechtova\/","title":{"rendered":"Katar\u00edna Knechtov\u00e1"},"content":{"rendered":"<p>Katar\u00edna Knechtov\u00e1 jest s\u0142owack\u0105 piosenkark\u0105, kompozytork\u0105, autork\u0105 tekst\u00f3w, a tak\u017ce pianistk\u0105, gitarzystk\u0105 i perkusistk\u0105. Pochodzi z Preszowa, uko\u0144czy\u0142a gimnazjum Jana Adama Raymana, a tak\u017ce szko\u0142\u0119 ludow\u0105 w klasie fortepianu i \u015bpiewa\u0142a w zespole Pre\u0161ovch\u010dat\u00e1. .<\/p>\n\n\n\n<p>W wieku pi\u0119tnastu lat rozpocz\u0119\u0142a karier\u0119 muzyczn\u0105 w zespole IMT Smile. Siedemnastoletni w\u00f3wczas Ivan T\u00e1sler, lider zespo\u0142u, zainteresowa\u0142 si\u0119 ni\u0105 podczas nauki w gimnazjum w Preszowie i zaproponowa\u0142 jej stanowisko wokalistki. Wkr\u00f3tce potem grupa wyruszy\u0142a w du\u017c\u0105 czechos\u0142owack\u0105 tras\u0119 koncertow\u0105 jako support legendarnego zespo\u0142u Olympik. .<\/p>\n\n\n\n<p>W 1997 roku za\u0142o\u017cy\u0142 nowy zesp\u00f3\u0142 Peha z perkusist\u0105 Martinem Migasem i gitarzyst\u0105 Karelem Sivakiem. Sukces jest natychmiastowy, a piosenka \u201eRemote Control\u201c staje si\u0119 najcz\u0119\u015bciej granym utworem na S\u0142owacji. Aurel za rok 2005 sta\u0142 si\u0119 triumfem Peha, gdzie zdobyli cztery nagrody: najlepszy wokalista, najlepsza grupa, najlepsza piosenka \u201eZa tebou\u201c i najlepszy album.<\/p>\n\n\n\n<p>Knechtov\u00e1 opu\u015bci\u0142a Peha w 2008 roku i rozpocz\u0119\u0142a karier\u0119 solow\u0105. Na potrzeby filmu BATHORY Juraja Jakubiska skomponowa\u0142a w 2007 roku piosenk\u0119 \u201eMuoj Bo\u017ee\u201c, inspirowan\u0105 \u015bredniowiecznymi psalmami i cz\u0119\u015bciowo w j\u0119zyku staros\u0142owia\u0144skim. Jakubisko wyre\u017cyserowa\u0142 teledysk do piosenki z Katarin\u0105. Piosenka by\u0142a niezwykle popularna, wygrywaj\u0105c s\u0142owackie listy przeboj\u00f3w i zdobywaj\u0105c presti\u017cow\u0105 nagrod\u0119 Aurel dla najlepszej piosenki roku. Mimo to nie zosta\u0142 on w\u0142\u0105czony do ostatecznej wersji filmu.<\/p>\n\n\n\n<p>Opr\u00f3cz koncert\u00f3w na S\u0142owacji i w Czechach, Katar\u00edna skomponowa\u0142a r\u00f3wnie\u017c muzyk\u0119 filmow\u0105, na przyk\u0142ad do filmu ISABEL i studenckiego filmu ZEM JE GU\u013dAT\u00c1 (ZIEMIA JEST GULAT\u0104). Jej wymarzonym projektem by\u0142o za\u0142o\u017cenie girlsbandu The Cubes, w kt\u00f3rym jednak nie \u015bpiewa\u0142a. Jak sama m\u00f3wi, za\u0142o\u017cy\u0142a j\u0105, aby m\u00f3c gra\u0107 w niej na perkusji. Grupa wyda\u0142a album i teledysk o tej samej nazwie \u201eTomorrow\u201c w 2012 roku. The Cubes supportowali zesp\u00f3\u0142 Garbage, a sama Knechtova wspiera\u0142a Cranberries i Depeche Mode na koncertach w Bratys\u0142awie i Pradze. .<\/p>\n\n\n\n<p>Katar\u00edna otrzyma\u0142a wiele nagr\u00f3d, takich jak nagrody Aurel i OTO dla najlepszej piosenkarki roku czy Srebrne S\u0142owiki. Opr\u00f3cz muzyki lubi tak\u017ce eksperymentowa\u0107 ze swoim wygl\u0105dem i cz\u0119sto zaskakuje, zw\u0142aszcza kolorem i d\u0142ugo\u015bci\u0105 w\u0142os\u00f3w. Chocia\u017c jej najnowszy album ma angielsk\u0105 wersj\u0119 j\u0119zykow\u0105, w swojej pracy preferuje j\u0119zyk s\u0142owacki, jest zaanga\u017cowana w projekty promuj\u0105ce s\u0142owackie produkty i nadal mieszka w rodzinnym Preszowie.<\/p>\n\n\n\n<p><strong>\u0179r\u00f3d\u0142o: <\/strong>https:\/\/www.csfd.sk\/tvorca\/101063-katarina-knechtova\/biografia\/<br><strong>\u0179r\u00f3d\u0142o zdj\u0119cia: <\/strong>By Fishfrog - Praca w\u0142asna, CC BY-SA 3.0, https:\/\/commons.wikimedia.org\/w\/index.php?curid=29706592<\/p>","protected":false},"featured_media":4238,"template":"","meta":{"_acf_changed":true},"kategoria-vyznamnych-tvari":[244],"oblast-posobenia":[236,256],"class_list":["post-4164","vyznamna-tvar","type-vyznamna-tvar","status-publish","has-post-thumbnail","hentry","kategoria-vyznamnych-tvari-sucasna-osobnost","oblast-posobenia-hudba","oblast-posobenia-spev"],"acf":[],"yoast_head":"<!-- This site is optimized with the Yoast SEO Premium plugin v26.3 (Yoast SEO v26.8) - https:\/\/yoast.com\/product\/yoast-seo-premium-wordpress\/ -->\n<title>Katar\u00edna Knechtov\u00e1 - OOCR \u0160ari\u0161<\/title>\n<meta name=\"description\" content=\"Katar\u00edna Knechtov\u00e1 je slovensk\u00e1 spev\u00e1\u010dka, klaviristka, gitaristka a skladate\u013eka piesn\u00ed. Bola s\u00fa\u010das\u0165ou skupiny Peha.\" \/>\n<meta name=\"robots\" content=\"index, follow, max-snippet:-1, max-image-preview:large, max-video-preview:-1\" \/>\n<link rel=\"canonical\" href=\"https:\/\/www.regionsaris.sk\/pl\/vyznamna-tvar\/katarina-knechtova\/\" \/>\n<meta property=\"og:locale\" content=\"pl_PL\" \/>\n<meta property=\"og:type\" content=\"article\" \/>\n<meta property=\"og:title\" content=\"Katar\u00edna Knechtov\u00e1\" \/>\n<meta property=\"og:description\" content=\"Katar\u00edna Knechtov\u00e1 je slovensk\u00e1 spev\u00e1\u010dka, klaviristka, gitaristka a skladate\u013eka piesn\u00ed. Bola s\u00fa\u010das\u0165ou skupiny Peha.\" \/>\n<meta property=\"og:url\" content=\"https:\/\/www.regionsaris.sk\/pl\/vyznamna-tvar\/katarina-knechtova\/\" \/>\n<meta property=\"og:site_name\" content=\"OOCR \u0160ari\u0161\" \/>\n<meta property=\"article:modified_time\" content=\"2026-03-25T13:48:50+00:00\" \/>\n<meta property=\"og:image\" content=\"https:\/\/www.regionsaris.sk\/wp-content\/uploads\/2026\/03\/katarina-knechtova-vyznamne-tvare-regionu-oocrrs.png\" \/>\n\t<meta property=\"og:image:width\" content=\"500\" \/>\n\t<meta property=\"og:image:height\" content=\"500\" \/>\n\t<meta property=\"og:image:type\" content=\"image\/png\" \/>\n<meta name=\"twitter:card\" content=\"summary_large_image\" \/>\n<meta name=\"twitter:label1\" content=\"Est. reading time\" \/>\n\t<meta name=\"twitter:data1\" content=\"3 minuty\" \/>\n<script type=\"application\/ld+json\" class=\"yoast-schema-graph\">{\"@context\":\"https:\/\/schema.org\",\"@graph\":[{\"@type\":\"WebPage\",\"@id\":\"https:\/\/www.regionsaris.sk\/vyznamna-tvar\/katarina-knechtova\/\",\"url\":\"https:\/\/www.regionsaris.sk\/vyznamna-tvar\/katarina-knechtova\/\",\"name\":\"Katar\u00edna Knechtov\u00e1 - OOCR \u0160ari\u0161\",\"isPartOf\":{\"@id\":\"https:\/\/www.regionsaris.sk\/#website\"},\"primaryImageOfPage\":{\"@id\":\"https:\/\/www.regionsaris.sk\/vyznamna-tvar\/katarina-knechtova\/#primaryimage\"},\"image\":{\"@id\":\"https:\/\/www.regionsaris.sk\/vyznamna-tvar\/katarina-knechtova\/#primaryimage\"},\"thumbnailUrl\":\"https:\/\/www.regionsaris.sk\/wp-content\/uploads\/2026\/03\/katarina-knechtova-vyznamne-tvare-regionu-oocrrs.png\",\"datePublished\":\"2026-03-23T06:59:37+00:00\",\"dateModified\":\"2026-03-25T13:48:50+00:00\",\"description\":\"Katar\u00edna Knechtov\u00e1 je slovensk\u00e1 spev\u00e1\u010dka, klaviristka, gitaristka a skladate\u013eka piesn\u00ed. Bola s\u00fa\u010das\u0165ou skupiny Peha.\",\"breadcrumb\":{\"@id\":\"https:\/\/www.regionsaris.sk\/vyznamna-tvar\/katarina-knechtova\/#breadcrumb\"},\"inLanguage\":\"pl-PL\",\"potentialAction\":[{\"@type\":\"ReadAction\",\"target\":[\"https:\/\/www.regionsaris.sk\/vyznamna-tvar\/katarina-knechtova\/\"]}]},{\"@type\":\"ImageObject\",\"inLanguage\":\"pl-PL\",\"@id\":\"https:\/\/www.regionsaris.sk\/vyznamna-tvar\/katarina-knechtova\/#primaryimage\",\"url\":\"https:\/\/www.regionsaris.sk\/wp-content\/uploads\/2026\/03\/katarina-knechtova-vyznamne-tvare-regionu-oocrrs.png\",\"contentUrl\":\"https:\/\/www.regionsaris.sk\/wp-content\/uploads\/2026\/03\/katarina-knechtova-vyznamne-tvare-regionu-oocrrs.png\",\"width\":500,\"height\":500},{\"@type\":\"BreadcrumbList\",\"@id\":\"https:\/\/www.regionsaris.sk\/vyznamna-tvar\/katarina-knechtova\/#breadcrumb\",\"itemListElement\":[{\"@type\":\"ListItem\",\"position\":1,\"name\":\"Domov\",\"item\":\"https:\/\/www.regionsaris.sk\/\"},{\"@type\":\"ListItem\",\"position\":2,\"name\":\"V\u00fdznamn\u00e9 tv\u00e1re regi\u00f3nu\",\"item\":\"https:\/\/www.regionsaris.sk\/vyznamne-tvare-regionu\/\"},{\"@type\":\"ListItem\",\"position\":3,\"name\":\"Katar\u00edna Knechtov\u00e1\"}]},{\"@type\":\"WebSite\",\"@id\":\"https:\/\/www.regionsaris.sk\/#website\",\"url\":\"https:\/\/www.regionsaris.sk\/\",\"name\":\"OOCR \u0160ari\u0161\",\"description\":\"\",\"potentialAction\":[{\"@type\":\"SearchAction\",\"target\":{\"@type\":\"EntryPoint\",\"urlTemplate\":\"https:\/\/www.regionsaris.sk\/?s={search_term_string}\"},\"query-input\":{\"@type\":\"PropertyValueSpecification\",\"valueRequired\":true,\"valueName\":\"search_term_string\"}}],\"inLanguage\":\"pl-PL\"}]}<\/script>\n<!-- \/ Yoast SEO Premium plugin. -->","yoast_head_json":{"title":"Katar\u00edna Knechtov\u00e1 - OOCR \u0160ari\u0161","description":"Katar\u00edna Knechtov\u00e1 je slovensk\u00e1 spev\u00e1\u010dka, klaviristka, gitaristka a skladate\u013eka piesn\u00ed. Bola s\u00fa\u010das\u0165ou skupiny Peha.","robots":{"index":"index","follow":"follow","max-snippet":"max-snippet:-1","max-image-preview":"max-image-preview:large","max-video-preview":"max-video-preview:-1"},"canonical":"https:\/\/www.regionsaris.sk\/pl\/vyznamna-tvar\/katarina-knechtova\/","og_locale":"pl_PL","og_type":"article","og_title":"Katar\u00edna Knechtov\u00e1","og_description":"Katar\u00edna Knechtov\u00e1 je slovensk\u00e1 spev\u00e1\u010dka, klaviristka, gitaristka a skladate\u013eka piesn\u00ed. Bola s\u00fa\u010das\u0165ou skupiny Peha.","og_url":"https:\/\/www.regionsaris.sk\/pl\/vyznamna-tvar\/katarina-knechtova\/","og_site_name":"OOCR \u0160ari\u0161","article_modified_time":"2026-03-25T13:48:50+00:00","og_image":[{"width":500,"height":500,"url":"https:\/\/www.regionsaris.sk\/wp-content\/uploads\/2026\/03\/katarina-knechtova-vyznamne-tvare-regionu-oocrrs.png","type":"image\/png"}],"twitter_card":"summary_large_image","twitter_misc":{"Est. reading time":"3 minuty"},"schema":{"@context":"https:\/\/schema.org","@graph":[{"@type":"WebPage","@id":"https:\/\/www.regionsaris.sk\/vyznamna-tvar\/katarina-knechtova\/","url":"https:\/\/www.regionsaris.sk\/vyznamna-tvar\/katarina-knechtova\/","name":"Katar\u00edna Knechtov\u00e1 - OOCR \u0160ari\u0161","isPartOf":{"@id":"https:\/\/www.regionsaris.sk\/#website"},"primaryImageOfPage":{"@id":"https:\/\/www.regionsaris.sk\/vyznamna-tvar\/katarina-knechtova\/#primaryimage"},"image":{"@id":"https:\/\/www.regionsaris.sk\/vyznamna-tvar\/katarina-knechtova\/#primaryimage"},"thumbnailUrl":"https:\/\/www.regionsaris.sk\/wp-content\/uploads\/2026\/03\/katarina-knechtova-vyznamne-tvare-regionu-oocrrs.png","datePublished":"2026-03-23T06:59:37+00:00","dateModified":"2026-03-25T13:48:50+00:00","description":"Katar\u00edna Knechtov\u00e1 je slovensk\u00e1 spev\u00e1\u010dka, klaviristka, gitaristka a skladate\u013eka piesn\u00ed. Bola s\u00fa\u010das\u0165ou skupiny Peha.","breadcrumb":{"@id":"https:\/\/www.regionsaris.sk\/vyznamna-tvar\/katarina-knechtova\/#breadcrumb"},"inLanguage":"pl-PL","potentialAction":[{"@type":"ReadAction","target":["https:\/\/www.regionsaris.sk\/vyznamna-tvar\/katarina-knechtova\/"]}]},{"@type":"ImageObject","inLanguage":"pl-PL","@id":"https:\/\/www.regionsaris.sk\/vyznamna-tvar\/katarina-knechtova\/#primaryimage","url":"https:\/\/www.regionsaris.sk\/wp-content\/uploads\/2026\/03\/katarina-knechtova-vyznamne-tvare-regionu-oocrrs.png","contentUrl":"https:\/\/www.regionsaris.sk\/wp-content\/uploads\/2026\/03\/katarina-knechtova-vyznamne-tvare-regionu-oocrrs.png","width":500,"height":500},{"@type":"BreadcrumbList","@id":"https:\/\/www.regionsaris.sk\/vyznamna-tvar\/katarina-knechtova\/#breadcrumb","itemListElement":[{"@type":"ListItem","position":1,"name":"Domov","item":"https:\/\/www.regionsaris.sk\/"},{"@type":"ListItem","position":2,"name":"V\u00fdznamn\u00e9 tv\u00e1re regi\u00f3nu","item":"https:\/\/www.regionsaris.sk\/vyznamne-tvare-regionu\/"},{"@type":"ListItem","position":3,"name":"Katar\u00edna Knechtov\u00e1"}]},{"@type":"WebSite","@id":"https:\/\/www.regionsaris.sk\/#website","url":"https:\/\/www.regionsaris.sk\/","name":"OOCR \u0160ari\u0161","description":"","potentialAction":[{"@type":"SearchAction","target":{"@type":"EntryPoint","urlTemplate":"https:\/\/www.regionsaris.sk\/?s={search_term_string}"},"query-input":{"@type":"PropertyValueSpecification","valueRequired":true,"valueName":"search_term_string"}}],"inLanguage":"pl-PL"}]}},"_links":{"self":[{"href":"https:\/\/www.regionsaris.sk\/pl\/wp-json\/wp\/v2\/vyznamna-tvar\/4164","targetHints":{"allow":["GET"]}}],"collection":[{"href":"https:\/\/www.regionsaris.sk\/pl\/wp-json\/wp\/v2\/vyznamna-tvar"}],"about":[{"href":"https:\/\/www.regionsaris.sk\/pl\/wp-json\/wp\/v2\/types\/vyznamna-tvar"}],"wp:featuredmedia":[{"embeddable":true,"href":"https:\/\/www.regionsaris.sk\/pl\/wp-json\/wp\/v2\/media\/4238"}],"wp:attachment":[{"href":"https:\/\/www.regionsaris.sk\/pl\/wp-json\/wp\/v2\/media?parent=4164"}],"wp:term":[{"taxonomy":"kategoria-vyznamnych-tvari","embeddable":true,"href":"https:\/\/www.regionsaris.sk\/pl\/wp-json\/wp\/v2\/kategoria-vyznamnych-tvari?post=4164"},{"taxonomy":"oblast-posobenia","embeddable":true,"href":"https:\/\/www.regionsaris.sk\/pl\/wp-json\/wp\/v2\/oblast-posobenia?post=4164"}],"curies":[{"name":"wp","href":"https:\/\/api.w.org\/{rel}","templated":true}]}}