{"id":4130,"date":"2026-03-22T16:09:31","date_gmt":"2026-03-22T15:09:31","guid":{"rendered":"https:\/\/www.regionsaris.sk\/?post_type=vyznamna-tvar&#038;p=4130"},"modified":"2026-04-01T10:07:07","modified_gmt":"2026-04-01T09:07:07","slug":"jan-rombauer","status":"publish","type":"vyznamna-tvar","link":"https:\/\/www.regionsaris.sk\/pl\/vyznamna-tvar\/jan-rombauer\/","title":{"rendered":"J\u00e1n Rombauer"},"content":{"rendered":"<p>Urodzi\u0142 si\u0119 25 maja 1782 r. w rodzinie stolarza z Lewoczy. Przed rozpocz\u0119ciem studi\u00f3w na uniwersytecie preferowa\u0142 malarstwo. Od s\u0142ynnego malarza Stundera otrzyma\u0142 cenne lekcje w dziedzinie portret\u00f3w znanych osobisto\u015bci, a tak\u017ce pomoc w realizacji pierwszych zlece\u0144 od rodziny Cs\u00e1ky i preszowskiego kupca Steinh\u00fcbela.&nbsp;<\/p>\n\n\n\n<p>Podczas pobytu cara Aleksandra I w uzdrowisku Bardejov pozna\u0142 hrabiego Iljinsky'ego, kt\u00f3ry zaprosi\u0142 go do swojej posiad\u0142o\u015bci. W 1805 r. wyjecha\u0142 do Petersburga, gdzie sp\u0119dzi\u0142 19 lat jako malarz portret\u00f3w szlachty, inteligencji oraz os\u00f3b z wysokich kr\u0119g\u00f3w wojskowych i politycznych. By\u0142 cz\u0142onkiem Akademii Sztuk Pi\u0119knych w Petersburgu.&nbsp;<\/p>\n\n\n\n<p>W 1817 r. o\u017ceni\u0142 si\u0119 z Amali\u0105 Bauman, z kt\u00f3r\u0105 w 1825 r. osiad\u0142 w Preszowie, gdzie mieszkali jego bracia. Tutaj Rombauer namalowa\u0142 wiele realistycznych portret\u00f3w szlachty ze Spisza i Szarisza oraz mieszczan z Preszowa. Opr\u00f3cz portret\u00f3w stworzy\u0142 tak\u017ce kilka dzie\u0142 religijnych dla ko\u015bcio\u0142\u00f3w we wschodniej S\u0142owacji oraz swobodne kompozycje. Jego pobyt w Preszowie upami\u0119tnia obraz olejny Niewierz\u0105cy Tomasz w ko\u015bciele ewangelickim \u015awi\u0119tej Tr\u00f3jcy, obraz wo\u017anic\u00f3w wyborczych, weduta Widok Preszowa lub obraz sufitowy Amor a Psych\u00e9 w domu na Hlavnej 16. Wiele z jego dzie\u0142 znajduje si\u0119 obecnie w zbiorach Muzeum Ermita\u017cu w Sankt Petersburgu, Galerii Tretiakowskiej w Moskwie, S\u0142owackiej Galerii Narodowej w Bratys\u0142awie i Galerii \u0160ari\u0161 w Preszowie. Mieszka\u0142 w Preszowie do ko\u0144ca swojego \u017cycia 12 lutego 1849 roku. Zosta\u0142 pochowany na miejscowym cmentarzu.<\/p>\n\n\n\n<p><br><strong>\u0179r\u00f3d\u0142o: <\/strong>Biblioteka Wojew\u00f3dzka P. O. Hviezdoslava w Preszowie; Mikroprojekt. Presz\u00f3w: \u0160ari\u0161sk\u00e1 gal\u00e9ria, 2010.<br><strong>\u0179r\u00f3d\u0142o zdj\u0119cia: <\/strong>Janos Rombauer (1782-1849) - Napoleon i rewolucja, Darmowa praca, https:\/\/commons.wikimedia.org\/w\/index.php?curid=77726326<\/p>\n\n\n\n<p><\/p>","protected":false},"featured_media":4266,"template":"","meta":{"_acf_changed":true},"kategoria-vyznamnych-tvari":[230],"oblast-posobenia":[255,253],"class_list":["post-4130","vyznamna-tvar","type-vyznamna-tvar","status-publish","has-post-thumbnail","hentry","kategoria-vyznamnych-tvari-historicka-osobnost","oblast-posobenia-maliarstvo","oblast-posobenia-vytvarne-umenie"],"acf":[],"yoast_head":"<!-- This site is optimized with the Yoast SEO Premium plugin v26.3 (Yoast SEO v26.8) - https:\/\/yoast.com\/product\/yoast-seo-premium-wordpress\/ -->\n<title>J\u00e1n Rombauer - OOCR \u0160ari\u0161<\/title>\n<meta name=\"description\" content=\"J\u00e1n Rombauer - popredn\u00fd portr\u00e9tista minulej doby, ktor\u00fd bol dvorn\u00fdm c\u00e1rskym maliarom v regi\u00f3ne \u0160ari\u0161. Ma\u013eoval v\u00fdznamn\u00e9 osobnosti regi\u00f3nu.\" \/>\n<meta name=\"robots\" content=\"index, follow, max-snippet:-1, max-image-preview:large, max-video-preview:-1\" \/>\n<link rel=\"canonical\" href=\"https:\/\/www.regionsaris.sk\/pl\/vyznamna-tvar\/jan-rombauer\/\" \/>\n<meta property=\"og:locale\" content=\"pl_PL\" \/>\n<meta property=\"og:type\" content=\"article\" \/>\n<meta property=\"og:title\" content=\"J\u00e1n Rombauer\" \/>\n<meta property=\"og:description\" content=\"J\u00e1n Rombauer - popredn\u00fd portr\u00e9tista minulej doby, ktor\u00fd bol dvorn\u00fdm c\u00e1rskym maliarom v regi\u00f3ne \u0160ari\u0161. Ma\u013eoval v\u00fdznamn\u00e9 osobnosti regi\u00f3nu.\" \/>\n<meta property=\"og:url\" content=\"https:\/\/www.regionsaris.sk\/pl\/vyznamna-tvar\/jan-rombauer\/\" \/>\n<meta property=\"og:site_name\" content=\"OOCR \u0160ari\u0161\" \/>\n<meta property=\"article:modified_time\" content=\"2026-04-01T09:07:07+00:00\" \/>\n<meta property=\"og:image\" content=\"https:\/\/www.regionsaris.sk\/wp-content\/uploads\/2026\/03\/jan-rombauer-vyznamne-tvare-regionu-oocrrs.jpg\" \/>\n\t<meta property=\"og:image:width\" content=\"500\" \/>\n\t<meta property=\"og:image:height\" content=\"500\" \/>\n\t<meta property=\"og:image:type\" content=\"image\/jpeg\" \/>\n<meta name=\"twitter:card\" content=\"summary_large_image\" \/>\n<meta name=\"twitter:label1\" content=\"Est. reading time\" \/>\n\t<meta name=\"twitter:data1\" content=\"2 minuty\" \/>\n<script type=\"application\/ld+json\" class=\"yoast-schema-graph\">{\"@context\":\"https:\/\/schema.org\",\"@graph\":[{\"@type\":\"WebPage\",\"@id\":\"https:\/\/www.regionsaris.sk\/vyznamna-tvar\/jan-rombauer\/\",\"url\":\"https:\/\/www.regionsaris.sk\/vyznamna-tvar\/jan-rombauer\/\",\"name\":\"J\u00e1n Rombauer - OOCR \u0160ari\u0161\",\"isPartOf\":{\"@id\":\"https:\/\/www.regionsaris.sk\/#website\"},\"primaryImageOfPage\":{\"@id\":\"https:\/\/www.regionsaris.sk\/vyznamna-tvar\/jan-rombauer\/#primaryimage\"},\"image\":{\"@id\":\"https:\/\/www.regionsaris.sk\/vyznamna-tvar\/jan-rombauer\/#primaryimage\"},\"thumbnailUrl\":\"https:\/\/www.regionsaris.sk\/wp-content\/uploads\/2026\/03\/jan-rombauer-vyznamne-tvare-regionu-oocrrs.jpg\",\"datePublished\":\"2026-03-22T15:09:31+00:00\",\"dateModified\":\"2026-04-01T09:07:07+00:00\",\"description\":\"J\u00e1n Rombauer - popredn\u00fd portr\u00e9tista minulej doby, ktor\u00fd bol dvorn\u00fdm c\u00e1rskym maliarom v regi\u00f3ne \u0160ari\u0161. Ma\u013eoval v\u00fdznamn\u00e9 osobnosti regi\u00f3nu.\",\"breadcrumb\":{\"@id\":\"https:\/\/www.regionsaris.sk\/vyznamna-tvar\/jan-rombauer\/#breadcrumb\"},\"inLanguage\":\"pl-PL\",\"potentialAction\":[{\"@type\":\"ReadAction\",\"target\":[\"https:\/\/www.regionsaris.sk\/vyznamna-tvar\/jan-rombauer\/\"]}]},{\"@type\":\"ImageObject\",\"inLanguage\":\"pl-PL\",\"@id\":\"https:\/\/www.regionsaris.sk\/vyznamna-tvar\/jan-rombauer\/#primaryimage\",\"url\":\"https:\/\/www.regionsaris.sk\/wp-content\/uploads\/2026\/03\/jan-rombauer-vyznamne-tvare-regionu-oocrrs.jpg\",\"contentUrl\":\"https:\/\/www.regionsaris.sk\/wp-content\/uploads\/2026\/03\/jan-rombauer-vyznamne-tvare-regionu-oocrrs.jpg\",\"width\":500,\"height\":500},{\"@type\":\"BreadcrumbList\",\"@id\":\"https:\/\/www.regionsaris.sk\/vyznamna-tvar\/jan-rombauer\/#breadcrumb\",\"itemListElement\":[{\"@type\":\"ListItem\",\"position\":1,\"name\":\"Domov\",\"item\":\"https:\/\/www.regionsaris.sk\/\"},{\"@type\":\"ListItem\",\"position\":2,\"name\":\"V\u00fdznamn\u00e9 tv\u00e1re regi\u00f3nu\",\"item\":\"https:\/\/www.regionsaris.sk\/vyznamne-tvare-regionu\/\"},{\"@type\":\"ListItem\",\"position\":3,\"name\":\"J\u00e1n Rombauer\"}]},{\"@type\":\"WebSite\",\"@id\":\"https:\/\/www.regionsaris.sk\/#website\",\"url\":\"https:\/\/www.regionsaris.sk\/\",\"name\":\"OOCR \u0160ari\u0161\",\"description\":\"\",\"potentialAction\":[{\"@type\":\"SearchAction\",\"target\":{\"@type\":\"EntryPoint\",\"urlTemplate\":\"https:\/\/www.regionsaris.sk\/?s={search_term_string}\"},\"query-input\":{\"@type\":\"PropertyValueSpecification\",\"valueRequired\":true,\"valueName\":\"search_term_string\"}}],\"inLanguage\":\"pl-PL\"}]}<\/script>\n<!-- \/ Yoast SEO Premium plugin. -->","yoast_head_json":{"title":"J\u00e1n Rombauer - OOCR \u0160ari\u0161","description":"J\u00e1n Rombauer - popredn\u00fd portr\u00e9tista minulej doby, ktor\u00fd bol dvorn\u00fdm c\u00e1rskym maliarom v regi\u00f3ne \u0160ari\u0161. Ma\u013eoval v\u00fdznamn\u00e9 osobnosti regi\u00f3nu.","robots":{"index":"index","follow":"follow","max-snippet":"max-snippet:-1","max-image-preview":"max-image-preview:large","max-video-preview":"max-video-preview:-1"},"canonical":"https:\/\/www.regionsaris.sk\/pl\/vyznamna-tvar\/jan-rombauer\/","og_locale":"pl_PL","og_type":"article","og_title":"J\u00e1n Rombauer","og_description":"J\u00e1n Rombauer - popredn\u00fd portr\u00e9tista minulej doby, ktor\u00fd bol dvorn\u00fdm c\u00e1rskym maliarom v regi\u00f3ne \u0160ari\u0161. Ma\u013eoval v\u00fdznamn\u00e9 osobnosti regi\u00f3nu.","og_url":"https:\/\/www.regionsaris.sk\/pl\/vyznamna-tvar\/jan-rombauer\/","og_site_name":"OOCR \u0160ari\u0161","article_modified_time":"2026-04-01T09:07:07+00:00","og_image":[{"width":500,"height":500,"url":"https:\/\/www.regionsaris.sk\/wp-content\/uploads\/2026\/03\/jan-rombauer-vyznamne-tvare-regionu-oocrrs.jpg","type":"image\/jpeg"}],"twitter_card":"summary_large_image","twitter_misc":{"Est. reading time":"2 minuty"},"schema":{"@context":"https:\/\/schema.org","@graph":[{"@type":"WebPage","@id":"https:\/\/www.regionsaris.sk\/vyznamna-tvar\/jan-rombauer\/","url":"https:\/\/www.regionsaris.sk\/vyznamna-tvar\/jan-rombauer\/","name":"J\u00e1n Rombauer - OOCR \u0160ari\u0161","isPartOf":{"@id":"https:\/\/www.regionsaris.sk\/#website"},"primaryImageOfPage":{"@id":"https:\/\/www.regionsaris.sk\/vyznamna-tvar\/jan-rombauer\/#primaryimage"},"image":{"@id":"https:\/\/www.regionsaris.sk\/vyznamna-tvar\/jan-rombauer\/#primaryimage"},"thumbnailUrl":"https:\/\/www.regionsaris.sk\/wp-content\/uploads\/2026\/03\/jan-rombauer-vyznamne-tvare-regionu-oocrrs.jpg","datePublished":"2026-03-22T15:09:31+00:00","dateModified":"2026-04-01T09:07:07+00:00","description":"J\u00e1n Rombauer - popredn\u00fd portr\u00e9tista minulej doby, ktor\u00fd bol dvorn\u00fdm c\u00e1rskym maliarom v regi\u00f3ne \u0160ari\u0161. Ma\u013eoval v\u00fdznamn\u00e9 osobnosti regi\u00f3nu.","breadcrumb":{"@id":"https:\/\/www.regionsaris.sk\/vyznamna-tvar\/jan-rombauer\/#breadcrumb"},"inLanguage":"pl-PL","potentialAction":[{"@type":"ReadAction","target":["https:\/\/www.regionsaris.sk\/vyznamna-tvar\/jan-rombauer\/"]}]},{"@type":"ImageObject","inLanguage":"pl-PL","@id":"https:\/\/www.regionsaris.sk\/vyznamna-tvar\/jan-rombauer\/#primaryimage","url":"https:\/\/www.regionsaris.sk\/wp-content\/uploads\/2026\/03\/jan-rombauer-vyznamne-tvare-regionu-oocrrs.jpg","contentUrl":"https:\/\/www.regionsaris.sk\/wp-content\/uploads\/2026\/03\/jan-rombauer-vyznamne-tvare-regionu-oocrrs.jpg","width":500,"height":500},{"@type":"BreadcrumbList","@id":"https:\/\/www.regionsaris.sk\/vyznamna-tvar\/jan-rombauer\/#breadcrumb","itemListElement":[{"@type":"ListItem","position":1,"name":"Domov","item":"https:\/\/www.regionsaris.sk\/"},{"@type":"ListItem","position":2,"name":"V\u00fdznamn\u00e9 tv\u00e1re regi\u00f3nu","item":"https:\/\/www.regionsaris.sk\/vyznamne-tvare-regionu\/"},{"@type":"ListItem","position":3,"name":"J\u00e1n Rombauer"}]},{"@type":"WebSite","@id":"https:\/\/www.regionsaris.sk\/#website","url":"https:\/\/www.regionsaris.sk\/","name":"OOCR \u0160ari\u0161","description":"","potentialAction":[{"@type":"SearchAction","target":{"@type":"EntryPoint","urlTemplate":"https:\/\/www.regionsaris.sk\/?s={search_term_string}"},"query-input":{"@type":"PropertyValueSpecification","valueRequired":true,"valueName":"search_term_string"}}],"inLanguage":"pl-PL"}]}},"_links":{"self":[{"href":"https:\/\/www.regionsaris.sk\/pl\/wp-json\/wp\/v2\/vyznamna-tvar\/4130","targetHints":{"allow":["GET"]}}],"collection":[{"href":"https:\/\/www.regionsaris.sk\/pl\/wp-json\/wp\/v2\/vyznamna-tvar"}],"about":[{"href":"https:\/\/www.regionsaris.sk\/pl\/wp-json\/wp\/v2\/types\/vyznamna-tvar"}],"wp:featuredmedia":[{"embeddable":true,"href":"https:\/\/www.regionsaris.sk\/pl\/wp-json\/wp\/v2\/media\/4266"}],"wp:attachment":[{"href":"https:\/\/www.regionsaris.sk\/pl\/wp-json\/wp\/v2\/media?parent=4130"}],"wp:term":[{"taxonomy":"kategoria-vyznamnych-tvari","embeddable":true,"href":"https:\/\/www.regionsaris.sk\/pl\/wp-json\/wp\/v2\/kategoria-vyznamnych-tvari?post=4130"},{"taxonomy":"oblast-posobenia","embeddable":true,"href":"https:\/\/www.regionsaris.sk\/pl\/wp-json\/wp\/v2\/oblast-posobenia?post=4130"}],"curies":[{"name":"wp","href":"https:\/\/api.w.org\/{rel}","templated":true}]}}