{"id":4113,"date":"2026-03-22T11:35:25","date_gmt":"2026-03-22T10:35:25","guid":{"rendered":"https:\/\/www.regionsaris.sk\/?post_type=vyznamna-tvar&#038;p=4113"},"modified":"2026-04-01T10:19:40","modified_gmt":"2026-04-01T09:19:40","slug":"rudolf-dilong","status":"publish","type":"vyznamna-tvar","link":"https:\/\/www.regionsaris.sk\/pl\/vyznamna-tvar\/rudolf-dilong\/","title":{"rendered":"Rudolf Dilong"},"content":{"rendered":"<p>Urodzi\u0142 si\u0119 1 sierpnia 1905 r. w Trstenie na Orawie, gdzie uko\u0144czy\u0142 gimnazjum. Po uko\u0144czeniu szko\u0142y zosta\u0142 zakonnikiem zakonu franciszkan\u00f3w i pracowa\u0142 w klasztorach w Kremnicy, Hlohovcu, Malackach i \u017bylinie. Studiowa\u0142 teologi\u0119 katolick\u0105 i zosta\u0142 ksi\u0119dzem. Nast\u0119pnie pracowa\u0142 jako nauczyciel religii w szko\u0142ach \u015brednich w kilku miastach, w tym w kolegium ewangelickim w Preszowie w drugiej po\u0142owie lat trzydziestych XX wieku. Po wybuchu II wojny \u015bwiatowej zg\u0142osi\u0142 si\u0119 na ochotnika jako kurator polowy na froncie wschodnim.&nbsp;<\/p>\n\n\n\n<p>Po powrocie z frontu jesieni\u0105 1944 r. sp\u0119dzi\u0142 pi\u0119\u0107 miesi\u0119cy w klasztorze franciszkan\u00f3w w Ni\u017enej \u0160ebastovej ko\u0142o Preszowa. Po wojnie wyemigrowa\u0142, najpierw do Rzymu, a stamt\u0105d do Argentyny, gdzie od 1947 r. by\u0142 duszpasterzem s\u0142owackich emigrant\u00f3w w Buenos Aires i redagowa\u0142 czasopismo Slovensk\u00e9 zvesti (S\u0142owackie Wiadomo\u015bci). Od 1965 r. mieszka\u0142 w klasztorze w Pittsburghu w USA, gdzie by\u0142 redaktorem List\u00f3w \u015bw. Franciszka, ale tak\u017ce urz\u0119dnikiem \u015awiatowego Kongresu S\u0142owak\u00f3w. W 1969 r. odwiedzi\u0142 S\u0142owacj\u0119 z zamiarem pozostania, ale ostatecznie powr\u00f3ci\u0142 do USA. Zmar\u0142 w Pittsburghu 7 kwietnia 1986 roku.<\/p>\n\n\n\n<p>Dilong jest jednym z czo\u0142owych przedstawicieli s\u0142owackiego modernizmu katolickiego, kt\u00f3rego tw\u00f3rczo\u015b\u0107 obejmuje ponad sto zbior\u00f3w poezji. Jego \u017cycie i tw\u00f3rczo\u015b\u0107 zosta\u0142y naznaczone \u201ezakazan\u0105\u201c mi\u0142o\u015bci\u0105 do kobiety \u017cydowskiego pochodzenia, Vali, w czasach antysemityzmu. Do literatury wkroczy\u0142 jako wsp\u00f3\u0142za\u0142o\u017cyciel magazynu Postup. W swoich trzech pierwszych zbiorach poezji, Future People, Gloriously on stilts, Breathe lazy! przedstawi\u0142 temat natury i \u017cycia ch\u0142opskiego poprzez tradycyjn\u0105 rustykaln\u0105 wizj\u0119. W zbiorach Helena nosi lili\u0119 i M\u0142ody pan m\u0142ody mo\u017cna zidentyfikowa\u0107 wp\u0142ywy czeskiego poetyzmu. P\u00f3\u017aniej, dotkni\u0119ty okropie\u0144stwami wojny, Dilong ucieka\u0142 si\u0119 w swoich zbiorach do temat\u00f3w dzieci\u0144stwa i rodzinnej Orawy, kt\u00f3r\u0105 postrzega\u0142 jako bezpiecze\u0144stwo w czasach wojny.&nbsp;<\/p>\n\n\n\n<p>Jego tw\u00f3rczo\u015b\u0107 mia\u0142a charakter duchowej medytacji, a za jej kulminacj\u0119 uwa\u017ca si\u0119 ksi\u0105\u017ck\u0119 Ja, \u015bwi\u0119ty Franciszek. Na wygnaniu opublikowa\u0142 ponad 70 zbior\u00f3w. Wyb\u00f3r jego wygnanych dzie\u0142 zosta\u0142 opublikowany po 1989 roku pod tytu\u0142em I, Rudolf Dilong, trubadur i jest \u015bwiadectwem jego gorzkiej sytuacji jako wyrzutka i oddzielonego od ojczyzny. Do jego najnowszych dzie\u0142 nale\u017cy niedoko\u0144czona proza Ru\u017ea Dagmar.&nbsp;<\/p>\n\n\n\n<p>W Preszowie znajduje si\u0119 ulica nazwana jego imieniem.<\/p>\n\n\n\n<p><strong>\u0179r\u00f3d\u0142o: <\/strong>Biblioteka Wojew\u00f3dzka P. O. Hviezdoslava w Preszowie; Mikroprojekt.<br><strong>\u0179r\u00f3d\u0142o zdj\u0119cia: <\/strong>Autorska Ksi\u0119garnia S\u0142owacka, Praga - The Pictures of Slovak Writers Serie, vol. 1 (The Pictures of Slovak Writers Series, Series 1), Free Works, https:\/\/commons.wikimedia.org\/w\/index.php?curid=10679310<\/p>\n\n\n\n<p><\/p>","protected":false},"featured_media":4268,"template":"","meta":{"_acf_changed":true},"kategoria-vyznamnych-tvari":[230],"oblast-posobenia":[233,231],"class_list":["post-4113","vyznamna-tvar","type-vyznamna-tvar","status-publish","has-post-thumbnail","hentry","kategoria-vyznamnych-tvari-historicka-osobnost","oblast-posobenia-literatura","oblast-posobenia-teologia"],"acf":[],"yoast_head":"<!-- This site is optimized with the Yoast SEO Premium plugin v26.3 (Yoast SEO v26.8) - https:\/\/yoast.com\/product\/yoast-seo-premium-wordpress\/ -->\n<title>Rudolf Dilong - OOCR \u0160ari\u0161<\/title>\n<meta name=\"description\" content=\"Rudolf Dilong ur\u010dit\u00fd \u010das p\u00f4sobil v Pre\u0161ove, no pres\u0165ahoval sa do Ameriky. Bol popredn\u00fdm predstavite\u013eom katol\u00edckej moderny.\" \/>\n<meta name=\"robots\" content=\"index, follow, max-snippet:-1, max-image-preview:large, max-video-preview:-1\" \/>\n<link rel=\"canonical\" href=\"https:\/\/www.regionsaris.sk\/pl\/vyznamna-tvar\/rudolf-dilong\/\" \/>\n<meta property=\"og:locale\" content=\"pl_PL\" \/>\n<meta property=\"og:type\" content=\"article\" \/>\n<meta property=\"og:title\" content=\"Rudolf Dilong\" \/>\n<meta property=\"og:description\" content=\"Rudolf Dilong ur\u010dit\u00fd \u010das p\u00f4sobil v Pre\u0161ove, no pres\u0165ahoval sa do Ameriky. Bol popredn\u00fdm predstavite\u013eom katol\u00edckej moderny.\" \/>\n<meta property=\"og:url\" content=\"https:\/\/www.regionsaris.sk\/pl\/vyznamna-tvar\/rudolf-dilong\/\" \/>\n<meta property=\"og:site_name\" content=\"OOCR \u0160ari\u0161\" \/>\n<meta property=\"article:modified_time\" content=\"2026-04-01T09:19:40+00:00\" \/>\n<meta property=\"og:image\" content=\"https:\/\/www.regionsaris.sk\/wp-content\/uploads\/2026\/03\/rudolf-dilong-vyznamne-tvare-regionu-oocrrs.jpg\" \/>\n\t<meta property=\"og:image:width\" content=\"500\" \/>\n\t<meta property=\"og:image:height\" content=\"500\" \/>\n\t<meta property=\"og:image:type\" content=\"image\/jpeg\" \/>\n<meta name=\"twitter:card\" content=\"summary_large_image\" \/>\n<meta name=\"twitter:label1\" content=\"Est. reading time\" \/>\n\t<meta name=\"twitter:data1\" content=\"3 minuty\" \/>\n<script type=\"application\/ld+json\" class=\"yoast-schema-graph\">{\"@context\":\"https:\/\/schema.org\",\"@graph\":[{\"@type\":\"WebPage\",\"@id\":\"https:\/\/www.regionsaris.sk\/vyznamna-tvar\/rudolf-dilong\/\",\"url\":\"https:\/\/www.regionsaris.sk\/vyznamna-tvar\/rudolf-dilong\/\",\"name\":\"Rudolf Dilong - OOCR \u0160ari\u0161\",\"isPartOf\":{\"@id\":\"https:\/\/www.regionsaris.sk\/#website\"},\"primaryImageOfPage\":{\"@id\":\"https:\/\/www.regionsaris.sk\/vyznamna-tvar\/rudolf-dilong\/#primaryimage\"},\"image\":{\"@id\":\"https:\/\/www.regionsaris.sk\/vyznamna-tvar\/rudolf-dilong\/#primaryimage\"},\"thumbnailUrl\":\"https:\/\/www.regionsaris.sk\/wp-content\/uploads\/2026\/03\/rudolf-dilong-vyznamne-tvare-regionu-oocrrs.jpg\",\"datePublished\":\"2026-03-22T10:35:25+00:00\",\"dateModified\":\"2026-04-01T09:19:40+00:00\",\"description\":\"Rudolf Dilong ur\u010dit\u00fd \u010das p\u00f4sobil v Pre\u0161ove, no pres\u0165ahoval sa do Ameriky. Bol popredn\u00fdm predstavite\u013eom katol\u00edckej moderny.\",\"breadcrumb\":{\"@id\":\"https:\/\/www.regionsaris.sk\/vyznamna-tvar\/rudolf-dilong\/#breadcrumb\"},\"inLanguage\":\"pl-PL\",\"potentialAction\":[{\"@type\":\"ReadAction\",\"target\":[\"https:\/\/www.regionsaris.sk\/vyznamna-tvar\/rudolf-dilong\/\"]}]},{\"@type\":\"ImageObject\",\"inLanguage\":\"pl-PL\",\"@id\":\"https:\/\/www.regionsaris.sk\/vyznamna-tvar\/rudolf-dilong\/#primaryimage\",\"url\":\"https:\/\/www.regionsaris.sk\/wp-content\/uploads\/2026\/03\/rudolf-dilong-vyznamne-tvare-regionu-oocrrs.jpg\",\"contentUrl\":\"https:\/\/www.regionsaris.sk\/wp-content\/uploads\/2026\/03\/rudolf-dilong-vyznamne-tvare-regionu-oocrrs.jpg\",\"width\":500,\"height\":500},{\"@type\":\"BreadcrumbList\",\"@id\":\"https:\/\/www.regionsaris.sk\/vyznamna-tvar\/rudolf-dilong\/#breadcrumb\",\"itemListElement\":[{\"@type\":\"ListItem\",\"position\":1,\"name\":\"Domov\",\"item\":\"https:\/\/www.regionsaris.sk\/\"},{\"@type\":\"ListItem\",\"position\":2,\"name\":\"V\u00fdznamn\u00e9 tv\u00e1re regi\u00f3nu\",\"item\":\"https:\/\/www.regionsaris.sk\/vyznamne-tvare-regionu\/\"},{\"@type\":\"ListItem\",\"position\":3,\"name\":\"Rudolf Dilong\"}]},{\"@type\":\"WebSite\",\"@id\":\"https:\/\/www.regionsaris.sk\/#website\",\"url\":\"https:\/\/www.regionsaris.sk\/\",\"name\":\"OOCR \u0160ari\u0161\",\"description\":\"\",\"potentialAction\":[{\"@type\":\"SearchAction\",\"target\":{\"@type\":\"EntryPoint\",\"urlTemplate\":\"https:\/\/www.regionsaris.sk\/?s={search_term_string}\"},\"query-input\":{\"@type\":\"PropertyValueSpecification\",\"valueRequired\":true,\"valueName\":\"search_term_string\"}}],\"inLanguage\":\"pl-PL\"}]}<\/script>\n<!-- \/ Yoast SEO Premium plugin. -->","yoast_head_json":{"title":"Rudolf Dilong - OOCR \u0160ari\u0161","description":"Rudolf Dilong ur\u010dit\u00fd \u010das p\u00f4sobil v Pre\u0161ove, no pres\u0165ahoval sa do Ameriky. Bol popredn\u00fdm predstavite\u013eom katol\u00edckej moderny.","robots":{"index":"index","follow":"follow","max-snippet":"max-snippet:-1","max-image-preview":"max-image-preview:large","max-video-preview":"max-video-preview:-1"},"canonical":"https:\/\/www.regionsaris.sk\/pl\/vyznamna-tvar\/rudolf-dilong\/","og_locale":"pl_PL","og_type":"article","og_title":"Rudolf Dilong","og_description":"Rudolf Dilong ur\u010dit\u00fd \u010das p\u00f4sobil v Pre\u0161ove, no pres\u0165ahoval sa do Ameriky. Bol popredn\u00fdm predstavite\u013eom katol\u00edckej moderny.","og_url":"https:\/\/www.regionsaris.sk\/pl\/vyznamna-tvar\/rudolf-dilong\/","og_site_name":"OOCR \u0160ari\u0161","article_modified_time":"2026-04-01T09:19:40+00:00","og_image":[{"width":500,"height":500,"url":"https:\/\/www.regionsaris.sk\/wp-content\/uploads\/2026\/03\/rudolf-dilong-vyznamne-tvare-regionu-oocrrs.jpg","type":"image\/jpeg"}],"twitter_card":"summary_large_image","twitter_misc":{"Est. reading time":"3 minuty"},"schema":{"@context":"https:\/\/schema.org","@graph":[{"@type":"WebPage","@id":"https:\/\/www.regionsaris.sk\/vyznamna-tvar\/rudolf-dilong\/","url":"https:\/\/www.regionsaris.sk\/vyznamna-tvar\/rudolf-dilong\/","name":"Rudolf Dilong - OOCR \u0160ari\u0161","isPartOf":{"@id":"https:\/\/www.regionsaris.sk\/#website"},"primaryImageOfPage":{"@id":"https:\/\/www.regionsaris.sk\/vyznamna-tvar\/rudolf-dilong\/#primaryimage"},"image":{"@id":"https:\/\/www.regionsaris.sk\/vyznamna-tvar\/rudolf-dilong\/#primaryimage"},"thumbnailUrl":"https:\/\/www.regionsaris.sk\/wp-content\/uploads\/2026\/03\/rudolf-dilong-vyznamne-tvare-regionu-oocrrs.jpg","datePublished":"2026-03-22T10:35:25+00:00","dateModified":"2026-04-01T09:19:40+00:00","description":"Rudolf Dilong ur\u010dit\u00fd \u010das p\u00f4sobil v Pre\u0161ove, no pres\u0165ahoval sa do Ameriky. Bol popredn\u00fdm predstavite\u013eom katol\u00edckej moderny.","breadcrumb":{"@id":"https:\/\/www.regionsaris.sk\/vyznamna-tvar\/rudolf-dilong\/#breadcrumb"},"inLanguage":"pl-PL","potentialAction":[{"@type":"ReadAction","target":["https:\/\/www.regionsaris.sk\/vyznamna-tvar\/rudolf-dilong\/"]}]},{"@type":"ImageObject","inLanguage":"pl-PL","@id":"https:\/\/www.regionsaris.sk\/vyznamna-tvar\/rudolf-dilong\/#primaryimage","url":"https:\/\/www.regionsaris.sk\/wp-content\/uploads\/2026\/03\/rudolf-dilong-vyznamne-tvare-regionu-oocrrs.jpg","contentUrl":"https:\/\/www.regionsaris.sk\/wp-content\/uploads\/2026\/03\/rudolf-dilong-vyznamne-tvare-regionu-oocrrs.jpg","width":500,"height":500},{"@type":"BreadcrumbList","@id":"https:\/\/www.regionsaris.sk\/vyznamna-tvar\/rudolf-dilong\/#breadcrumb","itemListElement":[{"@type":"ListItem","position":1,"name":"Domov","item":"https:\/\/www.regionsaris.sk\/"},{"@type":"ListItem","position":2,"name":"V\u00fdznamn\u00e9 tv\u00e1re regi\u00f3nu","item":"https:\/\/www.regionsaris.sk\/vyznamne-tvare-regionu\/"},{"@type":"ListItem","position":3,"name":"Rudolf Dilong"}]},{"@type":"WebSite","@id":"https:\/\/www.regionsaris.sk\/#website","url":"https:\/\/www.regionsaris.sk\/","name":"OOCR \u0160ari\u0161","description":"","potentialAction":[{"@type":"SearchAction","target":{"@type":"EntryPoint","urlTemplate":"https:\/\/www.regionsaris.sk\/?s={search_term_string}"},"query-input":{"@type":"PropertyValueSpecification","valueRequired":true,"valueName":"search_term_string"}}],"inLanguage":"pl-PL"}]}},"_links":{"self":[{"href":"https:\/\/www.regionsaris.sk\/pl\/wp-json\/wp\/v2\/vyznamna-tvar\/4113","targetHints":{"allow":["GET"]}}],"collection":[{"href":"https:\/\/www.regionsaris.sk\/pl\/wp-json\/wp\/v2\/vyznamna-tvar"}],"about":[{"href":"https:\/\/www.regionsaris.sk\/pl\/wp-json\/wp\/v2\/types\/vyznamna-tvar"}],"wp:featuredmedia":[{"embeddable":true,"href":"https:\/\/www.regionsaris.sk\/pl\/wp-json\/wp\/v2\/media\/4268"}],"wp:attachment":[{"href":"https:\/\/www.regionsaris.sk\/pl\/wp-json\/wp\/v2\/media?parent=4113"}],"wp:term":[{"taxonomy":"kategoria-vyznamnych-tvari","embeddable":true,"href":"https:\/\/www.regionsaris.sk\/pl\/wp-json\/wp\/v2\/kategoria-vyznamnych-tvari?post=4113"},{"taxonomy":"oblast-posobenia","embeddable":true,"href":"https:\/\/www.regionsaris.sk\/pl\/wp-json\/wp\/v2\/oblast-posobenia?post=4113"}],"curies":[{"name":"wp","href":"https:\/\/api.w.org\/{rel}","templated":true}]}}