{"id":4105,"date":"2026-03-22T11:05:40","date_gmt":"2026-03-22T10:05:40","guid":{"rendered":"https:\/\/www.regionsaris.sk\/?post_type=vyznamna-tvar&#038;p=4105"},"modified":"2026-04-01T10:41:16","modified_gmt":"2026-04-01T09:41:16","slug":"jan-jesensky","status":"publish","type":"vyznamna-tvar","link":"https:\/\/www.regionsaris.sk\/pl\/vyznamna-tvar\/jan-jesensky\/","title":{"rendered":"J\u00e1n Jesensk\u00fd"},"content":{"rendered":"<p>Urodzi\u0142 si\u0119 30 grudnia 1874 r. w Martinie. Po uko\u0144czeniu szko\u0142y \u015bredniej w Kie\u017cmarku, uko\u0144czy\u0142 studia prawnicze w Kolegium Ewangelickim w Preszowie (1893-1896). Uzyska\u0142 tytu\u0142 doktora prawa w Klu\u017cu w Rumunii, a w 1905 r. zda\u0142 egzamin adwokacki w Budapeszcie. Pracowa\u0142 jako adwokat w B\u00e1novcach nad Bebravou.&nbsp;<\/p>\n\n\n\n<p>Po wybuchu I wojny \u015bwiatowej przebywa\u0142 na froncie rosyjskim, gdzie wst\u0105pi\u0142 do Legion\u00f3w Czechos\u0142owackich. W 1922 r. by\u0142 burmistrzem w Rimavskiej Sobocie, a nast\u0119pnie wielkim burmistrzem w Nitrze. Od 1929 r. by\u0142 radnym rz\u0105dowym w Bratys\u0142awie, a nast\u0119pnie wiceprezesem Urz\u0119du Wojew\u00f3dzkiego. W latach 1930-1939 by\u0142 wiceprezesem Stowarzyszenia Pisarzy S\u0142owackich, a od 1933 r. redaktorem naczelnym czasopisma Slovensk\u00e9 smery umeleck\u00e9 a kritick\u00e9 (S\u0142owackie Kierunki Sztuki i Krytyki). W listopadzie 1945 r. jako pierwszy S\u0142owak otrzyma\u0142 tytu\u0142 artysty narodowego. Zmar\u0142 27 grudnia 1945 r. w Bratys\u0142awie.<\/p>\n\n\n\n<p>Podczas studi\u00f3w w Kie\u017cmarku zacz\u0105\u0142 po\u015bwi\u0119ca\u0107 si\u0119 pracy literackiej. By\u0142 zar\u00f3wno poet\u0105, jak i prozaikiem. Podczas pobytu w Preszowie napisa\u0142 60 wierszy, m.in. Na shohu Torysy, Na rumoch \u0160ari\u0161a, Na Kapu\u0161ianskom hrade oraz dwie zabawne sztuki Poca\u0142unki walki i Zak\u0142ady lecznicze. P\u00f3\u017aniej napisa\u0142 tak\u017ce nowel\u0119 Karol Ketzer. W poezji porusza\u0142 tematy zwi\u0105zane z osobi\u015bcie prze\u017cywanymi emocjami mi\u0142osnymi i opublikowa\u0142 kilka zbior\u00f3w wierszy.&nbsp;<\/p>\n\n\n\n<p>Jako poeta typu intelektualnego odnosi\u0142 si\u0119 r\u00f3wnie\u017c do kwestii spo\u0142ecznych w zbiorach Our Hero, Black Days i On the Wickedness of the Day. Tw\u00f3rczo\u015b\u0107 prozatorsk\u0105 rozpocz\u0105\u0142 od satyrycznych i humorystycznych anegdot ze \u015brodowiska ma\u0142omiasteczkowego, kt\u00f3re publikowa\u0142 pod tytu\u0142em Opowie\u015bci ma\u0142omiasteczkowe. Zwie\u0144czeniem tw\u00f3rczo\u015bci prozatorskiej Jesenskiego jest obszerna powie\u015b\u0107 Demokraci, w kt\u00f3rej zawar\u0142 swoje \u017cyciowe do\u015bwiadczenie zaanga\u017cowania publicznego w sferze polityczno-administracyjnej. Jego prace zosta\u0142y opublikowane w kilku j\u0119zykach, a niekt\u00f3re z nich by\u0142y przedmiotem adaptacji filmowych i telewizyjnych. T\u0142umaczy\u0142 r\u00f3wnie\u017c rosyjsk\u0105 poezj\u0119 Puszkina, Jesienina i B\u0142oka oraz pisa\u0142 publicystyk\u0119 literack\u0105 i kulturaln\u0105. Jego tw\u00f3rczo\u015b\u0107 uczyni\u0142a go wa\u017cnym przedstawicielem wsp\u00f3\u0142czesnej literatury s\u0142owackiej.<\/p>\n\n\n\n<p>Pobyt Jesenskiego w Preszowie upami\u0119tnia tablica pami\u0105tkowa na Kolegium Ewangelickim i jednej z ulic.<\/p>\n\n\n\n<p><strong>\u0179r\u00f3d\u0142o: <\/strong>Biblioteka Wojew\u00f3dzka P. O. Hviezdoslava w Preszowie; Mikroprojekt.<br><strong>\u0179r\u00f3d\u0142o zdj\u0119cia:<\/strong> Autorska Ksi\u0119garnia S\u0142owacka, Praga - The Pictures of Slovak Writers Serie, vol. 1 (The Pictures of Slovak Writers Series, Series 1), Free Works, https:\/\/commons.wikimedia.org\/w\/index.php?curid=10680412<\/p>\n\n\n\n<p><\/p>","protected":false},"featured_media":4271,"template":"","meta":{"_acf_changed":true},"kategoria-vyznamnych-tvari":[230],"oblast-posobenia":[233,250],"class_list":["post-4105","vyznamna-tvar","type-vyznamna-tvar","status-publish","has-post-thumbnail","hentry","kategoria-vyznamnych-tvari-historicka-osobnost","oblast-posobenia-literatura","oblast-posobenia-pravo"],"acf":[],"yoast_head":"<!-- This site is optimized with the Yoast SEO Premium plugin v26.3 (Yoast SEO v26.8) - https:\/\/yoast.com\/product\/yoast-seo-premium-wordpress\/ -->\n<title>J\u00e1n Jesensk\u00fd - OOCR \u0160ari\u0161<\/title>\n<meta name=\"description\" content=\"J\u00e1n Jesensk\u00fd bol v\u00fdznamn\u00fdm predstavite\u013eom liter\u00e1rnej tvorby. Z\u00e1rove\u0148 bol vy\u0161tudovan\u00fdm pr\u00e1vnikom a bol na fronte p\u00fao\u010das 1. svetovej vojny.\" \/>\n<meta name=\"robots\" content=\"index, follow, max-snippet:-1, max-image-preview:large, max-video-preview:-1\" \/>\n<link rel=\"canonical\" href=\"https:\/\/www.regionsaris.sk\/pl\/vyznamna-tvar\/jan-jesensky\/\" \/>\n<meta property=\"og:locale\" content=\"pl_PL\" \/>\n<meta property=\"og:type\" content=\"article\" \/>\n<meta property=\"og:title\" content=\"J\u00e1n Jesensk\u00fd\" \/>\n<meta property=\"og:description\" content=\"J\u00e1n Jesensk\u00fd bol v\u00fdznamn\u00fdm predstavite\u013eom liter\u00e1rnej tvorby. Z\u00e1rove\u0148 bol vy\u0161tudovan\u00fdm pr\u00e1vnikom a bol na fronte p\u00fao\u010das 1. svetovej vojny.\" \/>\n<meta property=\"og:url\" content=\"https:\/\/www.regionsaris.sk\/pl\/vyznamna-tvar\/jan-jesensky\/\" \/>\n<meta property=\"og:site_name\" content=\"OOCR \u0160ari\u0161\" \/>\n<meta property=\"article:modified_time\" content=\"2026-04-01T09:41:16+00:00\" \/>\n<meta property=\"og:image\" content=\"https:\/\/www.regionsaris.sk\/wp-content\/uploads\/2026\/03\/jan-jesensky-vyznamne-tvare-regionu-oocrrs.jpg\" \/>\n\t<meta property=\"og:image:width\" content=\"500\" \/>\n\t<meta property=\"og:image:height\" content=\"500\" \/>\n\t<meta property=\"og:image:type\" content=\"image\/jpeg\" \/>\n<meta name=\"twitter:card\" content=\"summary_large_image\" \/>\n<meta name=\"twitter:label1\" content=\"Est. reading time\" \/>\n\t<meta name=\"twitter:data1\" content=\"3 minuty\" \/>\n<script type=\"application\/ld+json\" class=\"yoast-schema-graph\">{\"@context\":\"https:\/\/schema.org\",\"@graph\":[{\"@type\":\"WebPage\",\"@id\":\"https:\/\/www.regionsaris.sk\/vyznamna-tvar\/jan-jesensky\/\",\"url\":\"https:\/\/www.regionsaris.sk\/vyznamna-tvar\/jan-jesensky\/\",\"name\":\"J\u00e1n Jesensk\u00fd - OOCR \u0160ari\u0161\",\"isPartOf\":{\"@id\":\"https:\/\/www.regionsaris.sk\/#website\"},\"primaryImageOfPage\":{\"@id\":\"https:\/\/www.regionsaris.sk\/vyznamna-tvar\/jan-jesensky\/#primaryimage\"},\"image\":{\"@id\":\"https:\/\/www.regionsaris.sk\/vyznamna-tvar\/jan-jesensky\/#primaryimage\"},\"thumbnailUrl\":\"https:\/\/www.regionsaris.sk\/wp-content\/uploads\/2026\/03\/jan-jesensky-vyznamne-tvare-regionu-oocrrs.jpg\",\"datePublished\":\"2026-03-22T10:05:40+00:00\",\"dateModified\":\"2026-04-01T09:41:16+00:00\",\"description\":\"J\u00e1n Jesensk\u00fd bol v\u00fdznamn\u00fdm predstavite\u013eom liter\u00e1rnej tvorby. Z\u00e1rove\u0148 bol vy\u0161tudovan\u00fdm pr\u00e1vnikom a bol na fronte p\u00fao\u010das 1. svetovej vojny.\",\"breadcrumb\":{\"@id\":\"https:\/\/www.regionsaris.sk\/vyznamna-tvar\/jan-jesensky\/#breadcrumb\"},\"inLanguage\":\"pl-PL\",\"potentialAction\":[{\"@type\":\"ReadAction\",\"target\":[\"https:\/\/www.regionsaris.sk\/vyznamna-tvar\/jan-jesensky\/\"]}]},{\"@type\":\"ImageObject\",\"inLanguage\":\"pl-PL\",\"@id\":\"https:\/\/www.regionsaris.sk\/vyznamna-tvar\/jan-jesensky\/#primaryimage\",\"url\":\"https:\/\/www.regionsaris.sk\/wp-content\/uploads\/2026\/03\/jan-jesensky-vyznamne-tvare-regionu-oocrrs.jpg\",\"contentUrl\":\"https:\/\/www.regionsaris.sk\/wp-content\/uploads\/2026\/03\/jan-jesensky-vyznamne-tvare-regionu-oocrrs.jpg\",\"width\":500,\"height\":500},{\"@type\":\"BreadcrumbList\",\"@id\":\"https:\/\/www.regionsaris.sk\/vyznamna-tvar\/jan-jesensky\/#breadcrumb\",\"itemListElement\":[{\"@type\":\"ListItem\",\"position\":1,\"name\":\"Domov\",\"item\":\"https:\/\/www.regionsaris.sk\/\"},{\"@type\":\"ListItem\",\"position\":2,\"name\":\"V\u00fdznamn\u00e9 tv\u00e1re regi\u00f3nu\",\"item\":\"https:\/\/www.regionsaris.sk\/vyznamne-tvare-regionu\/\"},{\"@type\":\"ListItem\",\"position\":3,\"name\":\"J\u00e1n Jesensk\u00fd\"}]},{\"@type\":\"WebSite\",\"@id\":\"https:\/\/www.regionsaris.sk\/#website\",\"url\":\"https:\/\/www.regionsaris.sk\/\",\"name\":\"OOCR \u0160ari\u0161\",\"description\":\"\",\"potentialAction\":[{\"@type\":\"SearchAction\",\"target\":{\"@type\":\"EntryPoint\",\"urlTemplate\":\"https:\/\/www.regionsaris.sk\/?s={search_term_string}\"},\"query-input\":{\"@type\":\"PropertyValueSpecification\",\"valueRequired\":true,\"valueName\":\"search_term_string\"}}],\"inLanguage\":\"pl-PL\"}]}<\/script>\n<!-- \/ Yoast SEO Premium plugin. -->","yoast_head_json":{"title":"J\u00e1n Jesensk\u00fd - OOCR \u0160ari\u0161","description":"J\u00e1n Jesensk\u00fd bol v\u00fdznamn\u00fdm predstavite\u013eom liter\u00e1rnej tvorby. Z\u00e1rove\u0148 bol vy\u0161tudovan\u00fdm pr\u00e1vnikom a bol na fronte p\u00fao\u010das 1. svetovej vojny.","robots":{"index":"index","follow":"follow","max-snippet":"max-snippet:-1","max-image-preview":"max-image-preview:large","max-video-preview":"max-video-preview:-1"},"canonical":"https:\/\/www.regionsaris.sk\/pl\/vyznamna-tvar\/jan-jesensky\/","og_locale":"pl_PL","og_type":"article","og_title":"J\u00e1n Jesensk\u00fd","og_description":"J\u00e1n Jesensk\u00fd bol v\u00fdznamn\u00fdm predstavite\u013eom liter\u00e1rnej tvorby. Z\u00e1rove\u0148 bol vy\u0161tudovan\u00fdm pr\u00e1vnikom a bol na fronte p\u00fao\u010das 1. svetovej vojny.","og_url":"https:\/\/www.regionsaris.sk\/pl\/vyznamna-tvar\/jan-jesensky\/","og_site_name":"OOCR \u0160ari\u0161","article_modified_time":"2026-04-01T09:41:16+00:00","og_image":[{"width":500,"height":500,"url":"https:\/\/www.regionsaris.sk\/wp-content\/uploads\/2026\/03\/jan-jesensky-vyznamne-tvare-regionu-oocrrs.jpg","type":"image\/jpeg"}],"twitter_card":"summary_large_image","twitter_misc":{"Est. reading time":"3 minuty"},"schema":{"@context":"https:\/\/schema.org","@graph":[{"@type":"WebPage","@id":"https:\/\/www.regionsaris.sk\/vyznamna-tvar\/jan-jesensky\/","url":"https:\/\/www.regionsaris.sk\/vyznamna-tvar\/jan-jesensky\/","name":"J\u00e1n Jesensk\u00fd - OOCR \u0160ari\u0161","isPartOf":{"@id":"https:\/\/www.regionsaris.sk\/#website"},"primaryImageOfPage":{"@id":"https:\/\/www.regionsaris.sk\/vyznamna-tvar\/jan-jesensky\/#primaryimage"},"image":{"@id":"https:\/\/www.regionsaris.sk\/vyznamna-tvar\/jan-jesensky\/#primaryimage"},"thumbnailUrl":"https:\/\/www.regionsaris.sk\/wp-content\/uploads\/2026\/03\/jan-jesensky-vyznamne-tvare-regionu-oocrrs.jpg","datePublished":"2026-03-22T10:05:40+00:00","dateModified":"2026-04-01T09:41:16+00:00","description":"J\u00e1n Jesensk\u00fd bol v\u00fdznamn\u00fdm predstavite\u013eom liter\u00e1rnej tvorby. Z\u00e1rove\u0148 bol vy\u0161tudovan\u00fdm pr\u00e1vnikom a bol na fronte p\u00fao\u010das 1. svetovej vojny.","breadcrumb":{"@id":"https:\/\/www.regionsaris.sk\/vyznamna-tvar\/jan-jesensky\/#breadcrumb"},"inLanguage":"pl-PL","potentialAction":[{"@type":"ReadAction","target":["https:\/\/www.regionsaris.sk\/vyznamna-tvar\/jan-jesensky\/"]}]},{"@type":"ImageObject","inLanguage":"pl-PL","@id":"https:\/\/www.regionsaris.sk\/vyznamna-tvar\/jan-jesensky\/#primaryimage","url":"https:\/\/www.regionsaris.sk\/wp-content\/uploads\/2026\/03\/jan-jesensky-vyznamne-tvare-regionu-oocrrs.jpg","contentUrl":"https:\/\/www.regionsaris.sk\/wp-content\/uploads\/2026\/03\/jan-jesensky-vyznamne-tvare-regionu-oocrrs.jpg","width":500,"height":500},{"@type":"BreadcrumbList","@id":"https:\/\/www.regionsaris.sk\/vyznamna-tvar\/jan-jesensky\/#breadcrumb","itemListElement":[{"@type":"ListItem","position":1,"name":"Domov","item":"https:\/\/www.regionsaris.sk\/"},{"@type":"ListItem","position":2,"name":"V\u00fdznamn\u00e9 tv\u00e1re regi\u00f3nu","item":"https:\/\/www.regionsaris.sk\/vyznamne-tvare-regionu\/"},{"@type":"ListItem","position":3,"name":"J\u00e1n Jesensk\u00fd"}]},{"@type":"WebSite","@id":"https:\/\/www.regionsaris.sk\/#website","url":"https:\/\/www.regionsaris.sk\/","name":"OOCR \u0160ari\u0161","description":"","potentialAction":[{"@type":"SearchAction","target":{"@type":"EntryPoint","urlTemplate":"https:\/\/www.regionsaris.sk\/?s={search_term_string}"},"query-input":{"@type":"PropertyValueSpecification","valueRequired":true,"valueName":"search_term_string"}}],"inLanguage":"pl-PL"}]}},"_links":{"self":[{"href":"https:\/\/www.regionsaris.sk\/pl\/wp-json\/wp\/v2\/vyznamna-tvar\/4105","targetHints":{"allow":["GET"]}}],"collection":[{"href":"https:\/\/www.regionsaris.sk\/pl\/wp-json\/wp\/v2\/vyznamna-tvar"}],"about":[{"href":"https:\/\/www.regionsaris.sk\/pl\/wp-json\/wp\/v2\/types\/vyznamna-tvar"}],"wp:featuredmedia":[{"embeddable":true,"href":"https:\/\/www.regionsaris.sk\/pl\/wp-json\/wp\/v2\/media\/4271"}],"wp:attachment":[{"href":"https:\/\/www.regionsaris.sk\/pl\/wp-json\/wp\/v2\/media?parent=4105"}],"wp:term":[{"taxonomy":"kategoria-vyznamnych-tvari","embeddable":true,"href":"https:\/\/www.regionsaris.sk\/pl\/wp-json\/wp\/v2\/kategoria-vyznamnych-tvari?post=4105"},{"taxonomy":"oblast-posobenia","embeddable":true,"href":"https:\/\/www.regionsaris.sk\/pl\/wp-json\/wp\/v2\/oblast-posobenia?post=4105"}],"curies":[{"name":"wp","href":"https:\/\/api.w.org\/{rel}","templated":true}]}}