{"id":4082,"date":"2026-03-20T11:33:55","date_gmt":"2026-03-20T10:33:55","guid":{"rendered":"https:\/\/www.regionsaris.sk\/?post_type=vyznamna-tvar&#038;p=4082"},"modified":"2026-04-01T10:52:23","modified_gmt":"2026-04-01T09:52:23","slug":"pavol-petro-gojdic","status":"publish","type":"vyznamna-tvar","link":"https:\/\/www.regionsaris.sk\/pl\/vyznamna-tvar\/pavol-petro-gojdic\/","title":{"rendered":"Pavol Petro Gojdi\u010d"},"content":{"rendered":"<p>Urodzi\u0142 si\u0119 17 lipca 1888 r. w Ruske Pek\u013eany w rodzinie greckokatolickiego ksi\u0119dza Stefana Gojdi\u010da i jego \u017cony Anny Gerbery. Studiowa\u0142 teologi\u0119 w Preszowie i Budapeszcie. W 1911 r. przyj\u0105\u0142 \u015bwi\u0119cenia kap\u0142a\u0144skie w katedrze \u015bw. Jana Chrzciciela w Preszowie. Nast\u0119pnie pracowa\u0142 w Cige\u013ece i Preszowie. 20 lipca 1922 r. wst\u0105pi\u0142 do klasztoru bazylian\u00f3w na g\u00f3rze \u010cerne\u010d niedaleko Muka\u010deva, gdzie przyj\u0105\u0142 imi\u0119 zakonne \u201ePavel\u201c.<\/p>\n\n\n\n<p>W 1926 r. zosta\u0142 mianowany administratorem apostolskim eparchii preszowskiej. Zosta\u0142 konsekrowany na biskupa 25 marca 1927 r. w bazylice \u015bw. Klemensa w Rzymie przez biskupa Dion\u00fdza Ny\u00e1radiego z Kri\u017eevaca, kt\u00f3ry do tego czasu by\u0142 administratorem apostolskim Preszowa. 8 sierpnia 1940 r. zosta\u0142 intronizowany w Preszowie jako biskup rezydencjalny Preszowa, a 15 stycznia 1946 r. potwierdzono jego jurysdykcj\u0119 nad grekokatolikami w ca\u0142ej Czechos\u0142owacji.<\/p>\n\n\n\n<p>Kiedy po 1948 r. Komunistyczna Partia Czechos\u0142owacji podj\u0119\u0142a si\u0119 likwidacji Ko\u015bcio\u0142a greckokatolickiego na S\u0142owacji, id\u0105c za przyk\u0142adem ZSRR, 28 kwietnia 1950 r., podczas antyko\u015bcielnej akcji zwanej \u201eSoborem Preszowskim\u201c, vladyka Gojdi\u010d zosta\u0142 aresztowany i internowany, a w tym samym czasie Ko\u015bci\u00f3\u0142 greckokatolicki zosta\u0142 r\u00f3wnie\u017c administracyjnie zlikwidowany. W sfabrykowanym procesie Gojdi\u010d zosta\u0142 skazany na do\u017cywocie wraz z biskupami Vojta\u0161\u0161\u00e1kiem i Buzalkiem za zdrad\u0119 stanu.&nbsp;<\/p>\n\n\n\n<p>Zmar\u0142 w wyniku tortur i z\u0142ego traktowania w wi\u0119zieniu Leopold 17 lipca 1960 r., w dniu swoich 72. urodzin. Zosta\u0142 pochowany na cmentarzu wi\u0119ziennym, a jego gr\u00f3b oznaczono jedynie numerem 681.<\/p>\n\n\n\n<p>29 pa\u017adziernika 1968 r. jego szcz\u0105tki zosta\u0142y ekshumowane, przewiezione do Preszowa i z\u0142o\u017cone w kaplicy Aposto\u0142\u00f3w Piotra i Paw\u0142a. Od 1990 r. s\u0105 przechowywane w sarkofagu w kaplicy greckokatolickiej katedry \u015bw. Jana Chrzciciela w Preszowie. 4 listopada 2001 r. Pawe\u0142 Petro Gojdi\u010d zosta\u0142 beatyfikowany przez papie\u017ca Jana Paw\u0142a II na Placu \u015awi\u0119tego Piotra w Watykanie. Z okazji 7. rocznicy powstania niepodleg\u0142ej S\u0142owacji biskup Pavol Petro Gojdi\u010d zosta\u0142 odznaczony przez rz\u0105d Republiki S\u0142owackiej Krzy\u017cem Pribina I klasy.<\/p>\n\n\n\n<p><strong>\u0179r\u00f3d\u0142o:<\/strong> https:\/\/sk.wikipedia.org\/wiki\/Pavol_Petro_Gojdi\u010d<br><strong>\u0179r\u00f3d\u0142o zdj\u0119cia:<\/strong> Autor nieznany - Erzeparchie Prestov - www.grkatpo.sk\/historia_biskupi, CC BY-SA 3.0, https:\/\/commons.wikimedia.org\/w\/index.php?curid=8551906<\/p>","protected":false},"featured_media":4274,"template":"","meta":{"_acf_changed":true},"kategoria-vyznamnych-tvari":[230],"oblast-posobenia":[231],"class_list":["post-4082","vyznamna-tvar","type-vyznamna-tvar","status-publish","has-post-thumbnail","hentry","kategoria-vyznamnych-tvari-historicka-osobnost","oblast-posobenia-teologia"],"acf":[],"yoast_head":"<!-- This site is optimized with the Yoast SEO Premium plugin v26.3 (Yoast SEO v26.8) - https:\/\/yoast.com\/product\/yoast-seo-premium-wordpress\/ -->\n<title>Pavol Petro Gojdi\u010d - OOCR \u0160ari\u0161<\/title>\n<meta name=\"description\" content=\"Pavol Petro Gojdi\u010d bol gr\u00e9ckokatol\u00edcky k\u0148az, biskup. Po n\u00e1silnej smrti bol vyhl\u00e1sen\u00fd za blahoslaven\u00e9ho mu\u010den\u00edka.\" \/>\n<meta name=\"robots\" content=\"index, follow, max-snippet:-1, max-image-preview:large, max-video-preview:-1\" \/>\n<link rel=\"canonical\" href=\"https:\/\/www.regionsaris.sk\/pl\/vyznamna-tvar\/pavol-petro-gojdic\/\" \/>\n<meta property=\"og:locale\" content=\"pl_PL\" \/>\n<meta property=\"og:type\" content=\"article\" \/>\n<meta property=\"og:title\" content=\"Pavol Petro Gojdi\u010d\" \/>\n<meta property=\"og:description\" content=\"Pavol Petro Gojdi\u010d bol gr\u00e9ckokatol\u00edcky k\u0148az, biskup. Po n\u00e1silnej smrti bol vyhl\u00e1sen\u00fd za blahoslaven\u00e9ho mu\u010den\u00edka.\" \/>\n<meta property=\"og:url\" content=\"https:\/\/www.regionsaris.sk\/pl\/vyznamna-tvar\/pavol-petro-gojdic\/\" \/>\n<meta property=\"og:site_name\" content=\"OOCR \u0160ari\u0161\" \/>\n<meta property=\"article:modified_time\" content=\"2026-04-01T09:52:23+00:00\" \/>\n<meta property=\"og:image\" content=\"https:\/\/www.regionsaris.sk\/wp-content\/uploads\/2026\/03\/pavol-petro-gojdic-vyznamne-tvare-regionu-oocrrs.jpg\" \/>\n\t<meta property=\"og:image:width\" content=\"500\" \/>\n\t<meta property=\"og:image:height\" content=\"500\" \/>\n\t<meta property=\"og:image:type\" content=\"image\/jpeg\" \/>\n<meta name=\"twitter:card\" content=\"summary_large_image\" \/>\n<meta name=\"twitter:label1\" content=\"Est. reading time\" \/>\n\t<meta name=\"twitter:data1\" content=\"2 minuty\" \/>\n<script type=\"application\/ld+json\" class=\"yoast-schema-graph\">{\"@context\":\"https:\/\/schema.org\",\"@graph\":[{\"@type\":\"WebPage\",\"@id\":\"https:\/\/www.regionsaris.sk\/vyznamna-tvar\/pavol-petro-gojdic\/\",\"url\":\"https:\/\/www.regionsaris.sk\/vyznamna-tvar\/pavol-petro-gojdic\/\",\"name\":\"Pavol Petro Gojdi\u010d - OOCR \u0160ari\u0161\",\"isPartOf\":{\"@id\":\"https:\/\/www.regionsaris.sk\/#website\"},\"primaryImageOfPage\":{\"@id\":\"https:\/\/www.regionsaris.sk\/vyznamna-tvar\/pavol-petro-gojdic\/#primaryimage\"},\"image\":{\"@id\":\"https:\/\/www.regionsaris.sk\/vyznamna-tvar\/pavol-petro-gojdic\/#primaryimage\"},\"thumbnailUrl\":\"https:\/\/www.regionsaris.sk\/wp-content\/uploads\/2026\/03\/pavol-petro-gojdic-vyznamne-tvare-regionu-oocrrs.jpg\",\"datePublished\":\"2026-03-20T10:33:55+00:00\",\"dateModified\":\"2026-04-01T09:52:23+00:00\",\"description\":\"Pavol Petro Gojdi\u010d bol gr\u00e9ckokatol\u00edcky k\u0148az, biskup. Po n\u00e1silnej smrti bol vyhl\u00e1sen\u00fd za blahoslaven\u00e9ho mu\u010den\u00edka.\",\"breadcrumb\":{\"@id\":\"https:\/\/www.regionsaris.sk\/vyznamna-tvar\/pavol-petro-gojdic\/#breadcrumb\"},\"inLanguage\":\"pl-PL\",\"potentialAction\":[{\"@type\":\"ReadAction\",\"target\":[\"https:\/\/www.regionsaris.sk\/vyznamna-tvar\/pavol-petro-gojdic\/\"]}]},{\"@type\":\"ImageObject\",\"inLanguage\":\"pl-PL\",\"@id\":\"https:\/\/www.regionsaris.sk\/vyznamna-tvar\/pavol-petro-gojdic\/#primaryimage\",\"url\":\"https:\/\/www.regionsaris.sk\/wp-content\/uploads\/2026\/03\/pavol-petro-gojdic-vyznamne-tvare-regionu-oocrrs.jpg\",\"contentUrl\":\"https:\/\/www.regionsaris.sk\/wp-content\/uploads\/2026\/03\/pavol-petro-gojdic-vyznamne-tvare-regionu-oocrrs.jpg\",\"width\":500,\"height\":500},{\"@type\":\"BreadcrumbList\",\"@id\":\"https:\/\/www.regionsaris.sk\/vyznamna-tvar\/pavol-petro-gojdic\/#breadcrumb\",\"itemListElement\":[{\"@type\":\"ListItem\",\"position\":1,\"name\":\"Domov\",\"item\":\"https:\/\/www.regionsaris.sk\/\"},{\"@type\":\"ListItem\",\"position\":2,\"name\":\"V\u00fdznamn\u00e9 tv\u00e1re regi\u00f3nu\",\"item\":\"https:\/\/www.regionsaris.sk\/vyznamne-tvare-regionu\/\"},{\"@type\":\"ListItem\",\"position\":3,\"name\":\"Pavol Petro Gojdi\u010d\"}]},{\"@type\":\"WebSite\",\"@id\":\"https:\/\/www.regionsaris.sk\/#website\",\"url\":\"https:\/\/www.regionsaris.sk\/\",\"name\":\"OOCR \u0160ari\u0161\",\"description\":\"\",\"potentialAction\":[{\"@type\":\"SearchAction\",\"target\":{\"@type\":\"EntryPoint\",\"urlTemplate\":\"https:\/\/www.regionsaris.sk\/?s={search_term_string}\"},\"query-input\":{\"@type\":\"PropertyValueSpecification\",\"valueRequired\":true,\"valueName\":\"search_term_string\"}}],\"inLanguage\":\"pl-PL\"}]}<\/script>\n<!-- \/ Yoast SEO Premium plugin. -->","yoast_head_json":{"title":"Pavol Petro Gojdi\u010d - OOCR \u0160ari\u0161","description":"Pavol Petro Gojdi\u010d bol gr\u00e9ckokatol\u00edcky k\u0148az, biskup. Po n\u00e1silnej smrti bol vyhl\u00e1sen\u00fd za blahoslaven\u00e9ho mu\u010den\u00edka.","robots":{"index":"index","follow":"follow","max-snippet":"max-snippet:-1","max-image-preview":"max-image-preview:large","max-video-preview":"max-video-preview:-1"},"canonical":"https:\/\/www.regionsaris.sk\/pl\/vyznamna-tvar\/pavol-petro-gojdic\/","og_locale":"pl_PL","og_type":"article","og_title":"Pavol Petro Gojdi\u010d","og_description":"Pavol Petro Gojdi\u010d bol gr\u00e9ckokatol\u00edcky k\u0148az, biskup. Po n\u00e1silnej smrti bol vyhl\u00e1sen\u00fd za blahoslaven\u00e9ho mu\u010den\u00edka.","og_url":"https:\/\/www.regionsaris.sk\/pl\/vyznamna-tvar\/pavol-petro-gojdic\/","og_site_name":"OOCR \u0160ari\u0161","article_modified_time":"2026-04-01T09:52:23+00:00","og_image":[{"width":500,"height":500,"url":"https:\/\/www.regionsaris.sk\/wp-content\/uploads\/2026\/03\/pavol-petro-gojdic-vyznamne-tvare-regionu-oocrrs.jpg","type":"image\/jpeg"}],"twitter_card":"summary_large_image","twitter_misc":{"Est. reading time":"2 minuty"},"schema":{"@context":"https:\/\/schema.org","@graph":[{"@type":"WebPage","@id":"https:\/\/www.regionsaris.sk\/vyznamna-tvar\/pavol-petro-gojdic\/","url":"https:\/\/www.regionsaris.sk\/vyznamna-tvar\/pavol-petro-gojdic\/","name":"Pavol Petro Gojdi\u010d - OOCR \u0160ari\u0161","isPartOf":{"@id":"https:\/\/www.regionsaris.sk\/#website"},"primaryImageOfPage":{"@id":"https:\/\/www.regionsaris.sk\/vyznamna-tvar\/pavol-petro-gojdic\/#primaryimage"},"image":{"@id":"https:\/\/www.regionsaris.sk\/vyznamna-tvar\/pavol-petro-gojdic\/#primaryimage"},"thumbnailUrl":"https:\/\/www.regionsaris.sk\/wp-content\/uploads\/2026\/03\/pavol-petro-gojdic-vyznamne-tvare-regionu-oocrrs.jpg","datePublished":"2026-03-20T10:33:55+00:00","dateModified":"2026-04-01T09:52:23+00:00","description":"Pavol Petro Gojdi\u010d bol gr\u00e9ckokatol\u00edcky k\u0148az, biskup. Po n\u00e1silnej smrti bol vyhl\u00e1sen\u00fd za blahoslaven\u00e9ho mu\u010den\u00edka.","breadcrumb":{"@id":"https:\/\/www.regionsaris.sk\/vyznamna-tvar\/pavol-petro-gojdic\/#breadcrumb"},"inLanguage":"pl-PL","potentialAction":[{"@type":"ReadAction","target":["https:\/\/www.regionsaris.sk\/vyznamna-tvar\/pavol-petro-gojdic\/"]}]},{"@type":"ImageObject","inLanguage":"pl-PL","@id":"https:\/\/www.regionsaris.sk\/vyznamna-tvar\/pavol-petro-gojdic\/#primaryimage","url":"https:\/\/www.regionsaris.sk\/wp-content\/uploads\/2026\/03\/pavol-petro-gojdic-vyznamne-tvare-regionu-oocrrs.jpg","contentUrl":"https:\/\/www.regionsaris.sk\/wp-content\/uploads\/2026\/03\/pavol-petro-gojdic-vyznamne-tvare-regionu-oocrrs.jpg","width":500,"height":500},{"@type":"BreadcrumbList","@id":"https:\/\/www.regionsaris.sk\/vyznamna-tvar\/pavol-petro-gojdic\/#breadcrumb","itemListElement":[{"@type":"ListItem","position":1,"name":"Domov","item":"https:\/\/www.regionsaris.sk\/"},{"@type":"ListItem","position":2,"name":"V\u00fdznamn\u00e9 tv\u00e1re regi\u00f3nu","item":"https:\/\/www.regionsaris.sk\/vyznamne-tvare-regionu\/"},{"@type":"ListItem","position":3,"name":"Pavol Petro Gojdi\u010d"}]},{"@type":"WebSite","@id":"https:\/\/www.regionsaris.sk\/#website","url":"https:\/\/www.regionsaris.sk\/","name":"OOCR \u0160ari\u0161","description":"","potentialAction":[{"@type":"SearchAction","target":{"@type":"EntryPoint","urlTemplate":"https:\/\/www.regionsaris.sk\/?s={search_term_string}"},"query-input":{"@type":"PropertyValueSpecification","valueRequired":true,"valueName":"search_term_string"}}],"inLanguage":"pl-PL"}]}},"_links":{"self":[{"href":"https:\/\/www.regionsaris.sk\/pl\/wp-json\/wp\/v2\/vyznamna-tvar\/4082","targetHints":{"allow":["GET"]}}],"collection":[{"href":"https:\/\/www.regionsaris.sk\/pl\/wp-json\/wp\/v2\/vyznamna-tvar"}],"about":[{"href":"https:\/\/www.regionsaris.sk\/pl\/wp-json\/wp\/v2\/types\/vyznamna-tvar"}],"wp:featuredmedia":[{"embeddable":true,"href":"https:\/\/www.regionsaris.sk\/pl\/wp-json\/wp\/v2\/media\/4274"}],"wp:attachment":[{"href":"https:\/\/www.regionsaris.sk\/pl\/wp-json\/wp\/v2\/media?parent=4082"}],"wp:term":[{"taxonomy":"kategoria-vyznamnych-tvari","embeddable":true,"href":"https:\/\/www.regionsaris.sk\/pl\/wp-json\/wp\/v2\/kategoria-vyznamnych-tvari?post=4082"},{"taxonomy":"oblast-posobenia","embeddable":true,"href":"https:\/\/www.regionsaris.sk\/pl\/wp-json\/wp\/v2\/oblast-posobenia?post=4082"}],"curies":[{"name":"wp","href":"https:\/\/api.w.org\/{rel}","templated":true}]}}