{"id":4080,"date":"2026-03-20T11:29:03","date_gmt":"2026-03-20T10:29:03","guid":{"rendered":"https:\/\/www.regionsaris.sk\/?post_type=vyznamna-tvar&#038;p=4080"},"modified":"2026-04-01T10:54:43","modified_gmt":"2026-04-01T09:54:43","slug":"jozef-gaganec","status":"publish","type":"vyznamna-tvar","link":"https:\/\/www.regionsaris.sk\/pl\/vyznamna-tvar\/jozef-gaganec\/","title":{"rendered":"Jozef Gaganec"},"content":{"rendered":"<p>Jozef Gaganec urodzi\u0142 si\u0119 25 marca 1793 r. w miejscowo\u015bci Vy\u0161n\u00fd Tvaro\u017eec (obecnie dzielnica Bardejova) jako drugie z dziesi\u0119ciorga dzieci w rodzinie kantora ko\u015bcielnego. Szko\u0142\u0119 podstawow\u0105 uko\u0144czy\u0142 w Bardejowie, sk\u0105d kontynuowa\u0142 nauk\u0119 w gimnazjach w \u00dajhely i Lewoczy. Studia wy\u017csze rozpocz\u0105\u0142 na akademii w Velkiej Varadinie, gdzie studiowa\u0142 filozofi\u0119, a studia teologiczne uko\u0144czy\u0142 w Trnawie. Opr\u00f3cz ojczystego j\u0119zyka ruskiego zna\u0142 tak\u017ce \u0142acin\u0119, w\u0119gierski i niemiecki.&nbsp;<\/p>\n\n\n\n<p>\u015awi\u0119cenia kap\u0142a\u0144skie przyj\u0105\u0142 8 marca 1817 r. w Wielkim Waradynie. Zaczyna\u0142 jako kap\u0142an w \u00f3wczesnej wsi Rusk\u00e9 Pek\u013eany, p\u00f3\u017aniej by\u0142 proboszczem w Vislav i Hej\u0151kereszt\u00far oraz igumenem powiatu Bor\u0161od. Przed \u015bwi\u0119ceniami o\u017ceni\u0142 si\u0119 z Ann\u0105 Kovalick\u0105. W 1837 r. Jozef Gaganec zosta\u0142 sekretarzem eparchy preszowskiego Gregora Tarkovi\u010da. W 1835 r., po \u015bmierci Tarkovi\u010da, zosta\u0142 wikariuszem kapitulnym greckokatolickiej eparchii preszowskiej. W tym samym roku owdowia\u0142 i wkr\u00f3tce zosta\u0142 mianowany kanonikiem i cz\u0142onkiem konsystorza biskupiego.<\/p>\n\n\n\n<p>Cesarz Ferdynand I mianowa\u0142 J\u00f3zefa Gaga\u0144ca biskupem i 25 czerwca 1843 r. zosta\u0142 konsekrowany na biskupa w kaplicy cesarskiej w Wiedniu w obecno\u015bci dworu cesarskiego. Konsekracji dokona\u0142 biskup Bazyli Popowicz z Mukaczewa.&nbsp;<\/p>\n\n\n\n<p>Podczas jego kadencji jako eparchy preszowskiego w eparchii zbudowano 36 nowych ko\u015bcio\u0142\u00f3w, a wiele z nich zosta\u0142o odbudowanych i odrestaurowanych. W tym okresie wy\u015bwi\u0119ci\u0142 237 kap\u0142an\u00f3w (190 dla diecezji preszowskiej, 12 dla Zakonu \u015bw. Bazylego i 35 dla s\u0105siednich eparchii). Cz\u0119sto i bardzo stanowczo zwraca\u0142 si\u0119 do swoich kap\u0142an\u00f3w z napomnieniami i pro\u015bbami o wierne zachowanie i pog\u0142\u0119bianie znajomo\u015bci obrz\u0105dku wschodniego.<\/p>\n\n\n\n<p>By\u0142 cz\u0142onkiem Macierzy S\u0142owackiej. W 1862 r. z inicjatywy Aleksandra Duchovi\u010da za\u0142o\u017cy\u0142 Towarzystwo \u015bw. Jana Chrzciciela, maj\u0105ce na celu opiek\u0119 nad sierotami i ubogimi studentami. Cesarz odznaczy\u0142 go Orderem Franciszka J\u00f3zefa. W 1868 r. papie\u017c Pius IX mianowa\u0142 go asystentem tronu papieskiego. Zmar\u0142 22 grudnia 1875 roku.<\/p>\n\n\n\n<p><strong>\u0179r\u00f3d\u0142o: <\/strong>https:\/\/sk.wikipedia.org\/wiki\/Jozef_Gaganec<br><strong>\u0179r\u00f3d\u0142o zdj\u0119cia:<\/strong> Autor nieznany - Erzeparchie Prestov - www.grkatpo.sk\/historia_biskupi, Darmowa praca, https:\/\/commons.wikimedia.org\/w\/index.php?curid=8551718<\/p>\n\n\n\n<p><\/p>","protected":false},"featured_media":4275,"template":"","meta":{"_acf_changed":true},"kategoria-vyznamnych-tvari":[230],"oblast-posobenia":[231],"class_list":["post-4080","vyznamna-tvar","type-vyznamna-tvar","status-publish","has-post-thumbnail","hentry","kategoria-vyznamnych-tvari-historicka-osobnost","oblast-posobenia-teologia"],"acf":[],"yoast_head":"<!-- This site is optimized with the Yoast SEO Premium plugin v26.3 (Yoast SEO v26.8) - https:\/\/yoast.com\/product\/yoast-seo-premium-wordpress\/ -->\n<title>Jozef Gaganec - OOCR \u0160ari\u0161<\/title>\n<meta name=\"description\" content=\"Jozef Gaganec bol v\u00fdznamn\u00fdm k\u02c7\u0148azom, predstavite\u013eom rus\u00ednskej kult\u00fary, biskupom a \u010dlenom Matice slovenskej.\" \/>\n<meta name=\"robots\" content=\"index, follow, max-snippet:-1, max-image-preview:large, max-video-preview:-1\" \/>\n<link rel=\"canonical\" href=\"https:\/\/www.regionsaris.sk\/pl\/vyznamna-tvar\/jozef-gaganec\/\" \/>\n<meta property=\"og:locale\" content=\"pl_PL\" \/>\n<meta property=\"og:type\" content=\"article\" \/>\n<meta property=\"og:title\" content=\"Jozef Gaganec\" \/>\n<meta property=\"og:description\" content=\"Jozef Gaganec bol v\u00fdznamn\u00fdm k\u02c7\u0148azom, predstavite\u013eom rus\u00ednskej kult\u00fary, biskupom a \u010dlenom Matice slovenskej.\" \/>\n<meta property=\"og:url\" content=\"https:\/\/www.regionsaris.sk\/pl\/vyznamna-tvar\/jozef-gaganec\/\" \/>\n<meta property=\"og:site_name\" content=\"OOCR \u0160ari\u0161\" \/>\n<meta property=\"article:modified_time\" content=\"2026-04-01T09:54:43+00:00\" \/>\n<meta property=\"og:image\" content=\"https:\/\/www.regionsaris.sk\/wp-content\/uploads\/2026\/03\/jozef-gaganec-vyznamne-tvare-regionu-oocrrs.jpg\" \/>\n\t<meta property=\"og:image:width\" content=\"500\" \/>\n\t<meta property=\"og:image:height\" content=\"500\" \/>\n\t<meta property=\"og:image:type\" content=\"image\/jpeg\" \/>\n<meta name=\"twitter:card\" content=\"summary_large_image\" \/>\n<meta name=\"twitter:label1\" content=\"Est. reading time\" \/>\n\t<meta name=\"twitter:data1\" content=\"2 minuty\" \/>\n<script type=\"application\/ld+json\" class=\"yoast-schema-graph\">{\"@context\":\"https:\/\/schema.org\",\"@graph\":[{\"@type\":\"WebPage\",\"@id\":\"https:\/\/www.regionsaris.sk\/vyznamna-tvar\/jozef-gaganec\/\",\"url\":\"https:\/\/www.regionsaris.sk\/vyznamna-tvar\/jozef-gaganec\/\",\"name\":\"Jozef Gaganec - OOCR \u0160ari\u0161\",\"isPartOf\":{\"@id\":\"https:\/\/www.regionsaris.sk\/#website\"},\"primaryImageOfPage\":{\"@id\":\"https:\/\/www.regionsaris.sk\/vyznamna-tvar\/jozef-gaganec\/#primaryimage\"},\"image\":{\"@id\":\"https:\/\/www.regionsaris.sk\/vyznamna-tvar\/jozef-gaganec\/#primaryimage\"},\"thumbnailUrl\":\"https:\/\/www.regionsaris.sk\/wp-content\/uploads\/2026\/03\/jozef-gaganec-vyznamne-tvare-regionu-oocrrs.jpg\",\"datePublished\":\"2026-03-20T10:29:03+00:00\",\"dateModified\":\"2026-04-01T09:54:43+00:00\",\"description\":\"Jozef Gaganec bol v\u00fdznamn\u00fdm k\u02c7\u0148azom, predstavite\u013eom rus\u00ednskej kult\u00fary, biskupom a \u010dlenom Matice slovenskej.\",\"breadcrumb\":{\"@id\":\"https:\/\/www.regionsaris.sk\/vyznamna-tvar\/jozef-gaganec\/#breadcrumb\"},\"inLanguage\":\"pl-PL\",\"potentialAction\":[{\"@type\":\"ReadAction\",\"target\":[\"https:\/\/www.regionsaris.sk\/vyznamna-tvar\/jozef-gaganec\/\"]}]},{\"@type\":\"ImageObject\",\"inLanguage\":\"pl-PL\",\"@id\":\"https:\/\/www.regionsaris.sk\/vyznamna-tvar\/jozef-gaganec\/#primaryimage\",\"url\":\"https:\/\/www.regionsaris.sk\/wp-content\/uploads\/2026\/03\/jozef-gaganec-vyznamne-tvare-regionu-oocrrs.jpg\",\"contentUrl\":\"https:\/\/www.regionsaris.sk\/wp-content\/uploads\/2026\/03\/jozef-gaganec-vyznamne-tvare-regionu-oocrrs.jpg\",\"width\":500,\"height\":500},{\"@type\":\"BreadcrumbList\",\"@id\":\"https:\/\/www.regionsaris.sk\/vyznamna-tvar\/jozef-gaganec\/#breadcrumb\",\"itemListElement\":[{\"@type\":\"ListItem\",\"position\":1,\"name\":\"Domov\",\"item\":\"https:\/\/www.regionsaris.sk\/\"},{\"@type\":\"ListItem\",\"position\":2,\"name\":\"V\u00fdznamn\u00e9 tv\u00e1re regi\u00f3nu\",\"item\":\"https:\/\/www.regionsaris.sk\/vyznamne-tvare-regionu\/\"},{\"@type\":\"ListItem\",\"position\":3,\"name\":\"Jozef Gaganec\"}]},{\"@type\":\"WebSite\",\"@id\":\"https:\/\/www.regionsaris.sk\/#website\",\"url\":\"https:\/\/www.regionsaris.sk\/\",\"name\":\"OOCR \u0160ari\u0161\",\"description\":\"\",\"potentialAction\":[{\"@type\":\"SearchAction\",\"target\":{\"@type\":\"EntryPoint\",\"urlTemplate\":\"https:\/\/www.regionsaris.sk\/?s={search_term_string}\"},\"query-input\":{\"@type\":\"PropertyValueSpecification\",\"valueRequired\":true,\"valueName\":\"search_term_string\"}}],\"inLanguage\":\"pl-PL\"}]}<\/script>\n<!-- \/ Yoast SEO Premium plugin. -->","yoast_head_json":{"title":"Jozef Gaganec - OOCR \u0160ari\u0161","description":"Jozef Gaganec bol v\u00fdznamn\u00fdm k\u02c7\u0148azom, predstavite\u013eom rus\u00ednskej kult\u00fary, biskupom a \u010dlenom Matice slovenskej.","robots":{"index":"index","follow":"follow","max-snippet":"max-snippet:-1","max-image-preview":"max-image-preview:large","max-video-preview":"max-video-preview:-1"},"canonical":"https:\/\/www.regionsaris.sk\/pl\/vyznamna-tvar\/jozef-gaganec\/","og_locale":"pl_PL","og_type":"article","og_title":"Jozef Gaganec","og_description":"Jozef Gaganec bol v\u00fdznamn\u00fdm k\u02c7\u0148azom, predstavite\u013eom rus\u00ednskej kult\u00fary, biskupom a \u010dlenom Matice slovenskej.","og_url":"https:\/\/www.regionsaris.sk\/pl\/vyznamna-tvar\/jozef-gaganec\/","og_site_name":"OOCR \u0160ari\u0161","article_modified_time":"2026-04-01T09:54:43+00:00","og_image":[{"width":500,"height":500,"url":"https:\/\/www.regionsaris.sk\/wp-content\/uploads\/2026\/03\/jozef-gaganec-vyznamne-tvare-regionu-oocrrs.jpg","type":"image\/jpeg"}],"twitter_card":"summary_large_image","twitter_misc":{"Est. reading time":"2 minuty"},"schema":{"@context":"https:\/\/schema.org","@graph":[{"@type":"WebPage","@id":"https:\/\/www.regionsaris.sk\/vyznamna-tvar\/jozef-gaganec\/","url":"https:\/\/www.regionsaris.sk\/vyznamna-tvar\/jozef-gaganec\/","name":"Jozef Gaganec - OOCR \u0160ari\u0161","isPartOf":{"@id":"https:\/\/www.regionsaris.sk\/#website"},"primaryImageOfPage":{"@id":"https:\/\/www.regionsaris.sk\/vyznamna-tvar\/jozef-gaganec\/#primaryimage"},"image":{"@id":"https:\/\/www.regionsaris.sk\/vyznamna-tvar\/jozef-gaganec\/#primaryimage"},"thumbnailUrl":"https:\/\/www.regionsaris.sk\/wp-content\/uploads\/2026\/03\/jozef-gaganec-vyznamne-tvare-regionu-oocrrs.jpg","datePublished":"2026-03-20T10:29:03+00:00","dateModified":"2026-04-01T09:54:43+00:00","description":"Jozef Gaganec bol v\u00fdznamn\u00fdm k\u02c7\u0148azom, predstavite\u013eom rus\u00ednskej kult\u00fary, biskupom a \u010dlenom Matice slovenskej.","breadcrumb":{"@id":"https:\/\/www.regionsaris.sk\/vyznamna-tvar\/jozef-gaganec\/#breadcrumb"},"inLanguage":"pl-PL","potentialAction":[{"@type":"ReadAction","target":["https:\/\/www.regionsaris.sk\/vyznamna-tvar\/jozef-gaganec\/"]}]},{"@type":"ImageObject","inLanguage":"pl-PL","@id":"https:\/\/www.regionsaris.sk\/vyznamna-tvar\/jozef-gaganec\/#primaryimage","url":"https:\/\/www.regionsaris.sk\/wp-content\/uploads\/2026\/03\/jozef-gaganec-vyznamne-tvare-regionu-oocrrs.jpg","contentUrl":"https:\/\/www.regionsaris.sk\/wp-content\/uploads\/2026\/03\/jozef-gaganec-vyznamne-tvare-regionu-oocrrs.jpg","width":500,"height":500},{"@type":"BreadcrumbList","@id":"https:\/\/www.regionsaris.sk\/vyznamna-tvar\/jozef-gaganec\/#breadcrumb","itemListElement":[{"@type":"ListItem","position":1,"name":"Domov","item":"https:\/\/www.regionsaris.sk\/"},{"@type":"ListItem","position":2,"name":"V\u00fdznamn\u00e9 tv\u00e1re regi\u00f3nu","item":"https:\/\/www.regionsaris.sk\/vyznamne-tvare-regionu\/"},{"@type":"ListItem","position":3,"name":"Jozef Gaganec"}]},{"@type":"WebSite","@id":"https:\/\/www.regionsaris.sk\/#website","url":"https:\/\/www.regionsaris.sk\/","name":"OOCR \u0160ari\u0161","description":"","potentialAction":[{"@type":"SearchAction","target":{"@type":"EntryPoint","urlTemplate":"https:\/\/www.regionsaris.sk\/?s={search_term_string}"},"query-input":{"@type":"PropertyValueSpecification","valueRequired":true,"valueName":"search_term_string"}}],"inLanguage":"pl-PL"}]}},"_links":{"self":[{"href":"https:\/\/www.regionsaris.sk\/pl\/wp-json\/wp\/v2\/vyznamna-tvar\/4080","targetHints":{"allow":["GET"]}}],"collection":[{"href":"https:\/\/www.regionsaris.sk\/pl\/wp-json\/wp\/v2\/vyznamna-tvar"}],"about":[{"href":"https:\/\/www.regionsaris.sk\/pl\/wp-json\/wp\/v2\/types\/vyznamna-tvar"}],"wp:featuredmedia":[{"embeddable":true,"href":"https:\/\/www.regionsaris.sk\/pl\/wp-json\/wp\/v2\/media\/4275"}],"wp:attachment":[{"href":"https:\/\/www.regionsaris.sk\/pl\/wp-json\/wp\/v2\/media?parent=4080"}],"wp:term":[{"taxonomy":"kategoria-vyznamnych-tvari","embeddable":true,"href":"https:\/\/www.regionsaris.sk\/pl\/wp-json\/wp\/v2\/kategoria-vyznamnych-tvari?post=4080"},{"taxonomy":"oblast-posobenia","embeddable":true,"href":"https:\/\/www.regionsaris.sk\/pl\/wp-json\/wp\/v2\/oblast-posobenia?post=4080"}],"curies":[{"name":"wp","href":"https:\/\/api.w.org\/{rel}","templated":true}]}}