{"id":2846,"date":"2026-01-07T19:24:53","date_gmt":"2026-01-07T18:24:53","guid":{"rendered":"https:\/\/www.regionsaris.sk\/?post_type=prirodne-krasy&#038;p=2846"},"modified":"2026-02-05T14:49:03","modified_gmt":"2026-02-05T13:49:03","slug":"cergovsky-mincol","status":"publish","type":"prirodne-krasy","link":"https:\/\/www.regionsaris.sk\/pl\/prirodne-krasy\/cergovsky-mincol\/","title":{"rendered":"Narodowy rezerwat przyrody \u010cergovsk\u00fd Min\u010dol"},"content":{"rendered":"<p>Obszar chroniony \u010cergovsk\u00fd Min\u010dol ma 5. stopie\u0144 ochrony i 3. stopie\u0144 ochrony wok\u00f3\u0142 rezerwatu. NPR rozci\u0105ga si\u0119 na trzy obszary katastralne i trzy powiaty: powiat Bardejov - Livovsk\u00e1 Huta, powiat Sabinov - Brezovi\u010dka i powiat Star\u00e1 \u013dubov\u0148a - wie\u015b Kyjov. Rezerwat zosta\u0142 og\u0142oszony w celu ochrony typowej g\u00f3rskiej flory karpackiej z reprezentacj\u0105 element\u00f3w wschodniokarpackich i zbiorowisk le\u015bnych najwy\u017cszych wysoko\u015bci G\u00f3r Czerchowskich.<\/p>\n\n\n\n<p>Bardzo przyjemna w\u0119dr\u00f3wka do najwy\u017cszego punktu \u010cergova - Min\u010dol o wysoko\u015bci 1157,2 m n.p.m. jest popularnym celem turystycznym, gdzie tury\u015bci i nietury\u015bci z czterech powiat\u00f3w - Stara Lubovna, Bardejov, Sabinov i Pre\u0161ov spotykaj\u0105 si\u0119 co roku pod nazw\u0105 Spotkanie Czterech Powiat\u00f3w na Min\u010dolu. Trasa, z wyj\u0105tkiem dw\u00f3ch trudniejszych stromych miejsc, jest stosunkowo \u0142atwa, poniewa\u017c w du\u017cej cz\u0119\u015bci biegnie po drodze asfaltowej. Liczy dziewi\u0119\u0107 kilometr\u00f3w, a jej pokonanie zajmuje oko\u0142o trzech godzin. Na pocz\u0105tku warto skr\u0119ci\u0107 w kierunku pozosta\u0142o\u015bci imponuj\u0105cego zamku. <a href=\"https:\/\/www.regionsaris.sk\/pl\/kam-ist\/lipany-a-okolie\/hrad-kamenica\/\">Zamek Kamieniecki<\/a> z pi\u0119knym okr\u0105g\u0142ym widokiem.<\/p>\n\n\n\n<p>Trasa na wzg\u00f3rze Min\u010dol prowadzi przez \u0142adne lasy i oferuje przyjemne miejsca do odpoczynku. Jedno z nich znajduje si\u0119 tu\u017c za wsi\u0105 w gospodarstwie Kamenica, gdzie mo\u017cna kupi\u0107 m.in. ser owczy 100 % i bryndz\u0119. Innym miejscem odpoczynku jest schronisko pod Min\u010dolem, nad kt\u00f3rym znajduje si\u0119 \u017ar\u00f3de\u0142ko, ale \u0142aweczka ze wspania\u0142ymi widokami na szczycie z pewno\u015bci\u0105 dobrze pos\u0142u\u017cy do odpoczynku. Bardzo imponuj\u0105cym widokiem jest g\u00f3ruj\u0105ca nad dolin\u0105 Sokolia Ska\u0142a, kt\u00f3r\u0105 mo\u017cna podziwia\u0107 przez ca\u0142\u0105 wycieczk\u0119. Panoramiczne widoki rozci\u0105gaj\u0105 si\u0119 wzd\u0142u\u017c ca\u0142ego grzbietu a\u017c do szczytu Min\u010dol, sk\u0105d mo\u017cna r\u00f3wnie\u017c zobaczy\u0107 Kamenick\u00fd hrad. Ze szczytu mo\u017cna kontynuowa\u0107 w\u0119dr\u00f3wk\u0119 na p\u00f3\u0142noc do miejscowo\u015bci Obru\u010dn\u00e9, \u010cir\u010d lub Bardejov, lub w drug\u0105 stron\u0119 wzd\u0142u\u017c grzbietu w kierunku schroniska \u010cergov.<\/p>\n\n\n\n<p>Zdj\u0119cie: OOCR Regi\u00f3n \u0160ari\u0161<\/p>","protected":false},"featured_media":2337,"template":"","meta":{"_acf_changed":false},"kategoria-poi":[102,107],"lokalita":[29],"sezona-poi":[12],"trvanie-vyletu":[114,194],"class_list":["post-2846","prirodne-krasy","type-prirodne-krasy","status-publish","has-post-thumbnail","hentry","kategoria-poi-prirodne-krasy","kategoria-poi-turistika","lokalita-lipany-a-okolie","sezona-poi-celorocne","trvanie-vyletu-celodenne-vylety","trvanie-vyletu-skolske-vylety"],"acf":[],"yoast_head":"<!-- This site is optimized with the Yoast SEO Premium plugin v26.3 (Yoast SEO v26.8) - https:\/\/yoast.com\/product\/yoast-seo-premium-wordpress\/ -->\n<title>N\u00e1rodn\u00e1 pr\u00edrodn\u00e1 rezerv\u00e1cia \u010cergovsk\u00fd Min\u010dol - OOCR \u0160ari\u0161<\/title>\n<meta name=\"robots\" content=\"index, follow, max-snippet:-1, max-image-preview:large, max-video-preview:-1\" \/>\n<link rel=\"canonical\" href=\"https:\/\/www.regionsaris.sk\/pl\/prirodne-krasy\/cergovsky-mincol\/\" \/>\n<meta property=\"og:locale\" content=\"pl_PL\" \/>\n<meta property=\"og:type\" content=\"article\" \/>\n<meta property=\"og:title\" content=\"N\u00e1rodn\u00e1 pr\u00edrodn\u00e1 rezerv\u00e1cia \u010cergovsk\u00fd Min\u010dol\" \/>\n<meta property=\"og:description\" content=\"Chr\u00e1nen\u00e9 \u00fazemie \u010cergovsk\u00fd Min\u010dol m\u00e1 5. stupe\u0148 ochrany a\u00a0 3. stup\u0148om ochrany okolo rezerv\u00e1cie. NPR...\" \/>\n<meta property=\"og:url\" content=\"https:\/\/www.regionsaris.sk\/pl\/prirodne-krasy\/cergovsky-mincol\/\" \/>\n<meta property=\"og:site_name\" content=\"OOCR \u0160ari\u0161\" \/>\n<meta property=\"article:modified_time\" content=\"2026-02-05T13:49:03+00:00\" \/>\n<meta property=\"og:image\" content=\"https:\/\/www.regionsaris.sk\/wp-content\/uploads\/2026\/01\/3339ca20-4c87-4d28-a4dc-41e953d0f63e.jpg\" \/>\n\t<meta property=\"og:image:width\" content=\"758\" \/>\n\t<meta property=\"og:image:height\" content=\"568\" \/>\n\t<meta property=\"og:image:type\" content=\"image\/jpeg\" \/>\n<meta name=\"twitter:card\" content=\"summary_large_image\" \/>\n<meta name=\"twitter:label1\" content=\"Est. reading time\" \/>\n\t<meta name=\"twitter:data1\" content=\"2 minuty\" \/>\n<script type=\"application\/ld+json\" class=\"yoast-schema-graph\">{\"@context\":\"https:\/\/schema.org\",\"@graph\":[{\"@type\":\"WebPage\",\"@id\":\"https:\/\/www.regionsaris.sk\/prirodne-krasy\/cergovsky-mincol\/\",\"url\":\"https:\/\/www.regionsaris.sk\/prirodne-krasy\/cergovsky-mincol\/\",\"name\":\"N\u00e1rodn\u00e1 pr\u00edrodn\u00e1 rezerv\u00e1cia \u010cergovsk\u00fd Min\u010dol - OOCR \u0160ari\u0161\",\"isPartOf\":{\"@id\":\"https:\/\/www.regionsaris.sk\/#website\"},\"primaryImageOfPage\":{\"@id\":\"https:\/\/www.regionsaris.sk\/prirodne-krasy\/cergovsky-mincol\/#primaryimage\"},\"image\":{\"@id\":\"https:\/\/www.regionsaris.sk\/prirodne-krasy\/cergovsky-mincol\/#primaryimage\"},\"thumbnailUrl\":\"https:\/\/www.regionsaris.sk\/wp-content\/uploads\/2026\/01\/3339ca20-4c87-4d28-a4dc-41e953d0f63e.jpg\",\"datePublished\":\"2026-01-07T18:24:53+00:00\",\"dateModified\":\"2026-02-05T13:49:03+00:00\",\"breadcrumb\":{\"@id\":\"https:\/\/www.regionsaris.sk\/prirodne-krasy\/cergovsky-mincol\/#breadcrumb\"},\"inLanguage\":\"pl-PL\",\"potentialAction\":[{\"@type\":\"ReadAction\",\"target\":[\"https:\/\/www.regionsaris.sk\/prirodne-krasy\/cergovsky-mincol\/\"]}]},{\"@type\":\"ImageObject\",\"inLanguage\":\"pl-PL\",\"@id\":\"https:\/\/www.regionsaris.sk\/prirodne-krasy\/cergovsky-mincol\/#primaryimage\",\"url\":\"https:\/\/www.regionsaris.sk\/wp-content\/uploads\/2026\/01\/3339ca20-4c87-4d28-a4dc-41e953d0f63e.jpg\",\"contentUrl\":\"https:\/\/www.regionsaris.sk\/wp-content\/uploads\/2026\/01\/3339ca20-4c87-4d28-a4dc-41e953d0f63e.jpg\",\"width\":758,\"height\":568},{\"@type\":\"BreadcrumbList\",\"@id\":\"https:\/\/www.regionsaris.sk\/prirodne-krasy\/cergovsky-mincol\/#breadcrumb\",\"itemListElement\":[{\"@type\":\"ListItem\",\"position\":1,\"name\":\"Domov\",\"item\":\"https:\/\/www.regionsaris.sk\/\"},{\"@type\":\"ListItem\",\"position\":2,\"name\":\"Pr\u00edrodn\u00e9 kr\u00e1sy v regi\u00f3ne\",\"item\":\"https:\/\/www.regionsaris.sk\/prirodne-krasy-v-regione\/\"},{\"@type\":\"ListItem\",\"position\":3,\"name\":\"N\u00e1rodn\u00e1 pr\u00edrodn\u00e1 rezerv\u00e1cia \u010cergovsk\u00fd Min\u010dol\"}]},{\"@type\":\"WebSite\",\"@id\":\"https:\/\/www.regionsaris.sk\/#website\",\"url\":\"https:\/\/www.regionsaris.sk\/\",\"name\":\"OOCR \u0160ari\u0161\",\"description\":\"\",\"potentialAction\":[{\"@type\":\"SearchAction\",\"target\":{\"@type\":\"EntryPoint\",\"urlTemplate\":\"https:\/\/www.regionsaris.sk\/?s={search_term_string}\"},\"query-input\":{\"@type\":\"PropertyValueSpecification\",\"valueRequired\":true,\"valueName\":\"search_term_string\"}}],\"inLanguage\":\"pl-PL\"}]}<\/script>\n<!-- \/ Yoast SEO Premium plugin. -->","yoast_head_json":{"title":"N\u00e1rodn\u00e1 pr\u00edrodn\u00e1 rezerv\u00e1cia \u010cergovsk\u00fd Min\u010dol - OOCR \u0160ari\u0161","robots":{"index":"index","follow":"follow","max-snippet":"max-snippet:-1","max-image-preview":"max-image-preview:large","max-video-preview":"max-video-preview:-1"},"canonical":"https:\/\/www.regionsaris.sk\/pl\/prirodne-krasy\/cergovsky-mincol\/","og_locale":"pl_PL","og_type":"article","og_title":"N\u00e1rodn\u00e1 pr\u00edrodn\u00e1 rezerv\u00e1cia \u010cergovsk\u00fd Min\u010dol","og_description":"Chr\u00e1nen\u00e9 \u00fazemie \u010cergovsk\u00fd Min\u010dol m\u00e1 5. stupe\u0148 ochrany a\u00a0 3. stup\u0148om ochrany okolo rezerv\u00e1cie. NPR...","og_url":"https:\/\/www.regionsaris.sk\/pl\/prirodne-krasy\/cergovsky-mincol\/","og_site_name":"OOCR \u0160ari\u0161","article_modified_time":"2026-02-05T13:49:03+00:00","og_image":[{"width":758,"height":568,"url":"https:\/\/www.regionsaris.sk\/wp-content\/uploads\/2026\/01\/3339ca20-4c87-4d28-a4dc-41e953d0f63e.jpg","type":"image\/jpeg"}],"twitter_card":"summary_large_image","twitter_misc":{"Est. reading time":"2 minuty"},"schema":{"@context":"https:\/\/schema.org","@graph":[{"@type":"WebPage","@id":"https:\/\/www.regionsaris.sk\/prirodne-krasy\/cergovsky-mincol\/","url":"https:\/\/www.regionsaris.sk\/prirodne-krasy\/cergovsky-mincol\/","name":"N\u00e1rodn\u00e1 pr\u00edrodn\u00e1 rezerv\u00e1cia \u010cergovsk\u00fd Min\u010dol - OOCR \u0160ari\u0161","isPartOf":{"@id":"https:\/\/www.regionsaris.sk\/#website"},"primaryImageOfPage":{"@id":"https:\/\/www.regionsaris.sk\/prirodne-krasy\/cergovsky-mincol\/#primaryimage"},"image":{"@id":"https:\/\/www.regionsaris.sk\/prirodne-krasy\/cergovsky-mincol\/#primaryimage"},"thumbnailUrl":"https:\/\/www.regionsaris.sk\/wp-content\/uploads\/2026\/01\/3339ca20-4c87-4d28-a4dc-41e953d0f63e.jpg","datePublished":"2026-01-07T18:24:53+00:00","dateModified":"2026-02-05T13:49:03+00:00","breadcrumb":{"@id":"https:\/\/www.regionsaris.sk\/prirodne-krasy\/cergovsky-mincol\/#breadcrumb"},"inLanguage":"pl-PL","potentialAction":[{"@type":"ReadAction","target":["https:\/\/www.regionsaris.sk\/prirodne-krasy\/cergovsky-mincol\/"]}]},{"@type":"ImageObject","inLanguage":"pl-PL","@id":"https:\/\/www.regionsaris.sk\/prirodne-krasy\/cergovsky-mincol\/#primaryimage","url":"https:\/\/www.regionsaris.sk\/wp-content\/uploads\/2026\/01\/3339ca20-4c87-4d28-a4dc-41e953d0f63e.jpg","contentUrl":"https:\/\/www.regionsaris.sk\/wp-content\/uploads\/2026\/01\/3339ca20-4c87-4d28-a4dc-41e953d0f63e.jpg","width":758,"height":568},{"@type":"BreadcrumbList","@id":"https:\/\/www.regionsaris.sk\/prirodne-krasy\/cergovsky-mincol\/#breadcrumb","itemListElement":[{"@type":"ListItem","position":1,"name":"Domov","item":"https:\/\/www.regionsaris.sk\/"},{"@type":"ListItem","position":2,"name":"Pr\u00edrodn\u00e9 kr\u00e1sy v regi\u00f3ne","item":"https:\/\/www.regionsaris.sk\/prirodne-krasy-v-regione\/"},{"@type":"ListItem","position":3,"name":"N\u00e1rodn\u00e1 pr\u00edrodn\u00e1 rezerv\u00e1cia \u010cergovsk\u00fd Min\u010dol"}]},{"@type":"WebSite","@id":"https:\/\/www.regionsaris.sk\/#website","url":"https:\/\/www.regionsaris.sk\/","name":"OOCR \u0160ari\u0161","description":"","potentialAction":[{"@type":"SearchAction","target":{"@type":"EntryPoint","urlTemplate":"https:\/\/www.regionsaris.sk\/?s={search_term_string}"},"query-input":{"@type":"PropertyValueSpecification","valueRequired":true,"valueName":"search_term_string"}}],"inLanguage":"pl-PL"}]}},"_links":{"self":[{"href":"https:\/\/www.regionsaris.sk\/pl\/wp-json\/wp\/v2\/prirodne-krasy\/2846","targetHints":{"allow":["GET"]}}],"collection":[{"href":"https:\/\/www.regionsaris.sk\/pl\/wp-json\/wp\/v2\/prirodne-krasy"}],"about":[{"href":"https:\/\/www.regionsaris.sk\/pl\/wp-json\/wp\/v2\/types\/prirodne-krasy"}],"wp:featuredmedia":[{"embeddable":true,"href":"https:\/\/www.regionsaris.sk\/pl\/wp-json\/wp\/v2\/media\/2337"}],"wp:attachment":[{"href":"https:\/\/www.regionsaris.sk\/pl\/wp-json\/wp\/v2\/media?parent=2846"}],"wp:term":[{"taxonomy":"kategoria-poi","embeddable":true,"href":"https:\/\/www.regionsaris.sk\/pl\/wp-json\/wp\/v2\/kategoria-poi?post=2846"},{"taxonomy":"lokalita","embeddable":true,"href":"https:\/\/www.regionsaris.sk\/pl\/wp-json\/wp\/v2\/lokalita?post=2846"},{"taxonomy":"sezona-poi","embeddable":true,"href":"https:\/\/www.regionsaris.sk\/pl\/wp-json\/wp\/v2\/sezona-poi?post=2846"},{"taxonomy":"trvanie-vyletu","embeddable":true,"href":"https:\/\/www.regionsaris.sk\/pl\/wp-json\/wp\/v2\/trvanie-vyletu?post=2846"}],"curies":[{"name":"wp","href":"https:\/\/api.w.org\/{rel}","templated":true}]}}