{"id":6191,"date":"2026-09-04T13:05:27","date_gmt":"2026-09-04T12:05:27","guid":{"rendered":"https:\/\/www.regionsaris.sk\/?post_type=pre-rodiny&#038;p=6191"},"modified":"2026-09-04T13:12:31","modified_gmt":"2026-09-04T12:12:31","slug":"naucny-chodnik-slovenske-opalove-bane","status":"publish","type":"pre-rodiny","link":"https:\/\/www.regionsaris.sk\/pl\/pre-rodiny\/naucny-chodnik-slovenske-opalove-bane\/","title":{"rendered":"\u015acie\u017cka edukacyjna \u201eS\u0142owackie kopalnie opalu\u201d"},"content":{"rendered":"<p class=\"wp-block-paragraph\"><strong>\u015acie\u017cka edukacyjna \u201eS\u0142owackie kopalnie opalu\u201d<\/strong>\u00a0przybli\u017ca zwiedzaj\u0105cym wyj\u0105tkowe po\u0142\u0105czenie historii g\u00f3rnictwa, opalu szlachetnego i przyrody <a href=\"https:\/\/slanskevrchy.com\" target=\"_blank\" rel=\"noopener\">Wzg\u00f3rza Slanskie<\/a>. Trasa prowadzi\u00a0<strong>Obszar chroniony kopal\u0144 w Dubnicy<\/strong>, a konkretnie historycznym revierem g\u00f3rniczym Libanka, gdzie zachowa\u0142y si\u0119 stare wyrobiska zwi\u0105zane z wydobyciem opalu szlachetnego.\u00a0<\/p>\n\n\n\n<h2 class=\"wp-block-heading\">\u015aladami wydobycia opalu szlachetnego<\/h2>\n\n\n\n<p class=\"wp-block-paragraph\">\u015acie\u017cka edukacyjna ma d\u0142ugo\u015b\u0107 oko\u0142o&nbsp;<strong>1,5 kilometra<\/strong>&nbsp;i oferuje zwiedzaj\u0105cym 14 tablic informacyjnych. Przedstawiaj\u0105 one powstanie i w\u0142a\u015bciwo\u015bci opalu, histori\u0119 jego wydobycia, wybrane obiekty g\u00f3rnicze, a tak\u017ce warunki przyrodnicze otaczaj\u0105cego terenu. Osobna cz\u0119\u015b\u0107 po\u015bwi\u0119cona jest nietoperzom, kt\u00f3re po zako\u0144czeniu dzia\u0142alno\u015bci g\u00f3rniczej znalaz\u0142y w rozleg\u0142ych podziemnych przestrzeniach odpowiednie warunki do zimowania.&nbsp;<\/p>\n\n\n\n<p class=\"wp-block-paragraph\"><a href=\"https:\/\/www.regionsaris.sk\/pl\/prirodne-krasy\/slovenske-opalove-bane\/\" data-type=\"prirodne-krasy\" data-id=\"2751\">S\u0142owackie kopalnie opalu<\/a> nale\u017c\u0105 do wa\u017cnych miejsc zwi\u0105zanych z wydobyciem opalu szlachetnego na S\u0142owacji. \u015acie\u017cka edukacyjna pozwala zatem spojrze\u0107 na teren kopal\u0144 z innej perspektywy \u2013 nie tylko jako na historyczne miejsce g\u00f3rnicze, ale tak\u017ce jako na cenne obszar przyrodniczy.<\/p>\n\n\n\n<h2 class=\"wp-block-heading\">Przyroda pasma Slansk\u00e9 vrchy<\/h2>\n\n\n\n<p class=\"wp-block-paragraph\">Trasa przebiega przez teren le\u015bny <a href=\"https:\/\/slanskevrchy.com\" target=\"_blank\" rel=\"noopener\">Wzg\u00f3rza Slanskie<\/a>, przy czym tablice informacyjne po\u015bwi\u0119cone s\u0105 r\u00f3wnie\u017c\u00a0<strong>geologii, ro\u015blinno\u015bci i zoologii<\/strong> otaczaj\u0105cego krajobrazu. Dzi\u0119ki temu podczas jednego spaceru zwiedzaj\u0105cy zyskuje podstawowy ogl\u0105d tego, w jaki spos\u00f3b powi\u0105zane s\u0105 ze sob\u0105 warunki geologiczne, historia g\u00f3rnictwa oraz obecny wygl\u0105d przyrody.\u00a0<\/p>\n\n\n\n<p class=\"wp-block-paragraph\">Istotn\u0105 cz\u0119\u015bci\u0105 tego obszaru s\u0105 w\u0142a\u015bnie nietoperze. Podziemne przestrzenie dawnych kopal\u0144 stanowi\u0105 dla nich wa\u017cne miejsce zimowania i w\u0142a\u015bnie z tego powodu obszar ten zosta\u0142 w roku&nbsp;<strong>W 1964 r. obszar ten zosta\u0142 og\u0142oszony rezerwatem przyrody \u201eDubnick\u00e9 bane\u201d<\/strong>.&nbsp;<\/p>\n\n\n\n<h2 class=\"wp-block-heading\">Obszar chroniony<\/h2>\n\n\n\n<p class=\"wp-block-paragraph\">\u015acie\u017cka edukacyjna znajduje si\u0119 na terenie, na kt\u00f3rym&nbsp;<strong>4. stopie\u0144 ochrony przyrody<\/strong>. Jego celem jest zatem nie tylko zaprezentowanie historycznego dziedzictwa s\u0142owackich kopal\u0144 opalu, ale tak\u017ce zwr\u00f3cenie uwagi na potrzeb\u0119 ochrony lokalnych biotop\u00f3w oraz odpowiedzialnego poruszania si\u0119 po terenach przyrodniczych. Cz\u0119\u015bci\u0105 tablic informacyjnych jest r\u00f3wnie\u017c temat zr\u00f3wnowa\u017conego gospodarowania w lasach.&nbsp;<\/p>\n\n\n\n<p class=\"wp-block-paragraph\">\u015acie\u017cka powsta\u0142a we wsp\u00f3\u0142pracy S\u0142owackich Kopal\u0144 Opalu, Las\u00f3w SR oraz Regionalnego Centrum Ochrony Przyrody w Preszowie. Tablice informacyjne s\u0105 sporz\u0105dzone w j\u0119zyku s\u0142owackim i angielskim, dzi\u0119ki czemu miejsce to jest przystosowane r\u00f3wnie\u017c dla zagranicznych go\u015bci. Wst\u0119p na szlak jest bezp\u0142atny i wed\u0142ug operatora jest on odpowiedni zar\u00f3wno dla dzieci, jak i dla doros\u0142ych.\u00a0<\/p>\n\n\n\n<h2 class=\"wp-block-heading\">Wycieczka \u015bladami historii i przyrody<\/h2>\n\n\n\n<p class=\"wp-block-paragraph\">\u015acie\u017cka edukacyjna \u201eS\u0142owackie kopalnie opalu\u201d stanowi doskona\u0142e uzupe\u0142nienie wizyty&nbsp;<strong>S\u0142owackie kopalnie opalu w Dubniku<\/strong>. Podczas gdy zwiedzanie podziemi g\u00f3rniczych przybli\u017ca zwiedzaj\u0105cym \u017cycie g\u00f3rnik\u00f3w i sam proces wydobycia, \u015bcie\u017cka edukacyjna pozwala pozna\u0107 szerszy obszar historycznego revirowa g\u00f3rniczego oraz jego walory przyrodnicze.<\/p>\n\n\n\n<p class=\"wp-block-paragraph\">Dla turyst\u00f3w ta trasa o d\u0142ugo\u015bci oko\u0142o 1,5 kilometra stanowi okazj\u0119 do spokojnego spaceru po lesie, podczas kt\u00f3rego mo\u017cna zdoby\u0107 wiele informacji na temat opalu, g\u00f3rnictwa i pasma Slansk\u00e9 vrchy. Jest to zatem ciekawa propozycja na&nbsp;<strong>wycieczka po okolicach Pre\u0161ova<\/strong>, kt\u00f3ry \u0142\u0105czy \u015brodowisko naturalne z histori\u0105 jednego z najwa\u017cniejszych miejsc wydobycia opali na S\u0142owacji.&nbsp;<\/p>\n\n\n\n<p class=\"wp-block-paragraph\">\u0179r\u00f3d\u0142o: OOCR R\u0160<br>\u0179r\u00f3d\u0142o zdj\u0119\u0107: OOCR R\u0160<\/p>","protected":false},"featured_media":6193,"template":"","meta":{"_acf_changed":true},"kategoria-poi":[191,105,276,100,102],"lokalita":[28],"sezona-poi":[12],"trvanie-vyletu":[180],"class_list":["post-6191","pre-rodiny","type-pre-rodiny","status-publish","has-post-thumbnail","hentry","kategoria-poi-geopark-slanske-vrchy","kategoria-poi-historia","kategoria-poi-naucny-chodnik","kategoria-poi-pre-rodiny","kategoria-poi-prirodne-krasy","lokalita-presov-a-okolie","sezona-poi-celorocne","trvanie-vyletu-poldenne-vylety"],"acf":[],"_links":{"self":[{"href":"https:\/\/www.regionsaris.sk\/pl\/wp-json\/wp\/v2\/pre-rodiny\/6191","targetHints":{"allow":["GET"]}}],"collection":[{"href":"https:\/\/www.regionsaris.sk\/pl\/wp-json\/wp\/v2\/pre-rodiny"}],"about":[{"href":"https:\/\/www.regionsaris.sk\/pl\/wp-json\/wp\/v2\/types\/pre-rodiny"}],"wp:featuredmedia":[{"embeddable":true,"href":"https:\/\/www.regionsaris.sk\/pl\/wp-json\/wp\/v2\/media\/6193"}],"wp:attachment":[{"href":"https:\/\/www.regionsaris.sk\/pl\/wp-json\/wp\/v2\/media?parent=6191"}],"wp:term":[{"taxonomy":"kategoria-poi","embeddable":true,"href":"https:\/\/www.regionsaris.sk\/pl\/wp-json\/wp\/v2\/kategoria-poi?post=6191"},{"taxonomy":"lokalita","embeddable":true,"href":"https:\/\/www.regionsaris.sk\/pl\/wp-json\/wp\/v2\/lokalita?post=6191"},{"taxonomy":"sezona-poi","embeddable":true,"href":"https:\/\/www.regionsaris.sk\/pl\/wp-json\/wp\/v2\/sezona-poi?post=6191"},{"taxonomy":"trvanie-vyletu","embeddable":true,"href":"https:\/\/www.regionsaris.sk\/pl\/wp-json\/wp\/v2\/trvanie-vyletu?post=6191"}],"curies":[{"name":"wp","href":"https:\/\/api.w.org\/{rel}","templated":true}]}}