{"id":6187,"date":"2026-09-04T12:28:53","date_gmt":"2026-09-04T11:28:53","guid":{"rendered":"https:\/\/www.regionsaris.sk\/?post_type=pre-rodiny&#038;p=6187"},"modified":"2026-09-04T12:28:54","modified_gmt":"2026-09-04T11:28:54","slug":"rozhladna-na-malkovskej-horke","status":"publish","type":"pre-rodiny","link":"https:\/\/www.regionsaris.sk\/pl\/pre-rodiny\/rozhladna-na-malkovskej-horke\/","title":{"rendered":"Wie\u017ca widokowa na wzg\u00f3rzu Malkovsk\u00e1 h\u00f4rka"},"content":{"rendered":"<p class=\"wp-block-paragraph\"><strong>Wie\u017ca widokowa na wzg\u00f3rzu Malkovsk\u00e1 h\u00f4rka<\/strong>\u00a0nale\u017cy do ulubionych punkt\u00f3w widokowych w okolicy <a href=\"https:\/\/www.regionsaris.sk\/pl\/lokalita\/mesto-presov\/\" data-type=\"lokalita\" data-id=\"26\">Presz\u00f3w<\/a>. Znajduje si\u0119 w parku le\u015bnym Cemjata, na szczycie wzg\u00f3rza Malkovsk\u00e1, na wysoko\u015bci oko\u0142o 497 m n.p.m. Drewniana wie\u017ca widokowa ma wysoko\u015b\u0107 19,6 metra i oferuje rozleg\u0142e widoki na krajobraz regionu \u0160ari\u0161.\u00a0<\/p>\n\n\n\n<h2 class=\"wp-block-heading\">Widok na Szari\u0161 i okolice Pre\u0161ova<\/h2>\n\n\n\n<p class=\"wp-block-paragraph\">Z platformy widokowej rozci\u0105ga si\u0119 panorama okolicznej okolicy. Przy dobrej widoczno\u015bci mo\u017cna dostrzec\u00a0<strong><a href=\"https:\/\/www.regionsaris.sk\/pl\/lokalita\/mesto-presov\/\" data-type=\"lokalita\" data-id=\"26\">Presz\u00f3w<\/a>, <a href=\"https:\/\/www.regionsaris.sk\/pl\/historia\/hrad-saris\/\" data-type=\"historia\" data-id=\"2065\">Zamek Szarysz<\/a>, <a href=\"https:\/\/www.regionsaris.sk\/pl\/historia\/kapusiansky-hrad\/\" data-type=\"historia\" data-id=\"2066\">Zamek Kapu\u0161ian<\/a>, <a href=\"https:\/\/pohoriecergov.sk\" target=\"_blank\" rel=\"noopener\">pasmo g\u00f3rskie \u010cergov<\/a>, <a href=\"https:\/\/slanskevrchy.com\" target=\"_blank\" rel=\"noopener\">Slansk\u00e9 vrchy<\/a> i szczyt <a href=\"https:\/\/www.regionsaris.sk\/pl\/prirodne-krasy\/straz\/\" data-type=\"prirodne-krasy\" data-id=\"3020\">Stra\u017cnik<\/a><\/strong>. Wie\u017ca widokowa zapewnia zatem interesuj\u0105cy widok na przyrodnicze i historyczne atrakcje regionu.\u00a0<\/p>\n\n\n\n<p class=\"wp-block-paragraph\">Samo wzg\u00f3rze Malkovsk\u00e1 h\u00f4rka stanowi cz\u0119\u015b\u0107 parku le\u015bnego Cemjata, kt\u00f3ry stwarza dogodne warunki do kr\u00f3tszych spacer\u00f3w i wycieczek na \u0142onie natury. Wycieczk\u0119 do wie\u017cy widokowej mo\u017cna po\u0142\u0105czy\u0107 z innymi trasami w okolicy Pre\u0161ova, tworz\u0105c w ten spos\u00f3b d\u0142u\u017csz\u0105 tras\u0119 turystyczn\u0105 lub rowerow\u0105.<\/p>\n\n\n\n<h2 class=\"wp-block-heading\">Turystyka piesza i rowerowa<\/h2>\n\n\n\n<p class=\"wp-block-paragraph\">Do wie\u017cy widokowej prowadzi kilka oznakowanych szlak\u00f3w. Dost\u0119p jest mo\u017cliwy na przyk\u0142ad z Haniski ko\u0142o Pre\u0161ova, Radat\u00edc, Janova, Cemjaty lub z <a href=\"https:\/\/www.regionsaris.sk\/pl\/nabozensky-turizmus\/kalvaria\/\" data-type=\"nabozensky-turizmus\" data-id=\"2607\">Kalwarii w Pre\u0161owie<\/a>. Wiele tras dojazdowych jest kr\u00f3tkich, a regionalny portal turystyczny podaje, \u017ce wi\u0119kszo\u015b\u0107 z nich nie przekracza oko\u0142o 2 kilometr\u00f3w.\u00a0<\/p>\n\n\n\n<p class=\"wp-block-paragraph\">Ciekaw\u0105 opcj\u0105 jest r\u00f3wnie\u017c trasa z Kalwarii, znana jako \u201eTri jarky\u201d, kt\u00f3ra s\u0142u\u017cy rowerzystom jako trasa podjazdowa. Okolice wie\u017cy widokowej nadaj\u0105 si\u0119 nie tylko do turystyki pieszej, ale tak\u017ce do jazdy na rowerze. Le\u015bne drogi i \u015bcie\u017cki sprawiaj\u0105, \u017ce Malkovsk\u00e1 h\u00f4rka mo\u017ce sta\u0107 si\u0119 cz\u0119\u015bci\u0105 aktywnej wycieczki po okolicach Pre\u0161ova.\u00a0<\/p>\n\n\n\n<h2 class=\"wp-block-heading\">Miejsce na kr\u00f3tk\u0105 wycieczk\u0119<\/h2>\n\n\n\n<p class=\"wp-block-paragraph\">Zalet\u0105 wie\u017cy widokowej jest jej po\u0142o\u017cenie w pobli\u017cu stolicy regionu. Dlatego wizyta w tym miejscu nie musi oznacza\u0107 ca\u0142odziennej w\u0119dr\u00f3wki \u2013 mo\u017ce by\u0107 cz\u0119\u015bci\u0105 kr\u00f3tszego spaceru lub spontanicznej wycieczki na \u0142ono natury. Na trasie znajduj\u0105 si\u0119 altanki i \u0142awki, kt\u00f3re zapewniaj\u0105 miejsce na odpoczynek.\u00a0<\/p>\n\n\n\n<p class=\"wp-block-paragraph\">Wie\u017ca widokowa na wzg\u00f3rzu Malkovsk\u00e1 h\u00f4rka jest zatem doskona\u0142\u0105 propozycj\u0105 dla turyst\u00f3w, kt\u00f3rzy chc\u0105 po\u0142\u0105czy\u0107 pobyt na \u0142onie natury z podziwianiem panoramicznych widok\u00f3w. Dzi\u0119ki \u0142atwemu dojazdowi z wielu kierunk\u00f3w nale\u017cy do ciekawych miejsc na wycieczk\u0119 w bezpo\u015brednim s\u0105siedztwie Pre\u0161ova.<\/p>\n\n\n\n<p class=\"wp-block-paragraph\">\u0179r\u00f3d\u0142o: OOCR R\u0160<br>\u0179r\u00f3d\u0142o zdj\u0119\u0107: OOCR R\u0160<\/p>","protected":false},"featured_media":6188,"template":"","meta":{"_acf_changed":true},"kategoria-poi":[193,100,275,107],"lokalita":[28],"sezona-poi":[12],"trvanie-vyletu":[180,194],"class_list":["post-6187","pre-rodiny","type-pre-rodiny","status-publish","has-post-thumbnail","hentry","kategoria-poi-cyklo-pre-rodiny","kategoria-poi-pre-rodiny","kategoria-poi-rozhladne","kategoria-poi-turistika","lokalita-presov-a-okolie","sezona-poi-celorocne","trvanie-vyletu-poldenne-vylety","trvanie-vyletu-skolske-vylety"],"acf":[],"_links":{"self":[{"href":"https:\/\/www.regionsaris.sk\/pl\/wp-json\/wp\/v2\/pre-rodiny\/6187","targetHints":{"allow":["GET"]}}],"collection":[{"href":"https:\/\/www.regionsaris.sk\/pl\/wp-json\/wp\/v2\/pre-rodiny"}],"about":[{"href":"https:\/\/www.regionsaris.sk\/pl\/wp-json\/wp\/v2\/types\/pre-rodiny"}],"wp:featuredmedia":[{"embeddable":true,"href":"https:\/\/www.regionsaris.sk\/pl\/wp-json\/wp\/v2\/media\/6188"}],"wp:attachment":[{"href":"https:\/\/www.regionsaris.sk\/pl\/wp-json\/wp\/v2\/media?parent=6187"}],"wp:term":[{"taxonomy":"kategoria-poi","embeddable":true,"href":"https:\/\/www.regionsaris.sk\/pl\/wp-json\/wp\/v2\/kategoria-poi?post=6187"},{"taxonomy":"lokalita","embeddable":true,"href":"https:\/\/www.regionsaris.sk\/pl\/wp-json\/wp\/v2\/lokalita?post=6187"},{"taxonomy":"sezona-poi","embeddable":true,"href":"https:\/\/www.regionsaris.sk\/pl\/wp-json\/wp\/v2\/sezona-poi?post=6187"},{"taxonomy":"trvanie-vyletu","embeddable":true,"href":"https:\/\/www.regionsaris.sk\/pl\/wp-json\/wp\/v2\/trvanie-vyletu?post=6187"}],"curies":[{"name":"wp","href":"https:\/\/api.w.org\/{rel}","templated":true}]}}