{"id":2613,"date":"2026-01-07T12:44:54","date_gmt":"2026-01-07T11:44:54","guid":{"rendered":"https:\/\/www.regionsaris.sk\/?post_type=nabozensky-turizmus&#038;p=2613"},"modified":"2026-02-05T13:53:42","modified_gmt":"2026-02-05T12:53:42","slug":"kaplnka-sv-kunhuty-velky-saris","status":"publish","type":"nabozensky-turizmus","link":"https:\/\/www.regionsaris.sk\/pl\/nabozensky-turizmus\/kaplnka-sv-kunhuty-velky-saris\/","title":{"rendered":"Kaplica \u015bw. Kunhuta Wielkiego Szarysza"},"content":{"rendered":"<h2>Kaplica \u015bw. Kunhuta Wielkiego Szarysza<\/h2>\nW drugiej po\u0142owie XIII wieku w Wielkim Szaryszu zbudowano wczesnogotyck\u0105 majestatyczn\u0105 \u015bwi\u0105tyni\u0119, kt\u00f3ra jest tak stara jak zamek nad ni\u0105. Mniej wi\u0119cej w tym samym czasie pod zamkiem zacz\u0119to budowa\u0107 klasztor, zainicjowany przez kr\u00f3la B\u00e9l\u0119 IV. Klasztor by\u0142 pocz\u0105tkowo zamieszkiwany przez mnich\u00f3w \u017cebrz\u0105cych, Wilhelmit\u00f3w, kt\u00f3rzy p\u00f3\u017aniej przyj\u0119li regu\u0142\u0119 \u015bw. Augustyna i odt\u0105d nazywani byli augustianami. Klasztor pe\u0142ni\u0142 wa\u017cn\u0105 rol\u0119. Pe\u0142ni\u0142 funkcj\u0119 miejsca zaufania, tj. <strong><em>Locus credibilitati<\/em>,<\/strong> gdzie weryfikowano lub potwierdzano wa\u017cno\u015b\u0107 prawn\u0105 i autentyczno\u015b\u0107 oficjalnych dokument\u00f3w. Prze\u0142o\u017cony by\u0142 nawet g\u0142\u00f3wnym wikariuszem ca\u0142ego zakonu. <strong>diecezji Jagger<\/strong>. Klasztor znikn\u0105\u0142 oko\u0142o 1541 roku pod wp\u0142ywem zmian reformacyjnych. Dzi\u015b na miejscu nieistniej\u0105cego klasztoru stoi kaplica \u015bw. Kunhuta (Kunigunda).\n\nKaplica zosta\u0142a zbudowana po 1544 roku z wykorzystaniem mur\u00f3w starszego budynku. Stanowi ona doln\u0105 cz\u0119\u015b\u0107 zachodniej \u015bciany budynku. W konstrukcji wykorzystano elementy architektoniczne z okresu wczesnego gotyku, prawdopodobnie pochodz\u0105ce ze zniszczonego klasztoru.\n\nKaplica ma kr\u00f3tk\u0105 prostok\u0105tn\u0105 naw\u0119 i pi\u0119cioboczne sanktuarium. Zosta\u0142a wyremontowana w 1599 r. przez szaryskiego hrabiego Franti\u0161ka Dershfi de Zerdaheyla, o czym \u015bwiadcz\u0105 inicja\u0142y na fasadzie <strong><em>FD 1599 DZ. <\/em><\/strong>Jest to inskrypcja sgraffitowa ze stylizowan\u0105 lili\u0105. Kaplica by\u0142a kaplic\u0105 rodzinn\u0105 <strong>Rakoczy<\/strong> i reprezentuje cenn\u0105 oryginaln\u0105 zachowan\u0105 architektur\u0119 gotyck\u0105 bez p\u00f3\u017aniejszych modyfikacji.\n<h3>Odnowienia na przestrzeni wiek\u00f3w<\/h3>\nW burzliwym XVII wieku kaplica pe\u0142ni\u0142a przez pewien czas funkcj\u0119 spichlerza i w tym kontek\u015bcie zosta\u0142a r\u00f3wnie\u017c zmodyfikowana konstrukcyjnie (podzielono j\u0105 na dwie kondygnacje i zamurowano dolne partie okien).\nJaki\u015b czas po 1769 roku budynek zosta\u0142 ponownie zaadaptowany do cel\u00f3w liturgicznych, z usuni\u0119t\u0105 dobudowan\u0105 kondygnacj\u0105. Kaplica otrzyma\u0142a tak\u017ce nowy dach pokryty gontem, kt\u00f3ry p\u00f3\u017aniej zast\u0105piono blach\u0105.\nW 1965 r. przeprowadzono rozleg\u0142e prace remontowe, dzi\u0119ki kt\u00f3rym kaplica by\u0142a \"gotowa\" do odprawiania okazjonalnych nabo\u017ce\u0144stw i pielgrzymek. Nie odby\u0142o si\u0119 to jednak zgodnie z ideami konserwator\u00f3w zabytk\u00f3w. W ostatnich latach wysi\u0142ki na rzecz ratowania zniszczonego budynku zosta\u0142y wznowione, a tak\u017ce przeprowadzono badania eksperckie (2010-2011). Pomog\u0142y one wyja\u015bni\u0107 ewolucj\u0119 budynku.\n\nDzi\u015b kaplica stoi w nietypowym miejscu - przy boisku pi\u0142karskim. Do niedawna uwa\u017cano j\u0105 za wczesnogotyck\u0105 budowl\u0119, prezbiterium nieodbudowanego ko\u015bcio\u0142a klasztornego. Datowanie to opiera\u0142o si\u0119 na formie i dekoracji \u017ceber i g\u0142owic \u0142uk\u00f3w czy ok\u0142adzin okien. Ostatnie badania wykaza\u0142y, \u017ce zosta\u0142y one wt\u00f3rnie wykorzystane z wcze\u015bniejszego budynku. Kluczowe znaczenie dla zmiany daty kaplicy mia\u0142y badania zachodniego frontu budynku, kt\u00f3re wykaza\u0142y, \u017ce dolna cz\u0119\u015b\u0107 muru by\u0142a starsza.\n<h3>\u017bycie \u015bwi\u0119tego Kunhuty<\/h3>\n\u015awi\u0119ta Kunigunda \u017cy\u0142a na prze\u0142omie X i XI wieku. Wraz z m\u0119\u017cem, \u015bwi\u0119tym Henrykiem II, zostali koronowani na cesarza i cesarzow\u0105 przez papie\u017ca Benedykta VIII. Ostatnie 15 lat \u017cycia prze\u017cy\u0142a jako zakonnica. Zosta\u0142a kanonizowana przez papie\u017ca Innocentego III w 1200 roku. Jej kult jest wyj\u0105tkowy w tym kraju, popularna jest g\u0142\u00f3wnie w krajach niemieckich.\nKaplica ma kilka ciekawych cech: nie ma okien na po\u0142udniowej \u015bcianie \"nawy\", wr\u0119cz przeciwnie, jedno znajduje si\u0119 nietypowo po stronie p\u00f3\u0142nocnej, przestrze\u0144 nawy i sanktuarium nie jest oddzielona \u0142ukiem triumfalnym, a jedynie prostymi \u017cebrami sklepienia, nacz\u00f3\u0142ki naw podtrzymuj\u0105cych sklepienie ozdobione s\u0105 motywami ro\u015blinnymi - li\u015b\u0107mi d\u0119bu i winoro\u015bli, w \u015bcianie po\u0142udniowej znajduje si\u0119 nisza w kszta\u0142cie zakonnicy, a w \u015bcianie zachodniej gotycki portal.\n\n<span style=\"font-weight: 400;\">O kaplicy mo\u017cna r\u00f3wnie\u017c przeczyta\u0107 na stronie internetowej<\/span><a href=\"https:\/\/apsida.sk\/c\/12540\/velky-saris-kaplnka\"> <span style=\"font-weight: 400;\">apsida.sk<\/span><\/a><span style=\"font-weight: 400;\">.<\/span>\n\n<span style=\"font-weight: 400;\">W regionie mo\u017cna r\u00f3wnie\u017c odwiedzi\u0107 inne atrakcje o charakterze religijnym, takie jak<\/span><a href=\"https:\/\/www.regionsaris.sk\/pl\/kategoria-aktivity\/nabozensky-turizmus\/drevene-chramy\/\"> <span style=\"font-weight: 400;\">drewniane ko\u015bcio\u0142y<\/span><\/a><span style=\"font-weight: 400;\"> takich jak.<\/span><a href=\"https:\/\/www.regionsaris.sk\/pl\/nabozensky_turizmus\/bazilika-zosnutia-presvatej-bohorodicky-v-lutine\/\"> <span style=\"font-weight: 400;\">Bazylika Wniebowzi\u0119cia Naj\u015bwi\u0119tszej Maryi Panny w \u013dutinie<\/span><\/a><span style=\"font-weight: 400;\">, czy<\/span><a href=\"https:\/\/www.regionsaris.sk\/pl\/nabozensky_turizmus\/dreveny-chram-ochrany-bohorodicky-nizny-komarnik\/\"> <span style=\"font-weight: 400;\">Drewniany ko\u015bci\u00f3\u0142 Opieki Matki Bo\u017cej w Ni\u017eno Kom\u00e1rnik<\/span><\/a><span style=\"font-weight: 400;\">, lub<\/span><a href=\"https:\/\/www.regionsaris.sk\/pl\/nabozensky_turizmus\/ortodoxna-synagoga\/\"> <span style=\"font-weight: 400;\">synagoga ortodoksyjna.<\/span><\/a>\n\n<span style=\"font-weight: 400;\">W regionie znajduje si\u0119 wiele innych ciekawych atrakcji. Polecamy odwiedzi\u0107 nast\u0119puj\u0105ce podstrony,<\/span><a href=\"https:\/\/www.regionsaris.sk\/pl\/kategoria-aktivity\/historia\/hrady\/\"> <span style=\"font-weight: 400;\">zamki<\/span><\/a><span style=\"font-weight: 400;\">,<\/span><a href=\"https:\/\/www.regionsaris.sk\/pl\/kategoria-aktivity\/pre-rodiny\/aquaparky\/\"> <span style=\"font-weight: 400;\">parki wodne<\/span><\/a><span style=\"font-weight: 400;\">,<\/span><a href=\"https:\/\/www.regionsaris.sk\/pl\/kategoria-aktivity\/sporty\/cyklistika\/\"> <span style=\"font-weight: 400;\">trasy rowerowe<\/span><\/a><span style=\"font-weight: 400;\">,<\/span><a href=\"https:\/\/www.regionsaris.sk\/pl\/kategoria-aktivity\/nabozensky-turizmus\/drevene-chramy\/\"> <span style=\"font-weight: 400;\">drewniane ko\u015bcio\u0142y<\/span><\/a><span style=\"font-weight: 400;\">,<\/span><a href=\"https:\/\/www.regionsaris.sk\/pl\/co-robit\/historia\/\"> <span style=\"font-weight: 400;\">zabytki historyczne<\/span><\/a><span style=\"font-weight: 400;\">,<\/span><a href=\"https:\/\/www.regionsaris.sk\/pl\/co-robit\/pre-rodiny\/\"> <span style=\"font-weight: 400;\">dla rodzin<\/span><\/a><span style=\"font-weight: 400;\">,<\/span><a href=\"https:\/\/www.regionsaris.sk\/pl\/kategoria-aktivity\/historia\/kastiele-a-kurie\/\"> <span style=\"font-weight: 400;\">dworki i zamki<\/span><\/a><span style=\"font-weight: 400;\">,<\/span><a href=\"https:\/\/www.regionsaris.sk\/pl\/kategoria-aktivity\/kultura-a-umenie\/muzea\/\"> <span style=\"font-weight: 400;\">Muzea<\/span><\/a><span style=\"font-weight: 400;\">,<\/span><a href=\"https:\/\/www.regionsaris.sk\/pl\/kategoria-aktivity\/prirodne-krasy\/pesia-turistika\/\"> <span style=\"font-weight: 400;\">w\u0119dr\u00f3wka<\/span><\/a><span style=\"font-weight: 400;\">,<\/span><a href=\"https:\/\/www.regionsaris.sk\/pl\/co-robit\/kultura-a-umenie\/\"> <span style=\"font-weight: 400;\">spa i wellness<\/span><\/a><span style=\"font-weight: 400;\">.<\/span>\n\n<span style=\"font-weight: 400;\">\u0179r\u00f3d\u0142o: apsida.sk i miasto Ve\u013ek\u00fd \u0160ari\u0161 - Ve\u013ek\u00fd \u0160ari\u0161 in the Changes of Time (publikacja).<\/span>","protected":false},"featured_media":2614,"template":"","meta":{"_acf_changed":false},"kategoria-poi":[169,168],"lokalita":[28],"sezona-poi":[12],"trvanie-vyletu":[217],"class_list":["post-2613","nabozensky-turizmus","type-nabozensky-turizmus","status-publish","has-post-thumbnail","hentry","kategoria-poi-kostoly","kategoria-poi-nabozensky-turizmus","lokalita-presov-a-okolie","sezona-poi-celorocne","trvanie-vyletu-kratke-vylety"],"acf":[],"yoast_head":"<!-- This site is optimized with the Yoast SEO Premium plugin v26.3 (Yoast SEO v26.8) - https:\/\/yoast.com\/product\/yoast-seo-premium-wordpress\/ -->\n<title>Kaplnka sv. Kunhuty Ve\u013ek\u00fd \u0160ari\u0161 - OOCR \u0160ari\u0161<\/title>\n<meta name=\"robots\" content=\"index, follow, max-snippet:-1, max-image-preview:large, max-video-preview:-1\" \/>\n<link rel=\"canonical\" href=\"https:\/\/www.regionsaris.sk\/pl\/nabozensky-turizmus\/kaplnka-sv-kunhuty-velky-saris\/\" \/>\n<meta property=\"og:locale\" content=\"pl_PL\" \/>\n<meta property=\"og:type\" content=\"article\" \/>\n<meta property=\"og:title\" content=\"Kaplnka sv. Kunhuty Ve\u013ek\u00fd \u0160ari\u0161\" \/>\n<meta property=\"og:description\" content=\"Kaplnka sv. Kunhuty Ve\u013ek\u00fd \u0160ari\u0161 V druhej polovici 13. storo\u010dia vznikol v meste Ve\u013ek\u00fd \u0160ari\u0161...\" \/>\n<meta property=\"og:url\" content=\"https:\/\/www.regionsaris.sk\/pl\/nabozensky-turizmus\/kaplnka-sv-kunhuty-velky-saris\/\" \/>\n<meta property=\"og:site_name\" content=\"OOCR \u0160ari\u0161\" \/>\n<meta property=\"article:modified_time\" content=\"2026-02-05T12:53:42+00:00\" \/>\n<meta property=\"og:image\" content=\"https:\/\/www.regionsaris.sk\/wp-content\/uploads\/2026\/01\/kuhnuty277-thumb.jpg\" \/>\n\t<meta property=\"og:image:width\" content=\"600\" \/>\n\t<meta property=\"og:image:height\" content=\"400\" \/>\n\t<meta property=\"og:image:type\" content=\"image\/jpeg\" \/>\n<meta name=\"twitter:card\" content=\"summary_large_image\" \/>\n<meta name=\"twitter:label1\" content=\"Est. reading time\" \/>\n\t<meta name=\"twitter:data1\" content=\"4 minuty\" \/>\n<script type=\"application\/ld+json\" class=\"yoast-schema-graph\">{\"@context\":\"https:\/\/schema.org\",\"@graph\":[{\"@type\":\"WebPage\",\"@id\":\"https:\/\/www.regionsaris.sk\/nabozensky-turizmus\/kaplnka-sv-kunhuty-velky-saris\/\",\"url\":\"https:\/\/www.regionsaris.sk\/nabozensky-turizmus\/kaplnka-sv-kunhuty-velky-saris\/\",\"name\":\"Kaplnka sv. Kunhuty Ve\u013ek\u00fd \u0160ari\u0161 - OOCR \u0160ari\u0161\",\"isPartOf\":{\"@id\":\"https:\/\/www.regionsaris.sk\/#website\"},\"primaryImageOfPage\":{\"@id\":\"https:\/\/www.regionsaris.sk\/nabozensky-turizmus\/kaplnka-sv-kunhuty-velky-saris\/#primaryimage\"},\"image\":{\"@id\":\"https:\/\/www.regionsaris.sk\/nabozensky-turizmus\/kaplnka-sv-kunhuty-velky-saris\/#primaryimage\"},\"thumbnailUrl\":\"https:\/\/www.regionsaris.sk\/wp-content\/uploads\/2026\/01\/kuhnuty277-thumb.jpg\",\"datePublished\":\"2026-01-07T11:44:54+00:00\",\"dateModified\":\"2026-02-05T12:53:42+00:00\",\"breadcrumb\":{\"@id\":\"https:\/\/www.regionsaris.sk\/nabozensky-turizmus\/kaplnka-sv-kunhuty-velky-saris\/#breadcrumb\"},\"inLanguage\":\"pl-PL\",\"potentialAction\":[{\"@type\":\"ReadAction\",\"target\":[\"https:\/\/www.regionsaris.sk\/nabozensky-turizmus\/kaplnka-sv-kunhuty-velky-saris\/\"]}]},{\"@type\":\"ImageObject\",\"inLanguage\":\"pl-PL\",\"@id\":\"https:\/\/www.regionsaris.sk\/nabozensky-turizmus\/kaplnka-sv-kunhuty-velky-saris\/#primaryimage\",\"url\":\"https:\/\/www.regionsaris.sk\/wp-content\/uploads\/2026\/01\/kuhnuty277-thumb.jpg\",\"contentUrl\":\"https:\/\/www.regionsaris.sk\/wp-content\/uploads\/2026\/01\/kuhnuty277-thumb.jpg\",\"width\":600,\"height\":400},{\"@type\":\"BreadcrumbList\",\"@id\":\"https:\/\/www.regionsaris.sk\/nabozensky-turizmus\/kaplnka-sv-kunhuty-velky-saris\/#breadcrumb\",\"itemListElement\":[{\"@type\":\"ListItem\",\"position\":1,\"name\":\"Domov\",\"item\":\"https:\/\/www.regionsaris.sk\/\"},{\"@type\":\"ListItem\",\"position\":2,\"name\":\"N\u00e1bo\u017eensk\u00fd turizmus v regi\u00f3ne\",\"item\":\"https:\/\/www.regionsaris.sk\/nabozensky-turizmus-v-regione\/\"},{\"@type\":\"ListItem\",\"position\":3,\"name\":\"Kaplnka sv. Kunhuty Ve\u013ek\u00fd \u0160ari\u0161\"}]},{\"@type\":\"WebSite\",\"@id\":\"https:\/\/www.regionsaris.sk\/#website\",\"url\":\"https:\/\/www.regionsaris.sk\/\",\"name\":\"OOCR \u0160ari\u0161\",\"description\":\"\",\"potentialAction\":[{\"@type\":\"SearchAction\",\"target\":{\"@type\":\"EntryPoint\",\"urlTemplate\":\"https:\/\/www.regionsaris.sk\/?s={search_term_string}\"},\"query-input\":{\"@type\":\"PropertyValueSpecification\",\"valueRequired\":true,\"valueName\":\"search_term_string\"}}],\"inLanguage\":\"pl-PL\"}]}<\/script>\n<!-- \/ Yoast SEO Premium plugin. -->","yoast_head_json":{"title":"Kaplnka sv. Kunhuty Ve\u013ek\u00fd \u0160ari\u0161 - OOCR \u0160ari\u0161","robots":{"index":"index","follow":"follow","max-snippet":"max-snippet:-1","max-image-preview":"max-image-preview:large","max-video-preview":"max-video-preview:-1"},"canonical":"https:\/\/www.regionsaris.sk\/pl\/nabozensky-turizmus\/kaplnka-sv-kunhuty-velky-saris\/","og_locale":"pl_PL","og_type":"article","og_title":"Kaplnka sv. Kunhuty Ve\u013ek\u00fd \u0160ari\u0161","og_description":"Kaplnka sv. Kunhuty Ve\u013ek\u00fd \u0160ari\u0161 V druhej polovici 13. storo\u010dia vznikol v meste Ve\u013ek\u00fd \u0160ari\u0161...","og_url":"https:\/\/www.regionsaris.sk\/pl\/nabozensky-turizmus\/kaplnka-sv-kunhuty-velky-saris\/","og_site_name":"OOCR \u0160ari\u0161","article_modified_time":"2026-02-05T12:53:42+00:00","og_image":[{"width":600,"height":400,"url":"https:\/\/www.regionsaris.sk\/wp-content\/uploads\/2026\/01\/kuhnuty277-thumb.jpg","type":"image\/jpeg"}],"twitter_card":"summary_large_image","twitter_misc":{"Est. reading time":"4 minuty"},"schema":{"@context":"https:\/\/schema.org","@graph":[{"@type":"WebPage","@id":"https:\/\/www.regionsaris.sk\/nabozensky-turizmus\/kaplnka-sv-kunhuty-velky-saris\/","url":"https:\/\/www.regionsaris.sk\/nabozensky-turizmus\/kaplnka-sv-kunhuty-velky-saris\/","name":"Kaplnka sv. Kunhuty Ve\u013ek\u00fd \u0160ari\u0161 - OOCR \u0160ari\u0161","isPartOf":{"@id":"https:\/\/www.regionsaris.sk\/#website"},"primaryImageOfPage":{"@id":"https:\/\/www.regionsaris.sk\/nabozensky-turizmus\/kaplnka-sv-kunhuty-velky-saris\/#primaryimage"},"image":{"@id":"https:\/\/www.regionsaris.sk\/nabozensky-turizmus\/kaplnka-sv-kunhuty-velky-saris\/#primaryimage"},"thumbnailUrl":"https:\/\/www.regionsaris.sk\/wp-content\/uploads\/2026\/01\/kuhnuty277-thumb.jpg","datePublished":"2026-01-07T11:44:54+00:00","dateModified":"2026-02-05T12:53:42+00:00","breadcrumb":{"@id":"https:\/\/www.regionsaris.sk\/nabozensky-turizmus\/kaplnka-sv-kunhuty-velky-saris\/#breadcrumb"},"inLanguage":"pl-PL","potentialAction":[{"@type":"ReadAction","target":["https:\/\/www.regionsaris.sk\/nabozensky-turizmus\/kaplnka-sv-kunhuty-velky-saris\/"]}]},{"@type":"ImageObject","inLanguage":"pl-PL","@id":"https:\/\/www.regionsaris.sk\/nabozensky-turizmus\/kaplnka-sv-kunhuty-velky-saris\/#primaryimage","url":"https:\/\/www.regionsaris.sk\/wp-content\/uploads\/2026\/01\/kuhnuty277-thumb.jpg","contentUrl":"https:\/\/www.regionsaris.sk\/wp-content\/uploads\/2026\/01\/kuhnuty277-thumb.jpg","width":600,"height":400},{"@type":"BreadcrumbList","@id":"https:\/\/www.regionsaris.sk\/nabozensky-turizmus\/kaplnka-sv-kunhuty-velky-saris\/#breadcrumb","itemListElement":[{"@type":"ListItem","position":1,"name":"Domov","item":"https:\/\/www.regionsaris.sk\/"},{"@type":"ListItem","position":2,"name":"N\u00e1bo\u017eensk\u00fd turizmus v regi\u00f3ne","item":"https:\/\/www.regionsaris.sk\/nabozensky-turizmus-v-regione\/"},{"@type":"ListItem","position":3,"name":"Kaplnka sv. Kunhuty Ve\u013ek\u00fd \u0160ari\u0161"}]},{"@type":"WebSite","@id":"https:\/\/www.regionsaris.sk\/#website","url":"https:\/\/www.regionsaris.sk\/","name":"OOCR \u0160ari\u0161","description":"","potentialAction":[{"@type":"SearchAction","target":{"@type":"EntryPoint","urlTemplate":"https:\/\/www.regionsaris.sk\/?s={search_term_string}"},"query-input":{"@type":"PropertyValueSpecification","valueRequired":true,"valueName":"search_term_string"}}],"inLanguage":"pl-PL"}]}},"_links":{"self":[{"href":"https:\/\/www.regionsaris.sk\/pl\/wp-json\/wp\/v2\/nabozensky-turizmus\/2613","targetHints":{"allow":["GET"]}}],"collection":[{"href":"https:\/\/www.regionsaris.sk\/pl\/wp-json\/wp\/v2\/nabozensky-turizmus"}],"about":[{"href":"https:\/\/www.regionsaris.sk\/pl\/wp-json\/wp\/v2\/types\/nabozensky-turizmus"}],"wp:featuredmedia":[{"embeddable":true,"href":"https:\/\/www.regionsaris.sk\/pl\/wp-json\/wp\/v2\/media\/2614"}],"wp:attachment":[{"href":"https:\/\/www.regionsaris.sk\/pl\/wp-json\/wp\/v2\/media?parent=2613"}],"wp:term":[{"taxonomy":"kategoria-poi","embeddable":true,"href":"https:\/\/www.regionsaris.sk\/pl\/wp-json\/wp\/v2\/kategoria-poi?post=2613"},{"taxonomy":"lokalita","embeddable":true,"href":"https:\/\/www.regionsaris.sk\/pl\/wp-json\/wp\/v2\/lokalita?post=2613"},{"taxonomy":"sezona-poi","embeddable":true,"href":"https:\/\/www.regionsaris.sk\/pl\/wp-json\/wp\/v2\/sezona-poi?post=2613"},{"taxonomy":"trvanie-vyletu","embeddable":true,"href":"https:\/\/www.regionsaris.sk\/pl\/wp-json\/wp\/v2\/trvanie-vyletu?post=2613"}],"curies":[{"name":"wp","href":"https:\/\/api.w.org\/{rel}","templated":true}]}}