{"id":2553,"date":"2026-01-07T12:45:06","date_gmt":"2026-01-07T11:45:06","guid":{"rendered":"https:\/\/www.regionsaris.sk\/?post_type=nabozensky-turizmus&#038;p=2553"},"modified":"2026-02-05T13:40:32","modified_gmt":"2026-02-05T12:40:32","slug":"dreveny-greckokatolicky-chram-svateho-lukasa-evanjelistu-brezany","status":"publish","type":"nabozensky-turizmus","link":"https:\/\/www.regionsaris.sk\/pl\/nabozensky-turizmus\/dreveny-greckokatolicky-chram-svateho-lukasa-evanjelistu-brezany\/","title":{"rendered":"Drewniany greckokatolicki ko\u015bci\u00f3\u0142 \u015bw. \u0141ukasza Ewangelisty, Bre\u017eany"},"content":{"rendered":"<p data-start=\"138\" data-end=\"428\"><strong data-start=\"138\" data-end=\"198\">Greckokatolicki drewniany ko\u015bci\u00f3\u0142 \u015bw. \u0141ukasza w Bre\u017eanach<\/strong> daty od roku <strong data-start=\"215\" data-end=\"223\">1727<\/strong>. V <strong data-start=\"227\" data-end=\"254\">1950s<\/strong>, kiedy miejscowi wierz\u0105cy sk\u0142aniali si\u0119 ku <strong data-start=\"292\" data-end=\"320\">do obrz\u0105dku rzymskokatolickiego<\/strong>, \u015awi\u0105tynia zacz\u0119\u0142a by\u0107 u\u017cywana do ich kultu, chocia\u017c <strong data-start=\"370\" data-end=\"427\">nadal pozostawa\u0142 w\u0142asno\u015bci\u0105 Ko\u015bcio\u0142a greckokatolickiego<\/strong>.<\/p>\n<p data-start=\"430\" data-end=\"917\">Z architektonicznego punktu widzenia jest to <strong data-start=\"465\" data-end=\"516\">trzycz\u0119\u015bciowy, tr\u00f3jprzestrzenny, jednowie\u017cowy budynek<\/strong> s <strong data-start=\"519\" data-end=\"535\">przez dwa krzy\u017ce<\/strong>. <strong data-start=\"537\" data-end=\"554\">Statek i sanktuarium<\/strong> s\u0105 zbudowane <strong data-start=\"568\" data-end=\"590\">technika domku z bali<\/strong>, podczas gdy <strong data-start=\"596\" data-end=\"627\">wie\u017ca ma konstrukcj\u0119 kolumnow\u0105<\/strong>. Odst\u0119py mi\u0119dzy belkami wynosz\u0105 <strong data-start=\"654\" data-end=\"678\">wype\u0142nione i wybielone<\/strong>, co nadaje budynkowi typowy rustykalny wygl\u0105d. <strong data-start=\"724\" data-end=\"746\">Dach w kszta\u0142cie piramidy<\/strong> jest obj\u0119ty <strong data-start=\"758\" data-end=\"770\">gonty<\/strong> oraz w <strong data-start=\"776\" data-end=\"784\">wie\u017ce<\/strong> s\u0105 zawieszone <strong data-start=\"797\" data-end=\"810\">dwa dzwonki<\/strong>. Na jego szczycie wyr\u00f3\u017cnia si\u0119 <strong data-start=\"837\" data-end=\"865\">ozdobny tr\u00f3jramienny krzy\u017c<\/strong>, kt\u00f3ry nale\u017cy do <strong data-start=\"885\" data-end=\"916\">najpi\u0119kniejszy w ca\u0142ej eparchii<\/strong>.<\/p>\n<p data-start=\"430\" data-end=\"917\"><\/p>\n<p data-start=\"430\" data-end=\"917\"><a href=\"https:\/\/www.regionsaris.sk\/wp-content\/uploads\/2026\/01\/REGIONSARIS_IMG_0014_zmensene.jpg\"><img loading=\"lazy\" decoding=\"async\" class=\"wp-image-34365 alignnone\" src=\"https:\/\/www.regionsaris.sk\/wp-content\/uploads\/2026\/01\/REGIONSARIS_IMG_0014_zmensene-300x200.jpg\" alt=\"\" width=\"914\" height=\"609\" \/><\/a><\/p>\n<p data-start=\"430\" data-end=\"917\"><\/p>\n<p data-start=\"919\" data-end=\"1257\">\u015awi\u0105tynia min\u0119\u0142a <strong data-start=\"933\" data-end=\"976\">cz\u0119\u015bciowa renowacja w latach 1999 i 2001<\/strong>. Jego <strong data-start=\"983\" data-end=\"1006\">wyposa\u017cenie wewn\u0119trzne<\/strong> pochodzi z <strong data-start=\"1018\" data-end=\"1049\">pierwsza po\u0142owa XVIII wieku<\/strong>. Dominuj\u0105c\u0105 cech\u0105 jest <strong data-start=\"1065\" data-end=\"1100\">ikonostas z czterema rz\u0119dami ikon<\/strong> roku <strong data-start=\"1108\" data-end=\"1116\">1733<\/strong>, kt\u00f3ry jest wyj\u0105tkowy, poniewa\u017c <strong data-start=\"1145\" data-end=\"1201\">brakuje tradycyjnego przedstawienia ukrzy\u017cowania lub krzy\u017ca<\/strong> u g\u00f3ry, co jest niezwyk\u0142e w ikonografii \u015bwi\u0105ty\u0144.<\/p>\n<p data-start=\"919\" data-end=\"1257\"><strong data-start=\"1719\" data-end=\"1735\">O\u0142tarz g\u0142\u00f3wny<\/strong> daty od roku <strong data-start=\"1752\" data-end=\"1760\">1782<\/strong> i jest <strong data-start=\"1766\" data-end=\"1778\">Barok<\/strong>. Znajduje si\u0119 na <strong data-start=\"1795\" data-end=\"1814\">ceglana sto\u0142\u00f3wka<\/strong> i ozdobione <strong data-start=\"1826\" data-end=\"1859\">wizerunek koronacji Naj\u015bwi\u0119tszej Maryi Panny<\/strong> Od <strong data-start=\"1863\" data-end=\"1896\">Francis Ferdinand (1782)<\/strong>, ustawiony w <strong data-start=\"1910\" data-end=\"1944\">architektura o\u0142tarza kolumnowego<\/strong>. <strong data-start=\"1946\" data-end=\"1977\">Drzwi kr\u00f3lewskie i diako\u0144skie<\/strong> by\u0142y w przesz\u0142o\u015bci <strong data-start=\"1995\" data-end=\"2027\">przeniesiony za g\u0142\u00f3wny o\u0142tarz<\/strong>.<\/p>\n<p data-start=\"919\" data-end=\"1257\"><\/p>\n<p data-start=\"919\" data-end=\"1257\"><a href=\"https:\/\/www.regionsaris.sk\/wp-content\/uploads\/2026\/01\/REGIONSARIS_IMG_0013_zmensene.jpg\"><img loading=\"lazy\" decoding=\"async\" class=\"wp-image-34361 alignnone\" src=\"https:\/\/www.regionsaris.sk\/wp-content\/uploads\/2026\/01\/REGIONSARIS_IMG_0013_zmensene-300x200.jpg\" alt=\"\" width=\"918\" height=\"612\" \/><\/a><\/p>\n<p data-start=\"2032\" data-end=\"2309\">Do najcenniejszych element\u00f3w dekoracji nale\u017c\u0105 <strong data-start=\"2071\" data-end=\"2103\">Ikona \u015bwi\u0119tego \u0141ukasza Ewangelisty<\/strong>, przedstawiaj\u0105cy autora Ewangelii <strong data-start=\"2134\" data-end=\"2163\">w pe\u0142nej aktywno\u015bci tw\u00f3rczej<\/strong> w spisywaniu \u015bwi\u0119tych tekst\u00f3w. W dolnej cz\u0119\u015bci ramki przedstawiono <strong data-start=\"2232\" data-end=\"2261\">kl\u0119cz\u0105cy fundatorzy \u015bwi\u0105tyni<\/strong>, kt\u00f3rzy s\u0105 <strong data-start=\"2272\" data-end=\"2306\">modlitwa do ukrzy\u017cowanego Chrystusa<\/strong>.<\/p>\n<p data-start=\"2311\" data-end=\"2766\">\u015awi\u0105tynia jest cz\u0119\u015bci\u0105 <strong data-start=\"2329\" data-end=\"2355\">zabytkowy cmentarz<\/strong>, gdzie mo\u017cna znale\u017a\u0107 <strong data-start=\"2373\" data-end=\"2412\">groby i krzy\u017ce starsze ni\u017c sto lat<\/strong>. Zw\u0142aszcza <strong data-start=\"2421\" data-end=\"2437\">metalowe krzy\u017ce<\/strong> s\u0105 niezwykle interesuj\u0105ce. Jedn\u0105 z cz\u0119\u015bci cmentarza jest <strong data-start=\"2492\" data-end=\"2530\">zarezerwowane dla grob\u00f3w noworodk\u00f3w<\/strong> - sze\u015b\u0107 ma\u0142ych grob\u00f3w, <strong data-start=\"2553\" data-end=\"2581\">kr\u00f3tszy ni\u017c jeden metr<\/strong>, jest oznaczony <strong data-start=\"2597\" data-end=\"2629\">ma\u0142e drewniane krzy\u017ce<\/strong>, tylko wysokie <strong data-start=\"2644\" data-end=\"2668\">oko\u0142o 20 centymetr\u00f3w<\/strong>. Ten widok jest <strong data-start=\"2686\" data-end=\"2717\">dotykanie i ch\u0142odzenie w tym samym czasie<\/strong> i przypomina <strong data-start=\"2730\" data-end=\"2763\">przemijalno\u015b\u0107 ludzkiego \u017cycia<\/strong>.<\/p>\n&nbsp;\n\n<span style=\"font-weight: 400;\">W regionie znajduj\u0105 si\u0119 r\u00f3wnie\u017c inne drewniane ko\u015bcio\u0142y. Warte odwiedzenia s\u0105 na przyk\u0142ad:<\/span><a href=\"https:\/\/www.regionsaris.sk\/pl\/nabozensky_turizmus\/dreveny-chram-sv-michala-archanjela-unesco-ladomirova\/\"> <span style=\"font-weight: 400;\">Drewniany ko\u015bci\u00f3\u0142 \u015bw. Micha\u0142a Archanio\u0142a UNESCO w Ladom\u00edrovo<\/span><\/a><span style=\"font-weight: 400;\">,<\/span><a href=\"https:\/\/www.regionsaris.sk\/pl\/nabozensky_turizmus\/dreveny-chram-ochrany-presvatej-bohorodicky-hunkovce\/\"> <span style=\"font-weight: 400;\">Drewniana cerkiew Opieki Przenaj\u015bwi\u0119tszej Bogurodzicy w Hunkovcach<\/span><\/a><span style=\"font-weight: 400;\">,<\/span><a href=\"https:\/\/www.regionsaris.sk\/pl\/nabozensky_turizmus\/dreveny-chram-svateho-mikulasa-bodruzal\/\"> <span style=\"font-weight: 400;\">Drewniany ko\u015bci\u00f3\u0142 \u015bw. Miko\u0142aja w Bodru\u017ealu<\/span><\/a><span style=\"font-weight: 400;\">,<\/span><a href=\"https:\/\/www.regionsaris.sk\/pl\/nabozensky_turizmus\/dreveny-chram-svatej-paraskevy-nova-polianka-svidnik\/\"> <span style=\"font-weight: 400;\">Drewniany ko\u015bci\u00f3\u0142 \u015bw. Paraskewy w Svidn\u00edku<\/span><\/a><span style=\"font-weight: 400;\">,<\/span><a href=\"https:\/\/www.regionsaris.sk\/pl\/nabozensky_turizmus\/dreveny-chram-sv-velkomucenika-dimitrija-solunskeho-medvedie\/\"> <span style=\"font-weight: 400;\">Drewniany ko\u015bci\u00f3\u0142 \u015bw. Dimitriosa Wielkiego M\u0119czennika z Salonik w Medvedi<\/span><\/a><span style=\"font-weight: 400;\"> lub<\/span><a href=\"https:\/\/www.regionsaris.sk\/pl\/nabozensky_turizmus\/dreveny-greckokatolicky-chram-stretnutia-pana-so-simeonom-kozany\/\"> <span style=\"font-weight: 400;\">Drewniana cerkiew greckokatolicka Spotkania Pana z Symeonem w Ko\u017canach<\/span><\/a><span style=\"font-weight: 400;\">, itd.\u00a0<\/span>\n\n<span style=\"font-weight: 400;\">List\u0119 drewnianych ko\u015bcio\u0142\u00f3w mo\u017cna znale\u017a\u0107 na podstronie <a href=\"https:\/\/regionpoloniny.sk\/drevene-chramy\/\">regionu Po\u0142oniny<\/a>.<\/span>\n\n&nbsp;","protected":false},"featured_media":2556,"template":"","meta":{"_acf_changed":false},"kategoria-poi":[186,169,168],"lokalita":[28],"sezona-poi":[12],"trvanie-vyletu":[180],"class_list":["post-2553","nabozensky-turizmus","type-nabozensky-turizmus","status-publish","has-post-thumbnail","hentry","kategoria-poi-drevene-chramy","kategoria-poi-kostoly","kategoria-poi-nabozensky-turizmus","lokalita-presov-a-okolie","sezona-poi-celorocne","trvanie-vyletu-poldenne-vylety"],"acf":[],"yoast_head":"<!-- This site is optimized with the Yoast SEO Premium plugin v26.3 (Yoast SEO v26.8) - https:\/\/yoast.com\/product\/yoast-seo-premium-wordpress\/ -->\n<title>Dreven\u00fd gr\u00e9ckokatol\u00edcky chr\u00e1m sv\u00e4t\u00e9ho Luk\u00e1\u0161a Evanjelistu, Bre\u017eany - OOCR \u0160ari\u0161<\/title>\n<meta name=\"robots\" content=\"index, follow, max-snippet:-1, max-image-preview:large, max-video-preview:-1\" \/>\n<link rel=\"canonical\" href=\"https:\/\/www.regionsaris.sk\/pl\/nabozensky-turizmus\/dreveny-greckokatolicky-chram-svateho-lukasa-evanjelistu-brezany\/\" \/>\n<meta property=\"og:locale\" content=\"pl_PL\" \/>\n<meta property=\"og:type\" content=\"article\" \/>\n<meta property=\"og:title\" content=\"Dreven\u00fd gr\u00e9ckokatol\u00edcky chr\u00e1m sv\u00e4t\u00e9ho Luk\u00e1\u0161a Evanjelistu, Bre\u017eany\" \/>\n<meta property=\"og:description\" content=\"Gr\u00e9ckokatol\u00edcky dreven\u00fd chr\u00e1m sv\u00e4t\u00e9ho Luk\u00e1\u0161a v Bre\u017eanoch poch\u00e1dza z roku 1727. V 50. rokoch 20....\" \/>\n<meta property=\"og:url\" content=\"https:\/\/www.regionsaris.sk\/pl\/nabozensky-turizmus\/dreveny-greckokatolicky-chram-svateho-lukasa-evanjelistu-brezany\/\" \/>\n<meta property=\"og:site_name\" content=\"OOCR \u0160ari\u0161\" \/>\n<meta property=\"article:modified_time\" content=\"2026-02-05T12:40:32+00:00\" \/>\n<meta property=\"og:image\" content=\"https:\/\/www.regionsaris.sk\/wp-content\/uploads\/2026\/01\/REGIONSARIS_IMG_0133.jpg\" \/>\n\t<meta property=\"og:image:width\" content=\"1024\" \/>\n\t<meta property=\"og:image:height\" content=\"576\" \/>\n\t<meta property=\"og:image:type\" content=\"image\/jpeg\" \/>\n<meta name=\"twitter:card\" content=\"summary_large_image\" \/>\n<meta name=\"twitter:label1\" content=\"Est. reading time\" \/>\n\t<meta name=\"twitter:data1\" content=\"2 minuty\" \/>\n<script type=\"application\/ld+json\" class=\"yoast-schema-graph\">{\"@context\":\"https:\/\/schema.org\",\"@graph\":[{\"@type\":\"WebPage\",\"@id\":\"https:\/\/www.regionsaris.sk\/nabozensky-turizmus\/dreveny-greckokatolicky-chram-svateho-lukasa-evanjelistu-brezany\/\",\"url\":\"https:\/\/www.regionsaris.sk\/nabozensky-turizmus\/dreveny-greckokatolicky-chram-svateho-lukasa-evanjelistu-brezany\/\",\"name\":\"Dreven\u00fd gr\u00e9ckokatol\u00edcky chr\u00e1m sv\u00e4t\u00e9ho Luk\u00e1\u0161a Evanjelistu, Bre\u017eany - OOCR \u0160ari\u0161\",\"isPartOf\":{\"@id\":\"https:\/\/www.regionsaris.sk\/#website\"},\"primaryImageOfPage\":{\"@id\":\"https:\/\/www.regionsaris.sk\/nabozensky-turizmus\/dreveny-greckokatolicky-chram-svateho-lukasa-evanjelistu-brezany\/#primaryimage\"},\"image\":{\"@id\":\"https:\/\/www.regionsaris.sk\/nabozensky-turizmus\/dreveny-greckokatolicky-chram-svateho-lukasa-evanjelistu-brezany\/#primaryimage\"},\"thumbnailUrl\":\"https:\/\/www.regionsaris.sk\/wp-content\/uploads\/2026\/01\/REGIONSARIS_IMG_0133.jpg\",\"datePublished\":\"2026-01-07T11:45:06+00:00\",\"dateModified\":\"2026-02-05T12:40:32+00:00\",\"breadcrumb\":{\"@id\":\"https:\/\/www.regionsaris.sk\/nabozensky-turizmus\/dreveny-greckokatolicky-chram-svateho-lukasa-evanjelistu-brezany\/#breadcrumb\"},\"inLanguage\":\"pl-PL\",\"potentialAction\":[{\"@type\":\"ReadAction\",\"target\":[\"https:\/\/www.regionsaris.sk\/nabozensky-turizmus\/dreveny-greckokatolicky-chram-svateho-lukasa-evanjelistu-brezany\/\"]}]},{\"@type\":\"ImageObject\",\"inLanguage\":\"pl-PL\",\"@id\":\"https:\/\/www.regionsaris.sk\/nabozensky-turizmus\/dreveny-greckokatolicky-chram-svateho-lukasa-evanjelistu-brezany\/#primaryimage\",\"url\":\"https:\/\/www.regionsaris.sk\/wp-content\/uploads\/2026\/01\/REGIONSARIS_IMG_0133.jpg\",\"contentUrl\":\"https:\/\/www.regionsaris.sk\/wp-content\/uploads\/2026\/01\/REGIONSARIS_IMG_0133.jpg\",\"width\":1024,\"height\":576},{\"@type\":\"BreadcrumbList\",\"@id\":\"https:\/\/www.regionsaris.sk\/nabozensky-turizmus\/dreveny-greckokatolicky-chram-svateho-lukasa-evanjelistu-brezany\/#breadcrumb\",\"itemListElement\":[{\"@type\":\"ListItem\",\"position\":1,\"name\":\"Domov\",\"item\":\"https:\/\/www.regionsaris.sk\/\"},{\"@type\":\"ListItem\",\"position\":2,\"name\":\"N\u00e1bo\u017eensk\u00fd turizmus v regi\u00f3ne\",\"item\":\"https:\/\/www.regionsaris.sk\/nabozensky-turizmus-v-regione\/\"},{\"@type\":\"ListItem\",\"position\":3,\"name\":\"Dreven\u00fd gr\u00e9ckokatol\u00edcky chr\u00e1m sv\u00e4t\u00e9ho Luk\u00e1\u0161a Evanjelistu, Bre\u017eany\"}]},{\"@type\":\"WebSite\",\"@id\":\"https:\/\/www.regionsaris.sk\/#website\",\"url\":\"https:\/\/www.regionsaris.sk\/\",\"name\":\"OOCR \u0160ari\u0161\",\"description\":\"\",\"potentialAction\":[{\"@type\":\"SearchAction\",\"target\":{\"@type\":\"EntryPoint\",\"urlTemplate\":\"https:\/\/www.regionsaris.sk\/?s={search_term_string}\"},\"query-input\":{\"@type\":\"PropertyValueSpecification\",\"valueRequired\":true,\"valueName\":\"search_term_string\"}}],\"inLanguage\":\"pl-PL\"}]}<\/script>\n<!-- \/ Yoast SEO Premium plugin. -->","yoast_head_json":{"title":"Dreven\u00fd gr\u00e9ckokatol\u00edcky chr\u00e1m sv\u00e4t\u00e9ho Luk\u00e1\u0161a Evanjelistu, Bre\u017eany - OOCR \u0160ari\u0161","robots":{"index":"index","follow":"follow","max-snippet":"max-snippet:-1","max-image-preview":"max-image-preview:large","max-video-preview":"max-video-preview:-1"},"canonical":"https:\/\/www.regionsaris.sk\/pl\/nabozensky-turizmus\/dreveny-greckokatolicky-chram-svateho-lukasa-evanjelistu-brezany\/","og_locale":"pl_PL","og_type":"article","og_title":"Dreven\u00fd gr\u00e9ckokatol\u00edcky chr\u00e1m sv\u00e4t\u00e9ho Luk\u00e1\u0161a Evanjelistu, Bre\u017eany","og_description":"Gr\u00e9ckokatol\u00edcky dreven\u00fd chr\u00e1m sv\u00e4t\u00e9ho Luk\u00e1\u0161a v Bre\u017eanoch poch\u00e1dza z roku 1727. V 50. rokoch 20....","og_url":"https:\/\/www.regionsaris.sk\/pl\/nabozensky-turizmus\/dreveny-greckokatolicky-chram-svateho-lukasa-evanjelistu-brezany\/","og_site_name":"OOCR \u0160ari\u0161","article_modified_time":"2026-02-05T12:40:32+00:00","og_image":[{"width":1024,"height":576,"url":"https:\/\/www.regionsaris.sk\/wp-content\/uploads\/2026\/01\/REGIONSARIS_IMG_0133.jpg","type":"image\/jpeg"}],"twitter_card":"summary_large_image","twitter_misc":{"Est. reading time":"2 minuty"},"schema":{"@context":"https:\/\/schema.org","@graph":[{"@type":"WebPage","@id":"https:\/\/www.regionsaris.sk\/nabozensky-turizmus\/dreveny-greckokatolicky-chram-svateho-lukasa-evanjelistu-brezany\/","url":"https:\/\/www.regionsaris.sk\/nabozensky-turizmus\/dreveny-greckokatolicky-chram-svateho-lukasa-evanjelistu-brezany\/","name":"Dreven\u00fd gr\u00e9ckokatol\u00edcky chr\u00e1m sv\u00e4t\u00e9ho Luk\u00e1\u0161a Evanjelistu, Bre\u017eany - OOCR \u0160ari\u0161","isPartOf":{"@id":"https:\/\/www.regionsaris.sk\/#website"},"primaryImageOfPage":{"@id":"https:\/\/www.regionsaris.sk\/nabozensky-turizmus\/dreveny-greckokatolicky-chram-svateho-lukasa-evanjelistu-brezany\/#primaryimage"},"image":{"@id":"https:\/\/www.regionsaris.sk\/nabozensky-turizmus\/dreveny-greckokatolicky-chram-svateho-lukasa-evanjelistu-brezany\/#primaryimage"},"thumbnailUrl":"https:\/\/www.regionsaris.sk\/wp-content\/uploads\/2026\/01\/REGIONSARIS_IMG_0133.jpg","datePublished":"2026-01-07T11:45:06+00:00","dateModified":"2026-02-05T12:40:32+00:00","breadcrumb":{"@id":"https:\/\/www.regionsaris.sk\/nabozensky-turizmus\/dreveny-greckokatolicky-chram-svateho-lukasa-evanjelistu-brezany\/#breadcrumb"},"inLanguage":"pl-PL","potentialAction":[{"@type":"ReadAction","target":["https:\/\/www.regionsaris.sk\/nabozensky-turizmus\/dreveny-greckokatolicky-chram-svateho-lukasa-evanjelistu-brezany\/"]}]},{"@type":"ImageObject","inLanguage":"pl-PL","@id":"https:\/\/www.regionsaris.sk\/nabozensky-turizmus\/dreveny-greckokatolicky-chram-svateho-lukasa-evanjelistu-brezany\/#primaryimage","url":"https:\/\/www.regionsaris.sk\/wp-content\/uploads\/2026\/01\/REGIONSARIS_IMG_0133.jpg","contentUrl":"https:\/\/www.regionsaris.sk\/wp-content\/uploads\/2026\/01\/REGIONSARIS_IMG_0133.jpg","width":1024,"height":576},{"@type":"BreadcrumbList","@id":"https:\/\/www.regionsaris.sk\/nabozensky-turizmus\/dreveny-greckokatolicky-chram-svateho-lukasa-evanjelistu-brezany\/#breadcrumb","itemListElement":[{"@type":"ListItem","position":1,"name":"Domov","item":"https:\/\/www.regionsaris.sk\/"},{"@type":"ListItem","position":2,"name":"N\u00e1bo\u017eensk\u00fd turizmus v regi\u00f3ne","item":"https:\/\/www.regionsaris.sk\/nabozensky-turizmus-v-regione\/"},{"@type":"ListItem","position":3,"name":"Dreven\u00fd gr\u00e9ckokatol\u00edcky chr\u00e1m sv\u00e4t\u00e9ho Luk\u00e1\u0161a Evanjelistu, Bre\u017eany"}]},{"@type":"WebSite","@id":"https:\/\/www.regionsaris.sk\/#website","url":"https:\/\/www.regionsaris.sk\/","name":"OOCR \u0160ari\u0161","description":"","potentialAction":[{"@type":"SearchAction","target":{"@type":"EntryPoint","urlTemplate":"https:\/\/www.regionsaris.sk\/?s={search_term_string}"},"query-input":{"@type":"PropertyValueSpecification","valueRequired":true,"valueName":"search_term_string"}}],"inLanguage":"pl-PL"}]}},"_links":{"self":[{"href":"https:\/\/www.regionsaris.sk\/pl\/wp-json\/wp\/v2\/nabozensky-turizmus\/2553","targetHints":{"allow":["GET"]}}],"collection":[{"href":"https:\/\/www.regionsaris.sk\/pl\/wp-json\/wp\/v2\/nabozensky-turizmus"}],"about":[{"href":"https:\/\/www.regionsaris.sk\/pl\/wp-json\/wp\/v2\/types\/nabozensky-turizmus"}],"wp:featuredmedia":[{"embeddable":true,"href":"https:\/\/www.regionsaris.sk\/pl\/wp-json\/wp\/v2\/media\/2556"}],"wp:attachment":[{"href":"https:\/\/www.regionsaris.sk\/pl\/wp-json\/wp\/v2\/media?parent=2553"}],"wp:term":[{"taxonomy":"kategoria-poi","embeddable":true,"href":"https:\/\/www.regionsaris.sk\/pl\/wp-json\/wp\/v2\/kategoria-poi?post=2553"},{"taxonomy":"lokalita","embeddable":true,"href":"https:\/\/www.regionsaris.sk\/pl\/wp-json\/wp\/v2\/lokalita?post=2553"},{"taxonomy":"sezona-poi","embeddable":true,"href":"https:\/\/www.regionsaris.sk\/pl\/wp-json\/wp\/v2\/sezona-poi?post=2553"},{"taxonomy":"trvanie-vyletu","embeddable":true,"href":"https:\/\/www.regionsaris.sk\/pl\/wp-json\/wp\/v2\/trvanie-vyletu?post=2553"}],"curies":[{"name":"wp","href":"https:\/\/api.w.org\/{rel}","templated":true}]}}