{"id":2537,"date":"2026-01-07T12:45:11","date_gmt":"2026-01-07T11:45:11","guid":{"rendered":"https:\/\/www.regionsaris.sk\/?post_type=nabozensky-turizmus&#038;p=2537"},"modified":"2026-02-05T13:34:55","modified_gmt":"2026-02-05T12:34:55","slug":"ortodoxna-synagoga","status":"publish","type":"nabozensky-turizmus","link":"https:\/\/www.regionsaris.sk\/pl\/nabozensky-turizmus\/ortodoxna-synagoga\/","title":{"rendered":"Ortodoksyjna synagoga w Preszowie"},"content":{"rendered":"<h2>Ortodoksyjna synagoga w Preszowie<\/h2>\nZosta\u0142a zbudowana w 1898 r. przez Kollacseka i Wirtha jako dwukondygnacyjny budynek bez wie\u017c, wed\u0142ug projektu synagogi w Tokaju w stylu maureta\u0144skim z kilkoma elementami orientalizuj\u0105cymi. Z wyposa\u017cenia wn\u0119trza, opr\u00f3cz almemor, szczeg\u00f3lnie cenne jest artystyczne tabernakulum (aron hakodesz). Ca\u0142e wn\u0119trze ozdobione jest wspania\u0142ymi malowid\u0142ami ornamentalnymi, kt\u00f3re pomimo znacznych zniszcze\u0144 budynku i bez gruntownej rekonstrukcji zachowa\u0142y swoje pierwotne bogactwo, wyrazisto\u015b\u0107 i kszta\u0142t.  Stosunkowo surowy neoroma\u0144ski styl<wbr \/>Maureta\u0144skie fasady dos\u0142ownie skrywaj\u0105 skarb architektury synagogalnej. Synagoga ortodoksyjna pe\u0142ni\u0142a swoj\u0105 funkcj\u0119 do 1942 roku. Wiosn\u0105 i latem tego roku sta\u0142a si\u0119, wraz z przyleg\u0142ym terenem, miejscem gromadzenia si\u0119 preszowskich \u017byd\u00f3w bezpo\u015brednio przed deportacjami. St\u0105d stra\u017cnicy zabrali kilka tysi\u0119cy mieszka\u0144c\u00f3w miasta do transport\u00f3w zmierzaj\u0105cych do oboz\u00f3w koncentracyjnych. Podczas okupacji Preszowa wojska niemieckie urz\u0105dzi\u0142y w synagodze stajnie i gara\u017ce. Po niezb\u0119dnych remontach i uzupe\u0142nieniu wyposa\u017cenia wn\u0119trza, zosta\u0142a ona po\u015bwi\u0119cona w pa\u017adzierniku 1948 roku. Bogato zdobione wn\u0119trza z w pe\u0142ni zachowanym inwentarzem nale\u017c\u0105 do najatrakcyjniejszych zabytk\u00f3w \u017cydowskich na S\u0142owacji, a w latach 1989-1990 \u017bydzi z Los Angeles bezskutecznie pr\u00f3bowali j\u0105 naby\u0107 i przewie\u017a\u0107 do USA. W sierpniu 1991 r. na dziedzi\u0144cu przed wej\u015bciem do synagogi w obecno\u015bci najwy\u017cszych s\u0142owackich urz\u0119dnik\u00f3w pa\u0144stwowych ods\u0142oni\u0119to pomnik ponad sze\u015bciu tysi\u0119cy ofiar Holokaustu z Preszowa i okolic.\n<h3>Obecny w synagodze<\/h3>\nOrtodoksyjna synagoga jest nadal u\u017cywana jako dom modlitwy. W galerii dla kobiet znajduje si\u0119 tak zwana kolekcja judaik\u00f3w Bark\u00e1ny'ego.<wbr \/> ekspozycja Muzeum Kultury \u017bydowskiej. Synagoga jest cz\u0119\u015bci\u0105 cennego kompleksu instytucji gminy \u017cydowskiej (modlitewnia, cheder - szko\u0142a \u017cydowska, rabinat, rze\u017ania rytualna), kt\u00f3ry by\u0142 budowany przez spo\u0142eczno\u015b\u0107 ortodoksyjn\u0105 na terenie za murami miasta od lat 80. XIX wieku.\n\n<span style=\"font-weight: 400;\">Je\u015bli jeste\u015b ju\u017c w mie\u015bcie Presz\u00f3w, b\u0119dziesz m\u00f3g\u0142 odwiedzi\u0107 kilka innych wyj\u0105tkowych zabytk\u00f3w. Mo\u017cemy poleci\u0107 na przyk\u0142ad<\/span><a href=\"https:\/\/www.regionsaris.sk\/pl\/historia\/katedralny-chram-sv-jana-krstitela\/\"> <span style=\"font-weight: 400;\">Ko\u015bci\u00f3\u0142 katedralny \u015bw. Jana Chrzciciela<\/span><\/a><span style=\"font-weight: 400;\">, <a href=\"https:\/\/www.regionsaris.sk\/pl\/kultura-a-umenie\/solivar-narodna-kulturna-pamiatka\/\">Solivar <\/a><\/span><span style=\"font-weight: 400;\">,<\/span><a href=\"https:\/\/www.regionsaris.sk\/pl\/historia\/konkatedrala-sv-mikulasa\/\"> <span style=\"font-weight: 400;\">Katedra \u015bw.<\/span><\/a><span style=\"font-weight: 400;\">,<\/span><a href=\"https:\/\/www.regionsaris.sk\/pl\/historia\/florianova-brana\/\"> <span style=\"font-weight: 400;\">Florian's Gate<\/span><\/a><span style=\"font-weight: 400;\">,<\/span><a href=\"https:\/\/www.regionsaris.sk\/pl\/historia\/kostol-sv-jozefa\/\"> <span style=\"font-weight: 400;\">Ko\u015bci\u00f3\u0142 \u015bw.<\/span><\/a><span style=\"font-weight: 400;\">,<\/span><a href=\"https:\/\/www.regionsaris.sk\/pl\/historia\/vodarenska-veza\/\"> <span style=\"font-weight: 400;\">Wie\u017ca ci\u015bnie\u0144<\/span><\/a><span style=\"font-weight: 400;\">,<\/span><a href=\"https:\/\/www.regionsaris.sk\/pl\/nabozensky_turizmus\/kalvaria\/\"> <span style=\"font-weight: 400;\">Kalwaria<\/span><\/a><span style=\"font-weight: 400;\"> itp.<\/span>\n\nWi\u0119cej informacji na temat ortodoksyjnej synagogi w Preszowie mo\u017cna znale\u017a\u0107 na stronie internetowej <a href=\"http:\/\/www.synagoga-presov.sk\/\">Muzeum Kultury \u017bydowskiej<\/a>.\n\nZdj\u0119cie: Mgr. Bp Jozef Kotuli\u010d, OOCR Region \u0160ari\u0161","protected":false},"featured_media":2538,"template":"","meta":{"_acf_changed":false},"kategoria-poi":[168,206],"lokalita":[26],"sezona-poi":[12],"trvanie-vyletu":[180,194],"class_list":["post-2537","nabozensky-turizmus","type-nabozensky-turizmus","status-publish","has-post-thumbnail","hentry","kategoria-poi-nabozensky-turizmus","kategoria-poi-synagogy","lokalita-mesto-presov","sezona-poi-celorocne","trvanie-vyletu-poldenne-vylety","trvanie-vyletu-skolske-vylety"],"acf":[],"yoast_head":"<!-- This site is optimized with the Yoast SEO Premium plugin v26.3 (Yoast SEO v26.8) - https:\/\/yoast.com\/product\/yoast-seo-premium-wordpress\/ -->\n<title>Ortodoxn\u00e1 synag\u00f3ga v Pre\u0161ove - OOCR \u0160ari\u0161<\/title>\n<meta name=\"robots\" content=\"index, follow, max-snippet:-1, max-image-preview:large, max-video-preview:-1\" \/>\n<link rel=\"canonical\" href=\"https:\/\/www.regionsaris.sk\/pl\/nabozensky-turizmus\/ortodoxna-synagoga\/\" \/>\n<meta property=\"og:locale\" content=\"pl_PL\" \/>\n<meta property=\"og:type\" content=\"article\" \/>\n<meta property=\"og:title\" content=\"Ortodoxn\u00e1 synag\u00f3ga v Pre\u0161ove\" \/>\n<meta property=\"og:description\" content=\"Ortodoxn\u00e1 synag\u00f3ga v Pre\u0161ove Postaven\u00e1 bola v roku 1898 firmou Kollacsek a Wirth ako dvojpodla\u017en\u00e1...\" \/>\n<meta property=\"og:url\" content=\"https:\/\/www.regionsaris.sk\/pl\/nabozensky-turizmus\/ortodoxna-synagoga\/\" \/>\n<meta property=\"og:site_name\" content=\"OOCR \u0160ari\u0161\" \/>\n<meta property=\"article:modified_time\" content=\"2026-02-05T12:34:55+00:00\" \/>\n<meta property=\"og:image\" content=\"https:\/\/www.regionsaris.sk\/wp-content\/uploads\/2026\/01\/ortodoxna-synagoga-po-55-thumb.jpg\" \/>\n\t<meta property=\"og:image:width\" content=\"600\" \/>\n\t<meta property=\"og:image:height\" content=\"400\" \/>\n\t<meta property=\"og:image:type\" content=\"image\/jpeg\" \/>\n<meta name=\"twitter:card\" content=\"summary_large_image\" \/>\n<meta name=\"twitter:label1\" content=\"Est. reading time\" \/>\n\t<meta name=\"twitter:data1\" content=\"2 minuty\" \/>\n<script type=\"application\/ld+json\" class=\"yoast-schema-graph\">{\"@context\":\"https:\/\/schema.org\",\"@graph\":[{\"@type\":\"WebPage\",\"@id\":\"https:\/\/www.regionsaris.sk\/nabozensky-turizmus\/ortodoxna-synagoga\/\",\"url\":\"https:\/\/www.regionsaris.sk\/nabozensky-turizmus\/ortodoxna-synagoga\/\",\"name\":\"Ortodoxn\u00e1 synag\u00f3ga v Pre\u0161ove - OOCR \u0160ari\u0161\",\"isPartOf\":{\"@id\":\"https:\/\/www.regionsaris.sk\/#website\"},\"primaryImageOfPage\":{\"@id\":\"https:\/\/www.regionsaris.sk\/nabozensky-turizmus\/ortodoxna-synagoga\/#primaryimage\"},\"image\":{\"@id\":\"https:\/\/www.regionsaris.sk\/nabozensky-turizmus\/ortodoxna-synagoga\/#primaryimage\"},\"thumbnailUrl\":\"https:\/\/www.regionsaris.sk\/wp-content\/uploads\/2026\/01\/ortodoxna-synagoga-po-55-thumb.jpg\",\"datePublished\":\"2026-01-07T11:45:11+00:00\",\"dateModified\":\"2026-02-05T12:34:55+00:00\",\"breadcrumb\":{\"@id\":\"https:\/\/www.regionsaris.sk\/nabozensky-turizmus\/ortodoxna-synagoga\/#breadcrumb\"},\"inLanguage\":\"pl-PL\",\"potentialAction\":[{\"@type\":\"ReadAction\",\"target\":[\"https:\/\/www.regionsaris.sk\/nabozensky-turizmus\/ortodoxna-synagoga\/\"]}]},{\"@type\":\"ImageObject\",\"inLanguage\":\"pl-PL\",\"@id\":\"https:\/\/www.regionsaris.sk\/nabozensky-turizmus\/ortodoxna-synagoga\/#primaryimage\",\"url\":\"https:\/\/www.regionsaris.sk\/wp-content\/uploads\/2026\/01\/ortodoxna-synagoga-po-55-thumb.jpg\",\"contentUrl\":\"https:\/\/www.regionsaris.sk\/wp-content\/uploads\/2026\/01\/ortodoxna-synagoga-po-55-thumb.jpg\",\"width\":600,\"height\":400},{\"@type\":\"BreadcrumbList\",\"@id\":\"https:\/\/www.regionsaris.sk\/nabozensky-turizmus\/ortodoxna-synagoga\/#breadcrumb\",\"itemListElement\":[{\"@type\":\"ListItem\",\"position\":1,\"name\":\"Domov\",\"item\":\"https:\/\/www.regionsaris.sk\/\"},{\"@type\":\"ListItem\",\"position\":2,\"name\":\"N\u00e1bo\u017eensk\u00fd turizmus v regi\u00f3ne\",\"item\":\"https:\/\/www.regionsaris.sk\/nabozensky-turizmus-v-regione\/\"},{\"@type\":\"ListItem\",\"position\":3,\"name\":\"Ortodoxn\u00e1 synag\u00f3ga v Pre\u0161ove\"}]},{\"@type\":\"WebSite\",\"@id\":\"https:\/\/www.regionsaris.sk\/#website\",\"url\":\"https:\/\/www.regionsaris.sk\/\",\"name\":\"OOCR \u0160ari\u0161\",\"description\":\"\",\"potentialAction\":[{\"@type\":\"SearchAction\",\"target\":{\"@type\":\"EntryPoint\",\"urlTemplate\":\"https:\/\/www.regionsaris.sk\/?s={search_term_string}\"},\"query-input\":{\"@type\":\"PropertyValueSpecification\",\"valueRequired\":true,\"valueName\":\"search_term_string\"}}],\"inLanguage\":\"pl-PL\"}]}<\/script>\n<!-- \/ Yoast SEO Premium plugin. -->","yoast_head_json":{"title":"Ortodoxn\u00e1 synag\u00f3ga v Pre\u0161ove - OOCR \u0160ari\u0161","robots":{"index":"index","follow":"follow","max-snippet":"max-snippet:-1","max-image-preview":"max-image-preview:large","max-video-preview":"max-video-preview:-1"},"canonical":"https:\/\/www.regionsaris.sk\/pl\/nabozensky-turizmus\/ortodoxna-synagoga\/","og_locale":"pl_PL","og_type":"article","og_title":"Ortodoxn\u00e1 synag\u00f3ga v Pre\u0161ove","og_description":"Ortodoxn\u00e1 synag\u00f3ga v Pre\u0161ove Postaven\u00e1 bola v roku 1898 firmou Kollacsek a Wirth ako dvojpodla\u017en\u00e1...","og_url":"https:\/\/www.regionsaris.sk\/pl\/nabozensky-turizmus\/ortodoxna-synagoga\/","og_site_name":"OOCR \u0160ari\u0161","article_modified_time":"2026-02-05T12:34:55+00:00","og_image":[{"width":600,"height":400,"url":"https:\/\/www.regionsaris.sk\/wp-content\/uploads\/2026\/01\/ortodoxna-synagoga-po-55-thumb.jpg","type":"image\/jpeg"}],"twitter_card":"summary_large_image","twitter_misc":{"Est. reading time":"2 minuty"},"schema":{"@context":"https:\/\/schema.org","@graph":[{"@type":"WebPage","@id":"https:\/\/www.regionsaris.sk\/nabozensky-turizmus\/ortodoxna-synagoga\/","url":"https:\/\/www.regionsaris.sk\/nabozensky-turizmus\/ortodoxna-synagoga\/","name":"Ortodoxn\u00e1 synag\u00f3ga v Pre\u0161ove - OOCR \u0160ari\u0161","isPartOf":{"@id":"https:\/\/www.regionsaris.sk\/#website"},"primaryImageOfPage":{"@id":"https:\/\/www.regionsaris.sk\/nabozensky-turizmus\/ortodoxna-synagoga\/#primaryimage"},"image":{"@id":"https:\/\/www.regionsaris.sk\/nabozensky-turizmus\/ortodoxna-synagoga\/#primaryimage"},"thumbnailUrl":"https:\/\/www.regionsaris.sk\/wp-content\/uploads\/2026\/01\/ortodoxna-synagoga-po-55-thumb.jpg","datePublished":"2026-01-07T11:45:11+00:00","dateModified":"2026-02-05T12:34:55+00:00","breadcrumb":{"@id":"https:\/\/www.regionsaris.sk\/nabozensky-turizmus\/ortodoxna-synagoga\/#breadcrumb"},"inLanguage":"pl-PL","potentialAction":[{"@type":"ReadAction","target":["https:\/\/www.regionsaris.sk\/nabozensky-turizmus\/ortodoxna-synagoga\/"]}]},{"@type":"ImageObject","inLanguage":"pl-PL","@id":"https:\/\/www.regionsaris.sk\/nabozensky-turizmus\/ortodoxna-synagoga\/#primaryimage","url":"https:\/\/www.regionsaris.sk\/wp-content\/uploads\/2026\/01\/ortodoxna-synagoga-po-55-thumb.jpg","contentUrl":"https:\/\/www.regionsaris.sk\/wp-content\/uploads\/2026\/01\/ortodoxna-synagoga-po-55-thumb.jpg","width":600,"height":400},{"@type":"BreadcrumbList","@id":"https:\/\/www.regionsaris.sk\/nabozensky-turizmus\/ortodoxna-synagoga\/#breadcrumb","itemListElement":[{"@type":"ListItem","position":1,"name":"Domov","item":"https:\/\/www.regionsaris.sk\/"},{"@type":"ListItem","position":2,"name":"N\u00e1bo\u017eensk\u00fd turizmus v regi\u00f3ne","item":"https:\/\/www.regionsaris.sk\/nabozensky-turizmus-v-regione\/"},{"@type":"ListItem","position":3,"name":"Ortodoxn\u00e1 synag\u00f3ga v Pre\u0161ove"}]},{"@type":"WebSite","@id":"https:\/\/www.regionsaris.sk\/#website","url":"https:\/\/www.regionsaris.sk\/","name":"OOCR \u0160ari\u0161","description":"","potentialAction":[{"@type":"SearchAction","target":{"@type":"EntryPoint","urlTemplate":"https:\/\/www.regionsaris.sk\/?s={search_term_string}"},"query-input":{"@type":"PropertyValueSpecification","valueRequired":true,"valueName":"search_term_string"}}],"inLanguage":"pl-PL"}]}},"_links":{"self":[{"href":"https:\/\/www.regionsaris.sk\/pl\/wp-json\/wp\/v2\/nabozensky-turizmus\/2537","targetHints":{"allow":["GET"]}}],"collection":[{"href":"https:\/\/www.regionsaris.sk\/pl\/wp-json\/wp\/v2\/nabozensky-turizmus"}],"about":[{"href":"https:\/\/www.regionsaris.sk\/pl\/wp-json\/wp\/v2\/types\/nabozensky-turizmus"}],"wp:featuredmedia":[{"embeddable":true,"href":"https:\/\/www.regionsaris.sk\/pl\/wp-json\/wp\/v2\/media\/2538"}],"wp:attachment":[{"href":"https:\/\/www.regionsaris.sk\/pl\/wp-json\/wp\/v2\/media?parent=2537"}],"wp:term":[{"taxonomy":"kategoria-poi","embeddable":true,"href":"https:\/\/www.regionsaris.sk\/pl\/wp-json\/wp\/v2\/kategoria-poi?post=2537"},{"taxonomy":"lokalita","embeddable":true,"href":"https:\/\/www.regionsaris.sk\/pl\/wp-json\/wp\/v2\/lokalita?post=2537"},{"taxonomy":"sezona-poi","embeddable":true,"href":"https:\/\/www.regionsaris.sk\/pl\/wp-json\/wp\/v2\/sezona-poi?post=2537"},{"taxonomy":"trvanie-vyletu","embeddable":true,"href":"https:\/\/www.regionsaris.sk\/pl\/wp-json\/wp\/v2\/trvanie-vyletu?post=2537"}],"curies":[{"name":"wp","href":"https:\/\/api.w.org\/{rel}","templated":true}]}}