{"id":2527,"date":"2026-01-07T12:45:13","date_gmt":"2026-01-07T11:45:13","guid":{"rendered":"https:\/\/www.regionsaris.sk\/?post_type=nabozensky-turizmus&#038;p=2527"},"modified":"2026-02-05T13:32:37","modified_gmt":"2026-02-05T12:32:37","slug":"dreveny-chram-ochrany-bohorodicky-nizny-komarnik","status":"publish","type":"nabozensky-turizmus","link":"https:\/\/www.regionsaris.sk\/pl\/nabozensky-turizmus\/dreveny-chram-ochrany-bohorodicky-nizny-komarnik\/","title":{"rendered":"Drewniany ko\u015bci\u00f3\u0142 Opieki Matki Bo\u017cej, Ni\u017en\u00fd Kom\u00e1rnik"},"content":{"rendered":"<h2>Drewniany ko\u015bci\u00f3\u0142 Opieki Matki Bo\u017cej, Ni\u017en\u00fd Kom\u00e1rnik<\/h2>\nOryginalny greckokatolicki drewniany ko\u015bci\u00f3\u0142 we wsi<strong> Ni\u017cny Kom\u00e1rnik<\/strong> zosta\u0142 zbudowany prawdopodobnie w po\u0142owie XVIII wieku. Drewniany ko\u015bci\u00f3\u0142 sp\u0142on\u0105\u0142 podczas I wojny \u015bwiatowej. Dzisiejszy drewniany ko\u015bci\u00f3\u0142 zosta\u0142 zbudowany w 1938 roku i jest ponownie po\u015bwi\u0119cony w \u015bwi\u0119to Przenaj\u015bwi\u0119tszej Bogurodzicy. Naj\u015bwi\u0119tsza Bogurodzica chroni nasz\u0105 ziemi\u0119. Jej ochrona jest tarcz\u0105 przed atakami z\u0142ych duch\u00f3w i nieszcz\u0119\u015bciami. Matka Bo\u017ca jest dla nas pomoc\u0105 w naszych dobrych uczynkach i w naszym chrze\u015bcija\u0144skim \u017cyciu.\n<h3>Unikalny budynek<\/h3>\nDzisiejsza \u015bwi\u0105tynia by\u0142a jak<strong>\u00a0jedyny greckokatolicki ko\u015bci\u00f3\u0142 na S\u0142owacji zbudowany w stylu zr\u0119bowym\u00a0<\/strong>pod nadzorem architekta. Pod koniec II wojny \u015bwiatowej, w 1944 r., ca\u0142a wie\u015b zosta\u0142a ca\u0142kowicie zniszczona, a ko\u015bci\u00f3\u0142 uszkodzony. Po zako\u0144czeniu wojny w 1946 r. ko\u015bci\u00f3\u0142 zosta\u0142 naprawiony, a kolejne gruntowne remonty przeprowadzono w po\u0142owie lat 60. XX wieku. \u015awi\u0105tynia sk\u0142ada si\u0119 z sanktuarium, nawy i przedsionka. Ka\u017cda cz\u0119\u015b\u0107 budynku posiada wie\u017c\u0119 z kopu\u0142\u0105 i krzy\u017cem. Dach ka\u017cdej cz\u0119\u015bci \u015bwi\u0105tyni wykonany jest w formie o\u015bmiok\u0105ta i pokryty drewnianym gontem. Drewniany ko\u015bci\u00f3\u0142 posiada dwa wej\u015bcia: po\u0142udniowe od strony sanktuarium i zachodnie od strony przedsionka. Wn\u0119trze ko\u015bcio\u0142a jest dobrze o\u015bwietlone dzi\u0119ki du\u017cym oknom w nawie i sanktuarium.\n<h3>Drewniany ko\u015bci\u00f3\u0142 pe\u0142en ikon<\/h3>\n\u015awi\u0105tynia ma ozdobion\u0105 ikonami \u015bcian\u0119 z trzema drzwiami, kt\u00f3ra stoi mi\u0119dzy naw\u0105 a sanktuarium. Ikonostas pochodzi z pierwszej po\u0142owy XVIII wieku. Ma nietypow\u0105 tr\u00f3jnawow\u0105 architektur\u0119. W ikonostasie brakuje wielu ikon z g\u0142\u00f3wnych \u015bwi\u0105t bizantyjskich. Ikony prorok\u00f3w wisz\u0105 na \u015bcianie sanktuarium. W g\u0142\u00f3wnym rz\u0119dzie ikonostasu znajduj\u0105 si\u0119 nast\u0119puj\u0105ce ikony: \u015bw. Miko\u0142aja z Myry, \u015bw. Hodegetrii (drogowskaz Drogi), Chrystusa jako Nauczyciela i Mistrza oraz ikona Patronki Przenaj\u015bwi\u0119tszej Bogurodzicy, Opiekunki Przenaj\u015bwi\u0119tszej Bogurodzicy. Carskie Drzwi sk\u0142adaj\u0105 si\u0119 z dw\u00f3ch skrzyde\u0142 z przedstawieniami czterech Ewangelist\u00f3w.\n<h3>Ikonostas<\/h3>\nNad drzwiami carskimi znajduje si\u0119 ikona Ostatniej Wieczerzy. W g\u0142\u00f3wnym rz\u0119dzie ikonostasu znajduje si\u0119 rz\u0105d \u015awi\u0119tych Aposto\u0142\u00f3w z ikon\u0105 Chrystusa Najwy\u017cszego Kap\u0142ana. Po bokach ikonostasu znajduje si\u0119 ikona Ukrzy\u017cowania Chrystusa z Matk\u0105 Bo\u017c\u0105 i \u015bw. Janem Ewangelist\u0105. Ikonostas jest ozdobiony rze\u017abionymi wizerunkami ro\u015blin. Na \u015bcianach \u015bwi\u0105tyni wisz\u0105 ikony Wej\u015bcia Naj\u015bwi\u0119tszej W\u0142adczyni, Bogurodzicy Maryi, zawsze Dziewicy, do \u015bwi\u0105tyni, Narodzenia Naj\u015bwi\u0119tszej W\u0142adczyni, Bogurodzicy Maryi, zawsze Dziewicy, Wniebowst\u0105pienia Pa\u0144skiego i Podwy\u017cszenia czcigodnego i \u017cyciodajnego Krzy\u017ca nad ca\u0142ym \u015bwiatem.\nPo p\u00f3\u0142nocnej stronie ko\u015bcio\u0142a stoi drewniana dzwonnica z jednym dzwonem. Wie\u017ca dzwonnicy z tr\u00f3jramiennym krzy\u017cem pokryta jest blach\u0105.\nIkonostas zosta\u0142 odrestaurowany w latach 2002-2005. Ca\u0142kowit\u0105 renowacj\u0119 drewnianej cerkwi przeprowadzono w latach 2003-2004.\n\nInne drewniane cerkwie mo\u017cna znale\u017a\u0107 w regionie. Na przyk\u0142ad: <a href=\"https:\/\/www.regionsaris.sk\/pl\/nabozensky_turizmus\/dreveny-chram-sv-michala-archanjela-unesco-ladomirova\/\">Drewniany ko\u015bci\u00f3\u0142 \u015bw. Micha\u0142a Archanio\u0142a UNESCO w Ladom\u00edrovo<\/a>, <a href=\"https:\/\/www.regionsaris.sk\/pl\/nabozensky_turizmus\/dreveny-chram-ochrany-presvatej-bohorodicky-hunkovce\/\">Drewniana cerkiew Opieki Przenaj\u015bwi\u0119tszej Bogurodzicy w Hunkovcach<\/a>, <a href=\"https:\/\/www.regionsaris.sk\/pl\/nabozensky_turizmus\/dreveny-chram-svateho-mikulasa-bodruzal\/\">Drewniany ko\u015bci\u00f3\u0142 \u015bw. Miko\u0142aja w Bodru\u017ealu<\/a>, <a href=\"https:\/\/www.regionsaris.sk\/pl\/nabozensky_turizmus\/dreveny-chram-svatej-paraskevy-nova-polianka-svidnik\/\">Drewniany ko\u015bci\u00f3\u0142 \u015bw. Paraskewy w Svidn\u00edku<\/a>, <a href=\"https:\/\/www.regionsaris.sk\/pl\/nabozensky_turizmus\/dreveny-chram-sv-velkomucenika-dimitrija-solunskeho-medvedie\/\">Drewniany ko\u015bci\u00f3\u0142 \u015bw. Dimitriosa Wielkiego M\u0119czennika z Salonik w Medvedi<\/a>\u00a0lub <a href=\"https:\/\/www.regionsaris.sk\/pl\/nabozensky_turizmus\/dreveny-greckokatolicky-chram-stretnutia-pana-so-simeonom-kozany\/\">Drewniana cerkiew greckokatolicka Spotkania Pana z Symeonem w Ko\u017canach<\/a>.\n\nList\u0119 drewnianych ko\u015bcio\u0142\u00f3w mo\u017cna znale\u017a\u0107 na podstronie <a href=\"https:\/\/www.regionsaris.sk\/pl\/kategoria-aktivity\/nabozensky-turizmus\/drevene-chramy\/\">drewniane \u015bwi\u0105tynie<\/a>.\n\n\u0179r\u00f3d\u0142o: <a href=\"http:\/\/www.drevenchramy.sk\/\">www.drevenchramy.sk<\/a>\n\nZdj\u0119cie:<strong>\u00a0<\/strong>Pierre Bona","protected":false},"featured_media":2528,"template":"","meta":{"_acf_changed":true},"kategoria-poi":[186,168,102,205,107],"lokalita":[115],"sezona-poi":[12],"trvanie-vyletu":[180,194],"class_list":["post-2527","nabozensky-turizmus","type-nabozensky-turizmus","status-publish","has-post-thumbnail","hentry","kategoria-poi-drevene-chramy","kategoria-poi-nabozensky-turizmus","kategoria-poi-prirodne-krasy","kategoria-poi-pute","kategoria-poi-turistika","lokalita-svidnik-a-okolie","sezona-poi-celorocne","trvanie-vyletu-poldenne-vylety","trvanie-vyletu-skolske-vylety"],"acf":[],"yoast_head":"<!-- This site is optimized with the Yoast SEO Premium plugin v26.3 (Yoast SEO v26.8) - https:\/\/yoast.com\/product\/yoast-seo-premium-wordpress\/ -->\n<title>Dreven\u00fd kostol\u00edk Ochrany Bohorodi\u010dky, Ni\u017en\u00fd Kom\u00e1rnik - OOCR \u0160ari\u0161<\/title>\n<meta name=\"robots\" content=\"index, follow, max-snippet:-1, max-image-preview:large, max-video-preview:-1\" \/>\n<link rel=\"canonical\" href=\"https:\/\/www.regionsaris.sk\/pl\/nabozensky-turizmus\/dreveny-chram-ochrany-bohorodicky-nizny-komarnik\/\" \/>\n<meta property=\"og:locale\" content=\"pl_PL\" \/>\n<meta property=\"og:type\" content=\"article\" \/>\n<meta property=\"og:title\" content=\"Dreven\u00fd kostol\u00edk Ochrany Bohorodi\u010dky, Ni\u017en\u00fd Kom\u00e1rnik\" \/>\n<meta property=\"og:description\" content=\"Dreven\u00fd kostol\u00edk Ochrany Bohorodi\u010dky, Ni\u017en\u00fd Kom\u00e1rnik P\u00f4vodn\u00fd gr\u00e9ckokatol\u00edcky dreven\u00fd kostol\u00edk v obci Ni\u017en\u00fd Kom\u00e1rnik bol...\" \/>\n<meta property=\"og:url\" content=\"https:\/\/www.regionsaris.sk\/pl\/nabozensky-turizmus\/dreveny-chram-ochrany-bohorodicky-nizny-komarnik\/\" \/>\n<meta property=\"og:site_name\" content=\"OOCR \u0160ari\u0161\" \/>\n<meta property=\"article:modified_time\" content=\"2026-02-05T12:32:37+00:00\" \/>\n<meta property=\"og:image\" content=\"https:\/\/www.regionsaris.sk\/wp-content\/uploads\/2026\/01\/drevenny-chram-komarnik.jpg\" \/>\n\t<meta property=\"og:image:width\" content=\"600\" \/>\n\t<meta property=\"og:image:height\" content=\"400\" \/>\n\t<meta property=\"og:image:type\" content=\"image\/jpeg\" \/>\n<meta name=\"twitter:card\" content=\"summary_large_image\" \/>\n<meta name=\"twitter:label1\" content=\"Est. reading time\" \/>\n\t<meta name=\"twitter:data1\" content=\"3 minuty\" \/>\n<script type=\"application\/ld+json\" class=\"yoast-schema-graph\">{\"@context\":\"https:\/\/schema.org\",\"@graph\":[{\"@type\":\"WebPage\",\"@id\":\"https:\/\/www.regionsaris.sk\/nabozensky-turizmus\/dreveny-chram-ochrany-bohorodicky-nizny-komarnik\/\",\"url\":\"https:\/\/www.regionsaris.sk\/nabozensky-turizmus\/dreveny-chram-ochrany-bohorodicky-nizny-komarnik\/\",\"name\":\"Dreven\u00fd kostol\u00edk Ochrany Bohorodi\u010dky, Ni\u017en\u00fd Kom\u00e1rnik - OOCR \u0160ari\u0161\",\"isPartOf\":{\"@id\":\"https:\/\/www.regionsaris.sk\/#website\"},\"primaryImageOfPage\":{\"@id\":\"https:\/\/www.regionsaris.sk\/nabozensky-turizmus\/dreveny-chram-ochrany-bohorodicky-nizny-komarnik\/#primaryimage\"},\"image\":{\"@id\":\"https:\/\/www.regionsaris.sk\/nabozensky-turizmus\/dreveny-chram-ochrany-bohorodicky-nizny-komarnik\/#primaryimage\"},\"thumbnailUrl\":\"https:\/\/www.regionsaris.sk\/wp-content\/uploads\/2026\/01\/drevenny-chram-komarnik.jpg\",\"datePublished\":\"2026-01-07T11:45:13+00:00\",\"dateModified\":\"2026-02-05T12:32:37+00:00\",\"breadcrumb\":{\"@id\":\"https:\/\/www.regionsaris.sk\/nabozensky-turizmus\/dreveny-chram-ochrany-bohorodicky-nizny-komarnik\/#breadcrumb\"},\"inLanguage\":\"pl-PL\",\"potentialAction\":[{\"@type\":\"ReadAction\",\"target\":[\"https:\/\/www.regionsaris.sk\/nabozensky-turizmus\/dreveny-chram-ochrany-bohorodicky-nizny-komarnik\/\"]}]},{\"@type\":\"ImageObject\",\"inLanguage\":\"pl-PL\",\"@id\":\"https:\/\/www.regionsaris.sk\/nabozensky-turizmus\/dreveny-chram-ochrany-bohorodicky-nizny-komarnik\/#primaryimage\",\"url\":\"https:\/\/www.regionsaris.sk\/wp-content\/uploads\/2026\/01\/drevenny-chram-komarnik.jpg\",\"contentUrl\":\"https:\/\/www.regionsaris.sk\/wp-content\/uploads\/2026\/01\/drevenny-chram-komarnik.jpg\",\"width\":600,\"height\":400},{\"@type\":\"BreadcrumbList\",\"@id\":\"https:\/\/www.regionsaris.sk\/nabozensky-turizmus\/dreveny-chram-ochrany-bohorodicky-nizny-komarnik\/#breadcrumb\",\"itemListElement\":[{\"@type\":\"ListItem\",\"position\":1,\"name\":\"Domov\",\"item\":\"https:\/\/www.regionsaris.sk\/\"},{\"@type\":\"ListItem\",\"position\":2,\"name\":\"N\u00e1bo\u017eensk\u00fd turizmus v regi\u00f3ne\",\"item\":\"https:\/\/www.regionsaris.sk\/nabozensky-turizmus-v-regione\/\"},{\"@type\":\"ListItem\",\"position\":3,\"name\":\"Dreven\u00fd kostol\u00edk Ochrany Bohorodi\u010dky, Ni\u017en\u00fd Kom\u00e1rnik\"}]},{\"@type\":\"WebSite\",\"@id\":\"https:\/\/www.regionsaris.sk\/#website\",\"url\":\"https:\/\/www.regionsaris.sk\/\",\"name\":\"OOCR \u0160ari\u0161\",\"description\":\"\",\"potentialAction\":[{\"@type\":\"SearchAction\",\"target\":{\"@type\":\"EntryPoint\",\"urlTemplate\":\"https:\/\/www.regionsaris.sk\/?s={search_term_string}\"},\"query-input\":{\"@type\":\"PropertyValueSpecification\",\"valueRequired\":true,\"valueName\":\"search_term_string\"}}],\"inLanguage\":\"pl-PL\"}]}<\/script>\n<!-- \/ Yoast SEO Premium plugin. -->","yoast_head_json":{"title":"Dreven\u00fd kostol\u00edk Ochrany Bohorodi\u010dky, Ni\u017en\u00fd Kom\u00e1rnik - OOCR \u0160ari\u0161","robots":{"index":"index","follow":"follow","max-snippet":"max-snippet:-1","max-image-preview":"max-image-preview:large","max-video-preview":"max-video-preview:-1"},"canonical":"https:\/\/www.regionsaris.sk\/pl\/nabozensky-turizmus\/dreveny-chram-ochrany-bohorodicky-nizny-komarnik\/","og_locale":"pl_PL","og_type":"article","og_title":"Dreven\u00fd kostol\u00edk Ochrany Bohorodi\u010dky, Ni\u017en\u00fd Kom\u00e1rnik","og_description":"Dreven\u00fd kostol\u00edk Ochrany Bohorodi\u010dky, Ni\u017en\u00fd Kom\u00e1rnik P\u00f4vodn\u00fd gr\u00e9ckokatol\u00edcky dreven\u00fd kostol\u00edk v obci Ni\u017en\u00fd Kom\u00e1rnik bol...","og_url":"https:\/\/www.regionsaris.sk\/pl\/nabozensky-turizmus\/dreveny-chram-ochrany-bohorodicky-nizny-komarnik\/","og_site_name":"OOCR \u0160ari\u0161","article_modified_time":"2026-02-05T12:32:37+00:00","og_image":[{"width":600,"height":400,"url":"https:\/\/www.regionsaris.sk\/wp-content\/uploads\/2026\/01\/drevenny-chram-komarnik.jpg","type":"image\/jpeg"}],"twitter_card":"summary_large_image","twitter_misc":{"Est. reading time":"3 minuty"},"schema":{"@context":"https:\/\/schema.org","@graph":[{"@type":"WebPage","@id":"https:\/\/www.regionsaris.sk\/nabozensky-turizmus\/dreveny-chram-ochrany-bohorodicky-nizny-komarnik\/","url":"https:\/\/www.regionsaris.sk\/nabozensky-turizmus\/dreveny-chram-ochrany-bohorodicky-nizny-komarnik\/","name":"Dreven\u00fd kostol\u00edk Ochrany Bohorodi\u010dky, Ni\u017en\u00fd Kom\u00e1rnik - OOCR \u0160ari\u0161","isPartOf":{"@id":"https:\/\/www.regionsaris.sk\/#website"},"primaryImageOfPage":{"@id":"https:\/\/www.regionsaris.sk\/nabozensky-turizmus\/dreveny-chram-ochrany-bohorodicky-nizny-komarnik\/#primaryimage"},"image":{"@id":"https:\/\/www.regionsaris.sk\/nabozensky-turizmus\/dreveny-chram-ochrany-bohorodicky-nizny-komarnik\/#primaryimage"},"thumbnailUrl":"https:\/\/www.regionsaris.sk\/wp-content\/uploads\/2026\/01\/drevenny-chram-komarnik.jpg","datePublished":"2026-01-07T11:45:13+00:00","dateModified":"2026-02-05T12:32:37+00:00","breadcrumb":{"@id":"https:\/\/www.regionsaris.sk\/nabozensky-turizmus\/dreveny-chram-ochrany-bohorodicky-nizny-komarnik\/#breadcrumb"},"inLanguage":"pl-PL","potentialAction":[{"@type":"ReadAction","target":["https:\/\/www.regionsaris.sk\/nabozensky-turizmus\/dreveny-chram-ochrany-bohorodicky-nizny-komarnik\/"]}]},{"@type":"ImageObject","inLanguage":"pl-PL","@id":"https:\/\/www.regionsaris.sk\/nabozensky-turizmus\/dreveny-chram-ochrany-bohorodicky-nizny-komarnik\/#primaryimage","url":"https:\/\/www.regionsaris.sk\/wp-content\/uploads\/2026\/01\/drevenny-chram-komarnik.jpg","contentUrl":"https:\/\/www.regionsaris.sk\/wp-content\/uploads\/2026\/01\/drevenny-chram-komarnik.jpg","width":600,"height":400},{"@type":"BreadcrumbList","@id":"https:\/\/www.regionsaris.sk\/nabozensky-turizmus\/dreveny-chram-ochrany-bohorodicky-nizny-komarnik\/#breadcrumb","itemListElement":[{"@type":"ListItem","position":1,"name":"Domov","item":"https:\/\/www.regionsaris.sk\/"},{"@type":"ListItem","position":2,"name":"N\u00e1bo\u017eensk\u00fd turizmus v regi\u00f3ne","item":"https:\/\/www.regionsaris.sk\/nabozensky-turizmus-v-regione\/"},{"@type":"ListItem","position":3,"name":"Dreven\u00fd kostol\u00edk Ochrany Bohorodi\u010dky, Ni\u017en\u00fd Kom\u00e1rnik"}]},{"@type":"WebSite","@id":"https:\/\/www.regionsaris.sk\/#website","url":"https:\/\/www.regionsaris.sk\/","name":"OOCR \u0160ari\u0161","description":"","potentialAction":[{"@type":"SearchAction","target":{"@type":"EntryPoint","urlTemplate":"https:\/\/www.regionsaris.sk\/?s={search_term_string}"},"query-input":{"@type":"PropertyValueSpecification","valueRequired":true,"valueName":"search_term_string"}}],"inLanguage":"pl-PL"}]}},"_links":{"self":[{"href":"https:\/\/www.regionsaris.sk\/pl\/wp-json\/wp\/v2\/nabozensky-turizmus\/2527","targetHints":{"allow":["GET"]}}],"collection":[{"href":"https:\/\/www.regionsaris.sk\/pl\/wp-json\/wp\/v2\/nabozensky-turizmus"}],"about":[{"href":"https:\/\/www.regionsaris.sk\/pl\/wp-json\/wp\/v2\/types\/nabozensky-turizmus"}],"wp:featuredmedia":[{"embeddable":true,"href":"https:\/\/www.regionsaris.sk\/pl\/wp-json\/wp\/v2\/media\/2528"}],"wp:attachment":[{"href":"https:\/\/www.regionsaris.sk\/pl\/wp-json\/wp\/v2\/media?parent=2527"}],"wp:term":[{"taxonomy":"kategoria-poi","embeddable":true,"href":"https:\/\/www.regionsaris.sk\/pl\/wp-json\/wp\/v2\/kategoria-poi?post=2527"},{"taxonomy":"lokalita","embeddable":true,"href":"https:\/\/www.regionsaris.sk\/pl\/wp-json\/wp\/v2\/lokalita?post=2527"},{"taxonomy":"sezona-poi","embeddable":true,"href":"https:\/\/www.regionsaris.sk\/pl\/wp-json\/wp\/v2\/sezona-poi?post=2527"},{"taxonomy":"trvanie-vyletu","embeddable":true,"href":"https:\/\/www.regionsaris.sk\/pl\/wp-json\/wp\/v2\/trvanie-vyletu?post=2527"}],"curies":[{"name":"wp","href":"https:\/\/api.w.org\/{rel}","templated":true}]}}