{"id":2154,"date":"2020-05-26T11:15:35","date_gmt":"2020-05-26T10:15:35","guid":{"rendered":"https:\/\/www.regionsaris.sk\/kam-ist-na-vylet\/mesto-presov\/"},"modified":"2020-05-26T11:15:35","modified_gmt":"2020-05-26T10:15:35","slug":"mesto-presov","status":"publish","type":"kam-ist-na-vylet","link":"https:\/\/www.regionsaris.sk\/pl\/kam-ist-na-vylet\/mesto-presov\/","title":{"rendered":"Miasto Presz\u00f3w"},"content":{"rendered":"<strong>Jedno z najstarszych wolnych miast kr\u00f3lewskich na S\u0142owacji, miasto kultury zachodniej i wschodniej, miasto soli, metropolia regionu Szarysz, trzecie co do wielko\u015bci miasto na S\u0142owacji. <em>Eperjes, Eperies, Presachaum, Prja\u0161iv, Preszow, Fragopolis lub Eperiessinum<\/em>, po prostu Presz\u00f3w.<\/strong>\n<div id=\"collapsePlaceCategoryInfo\" class=\"collapse show in\" aria-expanded=\"true\">\n\nMiasto Presz\u00f3w po\u0142o\u017cone jest u zbiegu rzek Torysa i Sek\u010dov w p\u00f3\u0142nocnej cz\u0119\u015bci Kotliny Koszyckiej, do kt\u00f3rej od zachodu przylega Wy\u017cyna Szaryska (\u0160ari\u0161sk\u00e1 vrchovina). Od po\u0142udniowego zachodu miasto otaczaj\u0105 G\u00f3ry Slanskie. Znajduje si\u0119 dok\u0142adnie na 49 r\u00f3wnole\u017cniku, co w wyobra\u017ani \u0142\u0105czy je na przyk\u0142ad z Czeskimi Budziejowicami, Regensburgiem w Niemczech, francusk\u0105 metropoli\u0105 Pary\u017ca, kanadyjsk\u0105 wysp\u0105 Nowa Fundlandia lub ukrai\u0144skimi miastami Severodoneck, Rubizhne lub Kalu\u0161.\n<h2>Presz\u00f3w i jego historia<\/h2>\nOficjalna historia Preszowa rozpocz\u0119\u0142a si\u0119 w 1247 roku, kiedy to po raz pierwszy wspomniano o nim w dokumencie kr\u00f3la Beli IV. W XIII wieku obszar ten zosta\u0142 silnie dotkni\u0119ty osadnictwem niemieckim, a wraz z korzystnym po\u0142o\u017ceniem na skrzy\u017cowaniu wa\u017cnych szlak\u00f3w handlowych, przyspieszy\u0142o to jego przekszta\u0142cenie z osady wiejskiej w miasto. Pocz\u0105tki jednego z najwa\u017cniejszych zabytk\u00f3w Preszowa si\u0119gaj\u0105 w\u0142a\u015bnie tego okresu. <strong>Katedra \u015bw.<\/strong>, kiedy w tym miejscu sta\u0142 ko\u015bci\u00f3\u0142 niemieckiej osady. Po nadaniu praw miejskich w 1374 r. Presz\u00f3w sta\u0142 si\u0119 wolnym miastem kr\u00f3lewskim. W XIV i XV wieku prze\u017cy\u0142 znaczny rozkwit gospodarczy, co znalaz\u0142o odzwierciedlenie tak\u017ce we wspania\u0142ej architekturze dom\u00f3w miejskich, kt\u00f3rych budynki w centrum miasta zachowa\u0142y si\u0119 do dzi\u015b. Budynek jednej z nich zosta\u0142 przekszta\u0142cony w miejsk\u0105 piwnic\u0119 winn\u0105 na pocz\u0105tku XVI wieku, a w XVII wieku budynek zosta\u0142 przekszta\u0142cony w budynek mieszkalny. <strong>Ratusz.\u00a0<\/strong>Ko\u0144czy si\u0119 jednym z najstarszych zabytk\u00f3w w mie\u015bcie - gotyckim ko\u015bcio\u0142em \u015bw. <strong>Wi\u0119zienie Caraffa<\/strong> o typowo historycznym wygl\u0105dzie, kt\u00f3ry obecnie pe\u0142ni funkcj\u0119 galerii. O wysokim poziomie edukacji z tego okresu \u015bwiadczy historia <strong>szko\u0142a staromiejska<\/strong>. Jego rozw\u00f3j mo\u017cna prze\u015bledzi\u0107 na podstawie \u017ar\u00f3de\u0142 archiwalnych z pocz\u0105tku XV wieku.\n\nW XIV wieku miasto zosta\u0142o przekszta\u0142cone w twierdz\u0119 poprzez budow\u0119 mur\u00f3w obronnych. Pierwotna cz\u0119\u015b\u0107 <strong>fortyfikacje miejskie\u00a0<\/strong>by\u0142 r\u00f3wnie\u017c niepozorny staro\u017cytny budynek Preszowa znany jako <strong>Kum\u0161t<\/strong>. Po przekszta\u0142ceniu w wie\u017c\u0119 ci\u015bnie\u0144 dostarcza\u0142a wod\u0119 do kamiennych zbiornik\u00f3w przy ulicy G\u0142\u00f3wnej, a\u017c do budowy miejskiego systemu wodoci\u0105gowego na pocz\u0105tku XX wieku. Jest to jeden z unikalnych zabytk\u00f3w technicznych i historycznych w Europie \u015arodkowej.\n\nReformacja dotkn\u0119\u0142a r\u00f3wnie\u017c miasto Presz\u00f3w i wp\u0142yn\u0119\u0142a na jego dalszy rozw\u00f3j, zw\u0142aszcza w dziedzinie edukacji. Najwa\u017cniejszym zabytkiem protestanckiej edukacji na S\u0142owacji jest <strong>Kolegium Ewangelickie<\/strong>, kt\u00f3ra w pierwszej po\u0142owie XIX wieku sta\u0142a si\u0119 jedn\u0105 z najwa\u017cniejszych szk\u00f3\u0142 wy\u017cszych na W\u0119grzech. Jej najpi\u0119kniejszym pomieszczeniem jest uniwersytecka biblioteka kolegialna, kt\u00f3ra zawiera ponad 40 tysi\u0119cy wolumin\u00f3w. Jeden z nielicznych ko\u015bcio\u0142\u00f3w protestanckich zbudowanych w Preszowie w okresie reformacji - renesansu <strong>Ko\u015bci\u00f3\u0142 \u015awi\u0119tej Tr\u00f3jcy<\/strong> z barokowymi organami z 1642 roku.\n\nW XVII i XVIII wieku historia Preszowa naznaczona by\u0142a mi\u0119dzy innymi buntami stan\u00f3w i epidemiami d\u017cumy. Smutnym wydarzeniem by\u0142a masakra preszowska, podczas kt\u00f3rej genera\u0142 Caraffa skaza\u0142 dwudziestu wybitnych mieszczan, kt\u00f3rzy byli kolejno torturowani i straceni w 1687 roku. Ku ich pami\u0119ci na rogu Kolegium Ewangelickiego wzniesiono pomnik z pami\u0105tkow\u0105 tablic\u0105 z nazwiskami straconych. Epidemia d\u017cumy na prze\u0142omie XVII i XVIII wieku zosta\u0142a upami\u0119tniona barokowym pomnikiem. <strong>Rze\u017aba Immaculata<\/strong> zbudowany ku pami\u0119ci ofiar w 1751 roku.\n\nPo tych wydarzeniach miasto wr\u00f3ci\u0142o na w\u0142a\u015bciwe tory i zacz\u0119\u0142o si\u0119 rozwija\u0107 i prosperowa\u0107 gospodarczo, dzi\u0119ki wydobyciu soli w wiosce. <strong>Solivar<\/strong>, kt\u00f3ry jest dzi\u015b lokaln\u0105 cz\u0119\u015bci\u0105 Preszowa. Unikalny kompleks budynk\u00f3w technicznych do pompowania i warzenia soli z solanki, pochodz\u0105cy z XVII wieku, jest jednym z najwa\u017cniejszych zabytk\u00f3w techniki na S\u0142owacji. Charakter miasta ukszta\u0142towali jego mieszka\u0144cy r\u00f3\u017cnych narodowo\u015bci i wyzna\u0144. \u015awiadcz\u0105 o tym r\u00f3\u017cnorodne zabytki kulturalne i sakralne w mie\u015bcie. Majestatyczny ko\u015bci\u00f3\u0142 franciszka\u0144ski <strong>Ko\u015bci\u00f3\u0142 \u015bw.<\/strong> po\u0142\u0105czony od strony p\u00f3\u0142nocnej z klasztorem zosta\u0142 zbudowany oko\u0142o 1380 roku na miejscu pierwotnego ko\u015bcio\u0142a przez klasztor karmelit\u00f3w. Greckokatolicki<strong>\u00a0Ko\u015bci\u00f3\u0142 katedralny \u015bw. Jana Chrzciciela<\/strong> zacz\u0119to budowa\u0107 w 1429 r. na miejscu pierwotnej kaplicy w pobli\u017cu szpitala miejskiego.  W Preszowie, w 1950 roku, kaplica zosta\u0142a zbudowana na miejscu <strong>Cerkiew prawos\u0142awna \u015bw. Aleksandra Newskiego<\/strong>, kt\u00f3ry jest zbudowany w duchu tradycji prawos\u0142awnej architektury rosyjskiej z pi\u0119cioma kopu\u0142ami w kszta\u0142cie cebuli. W mie\u015bcie zachowa\u0142 si\u0119 r\u00f3wnie\u017c wspania\u0142y <strong>synagoga ortodoksyjna<\/strong> zbudowany w 1898 roku w stylu maureta\u0144skim z kilkoma orientalizuj\u0105cymi elementami. Mi\u0142o\u015bnik\u00f3w sztuki przyci\u0105gn\u0105 r\u00f3wnie\u017c r\u00f3\u017cnorodne style architektoniczne zabytkowych budynk\u00f3w, w tym secesyjny budynek wystawowy <strong>Bank Bos\u00e1kova<\/strong> zbudowany w 1924 r. na rogu ulic Hlavnej i Levo\u010dsk\u00e1, rokokowo-klasycystyczny budynek <strong>dom hrabstwa<\/strong> lub klejnot miejskiej architektury renesansowej <strong>Pa\u0142ac Rakoci<\/strong>, kt\u00f3ry zosta\u0142 zbudowany pod koniec XVI wieku przez ksi\u0119cia Zygmunta R\u00e1koci z Siedmiogrodu.\n\n<strong>Presz\u00f3w, metropolia regionu Szarysz, trzecie co do wielko\u015bci miasto na S\u0142owacji. Jest to jedyne miejsce na S\u0142owacji, przez kt\u00f3re przebiega 49 r\u00f3wnole\u017cnik.<\/strong>\n\nO Preszowie mo\u017cna r\u00f3wnie\u017c przeczyta\u0107 na stronie internetowej <a href=\"http:\/\/www.presov.sk\">www.presov.sk<\/a>. Mo\u017cna r\u00f3wnie\u017c odwiedzi\u0107 nast\u0119puj\u0105ce miasta - <a href=\"https:\/\/www.regionsaris.sk\/pl\/kam-ist-na-vylet\/mesto-presov\/\">Presz\u00f3w<\/a>, <a href=\"https:\/\/www.regionsaris.sk\/pl\/kam-ist-na-vylet\/bardejov-a-okolie\/\">Bardejov<\/a>, <a href=\"https:\/\/www.regionsaris.sk\/pl\/kam-ist-na-vylet\/sabinov-a-okolie\/\">Sabinov<\/a>, <a href=\"https:\/\/www.regionsaris.sk\/pl\/kam-ist-na-vylet\/lipany-a-okolie\/\">Lipany<\/a>, <a href=\"https:\/\/www.regionsaris.sk\/pl\/kam-ist-na-vylet\/svidnik-a-okolie\/\">Svidn\u00edk<\/a>, <a href=\"https:\/\/www.regionsaris.sk\/pl\/kam-ist-na-vylet\/hanusovce-nad-toplou-a-okolie\/\">Hanu\u0161ovce nad Top\u013eou<\/a>\n<p data-empty=\"true\"><\/p>\n\n<\/div>\n<!--more-->","protected":false},"featured_media":0,"template":"","meta":{"_acf_changed":false},"kategoria-poi":[],"lokalita":[26],"sezona-poi":[],"trvanie-vyletu":[],"class_list":["post-2154","kam-ist-na-vylet","type-kam-ist-na-vylet","status-publish","hentry","lokalita-mesto-presov"],"acf":[],"yoast_head":"<!-- This site is optimized with the Yoast SEO Premium plugin v26.3 (Yoast SEO v26.8) - https:\/\/yoast.com\/product\/yoast-seo-premium-wordpress\/ -->\n<title>Mesto Pre\u0161ov - OOCR \u0160ari\u0161<\/title>\n<meta name=\"robots\" content=\"index, follow, max-snippet:-1, max-image-preview:large, max-video-preview:-1\" \/>\n<link rel=\"canonical\" href=\"https:\/\/www.regionsaris.sk\/pl\/kam-ist-na-vylet\/mesto-presov\/\" \/>\n<meta property=\"og:locale\" content=\"pl_PL\" \/>\n<meta property=\"og:type\" content=\"article\" \/>\n<meta property=\"og:title\" content=\"Mesto Pre\u0161ov\" \/>\n<meta property=\"og:description\" content=\"Jedno z najstar\u0161\u00edch slobodn\u00fdch kr\u00e1\u013eovsk\u00fdch miest na Slovensku, mesto z\u00e1padnej a v\u00fdchodnej kult\u00fary, mesto soli,...\" \/>\n<meta property=\"og:url\" content=\"https:\/\/www.regionsaris.sk\/pl\/kam-ist-na-vylet\/mesto-presov\/\" \/>\n<meta property=\"og:site_name\" content=\"OOCR \u0160ari\u0161\" \/>\n<meta name=\"twitter:card\" content=\"summary_large_image\" \/>\n<meta name=\"twitter:label1\" content=\"Est. reading time\" \/>\n\t<meta name=\"twitter:data1\" content=\"5 minut\" \/>\n<script type=\"application\/ld+json\" class=\"yoast-schema-graph\">{\"@context\":\"https:\/\/schema.org\",\"@graph\":[{\"@type\":\"WebPage\",\"@id\":\"https:\/\/www.regionsaris.sk\/kam-ist-na-vylet\/mesto-presov\/\",\"url\":\"https:\/\/www.regionsaris.sk\/kam-ist-na-vylet\/mesto-presov\/\",\"name\":\"Mesto Pre\u0161ov - OOCR \u0160ari\u0161\",\"isPartOf\":{\"@id\":\"https:\/\/www.regionsaris.sk\/#website\"},\"datePublished\":\"2020-05-26T10:15:35+00:00\",\"breadcrumb\":{\"@id\":\"https:\/\/www.regionsaris.sk\/kam-ist-na-vylet\/mesto-presov\/#breadcrumb\"},\"inLanguage\":\"pl-PL\",\"potentialAction\":[{\"@type\":\"ReadAction\",\"target\":[\"https:\/\/www.regionsaris.sk\/kam-ist-na-vylet\/mesto-presov\/\"]}]},{\"@type\":\"BreadcrumbList\",\"@id\":\"https:\/\/www.regionsaris.sk\/kam-ist-na-vylet\/mesto-presov\/#breadcrumb\",\"itemListElement\":[{\"@type\":\"ListItem\",\"position\":1,\"name\":\"Domov\",\"item\":\"https:\/\/www.regionsaris.sk\/\"},{\"@type\":\"ListItem\",\"position\":2,\"name\":\"Kam \u00eds\u0165 na v\u00fdlety\",\"item\":\"https:\/\/www.regionsaris.sk\/kam-ist-na-vylety\/\"},{\"@type\":\"ListItem\",\"position\":3,\"name\":\"Mesto Pre\u0161ov\"}]},{\"@type\":\"WebSite\",\"@id\":\"https:\/\/www.regionsaris.sk\/#website\",\"url\":\"https:\/\/www.regionsaris.sk\/\",\"name\":\"OOCR \u0160ari\u0161\",\"description\":\"\",\"potentialAction\":[{\"@type\":\"SearchAction\",\"target\":{\"@type\":\"EntryPoint\",\"urlTemplate\":\"https:\/\/www.regionsaris.sk\/?s={search_term_string}\"},\"query-input\":{\"@type\":\"PropertyValueSpecification\",\"valueRequired\":true,\"valueName\":\"search_term_string\"}}],\"inLanguage\":\"pl-PL\"}]}<\/script>\n<!-- \/ Yoast SEO Premium plugin. -->","yoast_head_json":{"title":"Mesto Pre\u0161ov - OOCR \u0160ari\u0161","robots":{"index":"index","follow":"follow","max-snippet":"max-snippet:-1","max-image-preview":"max-image-preview:large","max-video-preview":"max-video-preview:-1"},"canonical":"https:\/\/www.regionsaris.sk\/pl\/kam-ist-na-vylet\/mesto-presov\/","og_locale":"pl_PL","og_type":"article","og_title":"Mesto Pre\u0161ov","og_description":"Jedno z najstar\u0161\u00edch slobodn\u00fdch kr\u00e1\u013eovsk\u00fdch miest na Slovensku, mesto z\u00e1padnej a v\u00fdchodnej kult\u00fary, mesto soli,...","og_url":"https:\/\/www.regionsaris.sk\/pl\/kam-ist-na-vylet\/mesto-presov\/","og_site_name":"OOCR \u0160ari\u0161","twitter_card":"summary_large_image","twitter_misc":{"Est. reading time":"5 minut"},"schema":{"@context":"https:\/\/schema.org","@graph":[{"@type":"WebPage","@id":"https:\/\/www.regionsaris.sk\/kam-ist-na-vylet\/mesto-presov\/","url":"https:\/\/www.regionsaris.sk\/kam-ist-na-vylet\/mesto-presov\/","name":"Mesto Pre\u0161ov - OOCR \u0160ari\u0161","isPartOf":{"@id":"https:\/\/www.regionsaris.sk\/#website"},"datePublished":"2020-05-26T10:15:35+00:00","breadcrumb":{"@id":"https:\/\/www.regionsaris.sk\/kam-ist-na-vylet\/mesto-presov\/#breadcrumb"},"inLanguage":"pl-PL","potentialAction":[{"@type":"ReadAction","target":["https:\/\/www.regionsaris.sk\/kam-ist-na-vylet\/mesto-presov\/"]}]},{"@type":"BreadcrumbList","@id":"https:\/\/www.regionsaris.sk\/kam-ist-na-vylet\/mesto-presov\/#breadcrumb","itemListElement":[{"@type":"ListItem","position":1,"name":"Domov","item":"https:\/\/www.regionsaris.sk\/"},{"@type":"ListItem","position":2,"name":"Kam \u00eds\u0165 na v\u00fdlety","item":"https:\/\/www.regionsaris.sk\/kam-ist-na-vylety\/"},{"@type":"ListItem","position":3,"name":"Mesto Pre\u0161ov"}]},{"@type":"WebSite","@id":"https:\/\/www.regionsaris.sk\/#website","url":"https:\/\/www.regionsaris.sk\/","name":"OOCR \u0160ari\u0161","description":"","potentialAction":[{"@type":"SearchAction","target":{"@type":"EntryPoint","urlTemplate":"https:\/\/www.regionsaris.sk\/?s={search_term_string}"},"query-input":{"@type":"PropertyValueSpecification","valueRequired":true,"valueName":"search_term_string"}}],"inLanguage":"pl-PL"}]}},"_links":{"self":[{"href":"https:\/\/www.regionsaris.sk\/pl\/wp-json\/wp\/v2\/kam-ist-na-vylet\/2154","targetHints":{"allow":["GET"]}}],"collection":[{"href":"https:\/\/www.regionsaris.sk\/pl\/wp-json\/wp\/v2\/kam-ist-na-vylet"}],"about":[{"href":"https:\/\/www.regionsaris.sk\/pl\/wp-json\/wp\/v2\/types\/kam-ist-na-vylet"}],"wp:attachment":[{"href":"https:\/\/www.regionsaris.sk\/pl\/wp-json\/wp\/v2\/media?parent=2154"}],"wp:term":[{"taxonomy":"kategoria-poi","embeddable":true,"href":"https:\/\/www.regionsaris.sk\/pl\/wp-json\/wp\/v2\/kategoria-poi?post=2154"},{"taxonomy":"lokalita","embeddable":true,"href":"https:\/\/www.regionsaris.sk\/pl\/wp-json\/wp\/v2\/lokalita?post=2154"},{"taxonomy":"sezona-poi","embeddable":true,"href":"https:\/\/www.regionsaris.sk\/pl\/wp-json\/wp\/v2\/sezona-poi?post=2154"},{"taxonomy":"trvanie-vyletu","embeddable":true,"href":"https:\/\/www.regionsaris.sk\/pl\/wp-json\/wp\/v2\/trvanie-vyletu?post=2154"}],"curies":[{"name":"wp","href":"https:\/\/api.w.org\/{rel}","templated":true}]}}