{"id":2098,"date":"2020-06-04T08:16:00","date_gmt":"2020-06-04T07:16:00","guid":{"rendered":"https:\/\/www.regionsaris.sk\/historia\/kastiel-fintice\/"},"modified":"2020-06-04T08:16:00","modified_gmt":"2020-06-04T07:16:00","slug":"kastiel-fintice","status":"publish","type":"historia","link":"https:\/\/www.regionsaris.sk\/pl\/historia\/kastiel-fintice\/","title":{"rendered":"Dw\u00f3r Fintice"},"content":{"rendered":"<p>Wie\u015b Fintice by\u0142a osad\u0105 kr\u00f3lewskich stra\u017cnik\u00f3w granicznych, kt\u00f3rych siedzib\u0105 by\u0142 obecny dw\u00f3r, p\u00f3\u017aniej prawdopodobnie siedziba pierwszego w\u0142a\u015bciciela Fintic, szlachcica ze S\u0142awonii, <strong>Towarzysz Gudu<\/strong>.<\/p>\n\n\n\n<p>Budynek dworu w Finticach ma nieregularny plan. Szacuje si\u0119, \u017ce jego fundamentem by\u0142a cha\u0142upa wybudowana przez pierwszych w\u0142a\u015bcicieli maj\u0105tku. W XVI w. <strong>Darhols<\/strong> posiadanie Fintice do budowy wie\u017cy dworu. Przy wej\u015bciu zachowa\u0142a si\u0119 kolumna, cz\u0119\u015b\u0107 renesansowej klatki schodowej, kt\u00f3rej autor si\u0119ga\u0142 do staro\u017cytno\u015bci, a konkretnie do sztuki doryckiej. W okresie baroku zosta\u0142a przebudowana w obecnej formie. W tym czasie budynek nale\u017ca\u0142 ju\u017c do rodziny Dessewffy, kt\u00f3ra zmodyfikowa\u0142a rezydencj\u0119 i doda\u0142a spichlerz z bardzo imponuj\u0105cym wygl\u0105dem zewn\u0119trznym w postaci malowanych ram linz\u00e9n i okien typu \u201eox-eye\u201c. Wewn\u0105trz spichlerza znajduje si\u0119 sklepienie z lunetami. Rodzina Dessewffych k\u0142ad\u0142a du\u017cy nacisk na edukacj\u0119, dlatego w dworze Fintic\u00f3w znajdowa\u0142a si\u0119 du\u017ca biblioteka, sale reprezentacyjne, w tym Sala Rycerska, w kt\u00f3rej opr\u00f3cz du\u017cej kolekcji instrument\u00f3w muzycznych przechowywano r\u00f3wnie\u017c wiele partytur, kt\u00f3re dzi\u015b tworz\u0105 tzw. fintick\u0105 kolekcj\u0119 ksi\u0105\u017cek muzycznych. Ta ostatnia jest przechowywana w Archiwum Literatury i Sztuki S\u0142owackiej Biblioteki Narodowej. Najwi\u0119kszym mi\u0142o\u015bnikiem muzyki w rodzinie Dessewffych by\u0142 Franti\u0161ek. Obraca\u0142 si\u0119 w kr\u0119gach wysokich arystokrat\u00f3w, takich jak genera\u0142 Brunszwik i Zygmunt de Finta, i bardzo lubi\u0142 sp\u0119dza\u0107 lato w posiad\u0142o\u015bci Fintic\u00f3w. M\u00f3wi si\u0119, \u017ce van Bethoveen odwiedzi\u0142 fi\u0144sk\u0105 rezydencj\u0119 z powodu swojej mi\u0142o\u015bci do muzyki. Nie zosta\u0142o to jednak obalone ani potwierdzone. Pozostaje to legend\u0105.<br>Dw\u00f3r mia\u0142 kilka unikalnych cech. W piwnicy nad potokiem znajdowa\u0142a si\u0119 naturalna zamra\u017carka, kt\u00f3ra sk\u0142ada\u0142a si\u0119 ze stosu lodu przywiezionego zim\u0105 w kilku warstwach. Na dziedzi\u0144cu dworu znajdowa\u0142a si\u0119 zar\u00f3wno stajnia, jak i biuro wyborcze. Niezwyk\u0142\u0105 konstrukcj\u0105 jest most, kt\u00f3ry prowadzi\u0142 do ko\u015bcio\u0142a. Dzi\u0119ki niemu dw\u00f3r m\u00f3g\u0142 przyby\u0107 such\u0105 stop\u0105 na uroczysto\u015bci. Z przej\u015bcia prowadzi dzi\u015b wej\u015bcie do grobowca rodziny Desseffy, pocz\u0105wszy od wnuka fundatora ko\u015bcio\u0142a.<\/p>\n\n\n\n<p>Fintice Manor jest cz\u0119\u015bci\u0105\u00a0<a href=\"https:\/\/www.sarisskahradnacesta.sk\/\">Drogi zamkowe w Szaryszu<\/a><\/p>\n\n\n\n<p>\u0179r\u00f3d\u0142o: Gmina Fintice FB<\/p>","protected":false},"featured_media":1613,"template":"","meta":{"_acf_changed":false},"kategoria-poi":[105,173],"lokalita":[28],"sezona-poi":[],"trvanie-vyletu":[],"class_list":["post-2098","historia","type-historia","status-publish","has-post-thumbnail","hentry","kategoria-poi-historia","kategoria-poi-kastiele-a-kurie","lokalita-presov-a-okolie"],"acf":[],"yoast_head":"<!-- This site is optimized with the Yoast SEO Premium plugin v26.3 (Yoast SEO v26.8) - https:\/\/yoast.com\/product\/yoast-seo-premium-wordpress\/ -->\n<title>Ka\u0161tie\u013e Fintice - OOCR \u0160ari\u0161<\/title>\n<meta name=\"robots\" content=\"index, follow, max-snippet:-1, max-image-preview:large, max-video-preview:-1\" \/>\n<link rel=\"canonical\" href=\"https:\/\/www.regionsaris.sk\/pl\/historia\/kastiel-fintice\/\" \/>\n<meta property=\"og:locale\" content=\"pl_PL\" \/>\n<meta property=\"og:type\" content=\"article\" \/>\n<meta property=\"og:title\" content=\"Ka\u0161tie\u013e Fintice\" \/>\n<meta property=\"og:description\" content=\"Obec Fintice bola osadou kr\u00e1\u013eovsk\u00fdch str\u00e1\u017ecov hran\u00edc, ktor\u00fdch s\u00eddlom bol dne\u0161n\u00fd ka\u0161tie\u013e, nesk\u00f4r pravdepodobne s\u00eddlom...\" \/>\n<meta property=\"og:url\" content=\"https:\/\/www.regionsaris.sk\/pl\/historia\/kastiel-fintice\/\" \/>\n<meta property=\"og:site_name\" content=\"OOCR \u0160ari\u0161\" \/>\n<meta property=\"og:image\" content=\"https:\/\/www.regionsaris.sk\/wp-content\/uploads\/2026\/01\/kastielfin326-thumb.jpg\" \/>\n\t<meta property=\"og:image:width\" content=\"600\" \/>\n\t<meta property=\"og:image:height\" content=\"400\" \/>\n\t<meta property=\"og:image:type\" content=\"image\/jpeg\" \/>\n<meta name=\"twitter:card\" content=\"summary_large_image\" \/>\n<meta name=\"twitter:label1\" content=\"Est. reading time\" \/>\n\t<meta name=\"twitter:data1\" content=\"2 minuty\" \/>\n<script type=\"application\/ld+json\" class=\"yoast-schema-graph\">{\"@context\":\"https:\/\/schema.org\",\"@graph\":[{\"@type\":\"WebPage\",\"@id\":\"https:\/\/www.regionsaris.sk\/historia\/kastiel-fintice\/\",\"url\":\"https:\/\/www.regionsaris.sk\/historia\/kastiel-fintice\/\",\"name\":\"Ka\u0161tie\u013e Fintice - OOCR \u0160ari\u0161\",\"isPartOf\":{\"@id\":\"https:\/\/www.regionsaris.sk\/#website\"},\"primaryImageOfPage\":{\"@id\":\"https:\/\/www.regionsaris.sk\/historia\/kastiel-fintice\/#primaryimage\"},\"image\":{\"@id\":\"https:\/\/www.regionsaris.sk\/historia\/kastiel-fintice\/#primaryimage\"},\"thumbnailUrl\":\"https:\/\/www.regionsaris.sk\/wp-content\/uploads\/2026\/01\/kastielfin326-thumb.jpg\",\"datePublished\":\"2020-06-04T07:16:00+00:00\",\"breadcrumb\":{\"@id\":\"https:\/\/www.regionsaris.sk\/historia\/kastiel-fintice\/#breadcrumb\"},\"inLanguage\":\"pl-PL\",\"potentialAction\":[{\"@type\":\"ReadAction\",\"target\":[\"https:\/\/www.regionsaris.sk\/historia\/kastiel-fintice\/\"]}]},{\"@type\":\"ImageObject\",\"inLanguage\":\"pl-PL\",\"@id\":\"https:\/\/www.regionsaris.sk\/historia\/kastiel-fintice\/#primaryimage\",\"url\":\"https:\/\/www.regionsaris.sk\/wp-content\/uploads\/2026\/01\/kastielfin326-thumb.jpg\",\"contentUrl\":\"https:\/\/www.regionsaris.sk\/wp-content\/uploads\/2026\/01\/kastielfin326-thumb.jpg\",\"width\":600,\"height\":400},{\"@type\":\"BreadcrumbList\",\"@id\":\"https:\/\/www.regionsaris.sk\/historia\/kastiel-fintice\/#breadcrumb\",\"itemListElement\":[{\"@type\":\"ListItem\",\"position\":1,\"name\":\"Domov\",\"item\":\"https:\/\/www.regionsaris.sk\/\"},{\"@type\":\"ListItem\",\"position\":2,\"name\":\"Hist\u00f3ria regi\u00f3nu\",\"item\":\"https:\/\/www.regionsaris.sk\/historia-regionu\/\"},{\"@type\":\"ListItem\",\"position\":3,\"name\":\"Ka\u0161tie\u013e Fintice\"}]},{\"@type\":\"WebSite\",\"@id\":\"https:\/\/www.regionsaris.sk\/#website\",\"url\":\"https:\/\/www.regionsaris.sk\/\",\"name\":\"OOCR \u0160ari\u0161\",\"description\":\"\",\"potentialAction\":[{\"@type\":\"SearchAction\",\"target\":{\"@type\":\"EntryPoint\",\"urlTemplate\":\"https:\/\/www.regionsaris.sk\/?s={search_term_string}\"},\"query-input\":{\"@type\":\"PropertyValueSpecification\",\"valueRequired\":true,\"valueName\":\"search_term_string\"}}],\"inLanguage\":\"pl-PL\"}]}<\/script>\n<!-- \/ Yoast SEO Premium plugin. -->","yoast_head_json":{"title":"Ka\u0161tie\u013e Fintice - OOCR \u0160ari\u0161","robots":{"index":"index","follow":"follow","max-snippet":"max-snippet:-1","max-image-preview":"max-image-preview:large","max-video-preview":"max-video-preview:-1"},"canonical":"https:\/\/www.regionsaris.sk\/pl\/historia\/kastiel-fintice\/","og_locale":"pl_PL","og_type":"article","og_title":"Ka\u0161tie\u013e Fintice","og_description":"Obec Fintice bola osadou kr\u00e1\u013eovsk\u00fdch str\u00e1\u017ecov hran\u00edc, ktor\u00fdch s\u00eddlom bol dne\u0161n\u00fd ka\u0161tie\u013e, nesk\u00f4r pravdepodobne s\u00eddlom...","og_url":"https:\/\/www.regionsaris.sk\/pl\/historia\/kastiel-fintice\/","og_site_name":"OOCR \u0160ari\u0161","og_image":[{"width":600,"height":400,"url":"https:\/\/www.regionsaris.sk\/wp-content\/uploads\/2026\/01\/kastielfin326-thumb.jpg","type":"image\/jpeg"}],"twitter_card":"summary_large_image","twitter_misc":{"Est. reading time":"2 minuty"},"schema":{"@context":"https:\/\/schema.org","@graph":[{"@type":"WebPage","@id":"https:\/\/www.regionsaris.sk\/historia\/kastiel-fintice\/","url":"https:\/\/www.regionsaris.sk\/historia\/kastiel-fintice\/","name":"Ka\u0161tie\u013e Fintice - OOCR \u0160ari\u0161","isPartOf":{"@id":"https:\/\/www.regionsaris.sk\/#website"},"primaryImageOfPage":{"@id":"https:\/\/www.regionsaris.sk\/historia\/kastiel-fintice\/#primaryimage"},"image":{"@id":"https:\/\/www.regionsaris.sk\/historia\/kastiel-fintice\/#primaryimage"},"thumbnailUrl":"https:\/\/www.regionsaris.sk\/wp-content\/uploads\/2026\/01\/kastielfin326-thumb.jpg","datePublished":"2020-06-04T07:16:00+00:00","breadcrumb":{"@id":"https:\/\/www.regionsaris.sk\/historia\/kastiel-fintice\/#breadcrumb"},"inLanguage":"pl-PL","potentialAction":[{"@type":"ReadAction","target":["https:\/\/www.regionsaris.sk\/historia\/kastiel-fintice\/"]}]},{"@type":"ImageObject","inLanguage":"pl-PL","@id":"https:\/\/www.regionsaris.sk\/historia\/kastiel-fintice\/#primaryimage","url":"https:\/\/www.regionsaris.sk\/wp-content\/uploads\/2026\/01\/kastielfin326-thumb.jpg","contentUrl":"https:\/\/www.regionsaris.sk\/wp-content\/uploads\/2026\/01\/kastielfin326-thumb.jpg","width":600,"height":400},{"@type":"BreadcrumbList","@id":"https:\/\/www.regionsaris.sk\/historia\/kastiel-fintice\/#breadcrumb","itemListElement":[{"@type":"ListItem","position":1,"name":"Domov","item":"https:\/\/www.regionsaris.sk\/"},{"@type":"ListItem","position":2,"name":"Hist\u00f3ria regi\u00f3nu","item":"https:\/\/www.regionsaris.sk\/historia-regionu\/"},{"@type":"ListItem","position":3,"name":"Ka\u0161tie\u013e Fintice"}]},{"@type":"WebSite","@id":"https:\/\/www.regionsaris.sk\/#website","url":"https:\/\/www.regionsaris.sk\/","name":"OOCR \u0160ari\u0161","description":"","potentialAction":[{"@type":"SearchAction","target":{"@type":"EntryPoint","urlTemplate":"https:\/\/www.regionsaris.sk\/?s={search_term_string}"},"query-input":{"@type":"PropertyValueSpecification","valueRequired":true,"valueName":"search_term_string"}}],"inLanguage":"pl-PL"}]}},"_links":{"self":[{"href":"https:\/\/www.regionsaris.sk\/pl\/wp-json\/wp\/v2\/historia\/2098","targetHints":{"allow":["GET"]}}],"collection":[{"href":"https:\/\/www.regionsaris.sk\/pl\/wp-json\/wp\/v2\/historia"}],"about":[{"href":"https:\/\/www.regionsaris.sk\/pl\/wp-json\/wp\/v2\/types\/historia"}],"wp:featuredmedia":[{"embeddable":true,"href":"https:\/\/www.regionsaris.sk\/pl\/wp-json\/wp\/v2\/media\/1613"}],"wp:attachment":[{"href":"https:\/\/www.regionsaris.sk\/pl\/wp-json\/wp\/v2\/media?parent=2098"}],"wp:term":[{"taxonomy":"kategoria-poi","embeddable":true,"href":"https:\/\/www.regionsaris.sk\/pl\/wp-json\/wp\/v2\/kategoria-poi?post=2098"},{"taxonomy":"lokalita","embeddable":true,"href":"https:\/\/www.regionsaris.sk\/pl\/wp-json\/wp\/v2\/lokalita?post=2098"},{"taxonomy":"sezona-poi","embeddable":true,"href":"https:\/\/www.regionsaris.sk\/pl\/wp-json\/wp\/v2\/sezona-poi?post=2098"},{"taxonomy":"trvanie-vyletu","embeddable":true,"href":"https:\/\/www.regionsaris.sk\/pl\/wp-json\/wp\/v2\/trvanie-vyletu?post=2098"}],"curies":[{"name":"wp","href":"https:\/\/api.w.org\/{rel}","templated":true}]}}