{"id":2056,"date":"2020-06-02T08:30:47","date_gmt":"2020-06-02T07:30:47","guid":{"rendered":"https:\/\/www.regionsaris.sk\/historia\/mestska-radnica-bardejov\/"},"modified":"2020-06-02T08:30:47","modified_gmt":"2020-06-02T07:30:47","slug":"mestska-radnica-bardejov","status":"publish","type":"historia","link":"https:\/\/www.regionsaris.sk\/pl\/historia\/mestska-radnica-bardejov\/","title":{"rendered":"Urz\u0105d Miasta Bardejov"},"content":{"rendered":"Ratusz w Bardejowie to gotycko-renesansowa budowla wzniesiona po\u015brodku Placu Ratuszowego. Pod wzgl\u0119dem konstrukcji i znaczenia ratusz stanowi\u0142 funkcjonaln\u0105 i ideologiczn\u0105 przeciwwag\u0119 dla ko\u015bcio\u0142a parafialnego \u015bw. Egidiusza, by\u0142 siedzib\u0105 rady miejskiej, centrum \u017cycia handlowego, spo\u0142ecznego i kulturalnego mieszka\u0144c\u00f3w miasta. Z architektonicznego punktu widzenia budynek ratusza jest wa\u017cnym przyk\u0142adem przenikania renesansowych element\u00f3w artystycznych i architektonicznych do ust\u0119puj\u0105cej gotyckiej koncepcji architektury. Koniec XV wieku przyni\u00f3s\u0142 Bardejovowi rozkwit \u017cycia gospodarczego i spo\u0142ecznego, co znalaz\u0142o r\u00f3wnie\u017c odzwierciedlenie w \u017cyciu rodziny kr\u00f3lewskiej. Wa\u017cna pozycja miasta, a tak\u017ce potrzeba bardziej reprezentacyjnych pomieszcze\u0144 na posiedzenia rady, mia\u0142a zosta\u0107 zapewniona przez budow\u0119 okaza\u0142ego ratusza. Decyzj\u0105 rady miejskiej zosta\u0142 on wybudowany na \u015brodku rynku.\n<h2>Ratusz w Bardejowie otwarty dla \u015bwiata<\/h2>\nRenesansowy ratusz w Bardejowie<strong>\u00a0<\/strong>jest dwukondygnacyjnym budynkiem stoj\u0105cym na planie regularnego prostok\u0105ta z d\u0142u\u017cszym bokiem w kierunku p\u00f3\u0142noc-po\u0142udnie. Charakteryzuje si\u0119 wysokimi szczytami bocznymi dwuspadowego dachu krytego dach\u00f3wk\u0105 i renesansowym wykuszem po wschodniej stronie, daj\u0105cym dost\u0119p do drugiego pi\u0119tra. Na szczycie fasady p\u00f3\u0142nocnej znajduj\u0105 si\u0119 trzy rze\u017abione okna i herb miasta. Szczyt fasady po\u0142udniowej uzupe\u0142niaj\u0105 cztery okna, zegar i malowane herby miasta i W\u0119gier. Na szczycie po\u0142udniowej fasady znajduje si\u0119 figura legendarnego rycerza Rolanda z halabard\u0105 (dzie\u0142o mistrza Jana z Preszowa ok. 1509 r.), symbolicznego obro\u0144cy przywilej\u00f3w miasta. Oryginalny kamienny pos\u0105g zosta\u0142 zast\u0105piony w 1641 r. drewnianym, pokrytym miedzian\u0105 blach\u0105. Obecny pos\u0105g jest kopi\u0105 i jest wykonany w ca\u0142o\u015bci z blachy miedzianej. Okna na wszystkich fasadach maj\u0105 takie same kszta\u0142ty. Oba szczyty dachu flankuj\u0105 grupy pos\u0105g\u00f3w i krab\u00f3w - szczyt po\u0142udniowy: lew, cz\u0142owiek z brod\u0105, kot, ma\u0142pa, handlarz suknem, szczyt p\u00f3\u0142nocny: demon, cz\u0142owiek z klepsydr\u0105, smok, kr\u00f3l, kamieniarz i cz\u0142owiek z lask\u0105.\n\nRatusz upi\u0119ksza Bardejov ju\u017c od XVI wieku. Jego historyczne i artystyczne znaczenie zosta\u0142o docenione przez spo\u0142ecze\u0144stwo, kiedy w 1985 roku zosta\u0142 wpisany na list\u0119 narodowych zabytk\u00f3w kultury S\u0142owacji. Jako zabytek o znaczeniu ponadregionalnym, ratusz, wraz z innymi zabytkami historycznego centrum Bardejowa, zosta\u0142 wpisany na list\u0119 narodowych zabytk\u00f3w kultury S\u0142owacji. <strong>wpisany na List\u0119 \u015awiatowego Dziedzictwa UNESCO w 2000 roku.<\/strong>\n\nObecnie historyczne pomieszczenia ratusza s\u0105 wykorzystywane jako sale Muzeum Szarisza, gdzie na sta\u0142e znajduje si\u0119 ekspozycja historyczna Bardej\u00f3w - Wolne Miasto Kr\u00f3lewskie.\n\nWi\u0119cej informacji o ratuszu mo\u017cna znale\u017a\u0107 na stronie <a href=\"https:\/\/sk.wikipedia.org\/wiki\/Mestsk%C3%A1_radnica_(Bardejov)\">Wikipedia<\/a>. W mie\u015bcie mo\u017cna r\u00f3wnie\u017c zobaczy\u0107 <a href=\"https:\/\/www.regionsaris.sk\/pl\/historia\/mestske-opevnenie-mesta-bardejov-unesco\/\">Fortyfikacje miejskie<\/a>, <a href=\"https:\/\/www.regionsaris.sk\/pl\/historia\/bardejovske-mestianske-domy\/\">Kamienice w Bardejovie<\/a>, <a href=\"https:\/\/www.regionsaris.sk\/pl\/historia\/zidovsky-cintorin\/\">Cmentarz \u017cydowski<\/a> itp.","protected":false},"featured_media":1177,"template":"","meta":{"_acf_changed":false},"kategoria-poi":[105,104,102,107],"lokalita":[178],"sezona-poi":[],"trvanie-vyletu":[],"class_list":["post-2056","historia","type-historia","status-publish","has-post-thumbnail","hentry","kategoria-poi-historia","kategoria-poi-mesta","kategoria-poi-prirodne-krasy","kategoria-poi-turistika","lokalita-bardejov-a-okolie"],"acf":[],"yoast_head":"<!-- This site is optimized with the Yoast SEO Premium plugin v26.3 (Yoast SEO v26.8) - https:\/\/yoast.com\/product\/yoast-seo-premium-wordpress\/ -->\n<title>Mestsk\u00e1 radnica Bardejov - OOCR \u0160ari\u0161<\/title>\n<meta name=\"robots\" content=\"index, follow, max-snippet:-1, max-image-preview:large, max-video-preview:-1\" \/>\n<link rel=\"canonical\" href=\"https:\/\/www.regionsaris.sk\/pl\/historia\/mestska-radnica-bardejov\/\" \/>\n<meta property=\"og:locale\" content=\"pl_PL\" \/>\n<meta property=\"og:type\" content=\"article\" \/>\n<meta property=\"og:title\" content=\"Mestsk\u00e1 radnica Bardejov\" \/>\n<meta property=\"og:description\" content=\"Mestsk\u00e1 radnica v Bardejove je goticko-renesan\u010dn\u00e1 budova postaven\u00e1 uprostred Radni\u010dn\u00e9ho n\u00e1mestia. Po stavebnej a v\u00fdznamovej...\" \/>\n<meta property=\"og:url\" content=\"https:\/\/www.regionsaris.sk\/pl\/historia\/mestska-radnica-bardejov\/\" \/>\n<meta property=\"og:site_name\" content=\"OOCR \u0160ari\u0161\" \/>\n<meta property=\"og:image\" content=\"https:\/\/www.regionsaris.sk\/wp-content\/uploads\/2026\/01\/radnica-Bardejov-600x400-1.jpg\" \/>\n\t<meta property=\"og:image:width\" content=\"600\" \/>\n\t<meta property=\"og:image:height\" content=\"400\" \/>\n\t<meta property=\"og:image:type\" content=\"image\/jpeg\" \/>\n<meta name=\"twitter:card\" content=\"summary_large_image\" \/>\n<meta name=\"twitter:label1\" content=\"Est. reading time\" \/>\n\t<meta name=\"twitter:data1\" content=\"2 minuty\" \/>\n<script type=\"application\/ld+json\" class=\"yoast-schema-graph\">{\"@context\":\"https:\/\/schema.org\",\"@graph\":[{\"@type\":\"WebPage\",\"@id\":\"https:\/\/www.regionsaris.sk\/historia\/mestska-radnica-bardejov\/\",\"url\":\"https:\/\/www.regionsaris.sk\/historia\/mestska-radnica-bardejov\/\",\"name\":\"Mestsk\u00e1 radnica Bardejov - OOCR \u0160ari\u0161\",\"isPartOf\":{\"@id\":\"https:\/\/www.regionsaris.sk\/#website\"},\"primaryImageOfPage\":{\"@id\":\"https:\/\/www.regionsaris.sk\/historia\/mestska-radnica-bardejov\/#primaryimage\"},\"image\":{\"@id\":\"https:\/\/www.regionsaris.sk\/historia\/mestska-radnica-bardejov\/#primaryimage\"},\"thumbnailUrl\":\"https:\/\/www.regionsaris.sk\/wp-content\/uploads\/2026\/01\/radnica-Bardejov-600x400-1.jpg\",\"datePublished\":\"2020-06-02T07:30:47+00:00\",\"breadcrumb\":{\"@id\":\"https:\/\/www.regionsaris.sk\/historia\/mestska-radnica-bardejov\/#breadcrumb\"},\"inLanguage\":\"pl-PL\",\"potentialAction\":[{\"@type\":\"ReadAction\",\"target\":[\"https:\/\/www.regionsaris.sk\/historia\/mestska-radnica-bardejov\/\"]}]},{\"@type\":\"ImageObject\",\"inLanguage\":\"pl-PL\",\"@id\":\"https:\/\/www.regionsaris.sk\/historia\/mestska-radnica-bardejov\/#primaryimage\",\"url\":\"https:\/\/www.regionsaris.sk\/wp-content\/uploads\/2026\/01\/radnica-Bardejov-600x400-1.jpg\",\"contentUrl\":\"https:\/\/www.regionsaris.sk\/wp-content\/uploads\/2026\/01\/radnica-Bardejov-600x400-1.jpg\",\"width\":600,\"height\":400},{\"@type\":\"BreadcrumbList\",\"@id\":\"https:\/\/www.regionsaris.sk\/historia\/mestska-radnica-bardejov\/#breadcrumb\",\"itemListElement\":[{\"@type\":\"ListItem\",\"position\":1,\"name\":\"Domov\",\"item\":\"https:\/\/www.regionsaris.sk\/\"},{\"@type\":\"ListItem\",\"position\":2,\"name\":\"Hist\u00f3ria regi\u00f3nu\",\"item\":\"https:\/\/www.regionsaris.sk\/historia-regionu\/\"},{\"@type\":\"ListItem\",\"position\":3,\"name\":\"Mestsk\u00e1 radnica Bardejov\"}]},{\"@type\":\"WebSite\",\"@id\":\"https:\/\/www.regionsaris.sk\/#website\",\"url\":\"https:\/\/www.regionsaris.sk\/\",\"name\":\"OOCR \u0160ari\u0161\",\"description\":\"\",\"potentialAction\":[{\"@type\":\"SearchAction\",\"target\":{\"@type\":\"EntryPoint\",\"urlTemplate\":\"https:\/\/www.regionsaris.sk\/?s={search_term_string}\"},\"query-input\":{\"@type\":\"PropertyValueSpecification\",\"valueRequired\":true,\"valueName\":\"search_term_string\"}}],\"inLanguage\":\"pl-PL\"}]}<\/script>\n<!-- \/ Yoast SEO Premium plugin. -->","yoast_head_json":{"title":"Mestsk\u00e1 radnica Bardejov - OOCR \u0160ari\u0161","robots":{"index":"index","follow":"follow","max-snippet":"max-snippet:-1","max-image-preview":"max-image-preview:large","max-video-preview":"max-video-preview:-1"},"canonical":"https:\/\/www.regionsaris.sk\/pl\/historia\/mestska-radnica-bardejov\/","og_locale":"pl_PL","og_type":"article","og_title":"Mestsk\u00e1 radnica Bardejov","og_description":"Mestsk\u00e1 radnica v Bardejove je goticko-renesan\u010dn\u00e1 budova postaven\u00e1 uprostred Radni\u010dn\u00e9ho n\u00e1mestia. Po stavebnej a v\u00fdznamovej...","og_url":"https:\/\/www.regionsaris.sk\/pl\/historia\/mestska-radnica-bardejov\/","og_site_name":"OOCR \u0160ari\u0161","og_image":[{"width":600,"height":400,"url":"https:\/\/www.regionsaris.sk\/wp-content\/uploads\/2026\/01\/radnica-Bardejov-600x400-1.jpg","type":"image\/jpeg"}],"twitter_card":"summary_large_image","twitter_misc":{"Est. reading time":"2 minuty"},"schema":{"@context":"https:\/\/schema.org","@graph":[{"@type":"WebPage","@id":"https:\/\/www.regionsaris.sk\/historia\/mestska-radnica-bardejov\/","url":"https:\/\/www.regionsaris.sk\/historia\/mestska-radnica-bardejov\/","name":"Mestsk\u00e1 radnica Bardejov - OOCR \u0160ari\u0161","isPartOf":{"@id":"https:\/\/www.regionsaris.sk\/#website"},"primaryImageOfPage":{"@id":"https:\/\/www.regionsaris.sk\/historia\/mestska-radnica-bardejov\/#primaryimage"},"image":{"@id":"https:\/\/www.regionsaris.sk\/historia\/mestska-radnica-bardejov\/#primaryimage"},"thumbnailUrl":"https:\/\/www.regionsaris.sk\/wp-content\/uploads\/2026\/01\/radnica-Bardejov-600x400-1.jpg","datePublished":"2020-06-02T07:30:47+00:00","breadcrumb":{"@id":"https:\/\/www.regionsaris.sk\/historia\/mestska-radnica-bardejov\/#breadcrumb"},"inLanguage":"pl-PL","potentialAction":[{"@type":"ReadAction","target":["https:\/\/www.regionsaris.sk\/historia\/mestska-radnica-bardejov\/"]}]},{"@type":"ImageObject","inLanguage":"pl-PL","@id":"https:\/\/www.regionsaris.sk\/historia\/mestska-radnica-bardejov\/#primaryimage","url":"https:\/\/www.regionsaris.sk\/wp-content\/uploads\/2026\/01\/radnica-Bardejov-600x400-1.jpg","contentUrl":"https:\/\/www.regionsaris.sk\/wp-content\/uploads\/2026\/01\/radnica-Bardejov-600x400-1.jpg","width":600,"height":400},{"@type":"BreadcrumbList","@id":"https:\/\/www.regionsaris.sk\/historia\/mestska-radnica-bardejov\/#breadcrumb","itemListElement":[{"@type":"ListItem","position":1,"name":"Domov","item":"https:\/\/www.regionsaris.sk\/"},{"@type":"ListItem","position":2,"name":"Hist\u00f3ria regi\u00f3nu","item":"https:\/\/www.regionsaris.sk\/historia-regionu\/"},{"@type":"ListItem","position":3,"name":"Mestsk\u00e1 radnica Bardejov"}]},{"@type":"WebSite","@id":"https:\/\/www.regionsaris.sk\/#website","url":"https:\/\/www.regionsaris.sk\/","name":"OOCR \u0160ari\u0161","description":"","potentialAction":[{"@type":"SearchAction","target":{"@type":"EntryPoint","urlTemplate":"https:\/\/www.regionsaris.sk\/?s={search_term_string}"},"query-input":{"@type":"PropertyValueSpecification","valueRequired":true,"valueName":"search_term_string"}}],"inLanguage":"pl-PL"}]}},"_links":{"self":[{"href":"https:\/\/www.regionsaris.sk\/pl\/wp-json\/wp\/v2\/historia\/2056","targetHints":{"allow":["GET"]}}],"collection":[{"href":"https:\/\/www.regionsaris.sk\/pl\/wp-json\/wp\/v2\/historia"}],"about":[{"href":"https:\/\/www.regionsaris.sk\/pl\/wp-json\/wp\/v2\/types\/historia"}],"wp:featuredmedia":[{"embeddable":true,"href":"https:\/\/www.regionsaris.sk\/pl\/wp-json\/wp\/v2\/media\/1177"}],"wp:attachment":[{"href":"https:\/\/www.regionsaris.sk\/pl\/wp-json\/wp\/v2\/media?parent=2056"}],"wp:term":[{"taxonomy":"kategoria-poi","embeddable":true,"href":"https:\/\/www.regionsaris.sk\/pl\/wp-json\/wp\/v2\/kategoria-poi?post=2056"},{"taxonomy":"lokalita","embeddable":true,"href":"https:\/\/www.regionsaris.sk\/pl\/wp-json\/wp\/v2\/lokalita?post=2056"},{"taxonomy":"sezona-poi","embeddable":true,"href":"https:\/\/www.regionsaris.sk\/pl\/wp-json\/wp\/v2\/sezona-poi?post=2056"},{"taxonomy":"trvanie-vyletu","embeddable":true,"href":"https:\/\/www.regionsaris.sk\/pl\/wp-json\/wp\/v2\/trvanie-vyletu?post=2056"}],"curies":[{"name":"wp","href":"https:\/\/api.w.org\/{rel}","templated":true}]}}