{"id":2036,"date":"2020-05-29T11:24:09","date_gmt":"2020-05-29T10:24:09","guid":{"rendered":"https:\/\/www.regionsaris.sk\/historia\/kostol-sv-jozefa\/"},"modified":"2020-05-29T11:24:09","modified_gmt":"2020-05-29T10:24:09","slug":"kostol-sv-jozefa","status":"publish","type":"historia","link":"https:\/\/www.regionsaris.sk\/pl\/historia\/kostol-sv-jozefa\/","title":{"rendered":"Ko\u015bci\u00f3\u0142 \u015bw."},"content":{"rendered":"<p>Barokowy jednonawowy ko\u015bci\u00f3\u0142 rzymskokatolicki z dwuwie\u017cow\u0105 fasad\u0105 jest po\u0142\u0105czony od strony p\u00f3\u0142nocnej z klasztorem. W XIV wieku miasto przekaza\u0142o ko\u015bci\u00f3\u0142 karmelitom, kt\u00f3rzy przybyli do Preszowa z Polski w 1288 roku. Decyzj\u0105 w\u0142adcy Leopolda I w 1661 r. ko\u015bci\u00f3\u0142 i klasztor nale\u017ca\u0142y do zakonu franciszkan\u00f3w z pobliskiej Ni\u017enej \u0160ebastovej. Dzi\u0119ki pomocy finansowej barona Franti\u0161ka Klobu\u0161ick\u00fd'ego z Pre\u0161ova i baronowej \u0160\u00f3\u0161ovej z Solivaru, wkr\u00f3tce rozpocz\u0119\u0142a si\u0119 rekonstrukcja pierwotnie gotyckiego ko\u015bcio\u0142a. Ca\u0142a fasada z dwiema bocznymi wie\u017cami zosta\u0142a zmodyfikowana zgodnie z modelem jezuickiego ko\u015bcio\u0142a Ill G\u00e9s w Rzymie.  W po\u0142udniowej cz\u0119\u015bci ko\u015bcio\u0142a franciszkan\u00f3w, w pobli\u017cu o\u0142tarza \u015bw. Antoniego, przechowywane s\u0105 jego szcz\u0105tki wraz ze szcz\u0105tkami Teresy Klobu\u0161ickiej. Odnowiony ko\u015bci\u00f3\u0142 zosta\u0142 konsekrowany w 1735 roku. 3 grudnia 1888 r., po kosztownej odbudowie, wybuch\u0142 drugi po\u017car, w kt\u00f3rym sp\u0142on\u0119\u0142y obie smuk\u0142e wie\u017ce ko\u015bcio\u0142a i pozosta\u0142 tylko korpus. W latach 1984-1993 ko\u015bci\u00f3\u0142 franciszkan\u00f3w zosta\u0142 poddany niezb\u0119dnemu remontowi.<\/p>","protected":false},"featured_media":1100,"template":"","meta":{"_acf_changed":false},"kategoria-poi":[105,169,104,168,102,107],"lokalita":[26],"sezona-poi":[],"trvanie-vyletu":[],"class_list":["post-2036","historia","type-historia","status-publish","has-post-thumbnail","hentry","kategoria-poi-historia","kategoria-poi-kostoly","kategoria-poi-mesta","kategoria-poi-nabozensky-turizmus","kategoria-poi-prirodne-krasy","kategoria-poi-turistika","lokalita-mesto-presov"],"acf":[],"yoast_head":"<!-- This site is optimized with the Yoast SEO Premium plugin v26.3 (Yoast SEO v26.8) - https:\/\/yoast.com\/product\/yoast-seo-premium-wordpress\/ -->\n<title>Kostol sv. Jozefa - OOCR \u0160ari\u0161<\/title>\n<meta name=\"robots\" content=\"index, follow, max-snippet:-1, max-image-preview:large, max-video-preview:-1\" \/>\n<link rel=\"canonical\" href=\"https:\/\/www.regionsaris.sk\/pl\/historia\/kostol-sv-jozefa\/\" \/>\n<meta property=\"og:locale\" content=\"pl_PL\" \/>\n<meta property=\"og:type\" content=\"article\" \/>\n<meta property=\"og:title\" content=\"Kostol sv. Jozefa\" \/>\n<meta property=\"og:description\" content=\"Barokov\u00fd jednolo\u010fov\u00fd r\u00edmskokatol\u00edcky kostol s dvojve\u017eov\u00fdm prie\u010del\u00edm je spojen\u00fd na severnej strane s kl\u00e1\u0161torom. V...\" \/>\n<meta property=\"og:url\" content=\"https:\/\/www.regionsaris.sk\/pl\/historia\/kostol-sv-jozefa\/\" \/>\n<meta property=\"og:site_name\" content=\"OOCR \u0160ari\u0161\" \/>\n<meta property=\"og:image\" content=\"https:\/\/www.regionsaris.sk\/wp-content\/uploads\/2026\/01\/Kostol-sv-Jozefa-600x400-1.jpg\" \/>\n\t<meta property=\"og:image:width\" content=\"600\" \/>\n\t<meta property=\"og:image:height\" content=\"400\" \/>\n\t<meta property=\"og:image:type\" content=\"image\/jpeg\" \/>\n<meta name=\"twitter:card\" content=\"summary_large_image\" \/>\n<meta name=\"twitter:label1\" content=\"Est. reading time\" \/>\n\t<meta name=\"twitter:data1\" content=\"1 minuta\" \/>\n<script type=\"application\/ld+json\" class=\"yoast-schema-graph\">{\"@context\":\"https:\/\/schema.org\",\"@graph\":[{\"@type\":\"WebPage\",\"@id\":\"https:\/\/www.regionsaris.sk\/historia\/kostol-sv-jozefa\/\",\"url\":\"https:\/\/www.regionsaris.sk\/historia\/kostol-sv-jozefa\/\",\"name\":\"Kostol sv. Jozefa - OOCR \u0160ari\u0161\",\"isPartOf\":{\"@id\":\"https:\/\/www.regionsaris.sk\/#website\"},\"primaryImageOfPage\":{\"@id\":\"https:\/\/www.regionsaris.sk\/historia\/kostol-sv-jozefa\/#primaryimage\"},\"image\":{\"@id\":\"https:\/\/www.regionsaris.sk\/historia\/kostol-sv-jozefa\/#primaryimage\"},\"thumbnailUrl\":\"https:\/\/www.regionsaris.sk\/wp-content\/uploads\/2026\/01\/Kostol-sv-Jozefa-600x400-1.jpg\",\"datePublished\":\"2020-05-29T10:24:09+00:00\",\"breadcrumb\":{\"@id\":\"https:\/\/www.regionsaris.sk\/historia\/kostol-sv-jozefa\/#breadcrumb\"},\"inLanguage\":\"pl-PL\",\"potentialAction\":[{\"@type\":\"ReadAction\",\"target\":[\"https:\/\/www.regionsaris.sk\/historia\/kostol-sv-jozefa\/\"]}]},{\"@type\":\"ImageObject\",\"inLanguage\":\"pl-PL\",\"@id\":\"https:\/\/www.regionsaris.sk\/historia\/kostol-sv-jozefa\/#primaryimage\",\"url\":\"https:\/\/www.regionsaris.sk\/wp-content\/uploads\/2026\/01\/Kostol-sv-Jozefa-600x400-1.jpg\",\"contentUrl\":\"https:\/\/www.regionsaris.sk\/wp-content\/uploads\/2026\/01\/Kostol-sv-Jozefa-600x400-1.jpg\",\"width\":600,\"height\":400},{\"@type\":\"BreadcrumbList\",\"@id\":\"https:\/\/www.regionsaris.sk\/historia\/kostol-sv-jozefa\/#breadcrumb\",\"itemListElement\":[{\"@type\":\"ListItem\",\"position\":1,\"name\":\"Domov\",\"item\":\"https:\/\/www.regionsaris.sk\/\"},{\"@type\":\"ListItem\",\"position\":2,\"name\":\"Hist\u00f3ria regi\u00f3nu\",\"item\":\"https:\/\/www.regionsaris.sk\/historia-regionu\/\"},{\"@type\":\"ListItem\",\"position\":3,\"name\":\"Kostol sv. Jozefa\"}]},{\"@type\":\"WebSite\",\"@id\":\"https:\/\/www.regionsaris.sk\/#website\",\"url\":\"https:\/\/www.regionsaris.sk\/\",\"name\":\"OOCR \u0160ari\u0161\",\"description\":\"\",\"potentialAction\":[{\"@type\":\"SearchAction\",\"target\":{\"@type\":\"EntryPoint\",\"urlTemplate\":\"https:\/\/www.regionsaris.sk\/?s={search_term_string}\"},\"query-input\":{\"@type\":\"PropertyValueSpecification\",\"valueRequired\":true,\"valueName\":\"search_term_string\"}}],\"inLanguage\":\"pl-PL\"}]}<\/script>\n<!-- \/ Yoast SEO Premium plugin. -->","yoast_head_json":{"title":"Kostol sv. Jozefa - OOCR \u0160ari\u0161","robots":{"index":"index","follow":"follow","max-snippet":"max-snippet:-1","max-image-preview":"max-image-preview:large","max-video-preview":"max-video-preview:-1"},"canonical":"https:\/\/www.regionsaris.sk\/pl\/historia\/kostol-sv-jozefa\/","og_locale":"pl_PL","og_type":"article","og_title":"Kostol sv. Jozefa","og_description":"Barokov\u00fd jednolo\u010fov\u00fd r\u00edmskokatol\u00edcky kostol s dvojve\u017eov\u00fdm prie\u010del\u00edm je spojen\u00fd na severnej strane s kl\u00e1\u0161torom. V...","og_url":"https:\/\/www.regionsaris.sk\/pl\/historia\/kostol-sv-jozefa\/","og_site_name":"OOCR \u0160ari\u0161","og_image":[{"width":600,"height":400,"url":"https:\/\/www.regionsaris.sk\/wp-content\/uploads\/2026\/01\/Kostol-sv-Jozefa-600x400-1.jpg","type":"image\/jpeg"}],"twitter_card":"summary_large_image","twitter_misc":{"Est. reading time":"1 minuta"},"schema":{"@context":"https:\/\/schema.org","@graph":[{"@type":"WebPage","@id":"https:\/\/www.regionsaris.sk\/historia\/kostol-sv-jozefa\/","url":"https:\/\/www.regionsaris.sk\/historia\/kostol-sv-jozefa\/","name":"Kostol sv. Jozefa - OOCR \u0160ari\u0161","isPartOf":{"@id":"https:\/\/www.regionsaris.sk\/#website"},"primaryImageOfPage":{"@id":"https:\/\/www.regionsaris.sk\/historia\/kostol-sv-jozefa\/#primaryimage"},"image":{"@id":"https:\/\/www.regionsaris.sk\/historia\/kostol-sv-jozefa\/#primaryimage"},"thumbnailUrl":"https:\/\/www.regionsaris.sk\/wp-content\/uploads\/2026\/01\/Kostol-sv-Jozefa-600x400-1.jpg","datePublished":"2020-05-29T10:24:09+00:00","breadcrumb":{"@id":"https:\/\/www.regionsaris.sk\/historia\/kostol-sv-jozefa\/#breadcrumb"},"inLanguage":"pl-PL","potentialAction":[{"@type":"ReadAction","target":["https:\/\/www.regionsaris.sk\/historia\/kostol-sv-jozefa\/"]}]},{"@type":"ImageObject","inLanguage":"pl-PL","@id":"https:\/\/www.regionsaris.sk\/historia\/kostol-sv-jozefa\/#primaryimage","url":"https:\/\/www.regionsaris.sk\/wp-content\/uploads\/2026\/01\/Kostol-sv-Jozefa-600x400-1.jpg","contentUrl":"https:\/\/www.regionsaris.sk\/wp-content\/uploads\/2026\/01\/Kostol-sv-Jozefa-600x400-1.jpg","width":600,"height":400},{"@type":"BreadcrumbList","@id":"https:\/\/www.regionsaris.sk\/historia\/kostol-sv-jozefa\/#breadcrumb","itemListElement":[{"@type":"ListItem","position":1,"name":"Domov","item":"https:\/\/www.regionsaris.sk\/"},{"@type":"ListItem","position":2,"name":"Hist\u00f3ria regi\u00f3nu","item":"https:\/\/www.regionsaris.sk\/historia-regionu\/"},{"@type":"ListItem","position":3,"name":"Kostol sv. Jozefa"}]},{"@type":"WebSite","@id":"https:\/\/www.regionsaris.sk\/#website","url":"https:\/\/www.regionsaris.sk\/","name":"OOCR \u0160ari\u0161","description":"","potentialAction":[{"@type":"SearchAction","target":{"@type":"EntryPoint","urlTemplate":"https:\/\/www.regionsaris.sk\/?s={search_term_string}"},"query-input":{"@type":"PropertyValueSpecification","valueRequired":true,"valueName":"search_term_string"}}],"inLanguage":"pl-PL"}]}},"_links":{"self":[{"href":"https:\/\/www.regionsaris.sk\/pl\/wp-json\/wp\/v2\/historia\/2036","targetHints":{"allow":["GET"]}}],"collection":[{"href":"https:\/\/www.regionsaris.sk\/pl\/wp-json\/wp\/v2\/historia"}],"about":[{"href":"https:\/\/www.regionsaris.sk\/pl\/wp-json\/wp\/v2\/types\/historia"}],"wp:featuredmedia":[{"embeddable":true,"href":"https:\/\/www.regionsaris.sk\/pl\/wp-json\/wp\/v2\/media\/1100"}],"wp:attachment":[{"href":"https:\/\/www.regionsaris.sk\/pl\/wp-json\/wp\/v2\/media?parent=2036"}],"wp:term":[{"taxonomy":"kategoria-poi","embeddable":true,"href":"https:\/\/www.regionsaris.sk\/pl\/wp-json\/wp\/v2\/kategoria-poi?post=2036"},{"taxonomy":"lokalita","embeddable":true,"href":"https:\/\/www.regionsaris.sk\/pl\/wp-json\/wp\/v2\/lokalita?post=2036"},{"taxonomy":"sezona-poi","embeddable":true,"href":"https:\/\/www.regionsaris.sk\/pl\/wp-json\/wp\/v2\/sezona-poi?post=2036"},{"taxonomy":"trvanie-vyletu","embeddable":true,"href":"https:\/\/www.regionsaris.sk\/pl\/wp-json\/wp\/v2\/trvanie-vyletu?post=2036"}],"curies":[{"name":"wp","href":"https:\/\/api.w.org\/{rel}","templated":true}]}}