{"id":4176,"date":"2026-03-23T08:15:46","date_gmt":"2026-03-23T07:15:46","guid":{"rendered":"https:\/\/www.regionsaris.sk\/?post_type=vyznamna-tvar&#038;p=4176"},"modified":"2026-03-25T14:32:18","modified_gmt":"2026-03-25T13:32:18","slug":"peter-nagy","status":"publish","type":"vyznamna-tvar","link":"https:\/\/www.regionsaris.sk\/it\/vyznamna-tvar\/peter-nagy\/","title":{"rendered":"Peter Nagy"},"content":{"rendered":"<p>Peter Nagy \u00e8 nato il 9 aprile 1959 a Pre\u0161ov ed \u00e8 uno dei cantanti di maggior successo della musica popolare slovacca degli anni Ottanta e della prima met\u00e0 degli anni Novanta. Dopo essersi diplomato al Ginnasio di J\u00e1n Adam Rayman a Pre\u0161ov, si \u00e8 laureato presso la Facolt\u00e0 di Arti dell'Universit\u00e0 dello Spettacolo di Ko\u0161ice.&nbsp;<\/p>\n\n\n\n<p>Il primo brano di successo con cui Peter Nagy si \u00e8 imposto all'attenzione del pubblico \u00e8 stata la canzone \u201eProfessor Indigo\u201c. La registr\u00f2 nell'agosto 1982 nello studio della Radio di Ko\u0161ice insieme al chitarrista Karl Witz, che in seguito collabor\u00f2 con i gruppi Modus e Collegium musicum. La composizione fu pubblicata un anno dopo. Nel 1982-1983 Nagy ha completato il servizio militare di base come vocalista nel Military Art Ensemble di Bratislava, dove ha fondato il suo primo gruppo musicale professionale chiamato Indigo. Durante questo periodo gli viene proposto di cantare con il gruppo Modus.&nbsp;<\/p>\n\n\n\n<p>Dopo la pubblicazione del terzo album Are You Thinking What I'm Thinking? Peter Nagy ricevette il Golden Crest of Opus dall'allora direttore dell'etichetta Opus Ivan Stanislav per aver venduto il milionesimo disco. Tra i brani di maggior successo di questo album c'era la canzone \u201eLove is here with you\u201c, che vinse tre volte nella hit parade della TV Triangel. Nel 1987, al momento del suo quarto anniversario, Peter Nagy e la sua band Indigo avevano tenuto pi\u00f9 di 500 concerti, due dei quali davanti al Lucerna di Praga, tutto esaurito.<\/p>\n\n\n\n<p>Dalla seconda met\u00e0 degli anni Ottanta, Peter Nagy \u00e8 stato coinvolto anche in progetti di album per bambini unici nel loro genere, volti a scoprire giovani talenti canori. Il primo di una serie di questi album \u00e8 stato il titolo Peter, Va\u0161o e Be\u00e1ta for Children, che ha preparato con Beata Dubasov\u00e1 e Vasa Patejdl. Nella prima met\u00e0 degli anni '90, Peter Nagy ha condotto il programma giovanile Fany sulla televisione slovacca.<\/p>\n\n\n\n<p><strong>Fonte:<\/strong> https:\/\/sk.wikipedia.org\/wiki\/Peter_Nagy<br><strong>Fonte della foto:<\/strong> Da Utente:Richenza - File:Peter Nagy (20).jpg, CC BY-SA 4.0, https:\/\/commons.wikimedia.org\/w\/index.php?curid=58069418<\/p>","protected":false},"featured_media":4232,"template":"","meta":{"_acf_changed":true},"kategoria-vyznamnych-tvari":[244],"oblast-posobenia":[247,236,256],"class_list":["post-4176","vyznamna-tvar","type-vyznamna-tvar","status-publish","has-post-thumbnail","hentry","kategoria-vyznamnych-tvari-sucasna-osobnost","oblast-posobenia-fotografia","oblast-posobenia-hudba","oblast-posobenia-spev"],"acf":[],"yoast_head":"<!-- This site is optimized with the Yoast SEO Premium plugin v26.3 (Yoast SEO v26.8) - https:\/\/yoast.com\/product\/yoast-seo-premium-wordpress\/ -->\n<title>Peter Nagy - OOCR \u0160ari\u0161<\/title>\n<meta name=\"description\" content=\"Peter Nagy je zn\u00e1my hlavne ako spev\u00e1k, hudobn\u00fd skladate\u013e, hudobn\u00edk, text\u00e1r, hudobn\u00fd producent a fotograf r\u00f4znych \u0161t\u00fdlov.\" \/>\n<meta name=\"robots\" content=\"index, follow, max-snippet:-1, max-image-preview:large, max-video-preview:-1\" \/>\n<link rel=\"canonical\" href=\"https:\/\/www.regionsaris.sk\/it\/vyznamna-tvar\/peter-nagy\/\" \/>\n<meta property=\"og:locale\" content=\"it_IT\" \/>\n<meta property=\"og:type\" content=\"article\" \/>\n<meta property=\"og:title\" content=\"Peter Nagy\" \/>\n<meta property=\"og:description\" content=\"Peter Nagy je zn\u00e1my hlavne ako spev\u00e1k, hudobn\u00fd skladate\u013e, hudobn\u00edk, text\u00e1r, hudobn\u00fd producent a fotograf r\u00f4znych \u0161t\u00fdlov.\" \/>\n<meta property=\"og:url\" content=\"https:\/\/www.regionsaris.sk\/it\/vyznamna-tvar\/peter-nagy\/\" \/>\n<meta property=\"og:site_name\" content=\"OOCR \u0160ari\u0161\" \/>\n<meta property=\"article:modified_time\" content=\"2026-03-25T13:32:18+00:00\" \/>\n<meta property=\"og:image\" content=\"https:\/\/www.regionsaris.sk\/wp-content\/uploads\/2026\/03\/peter-nagy-vyznamne-tvare-regionu-oocrrs.png\" \/>\n\t<meta property=\"og:image:width\" content=\"500\" \/>\n\t<meta property=\"og:image:height\" content=\"500\" \/>\n\t<meta property=\"og:image:type\" content=\"image\/png\" \/>\n<meta name=\"twitter:card\" content=\"summary_large_image\" \/>\n<meta name=\"twitter:label1\" content=\"Tempo di lettura stimato\" \/>\n\t<meta name=\"twitter:data1\" content=\"2 minuti\" \/>\n<script type=\"application\/ld+json\" class=\"yoast-schema-graph\">{\"@context\":\"https:\/\/schema.org\",\"@graph\":[{\"@type\":\"WebPage\",\"@id\":\"https:\/\/www.regionsaris.sk\/vyznamna-tvar\/peter-nagy\/\",\"url\":\"https:\/\/www.regionsaris.sk\/vyznamna-tvar\/peter-nagy\/\",\"name\":\"Peter Nagy - OOCR \u0160ari\u0161\",\"isPartOf\":{\"@id\":\"https:\/\/www.regionsaris.sk\/#website\"},\"primaryImageOfPage\":{\"@id\":\"https:\/\/www.regionsaris.sk\/vyznamna-tvar\/peter-nagy\/#primaryimage\"},\"image\":{\"@id\":\"https:\/\/www.regionsaris.sk\/vyznamna-tvar\/peter-nagy\/#primaryimage\"},\"thumbnailUrl\":\"https:\/\/www.regionsaris.sk\/wp-content\/uploads\/2026\/03\/peter-nagy-vyznamne-tvare-regionu-oocrrs.png\",\"datePublished\":\"2026-03-23T07:15:46+00:00\",\"dateModified\":\"2026-03-25T13:32:18+00:00\",\"description\":\"Peter Nagy je zn\u00e1my hlavne ako spev\u00e1k, hudobn\u00fd skladate\u013e, hudobn\u00edk, text\u00e1r, hudobn\u00fd producent a fotograf r\u00f4znych \u0161t\u00fdlov.\",\"breadcrumb\":{\"@id\":\"https:\/\/www.regionsaris.sk\/vyznamna-tvar\/peter-nagy\/#breadcrumb\"},\"inLanguage\":\"it-IT\",\"potentialAction\":[{\"@type\":\"ReadAction\",\"target\":[\"https:\/\/www.regionsaris.sk\/vyznamna-tvar\/peter-nagy\/\"]}]},{\"@type\":\"ImageObject\",\"inLanguage\":\"it-IT\",\"@id\":\"https:\/\/www.regionsaris.sk\/vyznamna-tvar\/peter-nagy\/#primaryimage\",\"url\":\"https:\/\/www.regionsaris.sk\/wp-content\/uploads\/2026\/03\/peter-nagy-vyznamne-tvare-regionu-oocrrs.png\",\"contentUrl\":\"https:\/\/www.regionsaris.sk\/wp-content\/uploads\/2026\/03\/peter-nagy-vyznamne-tvare-regionu-oocrrs.png\",\"width\":500,\"height\":500},{\"@type\":\"BreadcrumbList\",\"@id\":\"https:\/\/www.regionsaris.sk\/vyznamna-tvar\/peter-nagy\/#breadcrumb\",\"itemListElement\":[{\"@type\":\"ListItem\",\"position\":1,\"name\":\"Domov\",\"item\":\"https:\/\/www.regionsaris.sk\/\"},{\"@type\":\"ListItem\",\"position\":2,\"name\":\"V\u00fdznamn\u00e9 tv\u00e1re regi\u00f3nu\",\"item\":\"https:\/\/www.regionsaris.sk\/vyznamne-tvare-regionu\/\"},{\"@type\":\"ListItem\",\"position\":3,\"name\":\"Peter Nagy\"}]},{\"@type\":\"WebSite\",\"@id\":\"https:\/\/www.regionsaris.sk\/#website\",\"url\":\"https:\/\/www.regionsaris.sk\/\",\"name\":\"OOCR \u0160ari\u0161\",\"description\":\"\",\"potentialAction\":[{\"@type\":\"SearchAction\",\"target\":{\"@type\":\"EntryPoint\",\"urlTemplate\":\"https:\/\/www.regionsaris.sk\/?s={search_term_string}\"},\"query-input\":{\"@type\":\"PropertyValueSpecification\",\"valueRequired\":true,\"valueName\":\"search_term_string\"}}],\"inLanguage\":\"it-IT\"}]}<\/script>\n<!-- \/ Yoast SEO Premium plugin. -->","yoast_head_json":{"title":"Peter Nagy - OOCR \u0160ari\u0161","description":"Peter Nagy je zn\u00e1my hlavne ako spev\u00e1k, hudobn\u00fd skladate\u013e, hudobn\u00edk, text\u00e1r, hudobn\u00fd producent a fotograf r\u00f4znych \u0161t\u00fdlov.","robots":{"index":"index","follow":"follow","max-snippet":"max-snippet:-1","max-image-preview":"max-image-preview:large","max-video-preview":"max-video-preview:-1"},"canonical":"https:\/\/www.regionsaris.sk\/it\/vyznamna-tvar\/peter-nagy\/","og_locale":"it_IT","og_type":"article","og_title":"Peter Nagy","og_description":"Peter Nagy je zn\u00e1my hlavne ako spev\u00e1k, hudobn\u00fd skladate\u013e, hudobn\u00edk, text\u00e1r, hudobn\u00fd producent a fotograf r\u00f4znych \u0161t\u00fdlov.","og_url":"https:\/\/www.regionsaris.sk\/it\/vyznamna-tvar\/peter-nagy\/","og_site_name":"OOCR \u0160ari\u0161","article_modified_time":"2026-03-25T13:32:18+00:00","og_image":[{"width":500,"height":500,"url":"https:\/\/www.regionsaris.sk\/wp-content\/uploads\/2026\/03\/peter-nagy-vyznamne-tvare-regionu-oocrrs.png","type":"image\/png"}],"twitter_card":"summary_large_image","twitter_misc":{"Tempo di lettura stimato":"2 minuti"},"schema":{"@context":"https:\/\/schema.org","@graph":[{"@type":"WebPage","@id":"https:\/\/www.regionsaris.sk\/vyznamna-tvar\/peter-nagy\/","url":"https:\/\/www.regionsaris.sk\/vyznamna-tvar\/peter-nagy\/","name":"Peter Nagy - OOCR \u0160ari\u0161","isPartOf":{"@id":"https:\/\/www.regionsaris.sk\/#website"},"primaryImageOfPage":{"@id":"https:\/\/www.regionsaris.sk\/vyznamna-tvar\/peter-nagy\/#primaryimage"},"image":{"@id":"https:\/\/www.regionsaris.sk\/vyznamna-tvar\/peter-nagy\/#primaryimage"},"thumbnailUrl":"https:\/\/www.regionsaris.sk\/wp-content\/uploads\/2026\/03\/peter-nagy-vyznamne-tvare-regionu-oocrrs.png","datePublished":"2026-03-23T07:15:46+00:00","dateModified":"2026-03-25T13:32:18+00:00","description":"Peter Nagy je zn\u00e1my hlavne ako spev\u00e1k, hudobn\u00fd skladate\u013e, hudobn\u00edk, text\u00e1r, hudobn\u00fd producent a fotograf r\u00f4znych \u0161t\u00fdlov.","breadcrumb":{"@id":"https:\/\/www.regionsaris.sk\/vyznamna-tvar\/peter-nagy\/#breadcrumb"},"inLanguage":"it-IT","potentialAction":[{"@type":"ReadAction","target":["https:\/\/www.regionsaris.sk\/vyznamna-tvar\/peter-nagy\/"]}]},{"@type":"ImageObject","inLanguage":"it-IT","@id":"https:\/\/www.regionsaris.sk\/vyznamna-tvar\/peter-nagy\/#primaryimage","url":"https:\/\/www.regionsaris.sk\/wp-content\/uploads\/2026\/03\/peter-nagy-vyznamne-tvare-regionu-oocrrs.png","contentUrl":"https:\/\/www.regionsaris.sk\/wp-content\/uploads\/2026\/03\/peter-nagy-vyznamne-tvare-regionu-oocrrs.png","width":500,"height":500},{"@type":"BreadcrumbList","@id":"https:\/\/www.regionsaris.sk\/vyznamna-tvar\/peter-nagy\/#breadcrumb","itemListElement":[{"@type":"ListItem","position":1,"name":"Domov","item":"https:\/\/www.regionsaris.sk\/"},{"@type":"ListItem","position":2,"name":"V\u00fdznamn\u00e9 tv\u00e1re regi\u00f3nu","item":"https:\/\/www.regionsaris.sk\/vyznamne-tvare-regionu\/"},{"@type":"ListItem","position":3,"name":"Peter Nagy"}]},{"@type":"WebSite","@id":"https:\/\/www.regionsaris.sk\/#website","url":"https:\/\/www.regionsaris.sk\/","name":"OOCR \u0160ari\u0161","description":"","potentialAction":[{"@type":"SearchAction","target":{"@type":"EntryPoint","urlTemplate":"https:\/\/www.regionsaris.sk\/?s={search_term_string}"},"query-input":{"@type":"PropertyValueSpecification","valueRequired":true,"valueName":"search_term_string"}}],"inLanguage":"it-IT"}]}},"_links":{"self":[{"href":"https:\/\/www.regionsaris.sk\/it\/wp-json\/wp\/v2\/vyznamna-tvar\/4176","targetHints":{"allow":["GET"]}}],"collection":[{"href":"https:\/\/www.regionsaris.sk\/it\/wp-json\/wp\/v2\/vyznamna-tvar"}],"about":[{"href":"https:\/\/www.regionsaris.sk\/it\/wp-json\/wp\/v2\/types\/vyznamna-tvar"}],"wp:featuredmedia":[{"embeddable":true,"href":"https:\/\/www.regionsaris.sk\/it\/wp-json\/wp\/v2\/media\/4232"}],"wp:attachment":[{"href":"https:\/\/www.regionsaris.sk\/it\/wp-json\/wp\/v2\/media?parent=4176"}],"wp:term":[{"taxonomy":"kategoria-vyznamnych-tvari","embeddable":true,"href":"https:\/\/www.regionsaris.sk\/it\/wp-json\/wp\/v2\/kategoria-vyznamnych-tvari?post=4176"},{"taxonomy":"oblast-posobenia","embeddable":true,"href":"https:\/\/www.regionsaris.sk\/it\/wp-json\/wp\/v2\/oblast-posobenia?post=4176"}],"curies":[{"name":"wp","href":"https:\/\/api.w.org\/{rel}","templated":true}]}}