{"id":4172,"date":"2026-03-23T08:11:16","date_gmt":"2026-03-23T07:11:16","guid":{"rendered":"https:\/\/www.regionsaris.sk\/?post_type=vyznamna-tvar&#038;p=4172"},"modified":"2026-03-25T14:39:17","modified_gmt":"2026-03-25T13:39:17","slug":"pter-konya","status":"publish","type":"vyznamna-tvar","link":"https:\/\/www.regionsaris.sk\/it\/vyznamna-tvar\/pter-konya\/","title":{"rendered":"Pietro K\u00f3nya"},"content":{"rendered":"<p>Il dott. h. c. prof. Peter K\u00f3nya, PhD (* 20 agosto 1966, Pre\u0161ov, Cecoslovacchia) \u00e8 un professore universitario slovacco, storico e funzionario accademico. Lavora presso l'Istituto di Storia della Facolt\u00e0 di Lettere dell'Universit\u00e0 di Pre\u0161ov. Dal 1\u00b0 agosto 2015 \u00e8 rettore dell'Universit\u00e0 di Pre\u0161ov.<\/p>\n\n\n\n<p>La sua ricerca scientifica a lungo termine si concentra sulla storia delle rivolte antiasburgiche in Ungheria e sul loro impatto sulle libere citt\u00e0 reali dell'Alta Ungheria (Processo di sangue di Pre\u0161ov del 1687, Pre\u0161ov, Bardejov, Sabinov durante la Controriforma e le rivolte antiasburgiche (1670 - 1711), Per la Patria e la Libert\u00e0. Il turbolento destino del generale Kuruc Juraj Ottlyk). Si occupa inoltre di ricerche sui temi della Riforma e della ricattolicizzazione e della storia della Chiesa evangelica a.v.,\u00c8 stato compilatore e autore di diverse raccolte scientifiche, monografie ed edizioni di fonti sull'argomento (Controriforma, ricattolicizzazione e riforma cattolica, Tre confessioni di fede luterane dall'Ungheria, Leonard St\u00f6ckel e la Riforma in Europa centrale, Confessionalizzazione in Slovacchia nei secoli XVI-XVIII).&nbsp;<\/p>\n\n\n\n<p>I suoi interessi di ricerca si concentrano anche sulla ricerca della storia regionale, dove \u00e8 stato autore e compilatore di molte storie di villaggi e citt\u00e0 della Slovacchia orientale (Storia di Sabinov, Storia di Sobraniec, Storia di Kr\u00e1\u013eovsk\u00fd Chlmec, Storia del villaggio di So\u013e). \u00c8 compilatore e coautore del testo universitario Storia dell'Ungheria (1000 - 1918).<\/p>\n\n\n\n<p><strong>Premi:<\/strong><\/p>\n\n\n\n<p>1\u00b0 Premio del Decano della Facolt\u00e0 di Lettere e Filosofia (2001, 2010)<\/p>\n\n\n\n<p>2. Premio Jozef Miloslav Hurban per la letteratura biografica e dizionariale (2010),<\/p>\n\n\n\n<p>3. Premio della Societ\u00e0 storica slovacca presso l'Accademia slovacca delle scienze (2011)<\/p>\n\n\n\n<p>4. Medaglia della sezione di Debrecen dell'Accademia delle Scienze ungherese Pro Cooperatione.<\/p>\n\n\n\n<p><strong>Fonte: <\/strong>https:\/\/www.unipo.sk\/filozoficka-fakulta\/instituty-fakulty\/ih-new\/ludia\/profesori\/30976<br><strong>Fonte della foto:<\/strong> Autore: Universit\u00e0 di Presov - https:\/\/www.unipo.sk\/informacie-o-univerzite\/organy\/oas\/rektor\/, CC BY-SA 4.0, https:\/\/commons.wikimedia.org\/w\/index.php?curid=85891316<\/p>\n\n\n\n<p><\/p>","protected":false},"featured_media":4234,"template":"","meta":{"_acf_changed":true},"kategoria-vyznamnych-tvari":[244],"oblast-posobenia":[232],"class_list":["post-4172","vyznamna-tvar","type-vyznamna-tvar","status-publish","has-post-thumbnail","hentry","kategoria-vyznamnych-tvari-sucasna-osobnost","oblast-posobenia-pedagogika"],"acf":[],"yoast_head":"<!-- This site is optimized with the Yoast SEO Premium plugin v26.3 (Yoast SEO v26.8) - https:\/\/yoast.com\/product\/yoast-seo-premium-wordpress\/ -->\n<title>Peter K\u00f3nya - OOCR \u0160ari\u0161<\/title>\n<meta name=\"description\" content=\"Peter K\u00f3nya je slovensk\u00fd univerzitn\u00fd profesor, historik a akademick\u00fd funkcion\u00e1r. P\u00f4sob\u00ed na In\u0161tit\u00fate hist\u00f3rie Filozofickej fakulty PU.\" \/>\n<meta name=\"robots\" content=\"index, follow, max-snippet:-1, max-image-preview:large, max-video-preview:-1\" \/>\n<link rel=\"canonical\" href=\"https:\/\/www.regionsaris.sk\/it\/vyznamna-tvar\/pter-konya\/\" \/>\n<meta property=\"og:locale\" content=\"it_IT\" \/>\n<meta property=\"og:type\" content=\"article\" \/>\n<meta property=\"og:title\" content=\"Peter K\u00f3nya\" \/>\n<meta property=\"og:description\" content=\"Peter K\u00f3nya je slovensk\u00fd univerzitn\u00fd profesor, historik a akademick\u00fd funkcion\u00e1r. P\u00f4sob\u00ed na In\u0161tit\u00fate hist\u00f3rie Filozofickej fakulty PU.\" \/>\n<meta property=\"og:url\" content=\"https:\/\/www.regionsaris.sk\/it\/vyznamna-tvar\/pter-konya\/\" \/>\n<meta property=\"og:site_name\" content=\"OOCR \u0160ari\u0161\" \/>\n<meta property=\"article:modified_time\" content=\"2026-03-25T13:39:17+00:00\" \/>\n<meta property=\"og:image\" content=\"https:\/\/www.regionsaris.sk\/wp-content\/uploads\/2026\/03\/peter-konya-vyznamne-tvare-regionu-oocrrs.png\" \/>\n\t<meta property=\"og:image:width\" content=\"500\" \/>\n\t<meta property=\"og:image:height\" content=\"500\" \/>\n\t<meta property=\"og:image:type\" content=\"image\/png\" \/>\n<meta name=\"twitter:card\" content=\"summary_large_image\" \/>\n<meta name=\"twitter:label1\" content=\"Tempo di lettura stimato\" \/>\n\t<meta name=\"twitter:data1\" content=\"2 minuti\" \/>\n<script type=\"application\/ld+json\" class=\"yoast-schema-graph\">{\"@context\":\"https:\/\/schema.org\",\"@graph\":[{\"@type\":\"WebPage\",\"@id\":\"https:\/\/www.regionsaris.sk\/vyznamna-tvar\/pter-konya\/\",\"url\":\"https:\/\/www.regionsaris.sk\/vyznamna-tvar\/pter-konya\/\",\"name\":\"Peter K\u00f3nya - OOCR \u0160ari\u0161\",\"isPartOf\":{\"@id\":\"https:\/\/www.regionsaris.sk\/#website\"},\"primaryImageOfPage\":{\"@id\":\"https:\/\/www.regionsaris.sk\/vyznamna-tvar\/pter-konya\/#primaryimage\"},\"image\":{\"@id\":\"https:\/\/www.regionsaris.sk\/vyznamna-tvar\/pter-konya\/#primaryimage\"},\"thumbnailUrl\":\"https:\/\/www.regionsaris.sk\/wp-content\/uploads\/2026\/03\/peter-konya-vyznamne-tvare-regionu-oocrrs.png\",\"datePublished\":\"2026-03-23T07:11:16+00:00\",\"dateModified\":\"2026-03-25T13:39:17+00:00\",\"description\":\"Peter K\u00f3nya je slovensk\u00fd univerzitn\u00fd profesor, historik a akademick\u00fd funkcion\u00e1r. P\u00f4sob\u00ed na In\u0161tit\u00fate hist\u00f3rie Filozofickej fakulty PU.\",\"breadcrumb\":{\"@id\":\"https:\/\/www.regionsaris.sk\/vyznamna-tvar\/pter-konya\/#breadcrumb\"},\"inLanguage\":\"it-IT\",\"potentialAction\":[{\"@type\":\"ReadAction\",\"target\":[\"https:\/\/www.regionsaris.sk\/vyznamna-tvar\/pter-konya\/\"]}]},{\"@type\":\"ImageObject\",\"inLanguage\":\"it-IT\",\"@id\":\"https:\/\/www.regionsaris.sk\/vyznamna-tvar\/pter-konya\/#primaryimage\",\"url\":\"https:\/\/www.regionsaris.sk\/wp-content\/uploads\/2026\/03\/peter-konya-vyznamne-tvare-regionu-oocrrs.png\",\"contentUrl\":\"https:\/\/www.regionsaris.sk\/wp-content\/uploads\/2026\/03\/peter-konya-vyznamne-tvare-regionu-oocrrs.png\",\"width\":500,\"height\":500},{\"@type\":\"BreadcrumbList\",\"@id\":\"https:\/\/www.regionsaris.sk\/vyznamna-tvar\/pter-konya\/#breadcrumb\",\"itemListElement\":[{\"@type\":\"ListItem\",\"position\":1,\"name\":\"Domov\",\"item\":\"https:\/\/www.regionsaris.sk\/\"},{\"@type\":\"ListItem\",\"position\":2,\"name\":\"V\u00fdznamn\u00e9 tv\u00e1re regi\u00f3nu\",\"item\":\"https:\/\/www.regionsaris.sk\/vyznamne-tvare-regionu\/\"},{\"@type\":\"ListItem\",\"position\":3,\"name\":\"Peter K\u00f3nya\"}]},{\"@type\":\"WebSite\",\"@id\":\"https:\/\/www.regionsaris.sk\/#website\",\"url\":\"https:\/\/www.regionsaris.sk\/\",\"name\":\"OOCR \u0160ari\u0161\",\"description\":\"\",\"potentialAction\":[{\"@type\":\"SearchAction\",\"target\":{\"@type\":\"EntryPoint\",\"urlTemplate\":\"https:\/\/www.regionsaris.sk\/?s={search_term_string}\"},\"query-input\":{\"@type\":\"PropertyValueSpecification\",\"valueRequired\":true,\"valueName\":\"search_term_string\"}}],\"inLanguage\":\"it-IT\"}]}<\/script>\n<!-- \/ Yoast SEO Premium plugin. -->","yoast_head_json":{"title":"Peter K\u00f3nya - OOCR \u0160ari\u0161","description":"Peter K\u00f3nya je slovensk\u00fd univerzitn\u00fd profesor, historik a akademick\u00fd funkcion\u00e1r. P\u00f4sob\u00ed na In\u0161tit\u00fate hist\u00f3rie Filozofickej fakulty PU.","robots":{"index":"index","follow":"follow","max-snippet":"max-snippet:-1","max-image-preview":"max-image-preview:large","max-video-preview":"max-video-preview:-1"},"canonical":"https:\/\/www.regionsaris.sk\/it\/vyznamna-tvar\/pter-konya\/","og_locale":"it_IT","og_type":"article","og_title":"Peter K\u00f3nya","og_description":"Peter K\u00f3nya je slovensk\u00fd univerzitn\u00fd profesor, historik a akademick\u00fd funkcion\u00e1r. P\u00f4sob\u00ed na In\u0161tit\u00fate hist\u00f3rie Filozofickej fakulty PU.","og_url":"https:\/\/www.regionsaris.sk\/it\/vyznamna-tvar\/pter-konya\/","og_site_name":"OOCR \u0160ari\u0161","article_modified_time":"2026-03-25T13:39:17+00:00","og_image":[{"width":500,"height":500,"url":"https:\/\/www.regionsaris.sk\/wp-content\/uploads\/2026\/03\/peter-konya-vyznamne-tvare-regionu-oocrrs.png","type":"image\/png"}],"twitter_card":"summary_large_image","twitter_misc":{"Tempo di lettura stimato":"2 minuti"},"schema":{"@context":"https:\/\/schema.org","@graph":[{"@type":"WebPage","@id":"https:\/\/www.regionsaris.sk\/vyznamna-tvar\/pter-konya\/","url":"https:\/\/www.regionsaris.sk\/vyznamna-tvar\/pter-konya\/","name":"Peter K\u00f3nya - OOCR \u0160ari\u0161","isPartOf":{"@id":"https:\/\/www.regionsaris.sk\/#website"},"primaryImageOfPage":{"@id":"https:\/\/www.regionsaris.sk\/vyznamna-tvar\/pter-konya\/#primaryimage"},"image":{"@id":"https:\/\/www.regionsaris.sk\/vyznamna-tvar\/pter-konya\/#primaryimage"},"thumbnailUrl":"https:\/\/www.regionsaris.sk\/wp-content\/uploads\/2026\/03\/peter-konya-vyznamne-tvare-regionu-oocrrs.png","datePublished":"2026-03-23T07:11:16+00:00","dateModified":"2026-03-25T13:39:17+00:00","description":"Peter K\u00f3nya je slovensk\u00fd univerzitn\u00fd profesor, historik a akademick\u00fd funkcion\u00e1r. P\u00f4sob\u00ed na In\u0161tit\u00fate hist\u00f3rie Filozofickej fakulty PU.","breadcrumb":{"@id":"https:\/\/www.regionsaris.sk\/vyznamna-tvar\/pter-konya\/#breadcrumb"},"inLanguage":"it-IT","potentialAction":[{"@type":"ReadAction","target":["https:\/\/www.regionsaris.sk\/vyznamna-tvar\/pter-konya\/"]}]},{"@type":"ImageObject","inLanguage":"it-IT","@id":"https:\/\/www.regionsaris.sk\/vyznamna-tvar\/pter-konya\/#primaryimage","url":"https:\/\/www.regionsaris.sk\/wp-content\/uploads\/2026\/03\/peter-konya-vyznamne-tvare-regionu-oocrrs.png","contentUrl":"https:\/\/www.regionsaris.sk\/wp-content\/uploads\/2026\/03\/peter-konya-vyznamne-tvare-regionu-oocrrs.png","width":500,"height":500},{"@type":"BreadcrumbList","@id":"https:\/\/www.regionsaris.sk\/vyznamna-tvar\/pter-konya\/#breadcrumb","itemListElement":[{"@type":"ListItem","position":1,"name":"Domov","item":"https:\/\/www.regionsaris.sk\/"},{"@type":"ListItem","position":2,"name":"V\u00fdznamn\u00e9 tv\u00e1re regi\u00f3nu","item":"https:\/\/www.regionsaris.sk\/vyznamne-tvare-regionu\/"},{"@type":"ListItem","position":3,"name":"Peter K\u00f3nya"}]},{"@type":"WebSite","@id":"https:\/\/www.regionsaris.sk\/#website","url":"https:\/\/www.regionsaris.sk\/","name":"OOCR \u0160ari\u0161","description":"","potentialAction":[{"@type":"SearchAction","target":{"@type":"EntryPoint","urlTemplate":"https:\/\/www.regionsaris.sk\/?s={search_term_string}"},"query-input":{"@type":"PropertyValueSpecification","valueRequired":true,"valueName":"search_term_string"}}],"inLanguage":"it-IT"}]}},"_links":{"self":[{"href":"https:\/\/www.regionsaris.sk\/it\/wp-json\/wp\/v2\/vyznamna-tvar\/4172","targetHints":{"allow":["GET"]}}],"collection":[{"href":"https:\/\/www.regionsaris.sk\/it\/wp-json\/wp\/v2\/vyznamna-tvar"}],"about":[{"href":"https:\/\/www.regionsaris.sk\/it\/wp-json\/wp\/v2\/types\/vyznamna-tvar"}],"wp:featuredmedia":[{"embeddable":true,"href":"https:\/\/www.regionsaris.sk\/it\/wp-json\/wp\/v2\/media\/4234"}],"wp:attachment":[{"href":"https:\/\/www.regionsaris.sk\/it\/wp-json\/wp\/v2\/media?parent=4172"}],"wp:term":[{"taxonomy":"kategoria-vyznamnych-tvari","embeddable":true,"href":"https:\/\/www.regionsaris.sk\/it\/wp-json\/wp\/v2\/kategoria-vyznamnych-tvari?post=4172"},{"taxonomy":"oblast-posobenia","embeddable":true,"href":"https:\/\/www.regionsaris.sk\/it\/wp-json\/wp\/v2\/oblast-posobenia?post=4172"}],"curies":[{"name":"wp","href":"https:\/\/api.w.org\/{rel}","templated":true}]}}