{"id":4168,"date":"2026-03-23T08:04:26","date_gmt":"2026-03-23T07:04:26","guid":{"rendered":"https:\/\/www.regionsaris.sk\/?post_type=vyznamna-tvar&#038;p=4168"},"modified":"2026-03-25T14:43:46","modified_gmt":"2026-03-25T13:43:46","slug":"marcel-merciak","status":"publish","type":"vyznamna-tvar","link":"https:\/\/www.regionsaris.sk\/it\/vyznamna-tvar\/marcel-merciak\/","title":{"rendered":"Marcel Merciak"},"content":{"rendered":"<p>Marcel Mer\u010diak \u00e8 nato il 31 agosto 1975 a Pre\u0161ov. Dopo essersi diplomato al Ginnasio di via Tarasa \u0160ev\u010denka (l'attuale Ginnasio Jan Adam Rayman) a Pre\u0161ov, nel 1993 ha iniziato a studiare giornalismo presso la Facolt\u00e0 di Lettere dell'Universit\u00e0 Carlo di Bratislava. Dopo aver conseguito un master, il 1\u00b0 luglio 1997 \u00e8 diventato dipendente della Televisione Slovacca, dove commenta le trasmissioni sportive (principalmente calcio o biathlon).&nbsp;<\/p>\n\n\n\n<p>Dal 1996 al 2024 ha partecipato a tutti e quindici i Giochi Olimpici (8 estivi e 7 invernali). Nelle sue mirabili statistiche professionali spiccano i record di telecronaca delle partite di sette Coppe del Mondo e sette Campionati Europei di calcio, 12 volte ha commentato la finale di Champions League.<\/p>\n\n\n\n<p>Dopo la fondazione di RTVS nel gennaio 2011, la direzione del direttore generale V\u00e1clav Mika gli ha affidato la gestione del dipartimento sportivo di RTVS. Ha ricoperto questa posizione di caporedattore sport per 4 anni e 11 mesi (dal 1\u00b0 febbraio 2013 alla fine del 2017). Nel 2021 gli \u00e8 stata affidata la posizione di responsabile del programma del circuito sportivo del media pubblico.&nbsp;<\/p>\n\n\n\n<p>\u00c8 vincitore del premio settimanale Zivot, del premio Gab Zelenay dell'Unione dei giornalisti slovacchi, 13 volte vincitore del sondaggio OTO (3 volte nella categoria dei presentatori sportivi, 8 volte nella categoria dei commentatori sportivi e due volte \u201eOTO assoluto\u201c). Nel 2014, la direzione dell'allora RTVS gli ha affidato la moderazione del programma di intrattenimento-concorso \u201eQuello che so\u201c. Dal 2013 \u00e8 membro della commissione sportiva dei prestigiosi Crystal Wing Awards. Marcel Merciak \u00e8 diventato una personalit\u00e0 giornalistica integrata, un vero professionista.<\/p>\n\n\n\n<p>Oltre all'attivit\u00e0 televisiva, il grande giornalista \u00e8 diventato anche collaboratore freelance del quotidiano online Standard, dove arricchisce i lettori con i suoi commenti, approfondimenti e interviste ad atleti famosi.<\/p>\n\n\n\n<p><strong>Fonte:<\/strong> https:\/\/www.stvr.sk\/historia\/osobnosti\/marcel-merciak<br><strong>Fonte della foto:<\/strong> Autore: la Contea di Bratislava da Bratislava, Slovacchia - Crystal Wing 2016, CC BY 2.0, https:\/\/commons.wikimedia.org\/w\/index.php?curid=46672694<\/p>","protected":false},"featured_media":4236,"template":"","meta":{"_acf_changed":true},"kategoria-vyznamnych-tvari":[244],"oblast-posobenia":[241,237,263],"class_list":["post-4168","vyznamna-tvar","type-vyznamna-tvar","status-publish","has-post-thumbnail","hentry","kategoria-vyznamnych-tvari-sucasna-osobnost","oblast-posobenia-publicistika","oblast-posobenia-sport","oblast-posobenia-televizia"],"acf":[],"yoast_head":"<!-- This site is optimized with the Yoast SEO Premium plugin v26.3 (Yoast SEO v26.8) - https:\/\/yoast.com\/product\/yoast-seo-premium-wordpress\/ -->\n<title>Marcel Mer\u010diak - OOCR \u0160ari\u0161<\/title>\n<meta name=\"description\" content=\"Marcel Mer\u010diak je zn\u00e1my slovensk\u00fd \u0161portov\u00fd koment\u00e1tor a novin\u00e1r. Taktie\u017e je extern\u00fdm spolupracovn\u00edkov denn\u00edka \u0160tandard.\" \/>\n<meta name=\"robots\" content=\"index, follow, max-snippet:-1, max-image-preview:large, max-video-preview:-1\" \/>\n<link rel=\"canonical\" href=\"https:\/\/www.regionsaris.sk\/it\/vyznamna-tvar\/marcel-merciak\/\" \/>\n<meta property=\"og:locale\" content=\"it_IT\" \/>\n<meta property=\"og:type\" content=\"article\" \/>\n<meta property=\"og:title\" content=\"Marcel Mer\u010diak\" \/>\n<meta property=\"og:description\" content=\"Marcel Mer\u010diak je zn\u00e1my slovensk\u00fd \u0161portov\u00fd koment\u00e1tor a novin\u00e1r. Taktie\u017e je extern\u00fdm spolupracovn\u00edkov denn\u00edka \u0160tandard.\" \/>\n<meta property=\"og:url\" content=\"https:\/\/www.regionsaris.sk\/it\/vyznamna-tvar\/marcel-merciak\/\" \/>\n<meta property=\"og:site_name\" content=\"OOCR \u0160ari\u0161\" \/>\n<meta property=\"article:modified_time\" content=\"2026-03-25T13:43:46+00:00\" \/>\n<meta property=\"og:image\" content=\"https:\/\/www.regionsaris.sk\/wp-content\/uploads\/2026\/03\/marcel-merciak-vyznamne-tvare-regionu-oocrrs.png\" \/>\n\t<meta property=\"og:image:width\" content=\"500\" \/>\n\t<meta property=\"og:image:height\" content=\"500\" \/>\n\t<meta property=\"og:image:type\" content=\"image\/png\" \/>\n<meta name=\"twitter:card\" content=\"summary_large_image\" \/>\n<meta name=\"twitter:label1\" content=\"Tempo di lettura stimato\" \/>\n\t<meta name=\"twitter:data1\" content=\"2 minuti\" \/>\n<script type=\"application\/ld+json\" class=\"yoast-schema-graph\">{\"@context\":\"https:\/\/schema.org\",\"@graph\":[{\"@type\":\"WebPage\",\"@id\":\"https:\/\/www.regionsaris.sk\/vyznamna-tvar\/marcel-merciak\/\",\"url\":\"https:\/\/www.regionsaris.sk\/vyznamna-tvar\/marcel-merciak\/\",\"name\":\"Marcel Mer\u010diak - OOCR \u0160ari\u0161\",\"isPartOf\":{\"@id\":\"https:\/\/www.regionsaris.sk\/#website\"},\"primaryImageOfPage\":{\"@id\":\"https:\/\/www.regionsaris.sk\/vyznamna-tvar\/marcel-merciak\/#primaryimage\"},\"image\":{\"@id\":\"https:\/\/www.regionsaris.sk\/vyznamna-tvar\/marcel-merciak\/#primaryimage\"},\"thumbnailUrl\":\"https:\/\/www.regionsaris.sk\/wp-content\/uploads\/2026\/03\/marcel-merciak-vyznamne-tvare-regionu-oocrrs.png\",\"datePublished\":\"2026-03-23T07:04:26+00:00\",\"dateModified\":\"2026-03-25T13:43:46+00:00\",\"description\":\"Marcel Mer\u010diak je zn\u00e1my slovensk\u00fd \u0161portov\u00fd koment\u00e1tor a novin\u00e1r. Taktie\u017e je extern\u00fdm spolupracovn\u00edkov denn\u00edka \u0160tandard.\",\"breadcrumb\":{\"@id\":\"https:\/\/www.regionsaris.sk\/vyznamna-tvar\/marcel-merciak\/#breadcrumb\"},\"inLanguage\":\"it-IT\",\"potentialAction\":[{\"@type\":\"ReadAction\",\"target\":[\"https:\/\/www.regionsaris.sk\/vyznamna-tvar\/marcel-merciak\/\"]}]},{\"@type\":\"ImageObject\",\"inLanguage\":\"it-IT\",\"@id\":\"https:\/\/www.regionsaris.sk\/vyznamna-tvar\/marcel-merciak\/#primaryimage\",\"url\":\"https:\/\/www.regionsaris.sk\/wp-content\/uploads\/2026\/03\/marcel-merciak-vyznamne-tvare-regionu-oocrrs.png\",\"contentUrl\":\"https:\/\/www.regionsaris.sk\/wp-content\/uploads\/2026\/03\/marcel-merciak-vyznamne-tvare-regionu-oocrrs.png\",\"width\":500,\"height\":500},{\"@type\":\"BreadcrumbList\",\"@id\":\"https:\/\/www.regionsaris.sk\/vyznamna-tvar\/marcel-merciak\/#breadcrumb\",\"itemListElement\":[{\"@type\":\"ListItem\",\"position\":1,\"name\":\"Domov\",\"item\":\"https:\/\/www.regionsaris.sk\/\"},{\"@type\":\"ListItem\",\"position\":2,\"name\":\"V\u00fdznamn\u00e9 tv\u00e1re regi\u00f3nu\",\"item\":\"https:\/\/www.regionsaris.sk\/vyznamne-tvare-regionu\/\"},{\"@type\":\"ListItem\",\"position\":3,\"name\":\"Marcel Mer\u010diak\"}]},{\"@type\":\"WebSite\",\"@id\":\"https:\/\/www.regionsaris.sk\/#website\",\"url\":\"https:\/\/www.regionsaris.sk\/\",\"name\":\"OOCR \u0160ari\u0161\",\"description\":\"\",\"potentialAction\":[{\"@type\":\"SearchAction\",\"target\":{\"@type\":\"EntryPoint\",\"urlTemplate\":\"https:\/\/www.regionsaris.sk\/?s={search_term_string}\"},\"query-input\":{\"@type\":\"PropertyValueSpecification\",\"valueRequired\":true,\"valueName\":\"search_term_string\"}}],\"inLanguage\":\"it-IT\"}]}<\/script>\n<!-- \/ Yoast SEO Premium plugin. -->","yoast_head_json":{"title":"Marcel Mer\u010diak - OOCR \u0160ari\u0161","description":"Marcel Mer\u010diak je zn\u00e1my slovensk\u00fd \u0161portov\u00fd koment\u00e1tor a novin\u00e1r. Taktie\u017e je extern\u00fdm spolupracovn\u00edkov denn\u00edka \u0160tandard.","robots":{"index":"index","follow":"follow","max-snippet":"max-snippet:-1","max-image-preview":"max-image-preview:large","max-video-preview":"max-video-preview:-1"},"canonical":"https:\/\/www.regionsaris.sk\/it\/vyznamna-tvar\/marcel-merciak\/","og_locale":"it_IT","og_type":"article","og_title":"Marcel Mer\u010diak","og_description":"Marcel Mer\u010diak je zn\u00e1my slovensk\u00fd \u0161portov\u00fd koment\u00e1tor a novin\u00e1r. Taktie\u017e je extern\u00fdm spolupracovn\u00edkov denn\u00edka \u0160tandard.","og_url":"https:\/\/www.regionsaris.sk\/it\/vyznamna-tvar\/marcel-merciak\/","og_site_name":"OOCR \u0160ari\u0161","article_modified_time":"2026-03-25T13:43:46+00:00","og_image":[{"width":500,"height":500,"url":"https:\/\/www.regionsaris.sk\/wp-content\/uploads\/2026\/03\/marcel-merciak-vyznamne-tvare-regionu-oocrrs.png","type":"image\/png"}],"twitter_card":"summary_large_image","twitter_misc":{"Tempo di lettura stimato":"2 minuti"},"schema":{"@context":"https:\/\/schema.org","@graph":[{"@type":"WebPage","@id":"https:\/\/www.regionsaris.sk\/vyznamna-tvar\/marcel-merciak\/","url":"https:\/\/www.regionsaris.sk\/vyznamna-tvar\/marcel-merciak\/","name":"Marcel Mer\u010diak - OOCR \u0160ari\u0161","isPartOf":{"@id":"https:\/\/www.regionsaris.sk\/#website"},"primaryImageOfPage":{"@id":"https:\/\/www.regionsaris.sk\/vyznamna-tvar\/marcel-merciak\/#primaryimage"},"image":{"@id":"https:\/\/www.regionsaris.sk\/vyznamna-tvar\/marcel-merciak\/#primaryimage"},"thumbnailUrl":"https:\/\/www.regionsaris.sk\/wp-content\/uploads\/2026\/03\/marcel-merciak-vyznamne-tvare-regionu-oocrrs.png","datePublished":"2026-03-23T07:04:26+00:00","dateModified":"2026-03-25T13:43:46+00:00","description":"Marcel Mer\u010diak je zn\u00e1my slovensk\u00fd \u0161portov\u00fd koment\u00e1tor a novin\u00e1r. Taktie\u017e je extern\u00fdm spolupracovn\u00edkov denn\u00edka \u0160tandard.","breadcrumb":{"@id":"https:\/\/www.regionsaris.sk\/vyznamna-tvar\/marcel-merciak\/#breadcrumb"},"inLanguage":"it-IT","potentialAction":[{"@type":"ReadAction","target":["https:\/\/www.regionsaris.sk\/vyznamna-tvar\/marcel-merciak\/"]}]},{"@type":"ImageObject","inLanguage":"it-IT","@id":"https:\/\/www.regionsaris.sk\/vyznamna-tvar\/marcel-merciak\/#primaryimage","url":"https:\/\/www.regionsaris.sk\/wp-content\/uploads\/2026\/03\/marcel-merciak-vyznamne-tvare-regionu-oocrrs.png","contentUrl":"https:\/\/www.regionsaris.sk\/wp-content\/uploads\/2026\/03\/marcel-merciak-vyznamne-tvare-regionu-oocrrs.png","width":500,"height":500},{"@type":"BreadcrumbList","@id":"https:\/\/www.regionsaris.sk\/vyznamna-tvar\/marcel-merciak\/#breadcrumb","itemListElement":[{"@type":"ListItem","position":1,"name":"Domov","item":"https:\/\/www.regionsaris.sk\/"},{"@type":"ListItem","position":2,"name":"V\u00fdznamn\u00e9 tv\u00e1re regi\u00f3nu","item":"https:\/\/www.regionsaris.sk\/vyznamne-tvare-regionu\/"},{"@type":"ListItem","position":3,"name":"Marcel Mer\u010diak"}]},{"@type":"WebSite","@id":"https:\/\/www.regionsaris.sk\/#website","url":"https:\/\/www.regionsaris.sk\/","name":"OOCR \u0160ari\u0161","description":"","potentialAction":[{"@type":"SearchAction","target":{"@type":"EntryPoint","urlTemplate":"https:\/\/www.regionsaris.sk\/?s={search_term_string}"},"query-input":{"@type":"PropertyValueSpecification","valueRequired":true,"valueName":"search_term_string"}}],"inLanguage":"it-IT"}]}},"_links":{"self":[{"href":"https:\/\/www.regionsaris.sk\/it\/wp-json\/wp\/v2\/vyznamna-tvar\/4168","targetHints":{"allow":["GET"]}}],"collection":[{"href":"https:\/\/www.regionsaris.sk\/it\/wp-json\/wp\/v2\/vyznamna-tvar"}],"about":[{"href":"https:\/\/www.regionsaris.sk\/it\/wp-json\/wp\/v2\/types\/vyznamna-tvar"}],"wp:featuredmedia":[{"embeddable":true,"href":"https:\/\/www.regionsaris.sk\/it\/wp-json\/wp\/v2\/media\/4236"}],"wp:attachment":[{"href":"https:\/\/www.regionsaris.sk\/it\/wp-json\/wp\/v2\/media?parent=4168"}],"wp:term":[{"taxonomy":"kategoria-vyznamnych-tvari","embeddable":true,"href":"https:\/\/www.regionsaris.sk\/it\/wp-json\/wp\/v2\/kategoria-vyznamnych-tvari?post=4168"},{"taxonomy":"oblast-posobenia","embeddable":true,"href":"https:\/\/www.regionsaris.sk\/it\/wp-json\/wp\/v2\/oblast-posobenia?post=4168"}],"curies":[{"name":"wp","href":"https:\/\/api.w.org\/{rel}","templated":true}]}}