{"id":4164,"date":"2026-03-23T07:59:37","date_gmt":"2026-03-23T06:59:37","guid":{"rendered":"https:\/\/www.regionsaris.sk\/?post_type=vyznamna-tvar&#038;p=4164"},"modified":"2026-03-25T14:48:50","modified_gmt":"2026-03-25T13:48:50","slug":"katarina-knechtova","status":"publish","type":"vyznamna-tvar","link":"https:\/\/www.regionsaris.sk\/it\/vyznamna-tvar\/katarina-knechtova\/","title":{"rendered":"Katar\u00edna Knechtov\u00e1"},"content":{"rendered":"<p>Katar\u00edna Knechtov\u00e1 \u00e8 una cantante, compositrice e paroliera slovacca, nonch\u00e9 pianista, chitarrista e batterista. Originaria di Pre\u0161ov, si \u00e8 diplomata al Gymnasium di Jan Adam Rayman e si \u00e8 anche diplomata alla Folk Art School in pianoforte e ha cantato nell'ensemble Pre\u0161ovch\u010dat\u00e1. .<\/p>\n\n\n\n<p>All'et\u00e0 di quindici anni inizia la sua carriera musicale nel gruppo IMT Smile. L'allora diciassettenne Ivan T\u00e1sler, leader del gruppo, si era interessato a lei durante gli studi al ginnasio di Pre\u0161ov e le aveva offerto un posto come vocalist. Poco dopo, il gruppo part\u00ec per un'importante tourn\u00e9e cecoslovacca come gruppo di supporto per il leggendario Olympik. .<\/p>\n\n\n\n<p>Nel 1997 fonda la nuova band Peha con il batterista Martin Migas e il chitarrista Karel Sivak. Il successo \u00e8 immediato e la canzone \u201eRemote Control\u201c diventa il brano pi\u00f9 suonato in Slovacchia. L'Aurel 2005 diventa un trionfo per i Peha, che vincono quattro premi: miglior cantante, miglior gruppo, miglior canzone \u201eZa tebou\u201c e miglior album.<\/p>\n\n\n\n<p>Knechtov\u00e1 ha lasciato Peha nel 2008 e ha intrapreso una carriera da solista. Per il film BATHORY di Juraj Jakubisko, nel 2007 ha composto la canzone \u201eMuoj Bo\u017ee\u201c, ispirata ai salmi medievali e in parte in slavo antico. Jakubisko ha diretto un video musicale per la canzone insieme a Katarina. La canzone \u00e8 stata estremamente popolare, conquistando le classifiche musicali slovacche e vincendo il prestigioso premio Aurel per la migliore canzone dell'anno. Nonostante ci\u00f2, non \u00e8 stata inclusa nel film finale.<\/p>\n\n\n\n<p>Oltre ai concerti in Slovacchia e nella Repubblica Ceca, Katar\u00edna ha composto musica per film, ad esempio per il film ISABEL e per il film studentesco ZEM JE GU\u013dAT\u00c1 (LA TERRA \u00c8 GULAT\u00c1). Il suo progetto da sogno era quello di fondare un gruppo femminile, The Cubes, nel quale per\u00f2 non ha cantato. Secondo le sue stesse parole, l'ha fondato per poter suonare la batteria. Il gruppo ha pubblicato un album e un video musicale con lo stesso nome \u201eTomorrow\u201c nel 2012. Le Cubes hanno supportato la band Garbage e la stessa Knechtova ha supportato i Cranberries e i Depeche Mode nei concerti di Bratislava e Praga. .<\/p>\n\n\n\n<p>Katar\u00edna ha ricevuto numerosi riconoscimenti, come i premi Aurel e OTO per la migliore cantante dell'anno o gli Usignoli d'argento. Oltre alla musica, le piace sperimentare con il suo aspetto e spesso sorprende soprattutto per il colore e la lunghezza dei capelli. Sebbene il suo ultimo album abbia una versione in inglese, nel suo lavoro preferisce lo slovacco, \u00e8 coinvolta in progetti di promozione dei prodotti slovacchi e vive ancora nella sua citt\u00e0 natale, Pre\u0161ov.<\/p>\n\n\n\n<p><strong>Fonte: <\/strong>https:\/\/www.csfd.sk\/tvorca\/101063-katarina-knechtova\/biografia\/<br><strong>Fonte della foto: <\/strong>Da Fishfrog - Lavoro proprio, CC BY-SA 3.0, https:\/\/commons.wikimedia.org\/w\/index.php?curid=29706592<\/p>","protected":false},"featured_media":4238,"template":"","meta":{"_acf_changed":true},"kategoria-vyznamnych-tvari":[244],"oblast-posobenia":[236,256],"class_list":["post-4164","vyznamna-tvar","type-vyznamna-tvar","status-publish","has-post-thumbnail","hentry","kategoria-vyznamnych-tvari-sucasna-osobnost","oblast-posobenia-hudba","oblast-posobenia-spev"],"acf":[],"yoast_head":"<!-- This site is optimized with the Yoast SEO Premium plugin v26.3 (Yoast SEO v26.8) - https:\/\/yoast.com\/product\/yoast-seo-premium-wordpress\/ -->\n<title>Katar\u00edna Knechtov\u00e1 - OOCR \u0160ari\u0161<\/title>\n<meta name=\"description\" content=\"Katar\u00edna Knechtov\u00e1 je slovensk\u00e1 spev\u00e1\u010dka, klaviristka, gitaristka a skladate\u013eka piesn\u00ed. Bola s\u00fa\u010das\u0165ou skupiny Peha.\" \/>\n<meta name=\"robots\" content=\"index, follow, max-snippet:-1, max-image-preview:large, max-video-preview:-1\" \/>\n<link rel=\"canonical\" href=\"https:\/\/www.regionsaris.sk\/it\/vyznamna-tvar\/katarina-knechtova\/\" \/>\n<meta property=\"og:locale\" content=\"it_IT\" \/>\n<meta property=\"og:type\" content=\"article\" \/>\n<meta property=\"og:title\" content=\"Katar\u00edna Knechtov\u00e1\" \/>\n<meta property=\"og:description\" content=\"Katar\u00edna Knechtov\u00e1 je slovensk\u00e1 spev\u00e1\u010dka, klaviristka, gitaristka a skladate\u013eka piesn\u00ed. Bola s\u00fa\u010das\u0165ou skupiny Peha.\" \/>\n<meta property=\"og:url\" content=\"https:\/\/www.regionsaris.sk\/it\/vyznamna-tvar\/katarina-knechtova\/\" \/>\n<meta property=\"og:site_name\" content=\"OOCR \u0160ari\u0161\" \/>\n<meta property=\"article:modified_time\" content=\"2026-03-25T13:48:50+00:00\" \/>\n<meta property=\"og:image\" content=\"https:\/\/www.regionsaris.sk\/wp-content\/uploads\/2026\/03\/katarina-knechtova-vyznamne-tvare-regionu-oocrrs.png\" \/>\n\t<meta property=\"og:image:width\" content=\"500\" \/>\n\t<meta property=\"og:image:height\" content=\"500\" \/>\n\t<meta property=\"og:image:type\" content=\"image\/png\" \/>\n<meta name=\"twitter:card\" content=\"summary_large_image\" \/>\n<meta name=\"twitter:label1\" content=\"Tempo di lettura stimato\" \/>\n\t<meta name=\"twitter:data1\" content=\"3 minuti\" \/>\n<script type=\"application\/ld+json\" class=\"yoast-schema-graph\">{\"@context\":\"https:\/\/schema.org\",\"@graph\":[{\"@type\":\"WebPage\",\"@id\":\"https:\/\/www.regionsaris.sk\/vyznamna-tvar\/katarina-knechtova\/\",\"url\":\"https:\/\/www.regionsaris.sk\/vyznamna-tvar\/katarina-knechtova\/\",\"name\":\"Katar\u00edna Knechtov\u00e1 - OOCR \u0160ari\u0161\",\"isPartOf\":{\"@id\":\"https:\/\/www.regionsaris.sk\/#website\"},\"primaryImageOfPage\":{\"@id\":\"https:\/\/www.regionsaris.sk\/vyznamna-tvar\/katarina-knechtova\/#primaryimage\"},\"image\":{\"@id\":\"https:\/\/www.regionsaris.sk\/vyznamna-tvar\/katarina-knechtova\/#primaryimage\"},\"thumbnailUrl\":\"https:\/\/www.regionsaris.sk\/wp-content\/uploads\/2026\/03\/katarina-knechtova-vyznamne-tvare-regionu-oocrrs.png\",\"datePublished\":\"2026-03-23T06:59:37+00:00\",\"dateModified\":\"2026-03-25T13:48:50+00:00\",\"description\":\"Katar\u00edna Knechtov\u00e1 je slovensk\u00e1 spev\u00e1\u010dka, klaviristka, gitaristka a skladate\u013eka piesn\u00ed. Bola s\u00fa\u010das\u0165ou skupiny Peha.\",\"breadcrumb\":{\"@id\":\"https:\/\/www.regionsaris.sk\/vyznamna-tvar\/katarina-knechtova\/#breadcrumb\"},\"inLanguage\":\"it-IT\",\"potentialAction\":[{\"@type\":\"ReadAction\",\"target\":[\"https:\/\/www.regionsaris.sk\/vyznamna-tvar\/katarina-knechtova\/\"]}]},{\"@type\":\"ImageObject\",\"inLanguage\":\"it-IT\",\"@id\":\"https:\/\/www.regionsaris.sk\/vyznamna-tvar\/katarina-knechtova\/#primaryimage\",\"url\":\"https:\/\/www.regionsaris.sk\/wp-content\/uploads\/2026\/03\/katarina-knechtova-vyznamne-tvare-regionu-oocrrs.png\",\"contentUrl\":\"https:\/\/www.regionsaris.sk\/wp-content\/uploads\/2026\/03\/katarina-knechtova-vyznamne-tvare-regionu-oocrrs.png\",\"width\":500,\"height\":500},{\"@type\":\"BreadcrumbList\",\"@id\":\"https:\/\/www.regionsaris.sk\/vyznamna-tvar\/katarina-knechtova\/#breadcrumb\",\"itemListElement\":[{\"@type\":\"ListItem\",\"position\":1,\"name\":\"Domov\",\"item\":\"https:\/\/www.regionsaris.sk\/\"},{\"@type\":\"ListItem\",\"position\":2,\"name\":\"V\u00fdznamn\u00e9 tv\u00e1re regi\u00f3nu\",\"item\":\"https:\/\/www.regionsaris.sk\/vyznamne-tvare-regionu\/\"},{\"@type\":\"ListItem\",\"position\":3,\"name\":\"Katar\u00edna Knechtov\u00e1\"}]},{\"@type\":\"WebSite\",\"@id\":\"https:\/\/www.regionsaris.sk\/#website\",\"url\":\"https:\/\/www.regionsaris.sk\/\",\"name\":\"OOCR \u0160ari\u0161\",\"description\":\"\",\"potentialAction\":[{\"@type\":\"SearchAction\",\"target\":{\"@type\":\"EntryPoint\",\"urlTemplate\":\"https:\/\/www.regionsaris.sk\/?s={search_term_string}\"},\"query-input\":{\"@type\":\"PropertyValueSpecification\",\"valueRequired\":true,\"valueName\":\"search_term_string\"}}],\"inLanguage\":\"it-IT\"}]}<\/script>\n<!-- \/ Yoast SEO Premium plugin. -->","yoast_head_json":{"title":"Katar\u00edna Knechtov\u00e1 - OOCR \u0160ari\u0161","description":"Katar\u00edna Knechtov\u00e1 je slovensk\u00e1 spev\u00e1\u010dka, klaviristka, gitaristka a skladate\u013eka piesn\u00ed. Bola s\u00fa\u010das\u0165ou skupiny Peha.","robots":{"index":"index","follow":"follow","max-snippet":"max-snippet:-1","max-image-preview":"max-image-preview:large","max-video-preview":"max-video-preview:-1"},"canonical":"https:\/\/www.regionsaris.sk\/it\/vyznamna-tvar\/katarina-knechtova\/","og_locale":"it_IT","og_type":"article","og_title":"Katar\u00edna Knechtov\u00e1","og_description":"Katar\u00edna Knechtov\u00e1 je slovensk\u00e1 spev\u00e1\u010dka, klaviristka, gitaristka a skladate\u013eka piesn\u00ed. Bola s\u00fa\u010das\u0165ou skupiny Peha.","og_url":"https:\/\/www.regionsaris.sk\/it\/vyznamna-tvar\/katarina-knechtova\/","og_site_name":"OOCR \u0160ari\u0161","article_modified_time":"2026-03-25T13:48:50+00:00","og_image":[{"width":500,"height":500,"url":"https:\/\/www.regionsaris.sk\/wp-content\/uploads\/2026\/03\/katarina-knechtova-vyznamne-tvare-regionu-oocrrs.png","type":"image\/png"}],"twitter_card":"summary_large_image","twitter_misc":{"Tempo di lettura stimato":"3 minuti"},"schema":{"@context":"https:\/\/schema.org","@graph":[{"@type":"WebPage","@id":"https:\/\/www.regionsaris.sk\/vyznamna-tvar\/katarina-knechtova\/","url":"https:\/\/www.regionsaris.sk\/vyznamna-tvar\/katarina-knechtova\/","name":"Katar\u00edna Knechtov\u00e1 - OOCR \u0160ari\u0161","isPartOf":{"@id":"https:\/\/www.regionsaris.sk\/#website"},"primaryImageOfPage":{"@id":"https:\/\/www.regionsaris.sk\/vyznamna-tvar\/katarina-knechtova\/#primaryimage"},"image":{"@id":"https:\/\/www.regionsaris.sk\/vyznamna-tvar\/katarina-knechtova\/#primaryimage"},"thumbnailUrl":"https:\/\/www.regionsaris.sk\/wp-content\/uploads\/2026\/03\/katarina-knechtova-vyznamne-tvare-regionu-oocrrs.png","datePublished":"2026-03-23T06:59:37+00:00","dateModified":"2026-03-25T13:48:50+00:00","description":"Katar\u00edna Knechtov\u00e1 je slovensk\u00e1 spev\u00e1\u010dka, klaviristka, gitaristka a skladate\u013eka piesn\u00ed. Bola s\u00fa\u010das\u0165ou skupiny Peha.","breadcrumb":{"@id":"https:\/\/www.regionsaris.sk\/vyznamna-tvar\/katarina-knechtova\/#breadcrumb"},"inLanguage":"it-IT","potentialAction":[{"@type":"ReadAction","target":["https:\/\/www.regionsaris.sk\/vyznamna-tvar\/katarina-knechtova\/"]}]},{"@type":"ImageObject","inLanguage":"it-IT","@id":"https:\/\/www.regionsaris.sk\/vyznamna-tvar\/katarina-knechtova\/#primaryimage","url":"https:\/\/www.regionsaris.sk\/wp-content\/uploads\/2026\/03\/katarina-knechtova-vyznamne-tvare-regionu-oocrrs.png","contentUrl":"https:\/\/www.regionsaris.sk\/wp-content\/uploads\/2026\/03\/katarina-knechtova-vyznamne-tvare-regionu-oocrrs.png","width":500,"height":500},{"@type":"BreadcrumbList","@id":"https:\/\/www.regionsaris.sk\/vyznamna-tvar\/katarina-knechtova\/#breadcrumb","itemListElement":[{"@type":"ListItem","position":1,"name":"Domov","item":"https:\/\/www.regionsaris.sk\/"},{"@type":"ListItem","position":2,"name":"V\u00fdznamn\u00e9 tv\u00e1re regi\u00f3nu","item":"https:\/\/www.regionsaris.sk\/vyznamne-tvare-regionu\/"},{"@type":"ListItem","position":3,"name":"Katar\u00edna Knechtov\u00e1"}]},{"@type":"WebSite","@id":"https:\/\/www.regionsaris.sk\/#website","url":"https:\/\/www.regionsaris.sk\/","name":"OOCR \u0160ari\u0161","description":"","potentialAction":[{"@type":"SearchAction","target":{"@type":"EntryPoint","urlTemplate":"https:\/\/www.regionsaris.sk\/?s={search_term_string}"},"query-input":{"@type":"PropertyValueSpecification","valueRequired":true,"valueName":"search_term_string"}}],"inLanguage":"it-IT"}]}},"_links":{"self":[{"href":"https:\/\/www.regionsaris.sk\/it\/wp-json\/wp\/v2\/vyznamna-tvar\/4164","targetHints":{"allow":["GET"]}}],"collection":[{"href":"https:\/\/www.regionsaris.sk\/it\/wp-json\/wp\/v2\/vyznamna-tvar"}],"about":[{"href":"https:\/\/www.regionsaris.sk\/it\/wp-json\/wp\/v2\/types\/vyznamna-tvar"}],"wp:featuredmedia":[{"embeddable":true,"href":"https:\/\/www.regionsaris.sk\/it\/wp-json\/wp\/v2\/media\/4238"}],"wp:attachment":[{"href":"https:\/\/www.regionsaris.sk\/it\/wp-json\/wp\/v2\/media?parent=4164"}],"wp:term":[{"taxonomy":"kategoria-vyznamnych-tvari","embeddable":true,"href":"https:\/\/www.regionsaris.sk\/it\/wp-json\/wp\/v2\/kategoria-vyznamnych-tvari?post=4164"},{"taxonomy":"oblast-posobenia","embeddable":true,"href":"https:\/\/www.regionsaris.sk\/it\/wp-json\/wp\/v2\/oblast-posobenia?post=4164"}],"curies":[{"name":"wp","href":"https:\/\/api.w.org\/{rel}","templated":true}]}}