{"id":4136,"date":"2026-03-22T16:39:27","date_gmt":"2026-03-22T15:39:27","guid":{"rendered":"https:\/\/www.regionsaris.sk\/?post_type=vyznamna-tvar&#038;p=4136"},"modified":"2026-04-01T10:03:13","modified_gmt":"2026-04-01T09:03:13","slug":"pavol-szinyei-merse","status":"publish","type":"vyznamna-tvar","link":"https:\/\/www.regionsaris.sk\/it\/vyznamna-tvar\/pavol-szinyei-merse\/","title":{"rendered":"Pavol Szinyei Merse"},"content":{"rendered":"<p>Una delle personalit\u00e0 pi\u00f9 importanti che hanno lavorato nelle nostre vicinanze \u00e8 stato il pittore Pavol Szinyei Merse, nato il 4 luglio 1845 a Chminiansk\u00e1 Nov\u00e1 Ves come terzo di otto fratelli di una famiglia nobile.&nbsp;<\/p>\n\n\n\n<p>La madre Val\u00e9ria, nata Jekelfalussy, aveva gi\u00e0 un'ottima formazione artistica che inculc\u00f2 al figlio fin dalla pi\u00f9 tenera et\u00e0. La sua formazione artistica avviene studiando all'Accademia di Belle Arti di Monaco. La sua opera pi\u00f9 importante, \u201eColazione nella natura\u201c, fu fraintesa dai suoi contemporanei e caus\u00f2 uno scandalo. La offr\u00ec gratuitamente al Museo Nazionale di Budapest, che la rifiut\u00f2. Merse si ritir\u00f2 quindi in isolamento e smise di dipingere per un po'. Visse la vita di un nobile ungherese, sedendo nel Parlamento ungherese, dove si impegn\u00f2 per modernizzare l'istruzione. Con brevi interruzioni, visse tutta la sua vita in una grande tenuta a Jarovnice in \u0160ari\u0161.<\/p>\n\n\n\n<p>Il balsamo per il suo trauma psicologico dovuto all'incomprensione del suo lavoro fu la compagnia della moglie \u017dofie Probstner. Tuttavia, alla fine lo lasci\u00f2 per l'amore con Imrich Ghil\u00e1nyi, che la port\u00f2 nel maniero di Fri\u010dovce.<\/p>\n\n\n\n<p>Il tema dominante del suo lavoro era la natura e la gente della nostra regione. Tuttavia, era molto difficile per lui trovare modelli da dipingere, perch\u00e9 tra gli abitanti del villaggio c'era la superstizione che chiunque avesse dipinto sarebbe morto presto. Riscuote successo a Parigi, Monaco e Berlino e gli amici lo convincono a esporre nuovamente Colazione a Budapest, dove il pubblico lo accoglie con entusiasmo. Nel 1905 fu nominato direttore del Collegio di Belle Arti di Budapest. Oltre ai suoi dipinti di paesaggi, Szinyei dipinse anche la pala d'altare di San Giovanni Eremita che si trova nella chiesa di Jarovnice e il suo unico autoritratto di un padrone di casa di campagna con un cappotto di pelle, la cui unica copia \u00e8 appesa nella casa padronale di Fri\u010dovce. L'autore di questo dipinto \u00e8 il pittore accademico \u0160tefan Filep. L'originale adorna una delle sale della Galleria degli Uffizi di Firenze.&nbsp;<\/p>\n\n\n\n<p>Paul Szinyei Merse muore il 20 febbraio 1920 tra le braccia della figlia a Jarovnice. La sua ex moglie \u017dofia visse fino a 101 anni.<\/p>\n\n\n\n<p><strong>Fonte: <\/strong>https:\/\/ovcie.info\/2014\/08\/18\/pavol-szinyei-merse\/<br><strong>Fonte foto<\/strong>: CC BY-SA 2.0, https:\/\/commons.wikimedia.org\/w\/index.php?curid=223899<\/p>\n\n\n\n<p><\/p>","protected":false},"featured_media":4265,"template":"","meta":{"_acf_changed":true},"kategoria-vyznamnych-tvari":[230],"oblast-posobenia":[255,253],"class_list":["post-4136","vyznamna-tvar","type-vyznamna-tvar","status-publish","has-post-thumbnail","hentry","kategoria-vyznamnych-tvari-historicka-osobnost","oblast-posobenia-maliarstvo","oblast-posobenia-vytvarne-umenie"],"acf":[],"yoast_head":"<!-- This site is optimized with the Yoast SEO Premium plugin v26.3 (Yoast SEO v26.8) - https:\/\/yoast.com\/product\/yoast-seo-premium-wordpress\/ -->\n<title>Pavol Szinyei Merse - OOCR \u0160ari\u0161<\/title>\n<meta name=\"description\" content=\"Pavol Szinyei Merse - maliar svetovej \u00farovne z regi\u00f3nu \u0160ari\u0161. P\u00f4sobil preva\u017ene na v\u00fdchodnom Slovensku, no jeho obrazy pozn\u00e1 cel\u00fd svet.\" \/>\n<meta name=\"robots\" content=\"index, follow, max-snippet:-1, max-image-preview:large, max-video-preview:-1\" \/>\n<link rel=\"canonical\" href=\"https:\/\/www.regionsaris.sk\/it\/vyznamna-tvar\/pavol-szinyei-merse\/\" \/>\n<meta property=\"og:locale\" content=\"it_IT\" \/>\n<meta property=\"og:type\" content=\"article\" \/>\n<meta property=\"og:title\" content=\"Pavol Szinyei Merse\" \/>\n<meta property=\"og:description\" content=\"Pavol Szinyei Merse - maliar svetovej \u00farovne z regi\u00f3nu \u0160ari\u0161. P\u00f4sobil preva\u017ene na v\u00fdchodnom Slovensku, no jeho obrazy pozn\u00e1 cel\u00fd svet.\" \/>\n<meta property=\"og:url\" content=\"https:\/\/www.regionsaris.sk\/it\/vyznamna-tvar\/pavol-szinyei-merse\/\" \/>\n<meta property=\"og:site_name\" content=\"OOCR \u0160ari\u0161\" \/>\n<meta property=\"article:modified_time\" content=\"2026-04-01T09:03:13+00:00\" \/>\n<meta property=\"og:image\" content=\"https:\/\/www.regionsaris.sk\/wp-content\/uploads\/2026\/03\/pavol-szinyei-merse-vyznamne-tvare-regionu-oocrrs.jpg\" \/>\n\t<meta property=\"og:image:width\" content=\"500\" \/>\n\t<meta property=\"og:image:height\" content=\"500\" \/>\n\t<meta property=\"og:image:type\" content=\"image\/jpeg\" \/>\n<meta name=\"twitter:card\" content=\"summary_large_image\" \/>\n<meta name=\"twitter:label1\" content=\"Tempo di lettura stimato\" \/>\n\t<meta name=\"twitter:data1\" content=\"2 minuti\" \/>\n<script type=\"application\/ld+json\" class=\"yoast-schema-graph\">{\"@context\":\"https:\/\/schema.org\",\"@graph\":[{\"@type\":\"WebPage\",\"@id\":\"https:\/\/www.regionsaris.sk\/vyznamna-tvar\/pavol-szinyei-merse\/\",\"url\":\"https:\/\/www.regionsaris.sk\/vyznamna-tvar\/pavol-szinyei-merse\/\",\"name\":\"Pavol Szinyei Merse - OOCR \u0160ari\u0161\",\"isPartOf\":{\"@id\":\"https:\/\/www.regionsaris.sk\/#website\"},\"primaryImageOfPage\":{\"@id\":\"https:\/\/www.regionsaris.sk\/vyznamna-tvar\/pavol-szinyei-merse\/#primaryimage\"},\"image\":{\"@id\":\"https:\/\/www.regionsaris.sk\/vyznamna-tvar\/pavol-szinyei-merse\/#primaryimage\"},\"thumbnailUrl\":\"https:\/\/www.regionsaris.sk\/wp-content\/uploads\/2026\/03\/pavol-szinyei-merse-vyznamne-tvare-regionu-oocrrs.jpg\",\"datePublished\":\"2026-03-22T15:39:27+00:00\",\"dateModified\":\"2026-04-01T09:03:13+00:00\",\"description\":\"Pavol Szinyei Merse - maliar svetovej \u00farovne z regi\u00f3nu \u0160ari\u0161. P\u00f4sobil preva\u017ene na v\u00fdchodnom Slovensku, no jeho obrazy pozn\u00e1 cel\u00fd svet.\",\"breadcrumb\":{\"@id\":\"https:\/\/www.regionsaris.sk\/vyznamna-tvar\/pavol-szinyei-merse\/#breadcrumb\"},\"inLanguage\":\"it-IT\",\"potentialAction\":[{\"@type\":\"ReadAction\",\"target\":[\"https:\/\/www.regionsaris.sk\/vyznamna-tvar\/pavol-szinyei-merse\/\"]}]},{\"@type\":\"ImageObject\",\"inLanguage\":\"it-IT\",\"@id\":\"https:\/\/www.regionsaris.sk\/vyznamna-tvar\/pavol-szinyei-merse\/#primaryimage\",\"url\":\"https:\/\/www.regionsaris.sk\/wp-content\/uploads\/2026\/03\/pavol-szinyei-merse-vyznamne-tvare-regionu-oocrrs.jpg\",\"contentUrl\":\"https:\/\/www.regionsaris.sk\/wp-content\/uploads\/2026\/03\/pavol-szinyei-merse-vyznamne-tvare-regionu-oocrrs.jpg\",\"width\":500,\"height\":500},{\"@type\":\"BreadcrumbList\",\"@id\":\"https:\/\/www.regionsaris.sk\/vyznamna-tvar\/pavol-szinyei-merse\/#breadcrumb\",\"itemListElement\":[{\"@type\":\"ListItem\",\"position\":1,\"name\":\"Domov\",\"item\":\"https:\/\/www.regionsaris.sk\/\"},{\"@type\":\"ListItem\",\"position\":2,\"name\":\"V\u00fdznamn\u00e9 tv\u00e1re regi\u00f3nu\",\"item\":\"https:\/\/www.regionsaris.sk\/vyznamne-tvare-regionu\/\"},{\"@type\":\"ListItem\",\"position\":3,\"name\":\"Pavol Szinyei Merse\"}]},{\"@type\":\"WebSite\",\"@id\":\"https:\/\/www.regionsaris.sk\/#website\",\"url\":\"https:\/\/www.regionsaris.sk\/\",\"name\":\"OOCR \u0160ari\u0161\",\"description\":\"\",\"potentialAction\":[{\"@type\":\"SearchAction\",\"target\":{\"@type\":\"EntryPoint\",\"urlTemplate\":\"https:\/\/www.regionsaris.sk\/?s={search_term_string}\"},\"query-input\":{\"@type\":\"PropertyValueSpecification\",\"valueRequired\":true,\"valueName\":\"search_term_string\"}}],\"inLanguage\":\"it-IT\"}]}<\/script>\n<!-- \/ Yoast SEO Premium plugin. -->","yoast_head_json":{"title":"Pavol Szinyei Merse - OOCR \u0160ari\u0161","description":"Pavol Szinyei Merse - maliar svetovej \u00farovne z regi\u00f3nu \u0160ari\u0161. P\u00f4sobil preva\u017ene na v\u00fdchodnom Slovensku, no jeho obrazy pozn\u00e1 cel\u00fd svet.","robots":{"index":"index","follow":"follow","max-snippet":"max-snippet:-1","max-image-preview":"max-image-preview:large","max-video-preview":"max-video-preview:-1"},"canonical":"https:\/\/www.regionsaris.sk\/it\/vyznamna-tvar\/pavol-szinyei-merse\/","og_locale":"it_IT","og_type":"article","og_title":"Pavol Szinyei Merse","og_description":"Pavol Szinyei Merse - maliar svetovej \u00farovne z regi\u00f3nu \u0160ari\u0161. P\u00f4sobil preva\u017ene na v\u00fdchodnom Slovensku, no jeho obrazy pozn\u00e1 cel\u00fd svet.","og_url":"https:\/\/www.regionsaris.sk\/it\/vyznamna-tvar\/pavol-szinyei-merse\/","og_site_name":"OOCR \u0160ari\u0161","article_modified_time":"2026-04-01T09:03:13+00:00","og_image":[{"width":500,"height":500,"url":"https:\/\/www.regionsaris.sk\/wp-content\/uploads\/2026\/03\/pavol-szinyei-merse-vyznamne-tvare-regionu-oocrrs.jpg","type":"image\/jpeg"}],"twitter_card":"summary_large_image","twitter_misc":{"Tempo di lettura stimato":"2 minuti"},"schema":{"@context":"https:\/\/schema.org","@graph":[{"@type":"WebPage","@id":"https:\/\/www.regionsaris.sk\/vyznamna-tvar\/pavol-szinyei-merse\/","url":"https:\/\/www.regionsaris.sk\/vyznamna-tvar\/pavol-szinyei-merse\/","name":"Pavol Szinyei Merse - OOCR \u0160ari\u0161","isPartOf":{"@id":"https:\/\/www.regionsaris.sk\/#website"},"primaryImageOfPage":{"@id":"https:\/\/www.regionsaris.sk\/vyznamna-tvar\/pavol-szinyei-merse\/#primaryimage"},"image":{"@id":"https:\/\/www.regionsaris.sk\/vyznamna-tvar\/pavol-szinyei-merse\/#primaryimage"},"thumbnailUrl":"https:\/\/www.regionsaris.sk\/wp-content\/uploads\/2026\/03\/pavol-szinyei-merse-vyznamne-tvare-regionu-oocrrs.jpg","datePublished":"2026-03-22T15:39:27+00:00","dateModified":"2026-04-01T09:03:13+00:00","description":"Pavol Szinyei Merse - maliar svetovej \u00farovne z regi\u00f3nu \u0160ari\u0161. P\u00f4sobil preva\u017ene na v\u00fdchodnom Slovensku, no jeho obrazy pozn\u00e1 cel\u00fd svet.","breadcrumb":{"@id":"https:\/\/www.regionsaris.sk\/vyznamna-tvar\/pavol-szinyei-merse\/#breadcrumb"},"inLanguage":"it-IT","potentialAction":[{"@type":"ReadAction","target":["https:\/\/www.regionsaris.sk\/vyznamna-tvar\/pavol-szinyei-merse\/"]}]},{"@type":"ImageObject","inLanguage":"it-IT","@id":"https:\/\/www.regionsaris.sk\/vyznamna-tvar\/pavol-szinyei-merse\/#primaryimage","url":"https:\/\/www.regionsaris.sk\/wp-content\/uploads\/2026\/03\/pavol-szinyei-merse-vyznamne-tvare-regionu-oocrrs.jpg","contentUrl":"https:\/\/www.regionsaris.sk\/wp-content\/uploads\/2026\/03\/pavol-szinyei-merse-vyznamne-tvare-regionu-oocrrs.jpg","width":500,"height":500},{"@type":"BreadcrumbList","@id":"https:\/\/www.regionsaris.sk\/vyznamna-tvar\/pavol-szinyei-merse\/#breadcrumb","itemListElement":[{"@type":"ListItem","position":1,"name":"Domov","item":"https:\/\/www.regionsaris.sk\/"},{"@type":"ListItem","position":2,"name":"V\u00fdznamn\u00e9 tv\u00e1re regi\u00f3nu","item":"https:\/\/www.regionsaris.sk\/vyznamne-tvare-regionu\/"},{"@type":"ListItem","position":3,"name":"Pavol Szinyei Merse"}]},{"@type":"WebSite","@id":"https:\/\/www.regionsaris.sk\/#website","url":"https:\/\/www.regionsaris.sk\/","name":"OOCR \u0160ari\u0161","description":"","potentialAction":[{"@type":"SearchAction","target":{"@type":"EntryPoint","urlTemplate":"https:\/\/www.regionsaris.sk\/?s={search_term_string}"},"query-input":{"@type":"PropertyValueSpecification","valueRequired":true,"valueName":"search_term_string"}}],"inLanguage":"it-IT"}]}},"_links":{"self":[{"href":"https:\/\/www.regionsaris.sk\/it\/wp-json\/wp\/v2\/vyznamna-tvar\/4136","targetHints":{"allow":["GET"]}}],"collection":[{"href":"https:\/\/www.regionsaris.sk\/it\/wp-json\/wp\/v2\/vyznamna-tvar"}],"about":[{"href":"https:\/\/www.regionsaris.sk\/it\/wp-json\/wp\/v2\/types\/vyznamna-tvar"}],"wp:featuredmedia":[{"embeddable":true,"href":"https:\/\/www.regionsaris.sk\/it\/wp-json\/wp\/v2\/media\/4265"}],"wp:attachment":[{"href":"https:\/\/www.regionsaris.sk\/it\/wp-json\/wp\/v2\/media?parent=4136"}],"wp:term":[{"taxonomy":"kategoria-vyznamnych-tvari","embeddable":true,"href":"https:\/\/www.regionsaris.sk\/it\/wp-json\/wp\/v2\/kategoria-vyznamnych-tvari?post=4136"},{"taxonomy":"oblast-posobenia","embeddable":true,"href":"https:\/\/www.regionsaris.sk\/it\/wp-json\/wp\/v2\/oblast-posobenia?post=4136"}],"curies":[{"name":"wp","href":"https:\/\/api.w.org\/{rel}","templated":true}]}}