{"id":4120,"date":"2026-03-22T12:00:30","date_gmt":"2026-03-22T11:00:30","guid":{"rendered":"https:\/\/www.regionsaris.sk\/?post_type=vyznamna-tvar&#038;p=4120"},"modified":"2026-04-01T10:16:14","modified_gmt":"2026-04-01T09:16:14","slug":"jan-amos-komensky","status":"publish","type":"vyznamna-tvar","link":"https:\/\/www.regionsaris.sk\/it\/vyznamna-tvar\/jan-amos-komensky\/","title":{"rendered":"J\u00e1n Amos Komensk\u00fd"},"content":{"rendered":"<p>Uno dei pi\u00f9 grandi pensatori, filosofi e scrittori cechi nacque il 28 marzo 1592 in Moravia. Studi\u00f2 teologia e fu sacerdote, poi ultimo vescovo dell'Unit\u00e0 dei Fratelli. Dopo la sconfitta degli Estati boemi nella battaglia della Montagna Bianca del 1620, divenne esule e inizi\u00f2 il suo pellegrinaggio attraverso l'Europa.&nbsp;<\/p>\n\n\n\n<p>Dopo un soggiorno in Polonia e in Svezia, nel 1650 giunse a Pre\u0161ov e poi a Blatn\u00fd Potok su invito del principe R\u00e1koci. Nel 1654 si rec\u00f2 nuovamente a Pre\u0161ov e fu uno dei candidati al posto di rettore della scuola cittadina, ma il consiglio comunale scelse un altro candidato. Comenio si rec\u00f2 nuovamente in Polonia e da l\u00ec in Olanda, dove trascorse gli ultimi anni della sua vita. Mor\u00ec il 15 novembre 1670 ad Amsterdam.<\/p>\n\n\n\n<p>Durante la sua vita, Komensk\u00fd si guadagn\u00f2 una reputazione come autore di scritti pedagogici nel campo della teoria e della didattica dell'educazione. Il suo ideale era la pansofia, cio\u00e8 la scienza universale del sistema di tutte le conoscenze. Tra le opere di Komensk\u00fd ancora oggi riconosciute vi sono La porta delle lingue aperta, Il mondo in immagini, La grande didattica e Il labirinto del mondo e il paradiso del cuore. Molte delle sue idee sono senza tempo e per questo \u00e8 considerato non solo il fondatore della pedagogia moderna, ma anche, giustamente, un maestro delle nazioni.<\/p>\n\n\n\n<p>Durante la sua visita a Pre\u0161ov, Komensk\u00fd soggiorn\u00f2 nella casa di Ondrej Klobu\u0161ick\u00fd, poi trasformata in un palazzo, oggi sede del Tribunale regionale. Il soggiorno di Komensk\u00fd a Pre\u0161ov \u00e8 ricordato da una targa commemorativa sulla facciata del Collegio Evangelico nel centro della citt\u00e0.<\/p>\n\n\n\n<p><strong>Fonte: <\/strong>Biblioteca regionale P. O. Hviezdoslav a Pre\u0161ov; microprogetto.<br><strong>Fonte della foto:<\/strong> Di J\u00fcrgen Ovens - http:\/\/www.rijksmuseum.nl\/collectie\/SK-A-2161, Lavoro libero, https:\/\/commons.wikimedia.org\/w\/index.php?curid=34250301<\/p>","protected":false},"featured_media":4267,"template":"","meta":{"_acf_changed":true},"kategoria-vyznamnych-tvari":[230],"oblast-posobenia":[252,233,232,231],"class_list":["post-4120","vyznamna-tvar","type-vyznamna-tvar","status-publish","has-post-thumbnail","hentry","kategoria-vyznamnych-tvari-historicka-osobnost","oblast-posobenia-filozofia","oblast-posobenia-literatura","oblast-posobenia-pedagogika","oblast-posobenia-teologia"],"acf":[],"yoast_head":"<!-- This site is optimized with the Yoast SEO Premium plugin v26.3 (Yoast SEO v26.8) - https:\/\/yoast.com\/product\/yoast-seo-premium-wordpress\/ -->\n<title>J\u00e1n Amos Komensk\u00fd - OOCR \u0160ari\u0161<\/title>\n<meta name=\"description\" content=\"J\u00e1n Amos Komensk\u00fd bol jedn\u00fdm z najv\u00e4\u010d\u0161\u00edch \u010desk\u00fdch myslite\u013eov, filozofov a spisovate\u013eov. Po\u010das \u017eivota nav\u0161t\u00edvil aj Pre\u0161ov.\" \/>\n<meta name=\"robots\" content=\"index, follow, max-snippet:-1, max-image-preview:large, max-video-preview:-1\" \/>\n<link rel=\"canonical\" href=\"https:\/\/www.regionsaris.sk\/it\/vyznamna-tvar\/jan-amos-komensky\/\" \/>\n<meta property=\"og:locale\" content=\"it_IT\" \/>\n<meta property=\"og:type\" content=\"article\" \/>\n<meta property=\"og:title\" content=\"J\u00e1n Amos Komensk\u00fd\" \/>\n<meta property=\"og:description\" content=\"J\u00e1n Amos Komensk\u00fd bol jedn\u00fdm z najv\u00e4\u010d\u0161\u00edch \u010desk\u00fdch myslite\u013eov, filozofov a spisovate\u013eov. Po\u010das \u017eivota nav\u0161t\u00edvil aj Pre\u0161ov.\" \/>\n<meta property=\"og:url\" content=\"https:\/\/www.regionsaris.sk\/it\/vyznamna-tvar\/jan-amos-komensky\/\" \/>\n<meta property=\"og:site_name\" content=\"OOCR \u0160ari\u0161\" \/>\n<meta property=\"article:modified_time\" content=\"2026-04-01T09:16:14+00:00\" \/>\n<meta property=\"og:image\" content=\"https:\/\/www.regionsaris.sk\/wp-content\/uploads\/2026\/03\/jan-amos-komensky-vyznamne-tvare-regionu-oocrrs.jpg\" \/>\n\t<meta property=\"og:image:width\" content=\"500\" \/>\n\t<meta property=\"og:image:height\" content=\"500\" \/>\n\t<meta property=\"og:image:type\" content=\"image\/jpeg\" \/>\n<meta name=\"twitter:card\" content=\"summary_large_image\" \/>\n<meta name=\"twitter:label1\" content=\"Tempo di lettura stimato\" \/>\n\t<meta name=\"twitter:data1\" content=\"2 minuti\" \/>\n<script type=\"application\/ld+json\" class=\"yoast-schema-graph\">{\"@context\":\"https:\/\/schema.org\",\"@graph\":[{\"@type\":\"WebPage\",\"@id\":\"https:\/\/www.regionsaris.sk\/vyznamna-tvar\/jan-amos-komensky\/\",\"url\":\"https:\/\/www.regionsaris.sk\/vyznamna-tvar\/jan-amos-komensky\/\",\"name\":\"J\u00e1n Amos Komensk\u00fd - OOCR \u0160ari\u0161\",\"isPartOf\":{\"@id\":\"https:\/\/www.regionsaris.sk\/#website\"},\"primaryImageOfPage\":{\"@id\":\"https:\/\/www.regionsaris.sk\/vyznamna-tvar\/jan-amos-komensky\/#primaryimage\"},\"image\":{\"@id\":\"https:\/\/www.regionsaris.sk\/vyznamna-tvar\/jan-amos-komensky\/#primaryimage\"},\"thumbnailUrl\":\"https:\/\/www.regionsaris.sk\/wp-content\/uploads\/2026\/03\/jan-amos-komensky-vyznamne-tvare-regionu-oocrrs.jpg\",\"datePublished\":\"2026-03-22T11:00:30+00:00\",\"dateModified\":\"2026-04-01T09:16:14+00:00\",\"description\":\"J\u00e1n Amos Komensk\u00fd bol jedn\u00fdm z najv\u00e4\u010d\u0161\u00edch \u010desk\u00fdch myslite\u013eov, filozofov a spisovate\u013eov. Po\u010das \u017eivota nav\u0161t\u00edvil aj Pre\u0161ov.\",\"breadcrumb\":{\"@id\":\"https:\/\/www.regionsaris.sk\/vyznamna-tvar\/jan-amos-komensky\/#breadcrumb\"},\"inLanguage\":\"it-IT\",\"potentialAction\":[{\"@type\":\"ReadAction\",\"target\":[\"https:\/\/www.regionsaris.sk\/vyznamna-tvar\/jan-amos-komensky\/\"]}]},{\"@type\":\"ImageObject\",\"inLanguage\":\"it-IT\",\"@id\":\"https:\/\/www.regionsaris.sk\/vyznamna-tvar\/jan-amos-komensky\/#primaryimage\",\"url\":\"https:\/\/www.regionsaris.sk\/wp-content\/uploads\/2026\/03\/jan-amos-komensky-vyznamne-tvare-regionu-oocrrs.jpg\",\"contentUrl\":\"https:\/\/www.regionsaris.sk\/wp-content\/uploads\/2026\/03\/jan-amos-komensky-vyznamne-tvare-regionu-oocrrs.jpg\",\"width\":500,\"height\":500},{\"@type\":\"BreadcrumbList\",\"@id\":\"https:\/\/www.regionsaris.sk\/vyznamna-tvar\/jan-amos-komensky\/#breadcrumb\",\"itemListElement\":[{\"@type\":\"ListItem\",\"position\":1,\"name\":\"Domov\",\"item\":\"https:\/\/www.regionsaris.sk\/\"},{\"@type\":\"ListItem\",\"position\":2,\"name\":\"V\u00fdznamn\u00e9 tv\u00e1re regi\u00f3nu\",\"item\":\"https:\/\/www.regionsaris.sk\/vyznamne-tvare-regionu\/\"},{\"@type\":\"ListItem\",\"position\":3,\"name\":\"J\u00e1n Amos Komensk\u00fd\"}]},{\"@type\":\"WebSite\",\"@id\":\"https:\/\/www.regionsaris.sk\/#website\",\"url\":\"https:\/\/www.regionsaris.sk\/\",\"name\":\"OOCR \u0160ari\u0161\",\"description\":\"\",\"potentialAction\":[{\"@type\":\"SearchAction\",\"target\":{\"@type\":\"EntryPoint\",\"urlTemplate\":\"https:\/\/www.regionsaris.sk\/?s={search_term_string}\"},\"query-input\":{\"@type\":\"PropertyValueSpecification\",\"valueRequired\":true,\"valueName\":\"search_term_string\"}}],\"inLanguage\":\"it-IT\"}]}<\/script>\n<!-- \/ Yoast SEO Premium plugin. -->","yoast_head_json":{"title":"J\u00e1n Amos Komensk\u00fd - OOCR \u0160ari\u0161","description":"J\u00e1n Amos Komensk\u00fd bol jedn\u00fdm z najv\u00e4\u010d\u0161\u00edch \u010desk\u00fdch myslite\u013eov, filozofov a spisovate\u013eov. Po\u010das \u017eivota nav\u0161t\u00edvil aj Pre\u0161ov.","robots":{"index":"index","follow":"follow","max-snippet":"max-snippet:-1","max-image-preview":"max-image-preview:large","max-video-preview":"max-video-preview:-1"},"canonical":"https:\/\/www.regionsaris.sk\/it\/vyznamna-tvar\/jan-amos-komensky\/","og_locale":"it_IT","og_type":"article","og_title":"J\u00e1n Amos Komensk\u00fd","og_description":"J\u00e1n Amos Komensk\u00fd bol jedn\u00fdm z najv\u00e4\u010d\u0161\u00edch \u010desk\u00fdch myslite\u013eov, filozofov a spisovate\u013eov. Po\u010das \u017eivota nav\u0161t\u00edvil aj Pre\u0161ov.","og_url":"https:\/\/www.regionsaris.sk\/it\/vyznamna-tvar\/jan-amos-komensky\/","og_site_name":"OOCR \u0160ari\u0161","article_modified_time":"2026-04-01T09:16:14+00:00","og_image":[{"width":500,"height":500,"url":"https:\/\/www.regionsaris.sk\/wp-content\/uploads\/2026\/03\/jan-amos-komensky-vyznamne-tvare-regionu-oocrrs.jpg","type":"image\/jpeg"}],"twitter_card":"summary_large_image","twitter_misc":{"Tempo di lettura stimato":"2 minuti"},"schema":{"@context":"https:\/\/schema.org","@graph":[{"@type":"WebPage","@id":"https:\/\/www.regionsaris.sk\/vyznamna-tvar\/jan-amos-komensky\/","url":"https:\/\/www.regionsaris.sk\/vyznamna-tvar\/jan-amos-komensky\/","name":"J\u00e1n Amos Komensk\u00fd - OOCR \u0160ari\u0161","isPartOf":{"@id":"https:\/\/www.regionsaris.sk\/#website"},"primaryImageOfPage":{"@id":"https:\/\/www.regionsaris.sk\/vyznamna-tvar\/jan-amos-komensky\/#primaryimage"},"image":{"@id":"https:\/\/www.regionsaris.sk\/vyznamna-tvar\/jan-amos-komensky\/#primaryimage"},"thumbnailUrl":"https:\/\/www.regionsaris.sk\/wp-content\/uploads\/2026\/03\/jan-amos-komensky-vyznamne-tvare-regionu-oocrrs.jpg","datePublished":"2026-03-22T11:00:30+00:00","dateModified":"2026-04-01T09:16:14+00:00","description":"J\u00e1n Amos Komensk\u00fd bol jedn\u00fdm z najv\u00e4\u010d\u0161\u00edch \u010desk\u00fdch myslite\u013eov, filozofov a spisovate\u013eov. Po\u010das \u017eivota nav\u0161t\u00edvil aj Pre\u0161ov.","breadcrumb":{"@id":"https:\/\/www.regionsaris.sk\/vyznamna-tvar\/jan-amos-komensky\/#breadcrumb"},"inLanguage":"it-IT","potentialAction":[{"@type":"ReadAction","target":["https:\/\/www.regionsaris.sk\/vyznamna-tvar\/jan-amos-komensky\/"]}]},{"@type":"ImageObject","inLanguage":"it-IT","@id":"https:\/\/www.regionsaris.sk\/vyznamna-tvar\/jan-amos-komensky\/#primaryimage","url":"https:\/\/www.regionsaris.sk\/wp-content\/uploads\/2026\/03\/jan-amos-komensky-vyznamne-tvare-regionu-oocrrs.jpg","contentUrl":"https:\/\/www.regionsaris.sk\/wp-content\/uploads\/2026\/03\/jan-amos-komensky-vyznamne-tvare-regionu-oocrrs.jpg","width":500,"height":500},{"@type":"BreadcrumbList","@id":"https:\/\/www.regionsaris.sk\/vyznamna-tvar\/jan-amos-komensky\/#breadcrumb","itemListElement":[{"@type":"ListItem","position":1,"name":"Domov","item":"https:\/\/www.regionsaris.sk\/"},{"@type":"ListItem","position":2,"name":"V\u00fdznamn\u00e9 tv\u00e1re regi\u00f3nu","item":"https:\/\/www.regionsaris.sk\/vyznamne-tvare-regionu\/"},{"@type":"ListItem","position":3,"name":"J\u00e1n Amos Komensk\u00fd"}]},{"@type":"WebSite","@id":"https:\/\/www.regionsaris.sk\/#website","url":"https:\/\/www.regionsaris.sk\/","name":"OOCR \u0160ari\u0161","description":"","potentialAction":[{"@type":"SearchAction","target":{"@type":"EntryPoint","urlTemplate":"https:\/\/www.regionsaris.sk\/?s={search_term_string}"},"query-input":{"@type":"PropertyValueSpecification","valueRequired":true,"valueName":"search_term_string"}}],"inLanguage":"it-IT"}]}},"_links":{"self":[{"href":"https:\/\/www.regionsaris.sk\/it\/wp-json\/wp\/v2\/vyznamna-tvar\/4120","targetHints":{"allow":["GET"]}}],"collection":[{"href":"https:\/\/www.regionsaris.sk\/it\/wp-json\/wp\/v2\/vyznamna-tvar"}],"about":[{"href":"https:\/\/www.regionsaris.sk\/it\/wp-json\/wp\/v2\/types\/vyznamna-tvar"}],"wp:featuredmedia":[{"embeddable":true,"href":"https:\/\/www.regionsaris.sk\/it\/wp-json\/wp\/v2\/media\/4267"}],"wp:attachment":[{"href":"https:\/\/www.regionsaris.sk\/it\/wp-json\/wp\/v2\/media?parent=4120"}],"wp:term":[{"taxonomy":"kategoria-vyznamnych-tvari","embeddable":true,"href":"https:\/\/www.regionsaris.sk\/it\/wp-json\/wp\/v2\/kategoria-vyznamnych-tvari?post=4120"},{"taxonomy":"oblast-posobenia","embeddable":true,"href":"https:\/\/www.regionsaris.sk\/it\/wp-json\/wp\/v2\/oblast-posobenia?post=4120"}],"curies":[{"name":"wp","href":"https:\/\/api.w.org\/{rel}","templated":true}]}}