{"id":4082,"date":"2026-03-20T11:33:55","date_gmt":"2026-03-20T10:33:55","guid":{"rendered":"https:\/\/www.regionsaris.sk\/?post_type=vyznamna-tvar&#038;p=4082"},"modified":"2026-04-01T10:52:23","modified_gmt":"2026-04-01T09:52:23","slug":"pavol-petro-gojdic","status":"publish","type":"vyznamna-tvar","link":"https:\/\/www.regionsaris.sk\/it\/vyznamna-tvar\/pavol-petro-gojdic\/","title":{"rendered":"Pavol Petro Gojdi\u010d"},"content":{"rendered":"<p>Nacque il 17 luglio 1888 a Ruske Pek\u013eany nella famiglia del sacerdote greco-cattolico Stefan Gojdi\u010d e di sua moglie Anne Gerbery. Studi\u00f2 teologia a Pre\u0161ov e a Budapest. Nel 1911 fu ordinato sacerdote nella cattedrale di San Giovanni Battista a Pre\u0161ov. Il 20 luglio 1922 entr\u00f2 nel monastero basiliano sul monte \u010cerne\u010d, vicino a Muka\u010devo, dove prese il nome monastico di \u201ePavel\u201c.<\/p>\n\n\n\n<p>Nel 1926 fu nominato amministratore apostolico dell'eparchia di Pre\u0161ov. Fu consacrato vescovo il 25 marzo 1927 nella Basilica di San Clemente a Roma dal vescovo Dion\u00fdz Ny\u00e1radi di Kri\u017eevac, che fino ad allora era stato amministratore apostolico di Pre\u0161ov. L'8 agosto 1940 fu intronizzato a Pre\u0161ov come vescovo residente di Pre\u0161ov e il 15 gennaio 1946 fu confermata la sua giurisdizione sui greco-cattolici di tutta la Cecoslovacchia.<\/p>\n\n\n\n<p>Quando dopo il 1948 il Partito comunista cecoslovacco si impegn\u00f2 ad abolire la Chiesa greco-cattolica in Slovacchia, seguendo l'esempio dell'URSS, il 28 aprile 1950, durante l'azione anti-Chiesa denominata \u201ePre\u0161ov Sobor\u201c, la vladyka Gojdi\u010d fu arrestata e internata, e contemporaneamente anche la Chiesa greco-cattolica fu abolita amministrativamente. In un processo inventato, Gojdi\u010d fu condannato all'ergastolo insieme ai vescovi Vojta\u0161\u0161\u00e1k e Buzalek per tradimento.&nbsp;<\/p>\n\n\n\n<p>Mor\u00ec in seguito a torture e maltrattamenti nella prigione di Leopold il 17 luglio 1960, nel giorno del suo 72\u00b0 compleanno. Fu sepolto nel cimitero della prigione e la sua tomba fu segnata solo con il numero 681.<\/p>\n\n\n\n<p>Il 29 ottobre 1968, i suoi resti furono esumati e portati a Pre\u0161ov e collocati nella Cappella degli Apostoli Pietro e Paolo. Dal 1990 sono conservate in un sarcofago nella cappella della Cattedrale greco-cattolica di San Giovanni Battista a Pre\u0161ov. Il 4 novembre 2001, Paolo Petro Gojdi\u010d \u00e8 stato beatificato da Papa Giovanni Paolo II in Piazza San Pietro in Vaticano. In occasione del 7\u00b0 anniversario della fondazione della Slovacchia indipendente, il vescovo Pavol Petro Gojdi\u010d \u00e8 stato insignito della Croce Pribina di Prima Classe in memoriam dal Governo della Repubblica Slovacca.<\/p>\n\n\n\n<p><strong>Fonte:<\/strong> https:\/\/sk.wikipedia.org\/wiki\/Pavol_Petro_Gojdi\u010d<br><strong>Fonte della foto:<\/strong> Autore sconosciuto - Erzeparchie Prestov - www.grkatpo.sk\/historia_biskupi, CC BY-SA 3.0, https:\/\/commons.wikimedia.org\/w\/index.php?curid=8551906<\/p>","protected":false},"featured_media":4274,"template":"","meta":{"_acf_changed":true},"kategoria-vyznamnych-tvari":[230],"oblast-posobenia":[231],"class_list":["post-4082","vyznamna-tvar","type-vyznamna-tvar","status-publish","has-post-thumbnail","hentry","kategoria-vyznamnych-tvari-historicka-osobnost","oblast-posobenia-teologia"],"acf":[],"yoast_head":"<!-- This site is optimized with the Yoast SEO Premium plugin v26.3 (Yoast SEO v26.8) - https:\/\/yoast.com\/product\/yoast-seo-premium-wordpress\/ -->\n<title>Pavol Petro Gojdi\u010d - OOCR \u0160ari\u0161<\/title>\n<meta name=\"description\" content=\"Pavol Petro Gojdi\u010d bol gr\u00e9ckokatol\u00edcky k\u0148az, biskup. Po n\u00e1silnej smrti bol vyhl\u00e1sen\u00fd za blahoslaven\u00e9ho mu\u010den\u00edka.\" \/>\n<meta name=\"robots\" content=\"index, follow, max-snippet:-1, max-image-preview:large, max-video-preview:-1\" \/>\n<link rel=\"canonical\" href=\"https:\/\/www.regionsaris.sk\/it\/vyznamna-tvar\/pavol-petro-gojdic\/\" \/>\n<meta property=\"og:locale\" content=\"it_IT\" \/>\n<meta property=\"og:type\" content=\"article\" \/>\n<meta property=\"og:title\" content=\"Pavol Petro Gojdi\u010d\" \/>\n<meta property=\"og:description\" content=\"Pavol Petro Gojdi\u010d bol gr\u00e9ckokatol\u00edcky k\u0148az, biskup. Po n\u00e1silnej smrti bol vyhl\u00e1sen\u00fd za blahoslaven\u00e9ho mu\u010den\u00edka.\" \/>\n<meta property=\"og:url\" content=\"https:\/\/www.regionsaris.sk\/it\/vyznamna-tvar\/pavol-petro-gojdic\/\" \/>\n<meta property=\"og:site_name\" content=\"OOCR \u0160ari\u0161\" \/>\n<meta property=\"article:modified_time\" content=\"2026-04-01T09:52:23+00:00\" \/>\n<meta property=\"og:image\" content=\"https:\/\/www.regionsaris.sk\/wp-content\/uploads\/2026\/03\/pavol-petro-gojdic-vyznamne-tvare-regionu-oocrrs.jpg\" \/>\n\t<meta property=\"og:image:width\" content=\"500\" \/>\n\t<meta property=\"og:image:height\" content=\"500\" \/>\n\t<meta property=\"og:image:type\" content=\"image\/jpeg\" \/>\n<meta name=\"twitter:card\" content=\"summary_large_image\" \/>\n<meta name=\"twitter:label1\" content=\"Tempo di lettura stimato\" \/>\n\t<meta name=\"twitter:data1\" content=\"2 minuti\" \/>\n<script type=\"application\/ld+json\" class=\"yoast-schema-graph\">{\"@context\":\"https:\/\/schema.org\",\"@graph\":[{\"@type\":\"WebPage\",\"@id\":\"https:\/\/www.regionsaris.sk\/vyznamna-tvar\/pavol-petro-gojdic\/\",\"url\":\"https:\/\/www.regionsaris.sk\/vyznamna-tvar\/pavol-petro-gojdic\/\",\"name\":\"Pavol Petro Gojdi\u010d - OOCR \u0160ari\u0161\",\"isPartOf\":{\"@id\":\"https:\/\/www.regionsaris.sk\/#website\"},\"primaryImageOfPage\":{\"@id\":\"https:\/\/www.regionsaris.sk\/vyznamna-tvar\/pavol-petro-gojdic\/#primaryimage\"},\"image\":{\"@id\":\"https:\/\/www.regionsaris.sk\/vyznamna-tvar\/pavol-petro-gojdic\/#primaryimage\"},\"thumbnailUrl\":\"https:\/\/www.regionsaris.sk\/wp-content\/uploads\/2026\/03\/pavol-petro-gojdic-vyznamne-tvare-regionu-oocrrs.jpg\",\"datePublished\":\"2026-03-20T10:33:55+00:00\",\"dateModified\":\"2026-04-01T09:52:23+00:00\",\"description\":\"Pavol Petro Gojdi\u010d bol gr\u00e9ckokatol\u00edcky k\u0148az, biskup. Po n\u00e1silnej smrti bol vyhl\u00e1sen\u00fd za blahoslaven\u00e9ho mu\u010den\u00edka.\",\"breadcrumb\":{\"@id\":\"https:\/\/www.regionsaris.sk\/vyznamna-tvar\/pavol-petro-gojdic\/#breadcrumb\"},\"inLanguage\":\"it-IT\",\"potentialAction\":[{\"@type\":\"ReadAction\",\"target\":[\"https:\/\/www.regionsaris.sk\/vyznamna-tvar\/pavol-petro-gojdic\/\"]}]},{\"@type\":\"ImageObject\",\"inLanguage\":\"it-IT\",\"@id\":\"https:\/\/www.regionsaris.sk\/vyznamna-tvar\/pavol-petro-gojdic\/#primaryimage\",\"url\":\"https:\/\/www.regionsaris.sk\/wp-content\/uploads\/2026\/03\/pavol-petro-gojdic-vyznamne-tvare-regionu-oocrrs.jpg\",\"contentUrl\":\"https:\/\/www.regionsaris.sk\/wp-content\/uploads\/2026\/03\/pavol-petro-gojdic-vyznamne-tvare-regionu-oocrrs.jpg\",\"width\":500,\"height\":500},{\"@type\":\"BreadcrumbList\",\"@id\":\"https:\/\/www.regionsaris.sk\/vyznamna-tvar\/pavol-petro-gojdic\/#breadcrumb\",\"itemListElement\":[{\"@type\":\"ListItem\",\"position\":1,\"name\":\"Domov\",\"item\":\"https:\/\/www.regionsaris.sk\/\"},{\"@type\":\"ListItem\",\"position\":2,\"name\":\"V\u00fdznamn\u00e9 tv\u00e1re regi\u00f3nu\",\"item\":\"https:\/\/www.regionsaris.sk\/vyznamne-tvare-regionu\/\"},{\"@type\":\"ListItem\",\"position\":3,\"name\":\"Pavol Petro Gojdi\u010d\"}]},{\"@type\":\"WebSite\",\"@id\":\"https:\/\/www.regionsaris.sk\/#website\",\"url\":\"https:\/\/www.regionsaris.sk\/\",\"name\":\"OOCR \u0160ari\u0161\",\"description\":\"\",\"potentialAction\":[{\"@type\":\"SearchAction\",\"target\":{\"@type\":\"EntryPoint\",\"urlTemplate\":\"https:\/\/www.regionsaris.sk\/?s={search_term_string}\"},\"query-input\":{\"@type\":\"PropertyValueSpecification\",\"valueRequired\":true,\"valueName\":\"search_term_string\"}}],\"inLanguage\":\"it-IT\"}]}<\/script>\n<!-- \/ Yoast SEO Premium plugin. -->","yoast_head_json":{"title":"Pavol Petro Gojdi\u010d - OOCR \u0160ari\u0161","description":"Pavol Petro Gojdi\u010d bol gr\u00e9ckokatol\u00edcky k\u0148az, biskup. Po n\u00e1silnej smrti bol vyhl\u00e1sen\u00fd za blahoslaven\u00e9ho mu\u010den\u00edka.","robots":{"index":"index","follow":"follow","max-snippet":"max-snippet:-1","max-image-preview":"max-image-preview:large","max-video-preview":"max-video-preview:-1"},"canonical":"https:\/\/www.regionsaris.sk\/it\/vyznamna-tvar\/pavol-petro-gojdic\/","og_locale":"it_IT","og_type":"article","og_title":"Pavol Petro Gojdi\u010d","og_description":"Pavol Petro Gojdi\u010d bol gr\u00e9ckokatol\u00edcky k\u0148az, biskup. Po n\u00e1silnej smrti bol vyhl\u00e1sen\u00fd za blahoslaven\u00e9ho mu\u010den\u00edka.","og_url":"https:\/\/www.regionsaris.sk\/it\/vyznamna-tvar\/pavol-petro-gojdic\/","og_site_name":"OOCR \u0160ari\u0161","article_modified_time":"2026-04-01T09:52:23+00:00","og_image":[{"width":500,"height":500,"url":"https:\/\/www.regionsaris.sk\/wp-content\/uploads\/2026\/03\/pavol-petro-gojdic-vyznamne-tvare-regionu-oocrrs.jpg","type":"image\/jpeg"}],"twitter_card":"summary_large_image","twitter_misc":{"Tempo di lettura stimato":"2 minuti"},"schema":{"@context":"https:\/\/schema.org","@graph":[{"@type":"WebPage","@id":"https:\/\/www.regionsaris.sk\/vyznamna-tvar\/pavol-petro-gojdic\/","url":"https:\/\/www.regionsaris.sk\/vyznamna-tvar\/pavol-petro-gojdic\/","name":"Pavol Petro Gojdi\u010d - OOCR \u0160ari\u0161","isPartOf":{"@id":"https:\/\/www.regionsaris.sk\/#website"},"primaryImageOfPage":{"@id":"https:\/\/www.regionsaris.sk\/vyznamna-tvar\/pavol-petro-gojdic\/#primaryimage"},"image":{"@id":"https:\/\/www.regionsaris.sk\/vyznamna-tvar\/pavol-petro-gojdic\/#primaryimage"},"thumbnailUrl":"https:\/\/www.regionsaris.sk\/wp-content\/uploads\/2026\/03\/pavol-petro-gojdic-vyznamne-tvare-regionu-oocrrs.jpg","datePublished":"2026-03-20T10:33:55+00:00","dateModified":"2026-04-01T09:52:23+00:00","description":"Pavol Petro Gojdi\u010d bol gr\u00e9ckokatol\u00edcky k\u0148az, biskup. Po n\u00e1silnej smrti bol vyhl\u00e1sen\u00fd za blahoslaven\u00e9ho mu\u010den\u00edka.","breadcrumb":{"@id":"https:\/\/www.regionsaris.sk\/vyznamna-tvar\/pavol-petro-gojdic\/#breadcrumb"},"inLanguage":"it-IT","potentialAction":[{"@type":"ReadAction","target":["https:\/\/www.regionsaris.sk\/vyznamna-tvar\/pavol-petro-gojdic\/"]}]},{"@type":"ImageObject","inLanguage":"it-IT","@id":"https:\/\/www.regionsaris.sk\/vyznamna-tvar\/pavol-petro-gojdic\/#primaryimage","url":"https:\/\/www.regionsaris.sk\/wp-content\/uploads\/2026\/03\/pavol-petro-gojdic-vyznamne-tvare-regionu-oocrrs.jpg","contentUrl":"https:\/\/www.regionsaris.sk\/wp-content\/uploads\/2026\/03\/pavol-petro-gojdic-vyznamne-tvare-regionu-oocrrs.jpg","width":500,"height":500},{"@type":"BreadcrumbList","@id":"https:\/\/www.regionsaris.sk\/vyznamna-tvar\/pavol-petro-gojdic\/#breadcrumb","itemListElement":[{"@type":"ListItem","position":1,"name":"Domov","item":"https:\/\/www.regionsaris.sk\/"},{"@type":"ListItem","position":2,"name":"V\u00fdznamn\u00e9 tv\u00e1re regi\u00f3nu","item":"https:\/\/www.regionsaris.sk\/vyznamne-tvare-regionu\/"},{"@type":"ListItem","position":3,"name":"Pavol Petro Gojdi\u010d"}]},{"@type":"WebSite","@id":"https:\/\/www.regionsaris.sk\/#website","url":"https:\/\/www.regionsaris.sk\/","name":"OOCR \u0160ari\u0161","description":"","potentialAction":[{"@type":"SearchAction","target":{"@type":"EntryPoint","urlTemplate":"https:\/\/www.regionsaris.sk\/?s={search_term_string}"},"query-input":{"@type":"PropertyValueSpecification","valueRequired":true,"valueName":"search_term_string"}}],"inLanguage":"it-IT"}]}},"_links":{"self":[{"href":"https:\/\/www.regionsaris.sk\/it\/wp-json\/wp\/v2\/vyznamna-tvar\/4082","targetHints":{"allow":["GET"]}}],"collection":[{"href":"https:\/\/www.regionsaris.sk\/it\/wp-json\/wp\/v2\/vyznamna-tvar"}],"about":[{"href":"https:\/\/www.regionsaris.sk\/it\/wp-json\/wp\/v2\/types\/vyznamna-tvar"}],"wp:featuredmedia":[{"embeddable":true,"href":"https:\/\/www.regionsaris.sk\/it\/wp-json\/wp\/v2\/media\/4274"}],"wp:attachment":[{"href":"https:\/\/www.regionsaris.sk\/it\/wp-json\/wp\/v2\/media?parent=4082"}],"wp:term":[{"taxonomy":"kategoria-vyznamnych-tvari","embeddable":true,"href":"https:\/\/www.regionsaris.sk\/it\/wp-json\/wp\/v2\/kategoria-vyznamnych-tvari?post=4082"},{"taxonomy":"oblast-posobenia","embeddable":true,"href":"https:\/\/www.regionsaris.sk\/it\/wp-json\/wp\/v2\/oblast-posobenia?post=4082"}],"curies":[{"name":"wp","href":"https:\/\/api.w.org\/{rel}","templated":true}]}}