{"id":2937,"date":"2026-01-07T19:25:11","date_gmt":"2026-01-07T18:25:11","guid":{"rendered":"https:\/\/www.regionsaris.sk\/?post_type=prirodne-krasy&#038;p=2937"},"modified":"2026-02-05T14:02:02","modified_gmt":"2026-02-05T13:02:02","slug":"hradny-most","status":"publish","type":"prirodne-krasy","link":"https:\/\/www.regionsaris.sk\/it\/prirodne-krasy\/hradny-most\/","title":{"rendered":"Ponte del Castello di Sarus"},"content":{"rendered":"<p>Sotto la collina del castello di Ve\u013ek\u00fd \u0160ari\u0161 si trova una pista ciclabile che collega agevolmente la citt\u00e0 di Pre\u0161ov, la citt\u00e0 di Ve\u013ek\u00fd \u0160ari\u0161 e l'insediamento di giardinieri di \u0160ari\u0161sk\u00e9 Micha\u013eany. Il percorso comprende segnali stradali, pensiline per biciclette e un ponte unico in Slovacchia. <strong>Storicizzazione del ponte ciclabile in legno \"Sarus\"<\/strong> attraversa il fiume Torysa, con elementi che ricordano un castello che collega il passato al presente. Il modello per i progettisti \u00e8 stato l'imponente <a href=\"https:\/\/www.regionsaris.sk\/it\/historia\/hrad-saris\/\">Castello di \u0160ari\u0161<\/a>. Sull'appoggio centrale del ponte \u00e8 stata proposta una vedetta a sbalzo di riposo per i lati nord e sud. Il ponte \u00e8 lungo 84 metri e largo 3 metri.<br>La pista ciclabile che porta al ponte di legno \u00e8 interessante perch\u00e9 \u00e8 immersa nella natura e costeggia un corso d'acqua, il che la rende sicuramente pi\u00f9 interessante e attraente rispetto alle piste ciclabili che corrono parallele alle strade attuali. Alla fine della citt\u00e0 di Ve\u013ek\u00fd \u0160ari\u0161, costeggia l'area ricreativa \u201eRybn\u00edky\u201c.\u201c<strong>,\u00a0<\/strong>dove \u00e8 possibile rilassarsi. Il tratto di cinque chilometri da Ve\u013ek\u00fd \u0160ari\u0161 a \u0160ari\u0161sk\u00e9 Michaliany fa parte del progetto EuroVelo 11. EuroVelo \u00e8 una rete di strade ciclabili che collegano le principali destinazioni europee attraverso il continente. EuroVelo 11 collegher\u00e0 il punto pi\u00f9 settentrionale della Scandinavia, Capo Nora in Norvegia, con Atene in Grecia.<\/p>","protected":false},"featured_media":2376,"template":"","meta":{"_acf_changed":true},"kategoria-poi":[192,100,175],"lokalita":[28],"sezona-poi":[13,15,14],"trvanie-vyletu":[114,180],"class_list":["post-2937","prirodne-krasy","type-prirodne-krasy","status-publish","has-post-thumbnail","hentry","kategoria-poi-cyklistika","kategoria-poi-pre-rodiny","kategoria-poi-sporty","lokalita-presov-a-okolie","sezona-poi-jar","sezona-poi-jesen","sezona-poi-leto","trvanie-vyletu-celodenne-vylety","trvanie-vyletu-poldenne-vylety"],"acf":[],"yoast_head":"<!-- This site is optimized with the Yoast SEO Premium plugin v26.3 (Yoast SEO v26.8) - https:\/\/yoast.com\/product\/yoast-seo-premium-wordpress\/ -->\n<title>Hradn\u00fd most Sarus - OOCR \u0160ari\u0161<\/title>\n<meta name=\"robots\" content=\"index, follow, max-snippet:-1, max-image-preview:large, max-video-preview:-1\" \/>\n<link rel=\"canonical\" href=\"https:\/\/www.regionsaris.sk\/it\/prirodne-krasy\/hradny-most\/\" \/>\n<meta property=\"og:locale\" content=\"it_IT\" \/>\n<meta property=\"og:type\" content=\"article\" \/>\n<meta property=\"og:title\" content=\"Hradn\u00fd most Sarus\" \/>\n<meta property=\"og:description\" content=\"Pod hradn\u00fdm kopcom vo Ve\u013ekom \u0160ari\u0161i vedie cyklotrasa, ktor\u00e1 plynule sp\u00e1ja mesto Pre\u0161ov, mesto Ve\u013ek\u00fd...\" \/>\n<meta property=\"og:url\" content=\"https:\/\/www.regionsaris.sk\/it\/prirodne-krasy\/hradny-most\/\" \/>\n<meta property=\"og:site_name\" content=\"OOCR \u0160ari\u0161\" \/>\n<meta property=\"article:modified_time\" content=\"2026-02-05T13:02:02+00:00\" \/>\n<meta property=\"og:image\" content=\"https:\/\/www.regionsaris.sk\/wp-content\/uploads\/2026\/01\/Lavka-Sarus-scaled-1.jpg\" \/>\n\t<meta property=\"og:image:width\" content=\"2560\" \/>\n\t<meta property=\"og:image:height\" content=\"1920\" \/>\n\t<meta property=\"og:image:type\" content=\"image\/jpeg\" \/>\n<meta name=\"twitter:card\" content=\"summary_large_image\" \/>\n<meta name=\"twitter:label1\" content=\"Tempo di lettura stimato\" \/>\n\t<meta name=\"twitter:data1\" content=\"2 minuti\" \/>\n<script type=\"application\/ld+json\" class=\"yoast-schema-graph\">{\"@context\":\"https:\/\/schema.org\",\"@graph\":[{\"@type\":\"WebPage\",\"@id\":\"https:\/\/www.regionsaris.sk\/prirodne-krasy\/hradny-most\/\",\"url\":\"https:\/\/www.regionsaris.sk\/prirodne-krasy\/hradny-most\/\",\"name\":\"Hradn\u00fd most Sarus - OOCR \u0160ari\u0161\",\"isPartOf\":{\"@id\":\"https:\/\/www.regionsaris.sk\/#website\"},\"primaryImageOfPage\":{\"@id\":\"https:\/\/www.regionsaris.sk\/prirodne-krasy\/hradny-most\/#primaryimage\"},\"image\":{\"@id\":\"https:\/\/www.regionsaris.sk\/prirodne-krasy\/hradny-most\/#primaryimage\"},\"thumbnailUrl\":\"https:\/\/www.regionsaris.sk\/wp-content\/uploads\/2026\/01\/Lavka-Sarus-scaled-1.jpg\",\"datePublished\":\"2026-01-07T18:25:11+00:00\",\"dateModified\":\"2026-02-05T13:02:02+00:00\",\"breadcrumb\":{\"@id\":\"https:\/\/www.regionsaris.sk\/prirodne-krasy\/hradny-most\/#breadcrumb\"},\"inLanguage\":\"it-IT\",\"potentialAction\":[{\"@type\":\"ReadAction\",\"target\":[\"https:\/\/www.regionsaris.sk\/prirodne-krasy\/hradny-most\/\"]}]},{\"@type\":\"ImageObject\",\"inLanguage\":\"it-IT\",\"@id\":\"https:\/\/www.regionsaris.sk\/prirodne-krasy\/hradny-most\/#primaryimage\",\"url\":\"https:\/\/www.regionsaris.sk\/wp-content\/uploads\/2026\/01\/Lavka-Sarus-scaled-1.jpg\",\"contentUrl\":\"https:\/\/www.regionsaris.sk\/wp-content\/uploads\/2026\/01\/Lavka-Sarus-scaled-1.jpg\",\"width\":2560,\"height\":1920},{\"@type\":\"BreadcrumbList\",\"@id\":\"https:\/\/www.regionsaris.sk\/prirodne-krasy\/hradny-most\/#breadcrumb\",\"itemListElement\":[{\"@type\":\"ListItem\",\"position\":1,\"name\":\"Domov\",\"item\":\"https:\/\/www.regionsaris.sk\/\"},{\"@type\":\"ListItem\",\"position\":2,\"name\":\"Pr\u00edrodn\u00e9 kr\u00e1sy v regi\u00f3ne\",\"item\":\"https:\/\/www.regionsaris.sk\/prirodne-krasy-v-regione\/\"},{\"@type\":\"ListItem\",\"position\":3,\"name\":\"Hradn\u00fd most Sarus\"}]},{\"@type\":\"WebSite\",\"@id\":\"https:\/\/www.regionsaris.sk\/#website\",\"url\":\"https:\/\/www.regionsaris.sk\/\",\"name\":\"OOCR \u0160ari\u0161\",\"description\":\"\",\"potentialAction\":[{\"@type\":\"SearchAction\",\"target\":{\"@type\":\"EntryPoint\",\"urlTemplate\":\"https:\/\/www.regionsaris.sk\/?s={search_term_string}\"},\"query-input\":{\"@type\":\"PropertyValueSpecification\",\"valueRequired\":true,\"valueName\":\"search_term_string\"}}],\"inLanguage\":\"it-IT\"}]}<\/script>\n<!-- \/ Yoast SEO Premium plugin. -->","yoast_head_json":{"title":"Hradn\u00fd most Sarus - OOCR \u0160ari\u0161","robots":{"index":"index","follow":"follow","max-snippet":"max-snippet:-1","max-image-preview":"max-image-preview:large","max-video-preview":"max-video-preview:-1"},"canonical":"https:\/\/www.regionsaris.sk\/it\/prirodne-krasy\/hradny-most\/","og_locale":"it_IT","og_type":"article","og_title":"Hradn\u00fd most Sarus","og_description":"Pod hradn\u00fdm kopcom vo Ve\u013ekom \u0160ari\u0161i vedie cyklotrasa, ktor\u00e1 plynule sp\u00e1ja mesto Pre\u0161ov, mesto Ve\u013ek\u00fd...","og_url":"https:\/\/www.regionsaris.sk\/it\/prirodne-krasy\/hradny-most\/","og_site_name":"OOCR \u0160ari\u0161","article_modified_time":"2026-02-05T13:02:02+00:00","og_image":[{"width":2560,"height":1920,"url":"https:\/\/www.regionsaris.sk\/wp-content\/uploads\/2026\/01\/Lavka-Sarus-scaled-1.jpg","type":"image\/jpeg"}],"twitter_card":"summary_large_image","twitter_misc":{"Tempo di lettura stimato":"2 minuti"},"schema":{"@context":"https:\/\/schema.org","@graph":[{"@type":"WebPage","@id":"https:\/\/www.regionsaris.sk\/prirodne-krasy\/hradny-most\/","url":"https:\/\/www.regionsaris.sk\/prirodne-krasy\/hradny-most\/","name":"Hradn\u00fd most Sarus - OOCR \u0160ari\u0161","isPartOf":{"@id":"https:\/\/www.regionsaris.sk\/#website"},"primaryImageOfPage":{"@id":"https:\/\/www.regionsaris.sk\/prirodne-krasy\/hradny-most\/#primaryimage"},"image":{"@id":"https:\/\/www.regionsaris.sk\/prirodne-krasy\/hradny-most\/#primaryimage"},"thumbnailUrl":"https:\/\/www.regionsaris.sk\/wp-content\/uploads\/2026\/01\/Lavka-Sarus-scaled-1.jpg","datePublished":"2026-01-07T18:25:11+00:00","dateModified":"2026-02-05T13:02:02+00:00","breadcrumb":{"@id":"https:\/\/www.regionsaris.sk\/prirodne-krasy\/hradny-most\/#breadcrumb"},"inLanguage":"it-IT","potentialAction":[{"@type":"ReadAction","target":["https:\/\/www.regionsaris.sk\/prirodne-krasy\/hradny-most\/"]}]},{"@type":"ImageObject","inLanguage":"it-IT","@id":"https:\/\/www.regionsaris.sk\/prirodne-krasy\/hradny-most\/#primaryimage","url":"https:\/\/www.regionsaris.sk\/wp-content\/uploads\/2026\/01\/Lavka-Sarus-scaled-1.jpg","contentUrl":"https:\/\/www.regionsaris.sk\/wp-content\/uploads\/2026\/01\/Lavka-Sarus-scaled-1.jpg","width":2560,"height":1920},{"@type":"BreadcrumbList","@id":"https:\/\/www.regionsaris.sk\/prirodne-krasy\/hradny-most\/#breadcrumb","itemListElement":[{"@type":"ListItem","position":1,"name":"Domov","item":"https:\/\/www.regionsaris.sk\/"},{"@type":"ListItem","position":2,"name":"Pr\u00edrodn\u00e9 kr\u00e1sy v regi\u00f3ne","item":"https:\/\/www.regionsaris.sk\/prirodne-krasy-v-regione\/"},{"@type":"ListItem","position":3,"name":"Hradn\u00fd most Sarus"}]},{"@type":"WebSite","@id":"https:\/\/www.regionsaris.sk\/#website","url":"https:\/\/www.regionsaris.sk\/","name":"OOCR \u0160ari\u0161","description":"","potentialAction":[{"@type":"SearchAction","target":{"@type":"EntryPoint","urlTemplate":"https:\/\/www.regionsaris.sk\/?s={search_term_string}"},"query-input":{"@type":"PropertyValueSpecification","valueRequired":true,"valueName":"search_term_string"}}],"inLanguage":"it-IT"}]}},"_links":{"self":[{"href":"https:\/\/www.regionsaris.sk\/it\/wp-json\/wp\/v2\/prirodne-krasy\/2937","targetHints":{"allow":["GET"]}}],"collection":[{"href":"https:\/\/www.regionsaris.sk\/it\/wp-json\/wp\/v2\/prirodne-krasy"}],"about":[{"href":"https:\/\/www.regionsaris.sk\/it\/wp-json\/wp\/v2\/types\/prirodne-krasy"}],"wp:featuredmedia":[{"embeddable":true,"href":"https:\/\/www.regionsaris.sk\/it\/wp-json\/wp\/v2\/media\/2376"}],"wp:attachment":[{"href":"https:\/\/www.regionsaris.sk\/it\/wp-json\/wp\/v2\/media?parent=2937"}],"wp:term":[{"taxonomy":"kategoria-poi","embeddable":true,"href":"https:\/\/www.regionsaris.sk\/it\/wp-json\/wp\/v2\/kategoria-poi?post=2937"},{"taxonomy":"lokalita","embeddable":true,"href":"https:\/\/www.regionsaris.sk\/it\/wp-json\/wp\/v2\/lokalita?post=2937"},{"taxonomy":"sezona-poi","embeddable":true,"href":"https:\/\/www.regionsaris.sk\/it\/wp-json\/wp\/v2\/sezona-poi?post=2937"},{"taxonomy":"trvanie-vyletu","embeddable":true,"href":"https:\/\/www.regionsaris.sk\/it\/wp-json\/wp\/v2\/trvanie-vyletu?post=2937"}],"curies":[{"name":"wp","href":"https:\/\/api.w.org\/{rel}","templated":true}]}}