{"id":2904,"date":"2026-01-07T19:24:47","date_gmt":"2026-01-07T18:24:47","guid":{"rendered":"https:\/\/www.regionsaris.sk\/?post_type=prirodne-krasy&#038;p=2904"},"modified":"2026-02-05T14:24:44","modified_gmt":"2026-02-05T13:24:44","slug":"nizny-slavkov","status":"publish","type":"prirodne-krasy","link":"https:\/\/www.regionsaris.sk\/it\/prirodne-krasy\/nizny-slavkov\/","title":{"rendered":"Nizhny Slavkov"},"content":{"rendered":"<p>Si trova ad un'altitudine di 520 m sul livello del mare, al confine con le colline di \u0160ari\u0161sk\u00e1 vrchovina, Bachurna, Branisko e Levo\u010da, nella valle del ruscello Slavkovsk\u00fd. Il nome del villaggio deriva dal nome personale slavo Slavk, Slavek o Slavko, che ricorda la famiglia fondatrice, gli Slavkay, che dur\u00f2 fino al XIX secolo.<\/p>\n\n\n\n<p>La prima menzione scritta di Ni\u017en\u00e9 Slavkov risale al 1214, quando gi\u00e0 esistevano la chiesa di Sant'Anna (l'attuale cappella) e 12 case. Questo antico villaggio fu fondato sul terreno che si trovava proprio sulla cosiddetta Grande Strada (Via magna) che collegava \u0160ari\u0161 con la vicina Spi\u0161 e possedeva la pi\u00f9 grande area del suo catasto (2314 ettari) con ricchi boschi e pascoli, il che in passato significava che pi\u00f9 di un proprietario terriero voleva possederla. Nel villaggio si trovano anche alcuni preziosi monumenti sacri del XIII secolo, come la cappella tardo-romanica di Sant'Anna, che fa parte della chiesa paleogotica della Nativit\u00e0 della Vergine Maria, o due cappelle lungo la strada che ricordano l'invasione tartara del XIII secolo. Un altro monumento di valore \u00e8 la cappella classicista di San Giovanni Nepomuceno del 1821, costruita dal conte Ladislav Melczer nel parco della chiesa. Oltre ai monumenti sacri, vi \u00e8 anche il notevole monumento naturale del Vecchio Mulino e gli ultimi fienili del cosiddetto Villaggio contadino nella valle della Palude Nera.<\/p>","protected":false},"featured_media":2359,"template":"","meta":{"_acf_changed":false},"kategoria-poi":[102,107],"lokalita":[27],"sezona-poi":[12],"trvanie-vyletu":[180],"class_list":["post-2904","prirodne-krasy","type-prirodne-krasy","status-publish","has-post-thumbnail","hentry","kategoria-poi-prirodne-krasy","kategoria-poi-turistika","lokalita-sabinov-a-okolie","sezona-poi-celorocne","trvanie-vyletu-poldenne-vylety"],"acf":[],"yoast_head":"<!-- This site is optimized with the Yoast SEO Premium plugin v26.3 (Yoast SEO v26.8) - https:\/\/yoast.com\/product\/yoast-seo-premium-wordpress\/ -->\n<title>Ni\u017en\u00fd Slavkov - OOCR \u0160ari\u0161<\/title>\n<meta name=\"robots\" content=\"index, follow, max-snippet:-1, max-image-preview:large, max-video-preview:-1\" \/>\n<link rel=\"canonical\" href=\"https:\/\/www.regionsaris.sk\/it\/prirodne-krasy\/nizny-slavkov\/\" \/>\n<meta property=\"og:locale\" content=\"it_IT\" \/>\n<meta property=\"og:type\" content=\"article\" \/>\n<meta property=\"og:title\" content=\"Ni\u017en\u00fd Slavkov\" \/>\n<meta property=\"og:description\" content=\"Nach\u00e1dza sa v nadmorskej v\u00fd\u0161ke 520 m n. m. na rozhran\u00ed \u0160ari\u0161skej vrchoviny, Bachurne, Braniska...\" \/>\n<meta property=\"og:url\" content=\"https:\/\/www.regionsaris.sk\/it\/prirodne-krasy\/nizny-slavkov\/\" \/>\n<meta property=\"og:site_name\" content=\"OOCR \u0160ari\u0161\" \/>\n<meta property=\"article:modified_time\" content=\"2026-02-05T13:24:44+00:00\" \/>\n<meta property=\"og:image\" content=\"https:\/\/www.regionsaris.sk\/wp-content\/uploads\/2026\/01\/slavkov173-thumb.jpg\" \/>\n\t<meta property=\"og:image:width\" content=\"600\" \/>\n\t<meta property=\"og:image:height\" content=\"400\" \/>\n\t<meta property=\"og:image:type\" content=\"image\/jpeg\" \/>\n<meta name=\"twitter:card\" content=\"summary_large_image\" \/>\n<meta name=\"twitter:label1\" content=\"Tempo di lettura stimato\" \/>\n\t<meta name=\"twitter:data1\" content=\"1 minuto\" \/>\n<script type=\"application\/ld+json\" class=\"yoast-schema-graph\">{\"@context\":\"https:\/\/schema.org\",\"@graph\":[{\"@type\":\"WebPage\",\"@id\":\"https:\/\/www.regionsaris.sk\/prirodne-krasy\/nizny-slavkov\/\",\"url\":\"https:\/\/www.regionsaris.sk\/prirodne-krasy\/nizny-slavkov\/\",\"name\":\"Ni\u017en\u00fd Slavkov - OOCR \u0160ari\u0161\",\"isPartOf\":{\"@id\":\"https:\/\/www.regionsaris.sk\/#website\"},\"primaryImageOfPage\":{\"@id\":\"https:\/\/www.regionsaris.sk\/prirodne-krasy\/nizny-slavkov\/#primaryimage\"},\"image\":{\"@id\":\"https:\/\/www.regionsaris.sk\/prirodne-krasy\/nizny-slavkov\/#primaryimage\"},\"thumbnailUrl\":\"https:\/\/www.regionsaris.sk\/wp-content\/uploads\/2026\/01\/slavkov173-thumb.jpg\",\"datePublished\":\"2026-01-07T18:24:47+00:00\",\"dateModified\":\"2026-02-05T13:24:44+00:00\",\"breadcrumb\":{\"@id\":\"https:\/\/www.regionsaris.sk\/prirodne-krasy\/nizny-slavkov\/#breadcrumb\"},\"inLanguage\":\"it-IT\",\"potentialAction\":[{\"@type\":\"ReadAction\",\"target\":[\"https:\/\/www.regionsaris.sk\/prirodne-krasy\/nizny-slavkov\/\"]}]},{\"@type\":\"ImageObject\",\"inLanguage\":\"it-IT\",\"@id\":\"https:\/\/www.regionsaris.sk\/prirodne-krasy\/nizny-slavkov\/#primaryimage\",\"url\":\"https:\/\/www.regionsaris.sk\/wp-content\/uploads\/2026\/01\/slavkov173-thumb.jpg\",\"contentUrl\":\"https:\/\/www.regionsaris.sk\/wp-content\/uploads\/2026\/01\/slavkov173-thumb.jpg\",\"width\":600,\"height\":400},{\"@type\":\"BreadcrumbList\",\"@id\":\"https:\/\/www.regionsaris.sk\/prirodne-krasy\/nizny-slavkov\/#breadcrumb\",\"itemListElement\":[{\"@type\":\"ListItem\",\"position\":1,\"name\":\"Domov\",\"item\":\"https:\/\/www.regionsaris.sk\/\"},{\"@type\":\"ListItem\",\"position\":2,\"name\":\"Pr\u00edrodn\u00e9 kr\u00e1sy v regi\u00f3ne\",\"item\":\"https:\/\/www.regionsaris.sk\/prirodne-krasy-v-regione\/\"},{\"@type\":\"ListItem\",\"position\":3,\"name\":\"Ni\u017en\u00fd Slavkov\"}]},{\"@type\":\"WebSite\",\"@id\":\"https:\/\/www.regionsaris.sk\/#website\",\"url\":\"https:\/\/www.regionsaris.sk\/\",\"name\":\"OOCR \u0160ari\u0161\",\"description\":\"\",\"potentialAction\":[{\"@type\":\"SearchAction\",\"target\":{\"@type\":\"EntryPoint\",\"urlTemplate\":\"https:\/\/www.regionsaris.sk\/?s={search_term_string}\"},\"query-input\":{\"@type\":\"PropertyValueSpecification\",\"valueRequired\":true,\"valueName\":\"search_term_string\"}}],\"inLanguage\":\"it-IT\"}]}<\/script>\n<!-- \/ Yoast SEO Premium plugin. -->","yoast_head_json":{"title":"Ni\u017en\u00fd Slavkov - OOCR \u0160ari\u0161","robots":{"index":"index","follow":"follow","max-snippet":"max-snippet:-1","max-image-preview":"max-image-preview:large","max-video-preview":"max-video-preview:-1"},"canonical":"https:\/\/www.regionsaris.sk\/it\/prirodne-krasy\/nizny-slavkov\/","og_locale":"it_IT","og_type":"article","og_title":"Ni\u017en\u00fd Slavkov","og_description":"Nach\u00e1dza sa v nadmorskej v\u00fd\u0161ke 520 m n. m. na rozhran\u00ed \u0160ari\u0161skej vrchoviny, Bachurne, Braniska...","og_url":"https:\/\/www.regionsaris.sk\/it\/prirodne-krasy\/nizny-slavkov\/","og_site_name":"OOCR \u0160ari\u0161","article_modified_time":"2026-02-05T13:24:44+00:00","og_image":[{"width":600,"height":400,"url":"https:\/\/www.regionsaris.sk\/wp-content\/uploads\/2026\/01\/slavkov173-thumb.jpg","type":"image\/jpeg"}],"twitter_card":"summary_large_image","twitter_misc":{"Tempo di lettura stimato":"1 minuto"},"schema":{"@context":"https:\/\/schema.org","@graph":[{"@type":"WebPage","@id":"https:\/\/www.regionsaris.sk\/prirodne-krasy\/nizny-slavkov\/","url":"https:\/\/www.regionsaris.sk\/prirodne-krasy\/nizny-slavkov\/","name":"Ni\u017en\u00fd Slavkov - OOCR \u0160ari\u0161","isPartOf":{"@id":"https:\/\/www.regionsaris.sk\/#website"},"primaryImageOfPage":{"@id":"https:\/\/www.regionsaris.sk\/prirodne-krasy\/nizny-slavkov\/#primaryimage"},"image":{"@id":"https:\/\/www.regionsaris.sk\/prirodne-krasy\/nizny-slavkov\/#primaryimage"},"thumbnailUrl":"https:\/\/www.regionsaris.sk\/wp-content\/uploads\/2026\/01\/slavkov173-thumb.jpg","datePublished":"2026-01-07T18:24:47+00:00","dateModified":"2026-02-05T13:24:44+00:00","breadcrumb":{"@id":"https:\/\/www.regionsaris.sk\/prirodne-krasy\/nizny-slavkov\/#breadcrumb"},"inLanguage":"it-IT","potentialAction":[{"@type":"ReadAction","target":["https:\/\/www.regionsaris.sk\/prirodne-krasy\/nizny-slavkov\/"]}]},{"@type":"ImageObject","inLanguage":"it-IT","@id":"https:\/\/www.regionsaris.sk\/prirodne-krasy\/nizny-slavkov\/#primaryimage","url":"https:\/\/www.regionsaris.sk\/wp-content\/uploads\/2026\/01\/slavkov173-thumb.jpg","contentUrl":"https:\/\/www.regionsaris.sk\/wp-content\/uploads\/2026\/01\/slavkov173-thumb.jpg","width":600,"height":400},{"@type":"BreadcrumbList","@id":"https:\/\/www.regionsaris.sk\/prirodne-krasy\/nizny-slavkov\/#breadcrumb","itemListElement":[{"@type":"ListItem","position":1,"name":"Domov","item":"https:\/\/www.regionsaris.sk\/"},{"@type":"ListItem","position":2,"name":"Pr\u00edrodn\u00e9 kr\u00e1sy v regi\u00f3ne","item":"https:\/\/www.regionsaris.sk\/prirodne-krasy-v-regione\/"},{"@type":"ListItem","position":3,"name":"Ni\u017en\u00fd Slavkov"}]},{"@type":"WebSite","@id":"https:\/\/www.regionsaris.sk\/#website","url":"https:\/\/www.regionsaris.sk\/","name":"OOCR \u0160ari\u0161","description":"","potentialAction":[{"@type":"SearchAction","target":{"@type":"EntryPoint","urlTemplate":"https:\/\/www.regionsaris.sk\/?s={search_term_string}"},"query-input":{"@type":"PropertyValueSpecification","valueRequired":true,"valueName":"search_term_string"}}],"inLanguage":"it-IT"}]}},"_links":{"self":[{"href":"https:\/\/www.regionsaris.sk\/it\/wp-json\/wp\/v2\/prirodne-krasy\/2904","targetHints":{"allow":["GET"]}}],"collection":[{"href":"https:\/\/www.regionsaris.sk\/it\/wp-json\/wp\/v2\/prirodne-krasy"}],"about":[{"href":"https:\/\/www.regionsaris.sk\/it\/wp-json\/wp\/v2\/types\/prirodne-krasy"}],"wp:featuredmedia":[{"embeddable":true,"href":"https:\/\/www.regionsaris.sk\/it\/wp-json\/wp\/v2\/media\/2359"}],"wp:attachment":[{"href":"https:\/\/www.regionsaris.sk\/it\/wp-json\/wp\/v2\/media?parent=2904"}],"wp:term":[{"taxonomy":"kategoria-poi","embeddable":true,"href":"https:\/\/www.regionsaris.sk\/it\/wp-json\/wp\/v2\/kategoria-poi?post=2904"},{"taxonomy":"lokalita","embeddable":true,"href":"https:\/\/www.regionsaris.sk\/it\/wp-json\/wp\/v2\/lokalita?post=2904"},{"taxonomy":"sezona-poi","embeddable":true,"href":"https:\/\/www.regionsaris.sk\/it\/wp-json\/wp\/v2\/sezona-poi?post=2904"},{"taxonomy":"trvanie-vyletu","embeddable":true,"href":"https:\/\/www.regionsaris.sk\/it\/wp-json\/wp\/v2\/trvanie-vyletu?post=2904"}],"curies":[{"name":"wp","href":"https:\/\/api.w.org\/{rel}","templated":true}]}}