{"id":2872,"date":"2026-01-07T19:24:50","date_gmt":"2026-01-07T18:24:50","guid":{"rendered":"https:\/\/www.regionsaris.sk\/?post_type=prirodne-krasy&#038;p=2872"},"modified":"2026-02-05T14:21:28","modified_gmt":"2026-02-05T13:21:28","slug":"rozhladna-na-ciernej-kope-carnej-hure","status":"publish","type":"prirodne-krasy","link":"https:\/\/www.regionsaris.sk\/it\/prirodne-krasy\/rozhladna-na-ciernej-kope-carnej-hure\/","title":{"rendered":"Torre di avvistamento sulla Collina Nera - \"\u010carnej hure\""},"content":{"rendered":"<p>Sulla cima (1 180 m s.l.m.), appena sopra il villaggio di Kr\u00e1sna L\u00faka, si trova una torre panoramica, costruita da volontari locali nel 2012. Offre una vista su tutta la regione dell'Alta \u0160ari\u0161 (Branisko, Bachure\u0148, Str\u00e1\u017ee, \u010cergov) e su parte della regione di Spi\u0161 (Pieniny). Vicino alla torre panoramica \u00e8 stata eretta un'alta croce. \u00c8 inoltre possibile rilassarsi e pregare presso la statua della Madonna di Medjugorje. Il luogo \u00e8 una delle mete preferite per le gite ricreative e spirituali e per le escursioni di famiglie con bambini, scuole, passeggiate individuali ed eventi parrocchiali. Sulla cima c'\u00e8 una stufa dove si pu\u00f2 fare il barbecue. Una volta all'anno, in occasione della festa dell'Assunzione della Beata Vergine Maria, si tiene qui un pellegrinaggio con una santa messa.<\/p>","protected":false},"featured_media":2347,"template":"","meta":{"_acf_changed":false},"kategoria-poi":[102,107],"lokalita":[29],"sezona-poi":[12],"trvanie-vyletu":[180],"class_list":["post-2872","prirodne-krasy","type-prirodne-krasy","status-publish","has-post-thumbnail","hentry","kategoria-poi-prirodne-krasy","kategoria-poi-turistika","lokalita-lipany-a-okolie","sezona-poi-celorocne","trvanie-vyletu-poldenne-vylety"],"acf":[],"yoast_head":"<!-- This site is optimized with the Yoast SEO Premium plugin v26.3 (Yoast SEO v26.8) - https:\/\/yoast.com\/product\/yoast-seo-premium-wordpress\/ -->\n<title>Rozh\u013ead\u0148a na \u010ciernej kope - &quot;\u010carnej hure&quot; - OOCR \u0160ari\u0161<\/title>\n<meta name=\"robots\" content=\"index, follow, max-snippet:-1, max-image-preview:large, max-video-preview:-1\" \/>\n<link rel=\"canonical\" href=\"https:\/\/www.regionsaris.sk\/it\/prirodne-krasy\/rozhladna-na-ciernej-kope-carnej-hure\/\" \/>\n<meta property=\"og:locale\" content=\"it_IT\" \/>\n<meta property=\"og:type\" content=\"article\" \/>\n<meta property=\"og:title\" content=\"Rozh\u013ead\u0148a na \u010ciernej kope - &quot;\u010carnej hure&quot;\" \/>\n<meta property=\"og:description\" content=\"Na vrchole (1 180 m n. m.), hne\u010f nad obcou Kr\u00e1sna L\u00faka je rozh\u013ead\u0148a, ktor\u00e1...\" \/>\n<meta property=\"og:url\" content=\"https:\/\/www.regionsaris.sk\/it\/prirodne-krasy\/rozhladna-na-ciernej-kope-carnej-hure\/\" \/>\n<meta property=\"og:site_name\" content=\"OOCR \u0160ari\u0161\" \/>\n<meta property=\"article:modified_time\" content=\"2026-02-05T13:21:28+00:00\" \/>\n<meta property=\"og:image\" content=\"https:\/\/www.regionsaris.sk\/wp-content\/uploads\/2026\/01\/carna206-thumb.jpg\" \/>\n\t<meta property=\"og:image:width\" content=\"600\" \/>\n\t<meta property=\"og:image:height\" content=\"400\" \/>\n\t<meta property=\"og:image:type\" content=\"image\/jpeg\" \/>\n<meta name=\"twitter:card\" content=\"summary_large_image\" \/>\n<meta name=\"twitter:label1\" content=\"Tempo di lettura stimato\" \/>\n\t<meta name=\"twitter:data1\" content=\"1 minuto\" \/>\n<script type=\"application\/ld+json\" class=\"yoast-schema-graph\">{\"@context\":\"https:\/\/schema.org\",\"@graph\":[{\"@type\":\"WebPage\",\"@id\":\"https:\/\/www.regionsaris.sk\/prirodne-krasy\/rozhladna-na-ciernej-kope-carnej-hure\/\",\"url\":\"https:\/\/www.regionsaris.sk\/prirodne-krasy\/rozhladna-na-ciernej-kope-carnej-hure\/\",\"name\":\"Rozh\u013ead\u0148a na \u010ciernej kope - \\\"\u010carnej hure\\\" - OOCR \u0160ari\u0161\",\"isPartOf\":{\"@id\":\"https:\/\/www.regionsaris.sk\/#website\"},\"primaryImageOfPage\":{\"@id\":\"https:\/\/www.regionsaris.sk\/prirodne-krasy\/rozhladna-na-ciernej-kope-carnej-hure\/#primaryimage\"},\"image\":{\"@id\":\"https:\/\/www.regionsaris.sk\/prirodne-krasy\/rozhladna-na-ciernej-kope-carnej-hure\/#primaryimage\"},\"thumbnailUrl\":\"https:\/\/www.regionsaris.sk\/wp-content\/uploads\/2026\/01\/carna206-thumb.jpg\",\"datePublished\":\"2026-01-07T18:24:50+00:00\",\"dateModified\":\"2026-02-05T13:21:28+00:00\",\"breadcrumb\":{\"@id\":\"https:\/\/www.regionsaris.sk\/prirodne-krasy\/rozhladna-na-ciernej-kope-carnej-hure\/#breadcrumb\"},\"inLanguage\":\"it-IT\",\"potentialAction\":[{\"@type\":\"ReadAction\",\"target\":[\"https:\/\/www.regionsaris.sk\/prirodne-krasy\/rozhladna-na-ciernej-kope-carnej-hure\/\"]}]},{\"@type\":\"ImageObject\",\"inLanguage\":\"it-IT\",\"@id\":\"https:\/\/www.regionsaris.sk\/prirodne-krasy\/rozhladna-na-ciernej-kope-carnej-hure\/#primaryimage\",\"url\":\"https:\/\/www.regionsaris.sk\/wp-content\/uploads\/2026\/01\/carna206-thumb.jpg\",\"contentUrl\":\"https:\/\/www.regionsaris.sk\/wp-content\/uploads\/2026\/01\/carna206-thumb.jpg\",\"width\":600,\"height\":400},{\"@type\":\"BreadcrumbList\",\"@id\":\"https:\/\/www.regionsaris.sk\/prirodne-krasy\/rozhladna-na-ciernej-kope-carnej-hure\/#breadcrumb\",\"itemListElement\":[{\"@type\":\"ListItem\",\"position\":1,\"name\":\"Domov\",\"item\":\"https:\/\/www.regionsaris.sk\/\"},{\"@type\":\"ListItem\",\"position\":2,\"name\":\"Pr\u00edrodn\u00e9 kr\u00e1sy v regi\u00f3ne\",\"item\":\"https:\/\/www.regionsaris.sk\/prirodne-krasy-v-regione\/\"},{\"@type\":\"ListItem\",\"position\":3,\"name\":\"Rozh\u013ead\u0148a na \u010ciernej kope - \\\"\u010carnej hure\\\"\"}]},{\"@type\":\"WebSite\",\"@id\":\"https:\/\/www.regionsaris.sk\/#website\",\"url\":\"https:\/\/www.regionsaris.sk\/\",\"name\":\"OOCR \u0160ari\u0161\",\"description\":\"\",\"potentialAction\":[{\"@type\":\"SearchAction\",\"target\":{\"@type\":\"EntryPoint\",\"urlTemplate\":\"https:\/\/www.regionsaris.sk\/?s={search_term_string}\"},\"query-input\":{\"@type\":\"PropertyValueSpecification\",\"valueRequired\":true,\"valueName\":\"search_term_string\"}}],\"inLanguage\":\"it-IT\"}]}<\/script>\n<!-- \/ Yoast SEO Premium plugin. -->","yoast_head_json":{"title":"Rozh\u013ead\u0148a na \u010ciernej kope - \"\u010carnej hure\" - OOCR \u0160ari\u0161","robots":{"index":"index","follow":"follow","max-snippet":"max-snippet:-1","max-image-preview":"max-image-preview:large","max-video-preview":"max-video-preview:-1"},"canonical":"https:\/\/www.regionsaris.sk\/it\/prirodne-krasy\/rozhladna-na-ciernej-kope-carnej-hure\/","og_locale":"it_IT","og_type":"article","og_title":"Rozh\u013ead\u0148a na \u010ciernej kope - \"\u010carnej hure\"","og_description":"Na vrchole (1 180 m n. m.), hne\u010f nad obcou Kr\u00e1sna L\u00faka je rozh\u013ead\u0148a, ktor\u00e1...","og_url":"https:\/\/www.regionsaris.sk\/it\/prirodne-krasy\/rozhladna-na-ciernej-kope-carnej-hure\/","og_site_name":"OOCR \u0160ari\u0161","article_modified_time":"2026-02-05T13:21:28+00:00","og_image":[{"width":600,"height":400,"url":"https:\/\/www.regionsaris.sk\/wp-content\/uploads\/2026\/01\/carna206-thumb.jpg","type":"image\/jpeg"}],"twitter_card":"summary_large_image","twitter_misc":{"Tempo di lettura stimato":"1 minuto"},"schema":{"@context":"https:\/\/schema.org","@graph":[{"@type":"WebPage","@id":"https:\/\/www.regionsaris.sk\/prirodne-krasy\/rozhladna-na-ciernej-kope-carnej-hure\/","url":"https:\/\/www.regionsaris.sk\/prirodne-krasy\/rozhladna-na-ciernej-kope-carnej-hure\/","name":"Rozh\u013ead\u0148a na \u010ciernej kope - \"\u010carnej hure\" - OOCR \u0160ari\u0161","isPartOf":{"@id":"https:\/\/www.regionsaris.sk\/#website"},"primaryImageOfPage":{"@id":"https:\/\/www.regionsaris.sk\/prirodne-krasy\/rozhladna-na-ciernej-kope-carnej-hure\/#primaryimage"},"image":{"@id":"https:\/\/www.regionsaris.sk\/prirodne-krasy\/rozhladna-na-ciernej-kope-carnej-hure\/#primaryimage"},"thumbnailUrl":"https:\/\/www.regionsaris.sk\/wp-content\/uploads\/2026\/01\/carna206-thumb.jpg","datePublished":"2026-01-07T18:24:50+00:00","dateModified":"2026-02-05T13:21:28+00:00","breadcrumb":{"@id":"https:\/\/www.regionsaris.sk\/prirodne-krasy\/rozhladna-na-ciernej-kope-carnej-hure\/#breadcrumb"},"inLanguage":"it-IT","potentialAction":[{"@type":"ReadAction","target":["https:\/\/www.regionsaris.sk\/prirodne-krasy\/rozhladna-na-ciernej-kope-carnej-hure\/"]}]},{"@type":"ImageObject","inLanguage":"it-IT","@id":"https:\/\/www.regionsaris.sk\/prirodne-krasy\/rozhladna-na-ciernej-kope-carnej-hure\/#primaryimage","url":"https:\/\/www.regionsaris.sk\/wp-content\/uploads\/2026\/01\/carna206-thumb.jpg","contentUrl":"https:\/\/www.regionsaris.sk\/wp-content\/uploads\/2026\/01\/carna206-thumb.jpg","width":600,"height":400},{"@type":"BreadcrumbList","@id":"https:\/\/www.regionsaris.sk\/prirodne-krasy\/rozhladna-na-ciernej-kope-carnej-hure\/#breadcrumb","itemListElement":[{"@type":"ListItem","position":1,"name":"Domov","item":"https:\/\/www.regionsaris.sk\/"},{"@type":"ListItem","position":2,"name":"Pr\u00edrodn\u00e9 kr\u00e1sy v regi\u00f3ne","item":"https:\/\/www.regionsaris.sk\/prirodne-krasy-v-regione\/"},{"@type":"ListItem","position":3,"name":"Rozh\u013ead\u0148a na \u010ciernej kope - \"\u010carnej hure\""}]},{"@type":"WebSite","@id":"https:\/\/www.regionsaris.sk\/#website","url":"https:\/\/www.regionsaris.sk\/","name":"OOCR \u0160ari\u0161","description":"","potentialAction":[{"@type":"SearchAction","target":{"@type":"EntryPoint","urlTemplate":"https:\/\/www.regionsaris.sk\/?s={search_term_string}"},"query-input":{"@type":"PropertyValueSpecification","valueRequired":true,"valueName":"search_term_string"}}],"inLanguage":"it-IT"}]}},"_links":{"self":[{"href":"https:\/\/www.regionsaris.sk\/it\/wp-json\/wp\/v2\/prirodne-krasy\/2872","targetHints":{"allow":["GET"]}}],"collection":[{"href":"https:\/\/www.regionsaris.sk\/it\/wp-json\/wp\/v2\/prirodne-krasy"}],"about":[{"href":"https:\/\/www.regionsaris.sk\/it\/wp-json\/wp\/v2\/types\/prirodne-krasy"}],"wp:featuredmedia":[{"embeddable":true,"href":"https:\/\/www.regionsaris.sk\/it\/wp-json\/wp\/v2\/media\/2347"}],"wp:attachment":[{"href":"https:\/\/www.regionsaris.sk\/it\/wp-json\/wp\/v2\/media?parent=2872"}],"wp:term":[{"taxonomy":"kategoria-poi","embeddable":true,"href":"https:\/\/www.regionsaris.sk\/it\/wp-json\/wp\/v2\/kategoria-poi?post=2872"},{"taxonomy":"lokalita","embeddable":true,"href":"https:\/\/www.regionsaris.sk\/it\/wp-json\/wp\/v2\/lokalita?post=2872"},{"taxonomy":"sezona-poi","embeddable":true,"href":"https:\/\/www.regionsaris.sk\/it\/wp-json\/wp\/v2\/sezona-poi?post=2872"},{"taxonomy":"trvanie-vyletu","embeddable":true,"href":"https:\/\/www.regionsaris.sk\/it\/wp-json\/wp\/v2\/trvanie-vyletu?post=2872"}],"curies":[{"name":"wp","href":"https:\/\/api.w.org\/{rel}","templated":true}]}}