{"id":2846,"date":"2026-01-07T19:24:53","date_gmt":"2026-01-07T18:24:53","guid":{"rendered":"https:\/\/www.regionsaris.sk\/?post_type=prirodne-krasy&#038;p=2846"},"modified":"2026-02-05T14:49:03","modified_gmt":"2026-02-05T13:49:03","slug":"cergovsky-mincol","status":"publish","type":"prirodne-krasy","link":"https:\/\/www.regionsaris.sk\/it\/prirodne-krasy\/cergovsky-mincol\/","title":{"rendered":"Riserva naturale nazionale di \u010cergovsk\u00fd Min\u010dol"},"content":{"rendered":"<p>L'area protetta di \u010cergovsk\u00fd Min\u010dol ha un 5\u00b0 grado di protezione e un 3\u00b0 grado di protezione intorno alla riserva. La NPR si estende su tre territori catastali e tre distretti: il distretto di Bardejov - Livovsk\u00e1 Huta, il distretto di Sabinov - Brezovi\u010dka e il distretto di Star\u00e1 \u013dubov\u0148a - il villaggio di Kyjov. La riserva \u00e8 stata dichiarata per proteggere la flora tipica dei Carpazi montani, con la rappresentazione degli elementi dei Carpazi orientali e delle comunit\u00e0 forestali delle altitudini pi\u00f9 elevate dei Monti \u010cergov.<\/p>\n\n\n\n<p>Un'escursione molto bella al punto pi\u00f9 alto di \u010cergov - Min\u010dol, con un'altitudine di 1157,2 metri, \u00e8 una destinazione turistica popolare, dove turisti e non turisti di quattro distretti - Stara \u013dubovna, Bardejov, Sabinov e Pre\u0161ov si incontrano ogni anno sotto il nome di Incontro dei quattro distretti a Min\u010dol. Il percorso, ad eccezione di due punti pi\u00f9 difficili e ripidi, \u00e8 relativamente facile, in quanto si snoda per gran parte su una strada asfaltata. \u00c8 lungo nove chilometri e richiede circa tre ore per essere completato. All'inizio vale la pena di svoltare per raggiungere i resti dell'imponente <a href=\"https:\/\/www.regionsaris.sk\/it\/kam-ist\/lipany-a-okolie\/hrad-kamenica\/\">Castello di Kamenick\u00fd<\/a> con una splendida vista circolare.<\/p>\n\n\n\n<p>Il percorso verso la collina di Min\u010dol attraversa bei boschi e offre piacevoli luoghi di sosta. Uno di questi \u00e8 appena fuori dal villaggio, presso la fattoria Kamenica, dove si possono acquistare, tra l'altro, formaggio di pecora 100 % e bryndza. Un altro luogo di riposo \u00e8 il rifugio sotto Min\u010dol, sopra il quale c'\u00e8 una sorgente, ma una panchina con una vista meravigliosa in cima vi servir\u00e0 sicuramente per riposare. Una vista molto impressionante \u00e8 la Roccia del Falco che sovrasta la valle e che \u00e8 ben visibile durante tutto il percorso. La vista panoramica continua lungo tutta la cresta fino alla cima del Min\u010dol, da cui si pu\u00f2 vedere anche Kamenick\u00fd hrad. Dalla cima \u00e8 possibile proseguire verso nord fino a Obru\u010dn\u00e9, \u010cir\u010d o Bardejov, oppure sull'altro versante lungo la cresta verso lo chalet \u010cergov.<\/p>\n\n\n\n<p>Foto: OOCR Regi\u00f3n \u0160ari\u0161<\/p>","protected":false},"featured_media":2337,"template":"","meta":{"_acf_changed":false},"kategoria-poi":[102,107],"lokalita":[29],"sezona-poi":[12],"trvanie-vyletu":[114,194],"class_list":["post-2846","prirodne-krasy","type-prirodne-krasy","status-publish","has-post-thumbnail","hentry","kategoria-poi-prirodne-krasy","kategoria-poi-turistika","lokalita-lipany-a-okolie","sezona-poi-celorocne","trvanie-vyletu-celodenne-vylety","trvanie-vyletu-skolske-vylety"],"acf":[],"yoast_head":"<!-- This site is optimized with the Yoast SEO Premium plugin v26.3 (Yoast SEO v26.8) - https:\/\/yoast.com\/product\/yoast-seo-premium-wordpress\/ -->\n<title>N\u00e1rodn\u00e1 pr\u00edrodn\u00e1 rezerv\u00e1cia \u010cergovsk\u00fd Min\u010dol - OOCR \u0160ari\u0161<\/title>\n<meta name=\"robots\" content=\"index, follow, max-snippet:-1, max-image-preview:large, max-video-preview:-1\" \/>\n<link rel=\"canonical\" href=\"https:\/\/www.regionsaris.sk\/it\/prirodne-krasy\/cergovsky-mincol\/\" \/>\n<meta property=\"og:locale\" content=\"it_IT\" \/>\n<meta property=\"og:type\" content=\"article\" \/>\n<meta property=\"og:title\" content=\"N\u00e1rodn\u00e1 pr\u00edrodn\u00e1 rezerv\u00e1cia \u010cergovsk\u00fd Min\u010dol\" \/>\n<meta property=\"og:description\" content=\"Chr\u00e1nen\u00e9 \u00fazemie \u010cergovsk\u00fd Min\u010dol m\u00e1 5. stupe\u0148 ochrany a\u00a0 3. stup\u0148om ochrany okolo rezerv\u00e1cie. NPR...\" \/>\n<meta property=\"og:url\" content=\"https:\/\/www.regionsaris.sk\/it\/prirodne-krasy\/cergovsky-mincol\/\" \/>\n<meta property=\"og:site_name\" content=\"OOCR \u0160ari\u0161\" \/>\n<meta property=\"article:modified_time\" content=\"2026-02-05T13:49:03+00:00\" \/>\n<meta property=\"og:image\" content=\"https:\/\/www.regionsaris.sk\/wp-content\/uploads\/2026\/01\/3339ca20-4c87-4d28-a4dc-41e953d0f63e.jpg\" \/>\n\t<meta property=\"og:image:width\" content=\"758\" \/>\n\t<meta property=\"og:image:height\" content=\"568\" \/>\n\t<meta property=\"og:image:type\" content=\"image\/jpeg\" \/>\n<meta name=\"twitter:card\" content=\"summary_large_image\" \/>\n<meta name=\"twitter:label1\" content=\"Tempo di lettura stimato\" \/>\n\t<meta name=\"twitter:data1\" content=\"2 minuti\" \/>\n<script type=\"application\/ld+json\" class=\"yoast-schema-graph\">{\"@context\":\"https:\/\/schema.org\",\"@graph\":[{\"@type\":\"WebPage\",\"@id\":\"https:\/\/www.regionsaris.sk\/prirodne-krasy\/cergovsky-mincol\/\",\"url\":\"https:\/\/www.regionsaris.sk\/prirodne-krasy\/cergovsky-mincol\/\",\"name\":\"N\u00e1rodn\u00e1 pr\u00edrodn\u00e1 rezerv\u00e1cia \u010cergovsk\u00fd Min\u010dol - OOCR \u0160ari\u0161\",\"isPartOf\":{\"@id\":\"https:\/\/www.regionsaris.sk\/#website\"},\"primaryImageOfPage\":{\"@id\":\"https:\/\/www.regionsaris.sk\/prirodne-krasy\/cergovsky-mincol\/#primaryimage\"},\"image\":{\"@id\":\"https:\/\/www.regionsaris.sk\/prirodne-krasy\/cergovsky-mincol\/#primaryimage\"},\"thumbnailUrl\":\"https:\/\/www.regionsaris.sk\/wp-content\/uploads\/2026\/01\/3339ca20-4c87-4d28-a4dc-41e953d0f63e.jpg\",\"datePublished\":\"2026-01-07T18:24:53+00:00\",\"dateModified\":\"2026-02-05T13:49:03+00:00\",\"breadcrumb\":{\"@id\":\"https:\/\/www.regionsaris.sk\/prirodne-krasy\/cergovsky-mincol\/#breadcrumb\"},\"inLanguage\":\"it-IT\",\"potentialAction\":[{\"@type\":\"ReadAction\",\"target\":[\"https:\/\/www.regionsaris.sk\/prirodne-krasy\/cergovsky-mincol\/\"]}]},{\"@type\":\"ImageObject\",\"inLanguage\":\"it-IT\",\"@id\":\"https:\/\/www.regionsaris.sk\/prirodne-krasy\/cergovsky-mincol\/#primaryimage\",\"url\":\"https:\/\/www.regionsaris.sk\/wp-content\/uploads\/2026\/01\/3339ca20-4c87-4d28-a4dc-41e953d0f63e.jpg\",\"contentUrl\":\"https:\/\/www.regionsaris.sk\/wp-content\/uploads\/2026\/01\/3339ca20-4c87-4d28-a4dc-41e953d0f63e.jpg\",\"width\":758,\"height\":568},{\"@type\":\"BreadcrumbList\",\"@id\":\"https:\/\/www.regionsaris.sk\/prirodne-krasy\/cergovsky-mincol\/#breadcrumb\",\"itemListElement\":[{\"@type\":\"ListItem\",\"position\":1,\"name\":\"Domov\",\"item\":\"https:\/\/www.regionsaris.sk\/\"},{\"@type\":\"ListItem\",\"position\":2,\"name\":\"Pr\u00edrodn\u00e9 kr\u00e1sy v regi\u00f3ne\",\"item\":\"https:\/\/www.regionsaris.sk\/prirodne-krasy-v-regione\/\"},{\"@type\":\"ListItem\",\"position\":3,\"name\":\"N\u00e1rodn\u00e1 pr\u00edrodn\u00e1 rezerv\u00e1cia \u010cergovsk\u00fd Min\u010dol\"}]},{\"@type\":\"WebSite\",\"@id\":\"https:\/\/www.regionsaris.sk\/#website\",\"url\":\"https:\/\/www.regionsaris.sk\/\",\"name\":\"OOCR \u0160ari\u0161\",\"description\":\"\",\"potentialAction\":[{\"@type\":\"SearchAction\",\"target\":{\"@type\":\"EntryPoint\",\"urlTemplate\":\"https:\/\/www.regionsaris.sk\/?s={search_term_string}\"},\"query-input\":{\"@type\":\"PropertyValueSpecification\",\"valueRequired\":true,\"valueName\":\"search_term_string\"}}],\"inLanguage\":\"it-IT\"}]}<\/script>\n<!-- \/ Yoast SEO Premium plugin. -->","yoast_head_json":{"title":"N\u00e1rodn\u00e1 pr\u00edrodn\u00e1 rezerv\u00e1cia \u010cergovsk\u00fd Min\u010dol - OOCR \u0160ari\u0161","robots":{"index":"index","follow":"follow","max-snippet":"max-snippet:-1","max-image-preview":"max-image-preview:large","max-video-preview":"max-video-preview:-1"},"canonical":"https:\/\/www.regionsaris.sk\/it\/prirodne-krasy\/cergovsky-mincol\/","og_locale":"it_IT","og_type":"article","og_title":"N\u00e1rodn\u00e1 pr\u00edrodn\u00e1 rezerv\u00e1cia \u010cergovsk\u00fd Min\u010dol","og_description":"Chr\u00e1nen\u00e9 \u00fazemie \u010cergovsk\u00fd Min\u010dol m\u00e1 5. stupe\u0148 ochrany a\u00a0 3. stup\u0148om ochrany okolo rezerv\u00e1cie. NPR...","og_url":"https:\/\/www.regionsaris.sk\/it\/prirodne-krasy\/cergovsky-mincol\/","og_site_name":"OOCR \u0160ari\u0161","article_modified_time":"2026-02-05T13:49:03+00:00","og_image":[{"width":758,"height":568,"url":"https:\/\/www.regionsaris.sk\/wp-content\/uploads\/2026\/01\/3339ca20-4c87-4d28-a4dc-41e953d0f63e.jpg","type":"image\/jpeg"}],"twitter_card":"summary_large_image","twitter_misc":{"Tempo di lettura stimato":"2 minuti"},"schema":{"@context":"https:\/\/schema.org","@graph":[{"@type":"WebPage","@id":"https:\/\/www.regionsaris.sk\/prirodne-krasy\/cergovsky-mincol\/","url":"https:\/\/www.regionsaris.sk\/prirodne-krasy\/cergovsky-mincol\/","name":"N\u00e1rodn\u00e1 pr\u00edrodn\u00e1 rezerv\u00e1cia \u010cergovsk\u00fd Min\u010dol - OOCR \u0160ari\u0161","isPartOf":{"@id":"https:\/\/www.regionsaris.sk\/#website"},"primaryImageOfPage":{"@id":"https:\/\/www.regionsaris.sk\/prirodne-krasy\/cergovsky-mincol\/#primaryimage"},"image":{"@id":"https:\/\/www.regionsaris.sk\/prirodne-krasy\/cergovsky-mincol\/#primaryimage"},"thumbnailUrl":"https:\/\/www.regionsaris.sk\/wp-content\/uploads\/2026\/01\/3339ca20-4c87-4d28-a4dc-41e953d0f63e.jpg","datePublished":"2026-01-07T18:24:53+00:00","dateModified":"2026-02-05T13:49:03+00:00","breadcrumb":{"@id":"https:\/\/www.regionsaris.sk\/prirodne-krasy\/cergovsky-mincol\/#breadcrumb"},"inLanguage":"it-IT","potentialAction":[{"@type":"ReadAction","target":["https:\/\/www.regionsaris.sk\/prirodne-krasy\/cergovsky-mincol\/"]}]},{"@type":"ImageObject","inLanguage":"it-IT","@id":"https:\/\/www.regionsaris.sk\/prirodne-krasy\/cergovsky-mincol\/#primaryimage","url":"https:\/\/www.regionsaris.sk\/wp-content\/uploads\/2026\/01\/3339ca20-4c87-4d28-a4dc-41e953d0f63e.jpg","contentUrl":"https:\/\/www.regionsaris.sk\/wp-content\/uploads\/2026\/01\/3339ca20-4c87-4d28-a4dc-41e953d0f63e.jpg","width":758,"height":568},{"@type":"BreadcrumbList","@id":"https:\/\/www.regionsaris.sk\/prirodne-krasy\/cergovsky-mincol\/#breadcrumb","itemListElement":[{"@type":"ListItem","position":1,"name":"Domov","item":"https:\/\/www.regionsaris.sk\/"},{"@type":"ListItem","position":2,"name":"Pr\u00edrodn\u00e9 kr\u00e1sy v regi\u00f3ne","item":"https:\/\/www.regionsaris.sk\/prirodne-krasy-v-regione\/"},{"@type":"ListItem","position":3,"name":"N\u00e1rodn\u00e1 pr\u00edrodn\u00e1 rezerv\u00e1cia \u010cergovsk\u00fd Min\u010dol"}]},{"@type":"WebSite","@id":"https:\/\/www.regionsaris.sk\/#website","url":"https:\/\/www.regionsaris.sk\/","name":"OOCR \u0160ari\u0161","description":"","potentialAction":[{"@type":"SearchAction","target":{"@type":"EntryPoint","urlTemplate":"https:\/\/www.regionsaris.sk\/?s={search_term_string}"},"query-input":{"@type":"PropertyValueSpecification","valueRequired":true,"valueName":"search_term_string"}}],"inLanguage":"it-IT"}]}},"_links":{"self":[{"href":"https:\/\/www.regionsaris.sk\/it\/wp-json\/wp\/v2\/prirodne-krasy\/2846","targetHints":{"allow":["GET"]}}],"collection":[{"href":"https:\/\/www.regionsaris.sk\/it\/wp-json\/wp\/v2\/prirodne-krasy"}],"about":[{"href":"https:\/\/www.regionsaris.sk\/it\/wp-json\/wp\/v2\/types\/prirodne-krasy"}],"wp:featuredmedia":[{"embeddable":true,"href":"https:\/\/www.regionsaris.sk\/it\/wp-json\/wp\/v2\/media\/2337"}],"wp:attachment":[{"href":"https:\/\/www.regionsaris.sk\/it\/wp-json\/wp\/v2\/media?parent=2846"}],"wp:term":[{"taxonomy":"kategoria-poi","embeddable":true,"href":"https:\/\/www.regionsaris.sk\/it\/wp-json\/wp\/v2\/kategoria-poi?post=2846"},{"taxonomy":"lokalita","embeddable":true,"href":"https:\/\/www.regionsaris.sk\/it\/wp-json\/wp\/v2\/lokalita?post=2846"},{"taxonomy":"sezona-poi","embeddable":true,"href":"https:\/\/www.regionsaris.sk\/it\/wp-json\/wp\/v2\/sezona-poi?post=2846"},{"taxonomy":"trvanie-vyletu","embeddable":true,"href":"https:\/\/www.regionsaris.sk\/it\/wp-json\/wp\/v2\/trvanie-vyletu?post=2846"}],"curies":[{"name":"wp","href":"https:\/\/api.w.org\/{rel}","templated":true}]}}