{"id":2842,"date":"2026-01-07T19:24:54","date_gmt":"2026-01-07T18:24:54","guid":{"rendered":"https:\/\/www.regionsaris.sk\/?post_type=prirodne-krasy&#038;p=2842"},"modified":"2026-02-05T14:16:19","modified_gmt":"2026-02-05T13:16:19","slug":"janosikova-basta-523-m-n-m","status":"publish","type":"prirodne-krasy","link":"https:\/\/www.regionsaris.sk\/it\/prirodne-krasy\/janosikova-basta-523-m-n-m\/","title":{"rendered":"Bastione J\u00e1no\u0161\u00edkov\u00e1 (523 m s.l.m.)"},"content":{"rendered":"<p>Il bastione di J\u00e1no\u0161\u00edkov\u00e1 \u00e8 una formazione rocciosa calcarea sopra la valle di Horn\u00e1d, situata a ovest del villaggio di Kysak. Fa parte di un importante punto di riferimento naturale dei dintorni. Dalla rupe, il visitatore pu\u00f2 godere di una splendida vista sul panorama della valle con il fiume Horn\u00e1d, la Riserva Naturale di Humenec, i villaggi di Ve\u013ek\u00e1 e Mal\u00e1 Lodina, il panorama dei monti Slansk\u00e9 hory e anche la collina del castello con le rovine del castello di Kysak. Il bastione di J\u00e1no\u0161\u00edkov\u00e1 \u00e8 anche un popolare terreno di arrampicata.<\/p>","protected":false},"featured_media":2333,"template":"","meta":{"_acf_changed":false},"kategoria-poi":[102,174],"lokalita":[28],"sezona-poi":[12],"trvanie-vyletu":[180],"class_list":["post-2842","prirodne-krasy","type-prirodne-krasy","status-publish","has-post-thumbnail","hentry","kategoria-poi-prirodne-krasy","kategoria-poi-prirodne-zaujimavosti","lokalita-presov-a-okolie","sezona-poi-celorocne","trvanie-vyletu-poldenne-vylety"],"acf":[],"yoast_head":"<!-- This site is optimized with the Yoast SEO Premium plugin v26.3 (Yoast SEO v26.8) - https:\/\/yoast.com\/product\/yoast-seo-premium-wordpress\/ -->\n<title>J\u00e1no\u0161\u00edkov\u00e1 ba\u0161ta (523 m n. m.) - OOCR \u0160ari\u0161<\/title>\n<meta name=\"robots\" content=\"index, follow, max-snippet:-1, max-image-preview:large, max-video-preview:-1\" \/>\n<link rel=\"canonical\" href=\"https:\/\/www.regionsaris.sk\/it\/prirodne-krasy\/janosikova-basta-523-m-n-m\/\" \/>\n<meta property=\"og:locale\" content=\"it_IT\" \/>\n<meta property=\"og:type\" content=\"article\" \/>\n<meta property=\"og:title\" content=\"J\u00e1no\u0161\u00edkov\u00e1 ba\u0161ta (523 m n. m.)\" \/>\n<meta property=\"og:description\" content=\"J\u00e1no\u0161\u00edkov\u00e1 ba\u0161ta je skaln\u00fd v\u00e1pencov\u00fd \u00fatvar nad dolinou Horn\u00e1du nach\u00e1dzaj\u00faci sa z\u00e1padne od obce Kysak....\" \/>\n<meta property=\"og:url\" content=\"https:\/\/www.regionsaris.sk\/it\/prirodne-krasy\/janosikova-basta-523-m-n-m\/\" \/>\n<meta property=\"og:site_name\" content=\"OOCR \u0160ari\u0161\" \/>\n<meta property=\"article:modified_time\" content=\"2026-02-05T13:16:19+00:00\" \/>\n<meta property=\"og:image\" content=\"https:\/\/www.regionsaris.sk\/wp-content\/uploads\/2026\/01\/janosik109-thumb.jpg\" \/>\n\t<meta property=\"og:image:width\" content=\"600\" \/>\n\t<meta property=\"og:image:height\" content=\"400\" \/>\n\t<meta property=\"og:image:type\" content=\"image\/jpeg\" \/>\n<meta name=\"twitter:card\" content=\"summary_large_image\" \/>\n<script type=\"application\/ld+json\" class=\"yoast-schema-graph\">{\"@context\":\"https:\/\/schema.org\",\"@graph\":[{\"@type\":\"WebPage\",\"@id\":\"https:\/\/www.regionsaris.sk\/prirodne-krasy\/janosikova-basta-523-m-n-m\/\",\"url\":\"https:\/\/www.regionsaris.sk\/prirodne-krasy\/janosikova-basta-523-m-n-m\/\",\"name\":\"J\u00e1no\u0161\u00edkov\u00e1 ba\u0161ta (523 m n. m.) - OOCR \u0160ari\u0161\",\"isPartOf\":{\"@id\":\"https:\/\/www.regionsaris.sk\/#website\"},\"primaryImageOfPage\":{\"@id\":\"https:\/\/www.regionsaris.sk\/prirodne-krasy\/janosikova-basta-523-m-n-m\/#primaryimage\"},\"image\":{\"@id\":\"https:\/\/www.regionsaris.sk\/prirodne-krasy\/janosikova-basta-523-m-n-m\/#primaryimage\"},\"thumbnailUrl\":\"https:\/\/www.regionsaris.sk\/wp-content\/uploads\/2026\/01\/janosik109-thumb.jpg\",\"datePublished\":\"2026-01-07T18:24:54+00:00\",\"dateModified\":\"2026-02-05T13:16:19+00:00\",\"breadcrumb\":{\"@id\":\"https:\/\/www.regionsaris.sk\/prirodne-krasy\/janosikova-basta-523-m-n-m\/#breadcrumb\"},\"inLanguage\":\"it-IT\",\"potentialAction\":[{\"@type\":\"ReadAction\",\"target\":[\"https:\/\/www.regionsaris.sk\/prirodne-krasy\/janosikova-basta-523-m-n-m\/\"]}]},{\"@type\":\"ImageObject\",\"inLanguage\":\"it-IT\",\"@id\":\"https:\/\/www.regionsaris.sk\/prirodne-krasy\/janosikova-basta-523-m-n-m\/#primaryimage\",\"url\":\"https:\/\/www.regionsaris.sk\/wp-content\/uploads\/2026\/01\/janosik109-thumb.jpg\",\"contentUrl\":\"https:\/\/www.regionsaris.sk\/wp-content\/uploads\/2026\/01\/janosik109-thumb.jpg\",\"width\":600,\"height\":400},{\"@type\":\"BreadcrumbList\",\"@id\":\"https:\/\/www.regionsaris.sk\/prirodne-krasy\/janosikova-basta-523-m-n-m\/#breadcrumb\",\"itemListElement\":[{\"@type\":\"ListItem\",\"position\":1,\"name\":\"Domov\",\"item\":\"https:\/\/www.regionsaris.sk\/\"},{\"@type\":\"ListItem\",\"position\":2,\"name\":\"Pr\u00edrodn\u00e9 kr\u00e1sy v regi\u00f3ne\",\"item\":\"https:\/\/www.regionsaris.sk\/prirodne-krasy-v-regione\/\"},{\"@type\":\"ListItem\",\"position\":3,\"name\":\"J\u00e1no\u0161\u00edkov\u00e1 ba\u0161ta (523 m n. m.)\"}]},{\"@type\":\"WebSite\",\"@id\":\"https:\/\/www.regionsaris.sk\/#website\",\"url\":\"https:\/\/www.regionsaris.sk\/\",\"name\":\"OOCR \u0160ari\u0161\",\"description\":\"\",\"potentialAction\":[{\"@type\":\"SearchAction\",\"target\":{\"@type\":\"EntryPoint\",\"urlTemplate\":\"https:\/\/www.regionsaris.sk\/?s={search_term_string}\"},\"query-input\":{\"@type\":\"PropertyValueSpecification\",\"valueRequired\":true,\"valueName\":\"search_term_string\"}}],\"inLanguage\":\"it-IT\"}]}<\/script>\n<!-- \/ Yoast SEO Premium plugin. -->","yoast_head_json":{"title":"J\u00e1no\u0161\u00edkov\u00e1 ba\u0161ta (523 m n. m.) - OOCR \u0160ari\u0161","robots":{"index":"index","follow":"follow","max-snippet":"max-snippet:-1","max-image-preview":"max-image-preview:large","max-video-preview":"max-video-preview:-1"},"canonical":"https:\/\/www.regionsaris.sk\/it\/prirodne-krasy\/janosikova-basta-523-m-n-m\/","og_locale":"it_IT","og_type":"article","og_title":"J\u00e1no\u0161\u00edkov\u00e1 ba\u0161ta (523 m n. m.)","og_description":"J\u00e1no\u0161\u00edkov\u00e1 ba\u0161ta je skaln\u00fd v\u00e1pencov\u00fd \u00fatvar nad dolinou Horn\u00e1du nach\u00e1dzaj\u00faci sa z\u00e1padne od obce Kysak....","og_url":"https:\/\/www.regionsaris.sk\/it\/prirodne-krasy\/janosikova-basta-523-m-n-m\/","og_site_name":"OOCR \u0160ari\u0161","article_modified_time":"2026-02-05T13:16:19+00:00","og_image":[{"width":600,"height":400,"url":"https:\/\/www.regionsaris.sk\/wp-content\/uploads\/2026\/01\/janosik109-thumb.jpg","type":"image\/jpeg"}],"twitter_card":"summary_large_image","schema":{"@context":"https:\/\/schema.org","@graph":[{"@type":"WebPage","@id":"https:\/\/www.regionsaris.sk\/prirodne-krasy\/janosikova-basta-523-m-n-m\/","url":"https:\/\/www.regionsaris.sk\/prirodne-krasy\/janosikova-basta-523-m-n-m\/","name":"J\u00e1no\u0161\u00edkov\u00e1 ba\u0161ta (523 m n. m.) - OOCR \u0160ari\u0161","isPartOf":{"@id":"https:\/\/www.regionsaris.sk\/#website"},"primaryImageOfPage":{"@id":"https:\/\/www.regionsaris.sk\/prirodne-krasy\/janosikova-basta-523-m-n-m\/#primaryimage"},"image":{"@id":"https:\/\/www.regionsaris.sk\/prirodne-krasy\/janosikova-basta-523-m-n-m\/#primaryimage"},"thumbnailUrl":"https:\/\/www.regionsaris.sk\/wp-content\/uploads\/2026\/01\/janosik109-thumb.jpg","datePublished":"2026-01-07T18:24:54+00:00","dateModified":"2026-02-05T13:16:19+00:00","breadcrumb":{"@id":"https:\/\/www.regionsaris.sk\/prirodne-krasy\/janosikova-basta-523-m-n-m\/#breadcrumb"},"inLanguage":"it-IT","potentialAction":[{"@type":"ReadAction","target":["https:\/\/www.regionsaris.sk\/prirodne-krasy\/janosikova-basta-523-m-n-m\/"]}]},{"@type":"ImageObject","inLanguage":"it-IT","@id":"https:\/\/www.regionsaris.sk\/prirodne-krasy\/janosikova-basta-523-m-n-m\/#primaryimage","url":"https:\/\/www.regionsaris.sk\/wp-content\/uploads\/2026\/01\/janosik109-thumb.jpg","contentUrl":"https:\/\/www.regionsaris.sk\/wp-content\/uploads\/2026\/01\/janosik109-thumb.jpg","width":600,"height":400},{"@type":"BreadcrumbList","@id":"https:\/\/www.regionsaris.sk\/prirodne-krasy\/janosikova-basta-523-m-n-m\/#breadcrumb","itemListElement":[{"@type":"ListItem","position":1,"name":"Domov","item":"https:\/\/www.regionsaris.sk\/"},{"@type":"ListItem","position":2,"name":"Pr\u00edrodn\u00e9 kr\u00e1sy v regi\u00f3ne","item":"https:\/\/www.regionsaris.sk\/prirodne-krasy-v-regione\/"},{"@type":"ListItem","position":3,"name":"J\u00e1no\u0161\u00edkov\u00e1 ba\u0161ta (523 m n. m.)"}]},{"@type":"WebSite","@id":"https:\/\/www.regionsaris.sk\/#website","url":"https:\/\/www.regionsaris.sk\/","name":"OOCR \u0160ari\u0161","description":"","potentialAction":[{"@type":"SearchAction","target":{"@type":"EntryPoint","urlTemplate":"https:\/\/www.regionsaris.sk\/?s={search_term_string}"},"query-input":{"@type":"PropertyValueSpecification","valueRequired":true,"valueName":"search_term_string"}}],"inLanguage":"it-IT"}]}},"_links":{"self":[{"href":"https:\/\/www.regionsaris.sk\/it\/wp-json\/wp\/v2\/prirodne-krasy\/2842","targetHints":{"allow":["GET"]}}],"collection":[{"href":"https:\/\/www.regionsaris.sk\/it\/wp-json\/wp\/v2\/prirodne-krasy"}],"about":[{"href":"https:\/\/www.regionsaris.sk\/it\/wp-json\/wp\/v2\/types\/prirodne-krasy"}],"wp:featuredmedia":[{"embeddable":true,"href":"https:\/\/www.regionsaris.sk\/it\/wp-json\/wp\/v2\/media\/2333"}],"wp:attachment":[{"href":"https:\/\/www.regionsaris.sk\/it\/wp-json\/wp\/v2\/media?parent=2842"}],"wp:term":[{"taxonomy":"kategoria-poi","embeddable":true,"href":"https:\/\/www.regionsaris.sk\/it\/wp-json\/wp\/v2\/kategoria-poi?post=2842"},{"taxonomy":"lokalita","embeddable":true,"href":"https:\/\/www.regionsaris.sk\/it\/wp-json\/wp\/v2\/lokalita?post=2842"},{"taxonomy":"sezona-poi","embeddable":true,"href":"https:\/\/www.regionsaris.sk\/it\/wp-json\/wp\/v2\/sezona-poi?post=2842"},{"taxonomy":"trvanie-vyletu","embeddable":true,"href":"https:\/\/www.regionsaris.sk\/it\/wp-json\/wp\/v2\/trvanie-vyletu?post=2842"}],"curies":[{"name":"wp","href":"https:\/\/api.w.org\/{rel}","templated":true}]}}