{"id":2760,"date":"2026-01-07T19:25:03","date_gmt":"2026-01-07T18:25:03","guid":{"rendered":"https:\/\/www.regionsaris.sk\/?post_type=prirodne-krasy&#038;p=2760"},"modified":"2026-02-05T14:07:04","modified_gmt":"2026-02-05T13:07:04","slug":"lipa-malolista","status":"publish","type":"prirodne-krasy","link":"https:\/\/www.regionsaris.sk\/it\/prirodne-krasy\/lipa-malolista\/","title":{"rendered":"320. tiglio annuale - Lipanyl"},"content":{"rendered":"<p>Il tiglio \u00e8 il simbolo della citt\u00e0 di \u0160ari\u0161, Lipany, che secondo le fonti storiche aveva questo albero nel suo nome originario. La prima menzione documentaria risale all'inizio del XIV secolo con il nome di Sette Tigli - Septemthillis, la forma ungherese del nome era H\u00e9th\u00e1rs e quella tedesca Siebenlinden. Lo stemma comunale raffigura sette foglie di tiglio verdi in campo argento.<br>La gente ricorda che un tempo c'erano centinaia di alberi in citt\u00e0, ma che sono stati gradualmente diradati con l'espandersi dello sviluppo. Ma ancora oggi non sono pochi e nel parco cittadino, in pieno centro, ci sono diversi tigli, ma solo uno di essi \u00e8 eccezionale, presumibilmente l'ultimo dei sette citati nella storia. Il tiglio a foglie piccole ha pi\u00f9 di 320 anni, la circonferenza del suo tronco \u00e8 di 536 centimetri e le sue ultime foglie raggiungono un'altezza di 23 metri.<\/p>\n\n\n\n<p>Foto: citt\u00e0 Lipany FB<\/p>","protected":false},"featured_media":2297,"template":"","meta":{"_acf_changed":false},"kategoria-poi":[102,174],"lokalita":[29],"sezona-poi":[12],"trvanie-vyletu":[217],"class_list":["post-2760","prirodne-krasy","type-prirodne-krasy","status-publish","has-post-thumbnail","hentry","kategoria-poi-prirodne-krasy","kategoria-poi-prirodne-zaujimavosti","lokalita-lipany-a-okolie","sezona-poi-celorocne","trvanie-vyletu-kratke-vylety"],"acf":[],"yoast_head":"<!-- This site is optimized with the Yoast SEO Premium plugin v26.3 (Yoast SEO v26.8) - https:\/\/yoast.com\/product\/yoast-seo-premium-wordpress\/ -->\n<title>320. ro\u010dn\u00e1 Lipa malolist\u00e1 - Lipanyl - OOCR \u0160ari\u0161<\/title>\n<meta name=\"robots\" content=\"index, follow, max-snippet:-1, max-image-preview:large, max-video-preview:-1\" \/>\n<link rel=\"canonical\" href=\"https:\/\/www.regionsaris.sk\/it\/prirodne-krasy\/lipa-malolista\/\" \/>\n<meta property=\"og:locale\" content=\"it_IT\" \/>\n<meta property=\"og:type\" content=\"article\" \/>\n<meta property=\"og:title\" content=\"320. ro\u010dn\u00e1 Lipa malolist\u00e1 - Lipanyl\" \/>\n<meta property=\"og:description\" content=\"Lipa je symbolom \u0161ari\u0161sk\u00e9ho mesta Lipany, ktor\u00e9 pod\u013ea historick\u00fdch prame\u0148ov malo tento strom u\u017e v...\" \/>\n<meta property=\"og:url\" content=\"https:\/\/www.regionsaris.sk\/it\/prirodne-krasy\/lipa-malolista\/\" \/>\n<meta property=\"og:site_name\" content=\"OOCR \u0160ari\u0161\" \/>\n<meta property=\"article:modified_time\" content=\"2026-02-05T13:07:04+00:00\" \/>\n<meta property=\"og:image\" content=\"https:\/\/www.regionsaris.sk\/wp-content\/uploads\/2026\/01\/lipa124-thumb.jpg\" \/>\n\t<meta property=\"og:image:width\" content=\"600\" \/>\n\t<meta property=\"og:image:height\" content=\"400\" \/>\n\t<meta property=\"og:image:type\" content=\"image\/jpeg\" \/>\n<meta name=\"twitter:card\" content=\"summary_large_image\" \/>\n<meta name=\"twitter:label1\" content=\"Tempo di lettura stimato\" \/>\n\t<meta name=\"twitter:data1\" content=\"1 minuto\" \/>\n<script type=\"application\/ld+json\" class=\"yoast-schema-graph\">{\"@context\":\"https:\/\/schema.org\",\"@graph\":[{\"@type\":\"WebPage\",\"@id\":\"https:\/\/www.regionsaris.sk\/prirodne-krasy\/lipa-malolista\/\",\"url\":\"https:\/\/www.regionsaris.sk\/prirodne-krasy\/lipa-malolista\/\",\"name\":\"320. ro\u010dn\u00e1 Lipa malolist\u00e1 - Lipanyl - OOCR \u0160ari\u0161\",\"isPartOf\":{\"@id\":\"https:\/\/www.regionsaris.sk\/#website\"},\"primaryImageOfPage\":{\"@id\":\"https:\/\/www.regionsaris.sk\/prirodne-krasy\/lipa-malolista\/#primaryimage\"},\"image\":{\"@id\":\"https:\/\/www.regionsaris.sk\/prirodne-krasy\/lipa-malolista\/#primaryimage\"},\"thumbnailUrl\":\"https:\/\/www.regionsaris.sk\/wp-content\/uploads\/2026\/01\/lipa124-thumb.jpg\",\"datePublished\":\"2026-01-07T18:25:03+00:00\",\"dateModified\":\"2026-02-05T13:07:04+00:00\",\"breadcrumb\":{\"@id\":\"https:\/\/www.regionsaris.sk\/prirodne-krasy\/lipa-malolista\/#breadcrumb\"},\"inLanguage\":\"it-IT\",\"potentialAction\":[{\"@type\":\"ReadAction\",\"target\":[\"https:\/\/www.regionsaris.sk\/prirodne-krasy\/lipa-malolista\/\"]}]},{\"@type\":\"ImageObject\",\"inLanguage\":\"it-IT\",\"@id\":\"https:\/\/www.regionsaris.sk\/prirodne-krasy\/lipa-malolista\/#primaryimage\",\"url\":\"https:\/\/www.regionsaris.sk\/wp-content\/uploads\/2026\/01\/lipa124-thumb.jpg\",\"contentUrl\":\"https:\/\/www.regionsaris.sk\/wp-content\/uploads\/2026\/01\/lipa124-thumb.jpg\",\"width\":600,\"height\":400},{\"@type\":\"BreadcrumbList\",\"@id\":\"https:\/\/www.regionsaris.sk\/prirodne-krasy\/lipa-malolista\/#breadcrumb\",\"itemListElement\":[{\"@type\":\"ListItem\",\"position\":1,\"name\":\"Domov\",\"item\":\"https:\/\/www.regionsaris.sk\/\"},{\"@type\":\"ListItem\",\"position\":2,\"name\":\"Pr\u00edrodn\u00e9 kr\u00e1sy v regi\u00f3ne\",\"item\":\"https:\/\/www.regionsaris.sk\/prirodne-krasy-v-regione\/\"},{\"@type\":\"ListItem\",\"position\":3,\"name\":\"320. ro\u010dn\u00e1 Lipa malolist\u00e1 - Lipanyl\"}]},{\"@type\":\"WebSite\",\"@id\":\"https:\/\/www.regionsaris.sk\/#website\",\"url\":\"https:\/\/www.regionsaris.sk\/\",\"name\":\"OOCR \u0160ari\u0161\",\"description\":\"\",\"potentialAction\":[{\"@type\":\"SearchAction\",\"target\":{\"@type\":\"EntryPoint\",\"urlTemplate\":\"https:\/\/www.regionsaris.sk\/?s={search_term_string}\"},\"query-input\":{\"@type\":\"PropertyValueSpecification\",\"valueRequired\":true,\"valueName\":\"search_term_string\"}}],\"inLanguage\":\"it-IT\"}]}<\/script>\n<!-- \/ Yoast SEO Premium plugin. -->","yoast_head_json":{"title":"320. ro\u010dn\u00e1 Lipa malolist\u00e1 - Lipanyl - OOCR \u0160ari\u0161","robots":{"index":"index","follow":"follow","max-snippet":"max-snippet:-1","max-image-preview":"max-image-preview:large","max-video-preview":"max-video-preview:-1"},"canonical":"https:\/\/www.regionsaris.sk\/it\/prirodne-krasy\/lipa-malolista\/","og_locale":"it_IT","og_type":"article","og_title":"320. ro\u010dn\u00e1 Lipa malolist\u00e1 - Lipanyl","og_description":"Lipa je symbolom \u0161ari\u0161sk\u00e9ho mesta Lipany, ktor\u00e9 pod\u013ea historick\u00fdch prame\u0148ov malo tento strom u\u017e v...","og_url":"https:\/\/www.regionsaris.sk\/it\/prirodne-krasy\/lipa-malolista\/","og_site_name":"OOCR \u0160ari\u0161","article_modified_time":"2026-02-05T13:07:04+00:00","og_image":[{"width":600,"height":400,"url":"https:\/\/www.regionsaris.sk\/wp-content\/uploads\/2026\/01\/lipa124-thumb.jpg","type":"image\/jpeg"}],"twitter_card":"summary_large_image","twitter_misc":{"Tempo di lettura stimato":"1 minuto"},"schema":{"@context":"https:\/\/schema.org","@graph":[{"@type":"WebPage","@id":"https:\/\/www.regionsaris.sk\/prirodne-krasy\/lipa-malolista\/","url":"https:\/\/www.regionsaris.sk\/prirodne-krasy\/lipa-malolista\/","name":"320. ro\u010dn\u00e1 Lipa malolist\u00e1 - Lipanyl - OOCR \u0160ari\u0161","isPartOf":{"@id":"https:\/\/www.regionsaris.sk\/#website"},"primaryImageOfPage":{"@id":"https:\/\/www.regionsaris.sk\/prirodne-krasy\/lipa-malolista\/#primaryimage"},"image":{"@id":"https:\/\/www.regionsaris.sk\/prirodne-krasy\/lipa-malolista\/#primaryimage"},"thumbnailUrl":"https:\/\/www.regionsaris.sk\/wp-content\/uploads\/2026\/01\/lipa124-thumb.jpg","datePublished":"2026-01-07T18:25:03+00:00","dateModified":"2026-02-05T13:07:04+00:00","breadcrumb":{"@id":"https:\/\/www.regionsaris.sk\/prirodne-krasy\/lipa-malolista\/#breadcrumb"},"inLanguage":"it-IT","potentialAction":[{"@type":"ReadAction","target":["https:\/\/www.regionsaris.sk\/prirodne-krasy\/lipa-malolista\/"]}]},{"@type":"ImageObject","inLanguage":"it-IT","@id":"https:\/\/www.regionsaris.sk\/prirodne-krasy\/lipa-malolista\/#primaryimage","url":"https:\/\/www.regionsaris.sk\/wp-content\/uploads\/2026\/01\/lipa124-thumb.jpg","contentUrl":"https:\/\/www.regionsaris.sk\/wp-content\/uploads\/2026\/01\/lipa124-thumb.jpg","width":600,"height":400},{"@type":"BreadcrumbList","@id":"https:\/\/www.regionsaris.sk\/prirodne-krasy\/lipa-malolista\/#breadcrumb","itemListElement":[{"@type":"ListItem","position":1,"name":"Domov","item":"https:\/\/www.regionsaris.sk\/"},{"@type":"ListItem","position":2,"name":"Pr\u00edrodn\u00e9 kr\u00e1sy v regi\u00f3ne","item":"https:\/\/www.regionsaris.sk\/prirodne-krasy-v-regione\/"},{"@type":"ListItem","position":3,"name":"320. ro\u010dn\u00e1 Lipa malolist\u00e1 - Lipanyl"}]},{"@type":"WebSite","@id":"https:\/\/www.regionsaris.sk\/#website","url":"https:\/\/www.regionsaris.sk\/","name":"OOCR \u0160ari\u0161","description":"","potentialAction":[{"@type":"SearchAction","target":{"@type":"EntryPoint","urlTemplate":"https:\/\/www.regionsaris.sk\/?s={search_term_string}"},"query-input":{"@type":"PropertyValueSpecification","valueRequired":true,"valueName":"search_term_string"}}],"inLanguage":"it-IT"}]}},"_links":{"self":[{"href":"https:\/\/www.regionsaris.sk\/it\/wp-json\/wp\/v2\/prirodne-krasy\/2760","targetHints":{"allow":["GET"]}}],"collection":[{"href":"https:\/\/www.regionsaris.sk\/it\/wp-json\/wp\/v2\/prirodne-krasy"}],"about":[{"href":"https:\/\/www.regionsaris.sk\/it\/wp-json\/wp\/v2\/types\/prirodne-krasy"}],"wp:featuredmedia":[{"embeddable":true,"href":"https:\/\/www.regionsaris.sk\/it\/wp-json\/wp\/v2\/media\/2297"}],"wp:attachment":[{"href":"https:\/\/www.regionsaris.sk\/it\/wp-json\/wp\/v2\/media?parent=2760"}],"wp:term":[{"taxonomy":"kategoria-poi","embeddable":true,"href":"https:\/\/www.regionsaris.sk\/it\/wp-json\/wp\/v2\/kategoria-poi?post=2760"},{"taxonomy":"lokalita","embeddable":true,"href":"https:\/\/www.regionsaris.sk\/it\/wp-json\/wp\/v2\/lokalita?post=2760"},{"taxonomy":"sezona-poi","embeddable":true,"href":"https:\/\/www.regionsaris.sk\/it\/wp-json\/wp\/v2\/sezona-poi?post=2760"},{"taxonomy":"trvanie-vyletu","embeddable":true,"href":"https:\/\/www.regionsaris.sk\/it\/wp-json\/wp\/v2\/trvanie-vyletu?post=2760"}],"curies":[{"name":"wp","href":"https:\/\/api.w.org\/{rel}","templated":true}]}}