{"id":2708,"date":"2026-01-07T19:25:10","date_gmt":"2026-01-07T18:25:10","guid":{"rendered":"https:\/\/www.regionsaris.sk\/?post_type=prirodne-krasy&#038;p=2708"},"modified":"2026-04-10T11:38:10","modified_gmt":"2026-04-10T10:38:10","slug":"hrad-sebes","status":"publish","type":"prirodne-krasy","link":"https:\/\/www.regionsaris.sk\/it\/prirodne-krasy\/hrad-sebes\/","title":{"rendered":"Castello di Shebes"},"content":{"rendered":"<p>Alla periferia nord-occidentale delle colline di Sl\u00e1nsk\u00e9, sul lato destro della valle del fiume \u0160ebastovka, sopra il villaggio di Podhrad\u00edk, si trovano i resti di un castello medievale. Il castello di \u0160ebe\u0161 fu costruito all'inizio del XIV secolo. La prima menzione di quest'area risale al 1307, quando i dintorni del futuro castello furono acquistati dal cavaliere Synek de Sebesy. Nel 1315 egli costru\u00ec qui un nuovo castello in pietra. Dalla rupe del castello era possibile controllare comodamente gli eventi nella parte nord-orientale del bacino di Ko\u0161ice, con una buona vista sui castelli allora esistenti di \u0160ari\u0161 e Kapu\u0161any. Il castello di \u0160ebe\u0161 fu abitato dai discendenti del cavaliere Synek per due secoli. Nel 1491, il re Vladislav II Jagelovsk\u00fd don\u00f2 il castello alla fedele citt\u00e0 di Ko\u0161ice. Tuttavia, nel 1528 questo \u201ecastello di Ko\u0161ice vicino a Pre\u0161ov\u201c fu conquistato dall'esercito della citt\u00e0 di Pre\u0161ov. Questo evento potrebbe aver scatenato la successiva rivalit\u00e0 tra Ko\u0161ice e Pre\u0161ov e, a causa di disaccordi e dispute giudiziarie sul castello, il richt\u00e1r di Pre\u0161ov lo fece bruciare nel 1550. Il castello non fu mai ricostruito e dopo qualche tempo scomparve. Del castello originale si sono conservati solo i resti.<\/p>\n\n\n\n<p>Ai piedi occidentali della scogliera \u00e8 scolpita nella roccia una serie di cifre con il nome di <strong>L. CSEH e la data 24 agosto 1896<\/strong>. Secondo una congettura, questa \u00e8 probabilmente la coordinata che indica la posizione del portale del pozzo dell\u201e\u201cargento vivo\", cio\u00e8 del vermiglio, utilizzato per la produzione di mercurio.  Si trova sul lato opposto del torrente \u0160ebastovka, ai piedi della H\u00e1jova hora. Durante la Seconda Guerra Mondiale, gli abitanti del luogo lo utilizzarono per conservare le derrate alimentari, soprattutto il grano. Intorno alle rovine si trovano molte interessanti formazioni rocciose e piccoli mari di pietra. La collina del castello offre una bella vista sui villaggi e sui castelli circostanti, sotto il castello c'\u00e8 un posto per il barbecue, per il riposo - un rifugio e un piccolo anfiteatro.<\/p>\n\n\n\n<p><strong>Suggerimento per i visitatori:<br><\/strong>- nel \u201ecortile\u201c c'\u00e8 un pannello informativo e accanto una piccola scatola, dove \u00e8 accuratamente nascosta, da tutti gli elementi della natura, <strong>libro degli ospiti<\/strong>. Sostenete gli appassionati ed esprimete la vostra ammirazione per il lavoro svolto.<br>- non ci sono cestini per i rifiuti durante il viaggio, quindi si prega di rispettare la natura e di portare con s\u00e9 i propri rifiuti<br>- L'audioguida del Castello di \u0160ebe\u0161 fa parte dell'applicazione mobile Dante, disponibile su Google Play: <a href=\"https:\/\/play.google.com\/store\/apps\/details?id=sk.dante&amp;gl=SK\" target=\"_blank\" rel=\"noopener\">play.google.com\/dante<\/a>. Affinch\u00e9 l'applicazione funzioni senza problemi in luoghi con un segnale e una connessione internet deboli, vi consigliamo di scaricare l'itinerario del Castello di \u0160ebe\u0161 offline prima di partire per il vostro viaggio.<\/p>\n\n\n\n<p>Il Castello di \u0160ebe\u0161 fa parte di\u00a0<a href=\"http:\/\/www.sarisskahradnacesta.sk\" target=\"_blank\" rel=\"noopener\">Strada del castello di \u0160ari\u0161<\/a>.<\/p>\n\n\n\n<p>Fonte e foto : OOCR Regione \u0160ari\u0161, villaggio Podhrad\u00edk<br>Foto di copertina: Fotografia di Tibor \u0160ari\u0161sk\u00fd<\/p>","protected":false},"featured_media":2284,"template":"","meta":{"_acf_changed":true},"kategoria-poi":[191,105,106,102,107],"lokalita":[28],"sezona-poi":[12],"trvanie-vyletu":[114,180],"class_list":["post-2708","prirodne-krasy","type-prirodne-krasy","status-publish","has-post-thumbnail","hentry","kategoria-poi-geopark-slanske-vrchy","kategoria-poi-historia","kategoria-poi-hrady","kategoria-poi-prirodne-krasy","kategoria-poi-turistika","lokalita-presov-a-okolie","sezona-poi-celorocne","trvanie-vyletu-celodenne-vylety","trvanie-vyletu-poldenne-vylety"],"acf":[],"yoast_head":"<!-- This site is optimized with the Yoast SEO Premium plugin v26.3 (Yoast SEO v26.8) - https:\/\/yoast.com\/product\/yoast-seo-premium-wordpress\/ -->\n<title>Hrad \u0160ebe\u0161 - OOCR \u0160ari\u0161<\/title>\n<meta name=\"robots\" content=\"index, follow, max-snippet:-1, max-image-preview:large, max-video-preview:-1\" \/>\n<link rel=\"canonical\" href=\"https:\/\/www.regionsaris.sk\/it\/prirodne-krasy\/hrad-sebes\/\" \/>\n<meta property=\"og:locale\" content=\"it_IT\" \/>\n<meta property=\"og:type\" content=\"article\" \/>\n<meta property=\"og:title\" content=\"Hrad \u0160ebe\u0161\" \/>\n<meta property=\"og:description\" content=\"Na severoz\u00e1padnom v\u00fdbe\u017eku Sl\u00e1nskych vrchov, na pravej strane \u00fadolia rieky \u0160ebastovka, nad obcou Podhrad\u00edk sa...\" \/>\n<meta property=\"og:url\" content=\"https:\/\/www.regionsaris.sk\/it\/prirodne-krasy\/hrad-sebes\/\" \/>\n<meta property=\"og:site_name\" content=\"OOCR \u0160ari\u0161\" \/>\n<meta property=\"article:modified_time\" content=\"2026-04-10T10:38:10+00:00\" \/>\n<meta property=\"og:image\" content=\"https:\/\/www.regionsaris.sk\/wp-content\/uploads\/2026\/01\/Hrad_sebes_Tibor_Sarissky_photo-scaled-1.jpg\" \/>\n\t<meta property=\"og:image:width\" content=\"2560\" \/>\n\t<meta property=\"og:image:height\" content=\"1706\" \/>\n\t<meta property=\"og:image:type\" content=\"image\/jpeg\" \/>\n<meta name=\"twitter:card\" content=\"summary_large_image\" \/>\n<meta name=\"twitter:label1\" content=\"Tempo di lettura stimato\" \/>\n\t<meta name=\"twitter:data1\" content=\"3 minuti\" \/>\n<script type=\"application\/ld+json\" class=\"yoast-schema-graph\">{\"@context\":\"https:\/\/schema.org\",\"@graph\":[{\"@type\":\"WebPage\",\"@id\":\"https:\/\/www.regionsaris.sk\/prirodne-krasy\/hrad-sebes\/\",\"url\":\"https:\/\/www.regionsaris.sk\/prirodne-krasy\/hrad-sebes\/\",\"name\":\"Hrad \u0160ebe\u0161 - OOCR \u0160ari\u0161\",\"isPartOf\":{\"@id\":\"https:\/\/www.regionsaris.sk\/#website\"},\"primaryImageOfPage\":{\"@id\":\"https:\/\/www.regionsaris.sk\/prirodne-krasy\/hrad-sebes\/#primaryimage\"},\"image\":{\"@id\":\"https:\/\/www.regionsaris.sk\/prirodne-krasy\/hrad-sebes\/#primaryimage\"},\"thumbnailUrl\":\"https:\/\/www.regionsaris.sk\/wp-content\/uploads\/2026\/01\/Hrad_sebes_Tibor_Sarissky_photo-scaled-1.jpg\",\"datePublished\":\"2026-01-07T18:25:10+00:00\",\"dateModified\":\"2026-04-10T10:38:10+00:00\",\"breadcrumb\":{\"@id\":\"https:\/\/www.regionsaris.sk\/prirodne-krasy\/hrad-sebes\/#breadcrumb\"},\"inLanguage\":\"it-IT\",\"potentialAction\":[{\"@type\":\"ReadAction\",\"target\":[\"https:\/\/www.regionsaris.sk\/prirodne-krasy\/hrad-sebes\/\"]}]},{\"@type\":\"ImageObject\",\"inLanguage\":\"it-IT\",\"@id\":\"https:\/\/www.regionsaris.sk\/prirodne-krasy\/hrad-sebes\/#primaryimage\",\"url\":\"https:\/\/www.regionsaris.sk\/wp-content\/uploads\/2026\/01\/Hrad_sebes_Tibor_Sarissky_photo-scaled-1.jpg\",\"contentUrl\":\"https:\/\/www.regionsaris.sk\/wp-content\/uploads\/2026\/01\/Hrad_sebes_Tibor_Sarissky_photo-scaled-1.jpg\",\"width\":2560,\"height\":1706},{\"@type\":\"BreadcrumbList\",\"@id\":\"https:\/\/www.regionsaris.sk\/prirodne-krasy\/hrad-sebes\/#breadcrumb\",\"itemListElement\":[{\"@type\":\"ListItem\",\"position\":1,\"name\":\"Domov\",\"item\":\"https:\/\/www.regionsaris.sk\/\"},{\"@type\":\"ListItem\",\"position\":2,\"name\":\"Pr\u00edrodn\u00e9 kr\u00e1sy v regi\u00f3ne\",\"item\":\"https:\/\/www.regionsaris.sk\/prirodne-krasy-v-regione\/\"},{\"@type\":\"ListItem\",\"position\":3,\"name\":\"Hrad \u0160ebe\u0161\"}]},{\"@type\":\"WebSite\",\"@id\":\"https:\/\/www.regionsaris.sk\/#website\",\"url\":\"https:\/\/www.regionsaris.sk\/\",\"name\":\"OOCR \u0160ari\u0161\",\"description\":\"\",\"potentialAction\":[{\"@type\":\"SearchAction\",\"target\":{\"@type\":\"EntryPoint\",\"urlTemplate\":\"https:\/\/www.regionsaris.sk\/?s={search_term_string}\"},\"query-input\":{\"@type\":\"PropertyValueSpecification\",\"valueRequired\":true,\"valueName\":\"search_term_string\"}}],\"inLanguage\":\"it-IT\"}]}<\/script>\n<!-- \/ Yoast SEO Premium plugin. -->","yoast_head_json":{"title":"Hrad \u0160ebe\u0161 - OOCR \u0160ari\u0161","robots":{"index":"index","follow":"follow","max-snippet":"max-snippet:-1","max-image-preview":"max-image-preview:large","max-video-preview":"max-video-preview:-1"},"canonical":"https:\/\/www.regionsaris.sk\/it\/prirodne-krasy\/hrad-sebes\/","og_locale":"it_IT","og_type":"article","og_title":"Hrad \u0160ebe\u0161","og_description":"Na severoz\u00e1padnom v\u00fdbe\u017eku Sl\u00e1nskych vrchov, na pravej strane \u00fadolia rieky \u0160ebastovka, nad obcou Podhrad\u00edk sa...","og_url":"https:\/\/www.regionsaris.sk\/it\/prirodne-krasy\/hrad-sebes\/","og_site_name":"OOCR \u0160ari\u0161","article_modified_time":"2026-04-10T10:38:10+00:00","og_image":[{"width":2560,"height":1706,"url":"https:\/\/www.regionsaris.sk\/wp-content\/uploads\/2026\/01\/Hrad_sebes_Tibor_Sarissky_photo-scaled-1.jpg","type":"image\/jpeg"}],"twitter_card":"summary_large_image","twitter_misc":{"Tempo di lettura stimato":"3 minuti"},"schema":{"@context":"https:\/\/schema.org","@graph":[{"@type":"WebPage","@id":"https:\/\/www.regionsaris.sk\/prirodne-krasy\/hrad-sebes\/","url":"https:\/\/www.regionsaris.sk\/prirodne-krasy\/hrad-sebes\/","name":"Hrad \u0160ebe\u0161 - OOCR \u0160ari\u0161","isPartOf":{"@id":"https:\/\/www.regionsaris.sk\/#website"},"primaryImageOfPage":{"@id":"https:\/\/www.regionsaris.sk\/prirodne-krasy\/hrad-sebes\/#primaryimage"},"image":{"@id":"https:\/\/www.regionsaris.sk\/prirodne-krasy\/hrad-sebes\/#primaryimage"},"thumbnailUrl":"https:\/\/www.regionsaris.sk\/wp-content\/uploads\/2026\/01\/Hrad_sebes_Tibor_Sarissky_photo-scaled-1.jpg","datePublished":"2026-01-07T18:25:10+00:00","dateModified":"2026-04-10T10:38:10+00:00","breadcrumb":{"@id":"https:\/\/www.regionsaris.sk\/prirodne-krasy\/hrad-sebes\/#breadcrumb"},"inLanguage":"it-IT","potentialAction":[{"@type":"ReadAction","target":["https:\/\/www.regionsaris.sk\/prirodne-krasy\/hrad-sebes\/"]}]},{"@type":"ImageObject","inLanguage":"it-IT","@id":"https:\/\/www.regionsaris.sk\/prirodne-krasy\/hrad-sebes\/#primaryimage","url":"https:\/\/www.regionsaris.sk\/wp-content\/uploads\/2026\/01\/Hrad_sebes_Tibor_Sarissky_photo-scaled-1.jpg","contentUrl":"https:\/\/www.regionsaris.sk\/wp-content\/uploads\/2026\/01\/Hrad_sebes_Tibor_Sarissky_photo-scaled-1.jpg","width":2560,"height":1706},{"@type":"BreadcrumbList","@id":"https:\/\/www.regionsaris.sk\/prirodne-krasy\/hrad-sebes\/#breadcrumb","itemListElement":[{"@type":"ListItem","position":1,"name":"Domov","item":"https:\/\/www.regionsaris.sk\/"},{"@type":"ListItem","position":2,"name":"Pr\u00edrodn\u00e9 kr\u00e1sy v regi\u00f3ne","item":"https:\/\/www.regionsaris.sk\/prirodne-krasy-v-regione\/"},{"@type":"ListItem","position":3,"name":"Hrad \u0160ebe\u0161"}]},{"@type":"WebSite","@id":"https:\/\/www.regionsaris.sk\/#website","url":"https:\/\/www.regionsaris.sk\/","name":"OOCR \u0160ari\u0161","description":"","potentialAction":[{"@type":"SearchAction","target":{"@type":"EntryPoint","urlTemplate":"https:\/\/www.regionsaris.sk\/?s={search_term_string}"},"query-input":{"@type":"PropertyValueSpecification","valueRequired":true,"valueName":"search_term_string"}}],"inLanguage":"it-IT"}]}},"_links":{"self":[{"href":"https:\/\/www.regionsaris.sk\/it\/wp-json\/wp\/v2\/prirodne-krasy\/2708","targetHints":{"allow":["GET"]}}],"collection":[{"href":"https:\/\/www.regionsaris.sk\/it\/wp-json\/wp\/v2\/prirodne-krasy"}],"about":[{"href":"https:\/\/www.regionsaris.sk\/it\/wp-json\/wp\/v2\/types\/prirodne-krasy"}],"wp:featuredmedia":[{"embeddable":true,"href":"https:\/\/www.regionsaris.sk\/it\/wp-json\/wp\/v2\/media\/2284"}],"wp:attachment":[{"href":"https:\/\/www.regionsaris.sk\/it\/wp-json\/wp\/v2\/media?parent=2708"}],"wp:term":[{"taxonomy":"kategoria-poi","embeddable":true,"href":"https:\/\/www.regionsaris.sk\/it\/wp-json\/wp\/v2\/kategoria-poi?post=2708"},{"taxonomy":"lokalita","embeddable":true,"href":"https:\/\/www.regionsaris.sk\/it\/wp-json\/wp\/v2\/lokalita?post=2708"},{"taxonomy":"sezona-poi","embeddable":true,"href":"https:\/\/www.regionsaris.sk\/it\/wp-json\/wp\/v2\/sezona-poi?post=2708"},{"taxonomy":"trvanie-vyletu","embeddable":true,"href":"https:\/\/www.regionsaris.sk\/it\/wp-json\/wp\/v2\/trvanie-vyletu?post=2708"}],"curies":[{"name":"wp","href":"https:\/\/api.w.org\/{rel}","templated":true}]}}