{"id":3258,"date":"2026-01-11T17:16:26","date_gmt":"2026-01-11T16:16:26","guid":{"rendered":"https:\/\/www.regionsaris.sk\/?page_id=3258"},"modified":"2026-04-27T10:52:57","modified_gmt":"2026-04-27T09:52:57","slug":"ochrana-osobnych-udajov","status":"publish","type":"page","link":"https:\/\/www.regionsaris.sk\/it\/ochrana-osobnych-udajov\/","title":{"rendered":"GDPR"},"content":{"rendered":"<p><strong>Informativa sul trattamento dei dati personali degli interessati ai sensi dei \u00a719 e \u00a720 della Legge n.18\/2018Z.z. sulla protezione dei dati personali e sulla modifica e integrazione di alcune leggi (di seguito \u201ela Legge\u201c) e degli articoli 13 e 14 del Regolamento (UE) 2016\/679 del Parlamento europeo e del Consiglio relativo alla protezione delle persone fisiche con riguardo al trattamento dei dati personali, nonch\u00e9 alla libera circolazione di tali dati (di seguito \u201eil Regolamento\u201c)<\/strong><\/p>\n\n\n\n<p>Lo scopo di questa informativa \u00e8 quello di fornirvi informazioni su quali dati personali trattiamo, come li trattiamo, per cosa li utilizziamo, a chi possiamo rivelarli, dove potete ottenere informazioni sui dati personali ed esercitare i vostri diritti in relazione al trattamento dei dati personali.<\/p>\n\n\n\n<p><strong>1.<\/strong>&nbsp;<strong>Identificazione e dati di contatto:<\/strong><\/p>\n\n\n\n<p>Il responsabile del trattamento dei dati personali \u00e8 l'ORGANIZZAZIONE REGIONALE DEL TRAFFICO VIAGGIOSO, Main 73, 080 01 Pre\u0161ov, ID No.: 50076515, +421 910 847 011,&nbsp;<a href=\"mailto:info@regionsaris.sk\">info@regionsaris.sk<\/a><\/p>\n\n\n\n<p><strong>2.<\/strong>&nbsp;<strong>Dettagli di contatto della persona responsabile dell'Operatore<\/strong><\/p>\n\n\n\n<p>Per questioni relative al trattamento e alla protezione dei dati personali, \u00e8 possibile contattare il responsabile del Titolare del trattamento via e-mail al seguente indirizzo di posta elettronica&nbsp;<a href=\"mailto:info@regionsaris.sk\">info@regionsaris.sk<\/a><\/p>\n\n\n\n<p><strong>3.<\/strong>&nbsp;<strong>Informazioni generali<\/strong><\/p>\n\n\n\n<p>Il Titolare del trattamento proceder\u00e0 al trattamento dei dati personali in conformit\u00e0 al Regolamento e anche in conformit\u00e0 alla Legge.<\/p>\n\n\n\n<p>Il responsabile del trattamento ottiene i dati personali direttamente dall'interessato o da un'altra persona che li fornisce al responsabile del trattamento. Tutti i dati personali trattati dal Titolare del trattamento sull'Interessato saranno trattati solo per scopi giustificati, per un periodo di tempo limitato e utilizzando il massimo livello di sicurezza possibile, per il quale il Titolare del trattamento ha adottato misure tecniche, organizzative e di personale adeguate per garantire il livello di sicurezza e protezione dei dati personali trattati.<\/p>\n\n\n\n<p><strong>4.<\/strong>&nbsp;<strong>Finalit\u00e0 del trattamento dei dati personali<\/strong><\/p>\n\n\n\n<p>Il titolare del trattamento tratta i dati personali degli interessati esclusivamente nel rispetto del principio di liceit\u00e0, sulla base dei seguenti fondamenti giuridici\/per le seguenti finalit\u00e0:<\/p>\n\n\n\n<p><strong>Esecuzione degli obblighi contrattuali<\/strong>&nbsp;- Il titolare del trattamento tratta i dati personali nell'ambito dell'esecuzione del contratto con l'interessato, nella misura necessaria all'adempimento degli obblighi contrattuali. Il trattamento dei dati personali nell'ambito dell'esecuzione degli obblighi contrattuali avviene, ad esempio, in relazione alla stipula di contratti di lavoro o di altri accordi ai sensi del Codice del Lavoro con i dipendenti dell'Operatore e alla loro esecuzione, ai contratti per lo svolgimento di funzioni stipulati con i membri degli organi dell'Operatore e alla loro esecuzione, alla stipula di vari tipi di contratti ai sensi del Codice Commerciale, del Codice Civile e della Legge sul Diritto d'Autore con i fornitori o i partner dell'Operatore e alla loro esecuzione, alla stipula di contratti di sovvenzione con il Ministero dei Trasporti della Repubblica Slovacca o di contratti di acquisto.<\/p>\n\n\n\n<p><strong>Adempiere agli obblighi di legge<\/strong>&nbsp;- Il responsabile del trattamento tratter\u00e0 i dati personali dell'interessato anche per l'adempimento dei propri obblighi legali. Tali obblighi legali sono, ad esempio, gli obblighi derivanti dalla legislazione in materia di lavoro e fiscale, le norme relative alle revisioni contabili, la contabilit\u00e0, in relazione ai membri del controllore, in particolare gli obblighi derivanti dalla legge n. 91\/2010 Racc. sulla promozione del turismo.<\/p>\n\n\n\n<p><strong>Protezione degli interessi vitali<\/strong>&nbsp;- il trattamento dei dati personali dell'interessato pu\u00f2 avvenire anche se il Controllore tutela gli interessi vitali dell'interessato.<\/p>\n\n\n\n<p><strong>Interesse legittimo<\/strong>&nbsp;Titolare del trattamento - Il Titolare del trattamento tratta i dati personali anche sulla base di un legittimo interesse, ma solo se il trattamento \u00e8 necessario per il perseguimento dei legittimi interessi del Titolare del trattamento o di un terzo, e se tali interessi non prevalgono sugli interessi o sui diritti e le libert\u00e0 fondamentali dell'interessato. Il legittimo interesse \u00e8 applicato dal Titolare del trattamento, ad esempio, nel monitoraggio dei locali in cui opera il Titolare del trattamento per la protezione della propriet\u00e0, nelle attivit\u00e0 connesse alla presentazione e alla promozione dell'entit\u00e0 del Titolare del trattamento, nell'attuazione del marketing diretto.<\/p>\n\n\n\n<p><strong>Se l'interessato si oppone al trattamento dei dati personali per finalit\u00e0 di marketing diretto, il Titolare del trattamento cesser\u00e0 l'ulteriore trattamento dei dati personali.<\/strong><\/p>\n\n\n\n<p><strong>Consenso al trattamento dei dati personali<\/strong>&nbsp;- Il responsabile del trattamento tratter\u00e0 i dati personali dell'interessato anche sulla base del suo consenso. Il responsabile del trattamento deve ottenere il consenso dell'interessato ogni volta che \u00e8 necessario per il trattamento dei dati personali. Il trattamento dei dati personali sulla base del consenso avviene, ad esempio, in relazione alla visita del sito web dell'Operatore quando si utilizzano cookie di preferenza, analitici e di marketing, quando si effettua marketing diretto sulla base del consenso dell'interessato, quando si partecipa al concorso dell'Operatore.<\/p>\n\n\n\n<p><strong>5.<\/strong>&nbsp;<strong>Categorie di dati personali<\/strong><\/p>\n\n\n\n<p>Il responsabile del trattamento tratta i dati personali necessari per l'elaborazione dei dati personali&nbsp;<strong>sempre nel rispetto del principio di minimizzazione<\/strong>&nbsp;affinch\u00e9 il Titolare del trattamento possa adempiere a obblighi contrattuali e di legge, tutelare interessi vitali, se necessario, svolgere compiti di interesse pubblico, o trattare dati personali per i quali l'interessato ha prestato il consenso, o trattare dati personali per i quali ha un legittimo interesse al trattamento.<\/p>\n\n\n\n<p>Il titolare del trattamento tratta principalmente i dati identificativi di persone fisiche, rappresentanti di persone giuridiche e i loro dati di contatto - nome, cognome, indirizzo (residenza permanente\/luogo di lavoro), data di nascita, numero di carta d'identit\u00e0, firma, indirizzo e-mail, numero di telefono o altri dati necessari.<\/p>\n\n\n\n<p><strong>6. Periodo di conservazione dei dati personali<\/strong><\/p>\n\n\n\n<p>Il Titolare del trattamento conserva i dati personali in funzione delle finalit\u00e0 del trattamento dei dati personali. Per quanto riguarda il periodo di conservazione, il Titolare del trattamento terr\u00e0 conto di quanto segue&nbsp;<strong>il principio di minimizzazione<\/strong>&nbsp;conservazione dei dati personali, ossia conserva i dati personali solo per il periodo per il quale la conservazione dei dati personali \u00e8 necessaria.<\/p>\n\n\n\n<p>Il responsabile del trattamento conserva i dati personali in conformit\u00e0 con&nbsp;<strong>i requisiti della legislazione vigente nella Repubblica Slovacca,&nbsp;<\/strong>in particolare la legge n. 395\/2002 Racc. sugli archivi e i registri e sulla modifica di alcune leggi, che stabilisce i periodi di conservazione dei singoli gruppi di dati personali in conformit\u00e0 alla legislazione applicabile.<\/p>\n\n\n\n<p><strong>7. Diritti delle persone interessate<\/strong><\/p>\n\n\n\n<p>La protezione dei dati personali degli interessati \u00e8 disciplinata dalle disposizioni del Regolamento e, in alcuni casi, dalla Legge.<\/p>\n\n\n\n<p>L'interessato pu\u00f2 esercitare i seguenti diritti presso il Titolare del trattamento mediante richiesta:<\/p>\n\n\n\n<ul class=\"wp-block-list\">\n<li><strong>Diritto di accesso<\/strong><\/li>\n<\/ul>\n\n\n\n<p>L'interessato ha il diritto di ottenere una copia dei dati personali in suo possesso da parte del Titolare del trattamento, nonch\u00e9 informazioni sull'utilizzo dei dati personali da parte del Titolare del trattamento.<\/p>\n\n\n\n<ul class=\"wp-block-list\">\n<li><strong>Diritto di ricorso<\/strong><\/li>\n<\/ul>\n\n\n\n<p>Il Titolare del trattamento adotta misure adeguate per garantire che le informazioni detenute sull'interessato siano accurate, complete e aggiornate. Se i dati personali in possesso del Titolare del trattamento sono inesatti, incompleti o non aggiornati, il Titolare del trattamento modificher\u00e0, aggiorner\u00e0 o integrer\u00e0 tali dati personali su iniziativa dell'interessato.<\/p>\n\n\n\n<ul class=\"wp-block-list\">\n<li><strong>Diritto alla cancellazione<\/strong><\/li>\n<\/ul>\n\n\n\n<p>In determinate circostanze, l'interessato ha il diritto di chiedere al Titolare del trattamento di cancellare i dati personali dell'interessato, in particolare se i dati personali che il Titolare del trattamento ha ottenuto sull'interessato non sono pi\u00f9 necessari per il conseguimento della finalit\u00e0 originaria del trattamento o se l'interessato ritira il proprio consenso al trattamento dei dati personali.  Tuttavia, il diritto dell'interessato deve essere valutato alla luce di tutte le circostanze pertinenti.<\/p>\n\n\n\n<ul class=\"wp-block-list\">\n<li><strong>Diritto alla limitazione del trattamento<\/strong><\/li>\n<\/ul>\n\n\n\n<p>L'interessato ha il diritto di chiedere al Titolare del trattamento di non trattare ulteriormente i propri dati personali.<\/p>\n\n\n\n<ul class=\"wp-block-list\">\n<li><strong>Diritto alla portabilit\u00e0 dei dati<\/strong><\/li>\n<\/ul>\n\n\n\n<p>In determinate circostanze, l'interessato ha il diritto di trasferire i dati personali a un'altra entit\u00e0 di sua scelta. Tuttavia, il diritto alla portabilit\u00e0 si applica solo ai dati personali trattati dal Titolare del trattamento sulla base di un contratto di cui l'interessato \u00e8 parte, sulla base del consenso concesso dall'interessato al Titolare del trattamento o quando il Titolare del trattamento tratta i dati personali con mezzi automatizzati.<\/p>\n\n\n\n<ul class=\"wp-block-list\">\n<li><strong>Diritto di opposizione<\/strong><\/li>\n<\/ul>\n\n\n\n<p>L'interessato ha il diritto di opporsi al trattamento dei dati personali, ad esempio nel caso di trattamento dei dati personali sulla base del legittimo interesse (marketing diretto) o nel caso di trattamento che comporti la profilazione. Se l'interessato si oppone a tale trattamento dei dati personali, il Titolare del trattamento non tratter\u00e0 pi\u00f9 i dati personali dell'interessato.<\/p>\n\n\n\n<ul class=\"wp-block-list\">\n<li><strong>Diritti relativi alla profilazione o al processo decisionale automatizzato<\/strong><\/li>\n<\/ul>\n\n\n\n<p>Qualora il Titolare del trattamento tratti i dati personali mediante profilazione o processo decisionale automatizzato, l'interessato ha il diritto di rifiutare il processo decisionale individuale automatizzato, compresa la profilazione, che produce un risultato giuridico o analogo significativo per l'interessato. Attualmente il Titolare del trattamento non utilizza il processo decisionale individuale automatizzato o la profilazione nel trattamento dei dati personali.<\/p>\n\n\n\n<ul class=\"wp-block-list\">\n<li><strong>Diritto di revoca del consenso<\/strong><\/li>\n<\/ul>\n\n\n\n<p>Se i dati personali dell'interessato sono trattati dal Titolare del trattamento sulla base del suo consenso, l'interessato ha il diritto di revocare il consenso all'ulteriore trattamento dei suoi dati personali. L'interessato pu\u00f2 revocare il proprio consenso per iscritto, per e-mail o oralmente (di persona).<\/p>\n\n\n\n<ul class=\"wp-block-list\">\n<li><strong>Diritto di presentare un reclamo o una denuncia<\/strong><\/li>\n<\/ul>\n\n\n\n<p>L'interessato pu\u00f2 presentare un reclamo all'autorit\u00e0 di controllo, che \u00e8&nbsp;<strong>Ufficio per la protezione dei dati personali della Repubblica Slovacca<\/strong>, con sede legale in Hrani\u010dn\u00e1 12, 820 07 Bratislava 27; sito web: dataprotection.gov.sk, numero di telefono: 02 3231 3214; e-mail:&nbsp;<a href=\"mailto:statny.dozor@pdp.gov.sk\">statny.dozor@pdp.gov.sk<\/a>.<\/p>\n\n\n\n<p><strong>8. Esercizio dei diritti dell'interessato<\/strong><\/p>\n\n\n\n<p>L'interessato pu\u00f2 esercitare i propri diritti presso il Titolare del trattamento:<\/p>\n\n\n\n<ul class=\"wp-block-list\">\n<li>per iscritto, inviando una richiesta a<strong>\u00a0<\/strong>Organizzazione turistica regionale Regi\u00f3n \u0160ari\u0161, Slovensk\u00e1 40, 080 01 Pre\u0161ov,<\/li>\n\n\n\n<li>per via elettronica, all'indirizzo e-mail info@regionsaris.sk.<\/li>\n\n\n\n<li>oralmente, nei locali dell'Organizzazione turistica regionale Regi\u00f3n \u0160ari\u0161, Slovensk\u00e1 40, 080 01 Pre\u0161ov.<\/li>\n<\/ul>\n\n\n\n<p>A meno che il Titolare del trattamento non comunichi all'interessato un periodo pi\u00f9 lungo in casi giustificati, il Titolare del trattamento fornir\u00e0 all'interessato una risposta entro un mese dalla data in cui l'interessato ha esercitato i suoi diritti.<\/p>\n\n\n\n<p><strong>9. Profilazione<\/strong><\/p>\n\n\n\n<p>Il titolare del trattamento non tratta i dati personali mediante profilazione o qualsiasi forma di processo decisionale individuale automatizzato.<\/p>\n\n\n\n<p><strong>10. Trasferimenti a paesi terzi e organizzazioni internazionali<\/strong><\/p>\n\n\n\n<p>Il Titolare non trasferisce attivamente i dati personali a paesi terzi e organizzazioni internazionali.<\/p>\n\n\n\n<p>Ai fini dell'utilizzo di Google Analytics, i dati personali dei visitatori del sito web dell'Operatore vengono trasferiti su server negli Stati Uniti. Il livello di protezione dei dati personali negli Stati Uniti \u00e8 paragonabile al livello di protezione nell'Unione Europea. Il 12 luglio 2016, la Commissione Europea ha stabilito, ai sensi dell'articolo 45 del Regolamento, che esiste un livello adeguato di protezione dei dati personali negli Stati Uniti, fatte salve le condizioni e le disposizioni del cosiddetto \u201eScudo per la privacy UE-USA\u201c negli Stati Uniti.<\/p>\n\n\n\n<p><strong>11. Beneficiari<\/strong><\/p>\n\n\n\n<p>I dati personali degli interessati possono, se necessario, essere comunicati a destinatari - principalmente intermediari, ma anche a terzi. Tra i responsabili del trattamento rientrano soprattutto le societ\u00e0 con cui il Titolare collabora - societ\u00e0 che forniscono servizi informatici, legali, fiscali e contabili, ecc. Il Titolare del trattamento si avvale esclusivamente di responsabili del trattamento che abbiano adottato misure tecniche e di sicurezza idonee a soddisfare i requisiti del Regolamento, della Legge e di altre normative in materia di sicurezza e protezione dei dati personali, al fine di garantire un trattamento sicuro dei dati personali.<\/p>\n\n\n\n<p id=\"h-na-stranke-sa-pracuje\">Gli altri destinatari sono principalmente autorit\u00e0 pubbliche autorizzate a trattare i dati personali ottenuti dal Titolare.<\/p>\n\n\n\n<p><\/p>","protected":false},"excerpt":{"rendered":"<p>Inform\u00e1cia o sprac\u00favan\u00ed osobn\u00fdch \u00fadajov dotknut\u00fdch os\u00f4b pod\u013ea \u00a719 a \u00a720 Z\u00e1kona \u010d.18\/2018Z.z. o ochrane...<\/p>","protected":false},"author":1,"featured_media":0,"parent":0,"menu_order":0,"comment_status":"closed","ping_status":"closed","template":"","meta":{"_acf_changed":false,"footnotes":""},"class_list":["post-3258","page","type-page","status-publish","hentry"],"acf":[],"yoast_head":"<!-- This site is optimized with the Yoast SEO Premium plugin v26.3 (Yoast SEO v26.8) - https:\/\/yoast.com\/product\/yoast-seo-premium-wordpress\/ -->\n<title>GDPR - OOCR \u0160ari\u0161<\/title>\n<meta name=\"description\" content=\"Str\u00e1nka ochrany osobn\u00fdch \u00fadajov a pravidiel GDPR. Pr\u00e1va a povinnosti prev\u00e1dzkovate\u013ea vo\u010di ochrane a uchov\u00e1vaniu \u00fadajov.\" \/>\n<meta name=\"robots\" content=\"index, follow, max-snippet:-1, max-image-preview:large, max-video-preview:-1\" \/>\n<link rel=\"canonical\" href=\"https:\/\/www.regionsaris.sk\/it\/ochrana-osobnych-udajov\/\" \/>\n<meta property=\"og:locale\" content=\"it_IT\" \/>\n<meta property=\"og:type\" content=\"article\" \/>\n<meta property=\"og:title\" content=\"GDPR\" \/>\n<meta property=\"og:description\" content=\"Str\u00e1nka ochrany osobn\u00fdch \u00fadajov a pravidiel GDPR. Pr\u00e1va a povinnosti prev\u00e1dzkovate\u013ea vo\u010di ochrane a uchov\u00e1vaniu \u00fadajov.\" \/>\n<meta property=\"og:url\" content=\"https:\/\/www.regionsaris.sk\/it\/ochrana-osobnych-udajov\/\" \/>\n<meta property=\"og:site_name\" content=\"OOCR \u0160ari\u0161\" \/>\n<meta property=\"article:modified_time\" content=\"2026-04-27T09:52:57+00:00\" \/>\n<meta name=\"twitter:card\" content=\"summary_large_image\" \/>\n<meta name=\"twitter:label1\" content=\"Tempo di lettura stimato\" \/>\n\t<meta name=\"twitter:data1\" content=\"9 minuti\" \/>\n<script type=\"application\/ld+json\" class=\"yoast-schema-graph\">{\"@context\":\"https:\/\/schema.org\",\"@graph\":[{\"@type\":\"WebPage\",\"@id\":\"https:\/\/www.regionsaris.sk\/ochrana-osobnych-udajov\/\",\"url\":\"https:\/\/www.regionsaris.sk\/ochrana-osobnych-udajov\/\",\"name\":\"GDPR - OOCR \u0160ari\u0161\",\"isPartOf\":{\"@id\":\"https:\/\/www.regionsaris.sk\/#website\"},\"datePublished\":\"2026-01-11T16:16:26+00:00\",\"dateModified\":\"2026-04-27T09:52:57+00:00\",\"description\":\"Str\u00e1nka ochrany osobn\u00fdch \u00fadajov a pravidiel GDPR. Pr\u00e1va a povinnosti prev\u00e1dzkovate\u013ea vo\u010di ochrane a uchov\u00e1vaniu \u00fadajov.\",\"breadcrumb\":{\"@id\":\"https:\/\/www.regionsaris.sk\/ochrana-osobnych-udajov\/#breadcrumb\"},\"inLanguage\":\"it-IT\",\"potentialAction\":[{\"@type\":\"ReadAction\",\"target\":[\"https:\/\/www.regionsaris.sk\/ochrana-osobnych-udajov\/\"]}]},{\"@type\":\"BreadcrumbList\",\"@id\":\"https:\/\/www.regionsaris.sk\/ochrana-osobnych-udajov\/#breadcrumb\",\"itemListElement\":[{\"@type\":\"ListItem\",\"position\":1,\"name\":\"Domov\",\"item\":\"https:\/\/www.regionsaris.sk\/\"},{\"@type\":\"ListItem\",\"position\":2,\"name\":\"GDPR\"}]},{\"@type\":\"WebSite\",\"@id\":\"https:\/\/www.regionsaris.sk\/#website\",\"url\":\"https:\/\/www.regionsaris.sk\/\",\"name\":\"OOCR \u0160ari\u0161\",\"description\":\"\",\"potentialAction\":[{\"@type\":\"SearchAction\",\"target\":{\"@type\":\"EntryPoint\",\"urlTemplate\":\"https:\/\/www.regionsaris.sk\/?s={search_term_string}\"},\"query-input\":{\"@type\":\"PropertyValueSpecification\",\"valueRequired\":true,\"valueName\":\"search_term_string\"}}],\"inLanguage\":\"it-IT\"}]}<\/script>\n<!-- \/ Yoast SEO Premium plugin. -->","yoast_head_json":{"title":"GDPR - OOCR \u0160ari\u0161","description":"Str\u00e1nka ochrany osobn\u00fdch \u00fadajov a pravidiel GDPR. Pr\u00e1va a povinnosti prev\u00e1dzkovate\u013ea vo\u010di ochrane a uchov\u00e1vaniu \u00fadajov.","robots":{"index":"index","follow":"follow","max-snippet":"max-snippet:-1","max-image-preview":"max-image-preview:large","max-video-preview":"max-video-preview:-1"},"canonical":"https:\/\/www.regionsaris.sk\/it\/ochrana-osobnych-udajov\/","og_locale":"it_IT","og_type":"article","og_title":"GDPR","og_description":"Str\u00e1nka ochrany osobn\u00fdch \u00fadajov a pravidiel GDPR. Pr\u00e1va a povinnosti prev\u00e1dzkovate\u013ea vo\u010di ochrane a uchov\u00e1vaniu \u00fadajov.","og_url":"https:\/\/www.regionsaris.sk\/it\/ochrana-osobnych-udajov\/","og_site_name":"OOCR \u0160ari\u0161","article_modified_time":"2026-04-27T09:52:57+00:00","twitter_card":"summary_large_image","twitter_misc":{"Tempo di lettura stimato":"9 minuti"},"schema":{"@context":"https:\/\/schema.org","@graph":[{"@type":"WebPage","@id":"https:\/\/www.regionsaris.sk\/ochrana-osobnych-udajov\/","url":"https:\/\/www.regionsaris.sk\/ochrana-osobnych-udajov\/","name":"GDPR - OOCR \u0160ari\u0161","isPartOf":{"@id":"https:\/\/www.regionsaris.sk\/#website"},"datePublished":"2026-01-11T16:16:26+00:00","dateModified":"2026-04-27T09:52:57+00:00","description":"Str\u00e1nka ochrany osobn\u00fdch \u00fadajov a pravidiel GDPR. Pr\u00e1va a povinnosti prev\u00e1dzkovate\u013ea vo\u010di ochrane a uchov\u00e1vaniu \u00fadajov.","breadcrumb":{"@id":"https:\/\/www.regionsaris.sk\/ochrana-osobnych-udajov\/#breadcrumb"},"inLanguage":"it-IT","potentialAction":[{"@type":"ReadAction","target":["https:\/\/www.regionsaris.sk\/ochrana-osobnych-udajov\/"]}]},{"@type":"BreadcrumbList","@id":"https:\/\/www.regionsaris.sk\/ochrana-osobnych-udajov\/#breadcrumb","itemListElement":[{"@type":"ListItem","position":1,"name":"Domov","item":"https:\/\/www.regionsaris.sk\/"},{"@type":"ListItem","position":2,"name":"GDPR"}]},{"@type":"WebSite","@id":"https:\/\/www.regionsaris.sk\/#website","url":"https:\/\/www.regionsaris.sk\/","name":"OOCR \u0160ari\u0161","description":"","potentialAction":[{"@type":"SearchAction","target":{"@type":"EntryPoint","urlTemplate":"https:\/\/www.regionsaris.sk\/?s={search_term_string}"},"query-input":{"@type":"PropertyValueSpecification","valueRequired":true,"valueName":"search_term_string"}}],"inLanguage":"it-IT"}]}},"_links":{"self":[{"href":"https:\/\/www.regionsaris.sk\/it\/wp-json\/wp\/v2\/pages\/3258","targetHints":{"allow":["GET"]}}],"collection":[{"href":"https:\/\/www.regionsaris.sk\/it\/wp-json\/wp\/v2\/pages"}],"about":[{"href":"https:\/\/www.regionsaris.sk\/it\/wp-json\/wp\/v2\/types\/page"}],"author":[{"embeddable":true,"href":"https:\/\/www.regionsaris.sk\/it\/wp-json\/wp\/v2\/users\/1"}],"replies":[{"embeddable":true,"href":"https:\/\/www.regionsaris.sk\/it\/wp-json\/wp\/v2\/comments?post=3258"}],"version-history":[{"count":4,"href":"https:\/\/www.regionsaris.sk\/it\/wp-json\/wp\/v2\/pages\/3258\/revisions"}],"predecessor-version":[{"id":4463,"href":"https:\/\/www.regionsaris.sk\/it\/wp-json\/wp\/v2\/pages\/3258\/revisions\/4463"}],"wp:attachment":[{"href":"https:\/\/www.regionsaris.sk\/it\/wp-json\/wp\/v2\/media?parent=3258"}],"curies":[{"name":"wp","href":"https:\/\/api.w.org\/{rel}","templated":true}]}}