{"id":2567,"date":"2026-01-07T12:45:04","date_gmt":"2026-01-07T11:45:04","guid":{"rendered":"https:\/\/www.regionsaris.sk\/?post_type=nabozensky-turizmus&#038;p=2567"},"modified":"2026-02-05T13:43:32","modified_gmt":"2026-02-05T12:43:32","slug":"dreveny-chram-svatych-kozmu-a-damiana-vysny-komarnik","status":"publish","type":"nabozensky-turizmus","link":"https:\/\/www.regionsaris.sk\/it\/nabozensky-turizmus\/dreveny-chram-svatych-kozmu-a-damiana-vysny-komarnik\/","title":{"rendered":"Chiesa di legno dei Santi Cosma e Damiano, Vy\u0161n\u00fd Kom\u00e1rnik"},"content":{"rendered":"<p>La chiesa in legno del 1924 \u00e8 stata costruita sul sito di una pi\u00f9 antica chiesa in legno del 1700, distrutta durante la prima guerra mondiale.<\/p>\n\n\n\n<p>La chiesa \u00e8 dedicata ai santi bizantini Cosma e Damiano, fratelli guaritori. Ha un ampio nartece con una torre prismatica protetta dall'esterno da tavole verticali. Nella torre ci sono quattro campane. Le singole icone fanno parte della liturgia della Chiesa orientale.<\/p>\n\n\n\n<p>L'edificio del tempio \u00e8 in tronchi, la torre in colonne. \u00c8 costruito su una bassa base di pietra. Il tempio \u00e8 tripartito, a tre spazi, a tre torri con tre croci di metallo. L'ingresso \u00e8 sul lato ovest attraverso il vestibolo. Manca il coro. La navata centrale \u00e8 la pi\u00f9 ampia in termini di pianta. Le alte finestre del santuario e della navata sono una caratteristica interessante di questa chiesa.<\/p>\n\n\n\n<p>L'iconostasi ha un'architettura a quattro navate, su quattro piani. Le icone sono pi\u00f9 recenti, probabilmente risalenti all'epoca della costruzione di questo secondo tempio. L'intera iconostasi \u00e8 stata restaurata nel 2006.<\/p>\n\n\n\n<p>Fonte : www.drevenchramy.sk<\/p>\n\n\n\n<p>Foto di Henryk Bielamowicz<\/p>","protected":false},"featured_media":2568,"template":"","meta":{"_acf_changed":false},"kategoria-poi":[186,168],"lokalita":[115],"sezona-poi":[12],"trvanie-vyletu":[180],"class_list":["post-2567","nabozensky-turizmus","type-nabozensky-turizmus","status-publish","has-post-thumbnail","hentry","kategoria-poi-drevene-chramy","kategoria-poi-nabozensky-turizmus","lokalita-svidnik-a-okolie","sezona-poi-celorocne","trvanie-vyletu-poldenne-vylety"],"acf":[],"yoast_head":"<!-- This site is optimized with the Yoast SEO Premium plugin v26.3 (Yoast SEO v26.8) - https:\/\/yoast.com\/product\/yoast-seo-premium-wordpress\/ -->\n<title>Dreven\u00fd chr\u00e1m sv\u00e4t\u00fdch Kozmu a Dami\u00e1na, Vy\u0161n\u00fd Kom\u00e1rnik - OOCR \u0160ari\u0161<\/title>\n<meta name=\"robots\" content=\"index, follow, max-snippet:-1, max-image-preview:large, max-video-preview:-1\" \/>\n<link rel=\"canonical\" href=\"https:\/\/www.regionsaris.sk\/it\/nabozensky-turizmus\/dreveny-chram-svatych-kozmu-a-damiana-vysny-komarnik\/\" \/>\n<meta property=\"og:locale\" content=\"it_IT\" \/>\n<meta property=\"og:type\" content=\"article\" \/>\n<meta property=\"og:title\" content=\"Dreven\u00fd chr\u00e1m sv\u00e4t\u00fdch Kozmu a Dami\u00e1na, Vy\u0161n\u00fd Kom\u00e1rnik\" \/>\n<meta property=\"og:description\" content=\"Dreven\u00e1 cerkov z roku 1924 bola postaven\u00e1 na mieste star\u0161ej drevenej cerkvi z roku 1700,...\" \/>\n<meta property=\"og:url\" content=\"https:\/\/www.regionsaris.sk\/it\/nabozensky-turizmus\/dreveny-chram-svatych-kozmu-a-damiana-vysny-komarnik\/\" \/>\n<meta property=\"og:site_name\" content=\"OOCR \u0160ari\u0161\" \/>\n<meta property=\"article:modified_time\" content=\"2026-02-05T12:43:32+00:00\" \/>\n<meta property=\"og:image\" content=\"https:\/\/www.regionsaris.sk\/wp-content\/uploads\/2026\/01\/vysny-komarnik-kozmu248-thumb.jpg\" \/>\n\t<meta property=\"og:image:width\" content=\"600\" \/>\n\t<meta property=\"og:image:height\" content=\"400\" \/>\n\t<meta property=\"og:image:type\" content=\"image\/jpeg\" \/>\n<meta name=\"twitter:card\" content=\"summary_large_image\" \/>\n<meta name=\"twitter:label1\" content=\"Tempo di lettura stimato\" \/>\n\t<meta name=\"twitter:data1\" content=\"1 minuto\" \/>\n<script type=\"application\/ld+json\" class=\"yoast-schema-graph\">{\"@context\":\"https:\/\/schema.org\",\"@graph\":[{\"@type\":\"WebPage\",\"@id\":\"https:\/\/www.regionsaris.sk\/nabozensky-turizmus\/dreveny-chram-svatych-kozmu-a-damiana-vysny-komarnik\/\",\"url\":\"https:\/\/www.regionsaris.sk\/nabozensky-turizmus\/dreveny-chram-svatych-kozmu-a-damiana-vysny-komarnik\/\",\"name\":\"Dreven\u00fd chr\u00e1m sv\u00e4t\u00fdch Kozmu a Dami\u00e1na, Vy\u0161n\u00fd Kom\u00e1rnik - OOCR \u0160ari\u0161\",\"isPartOf\":{\"@id\":\"https:\/\/www.regionsaris.sk\/#website\"},\"primaryImageOfPage\":{\"@id\":\"https:\/\/www.regionsaris.sk\/nabozensky-turizmus\/dreveny-chram-svatych-kozmu-a-damiana-vysny-komarnik\/#primaryimage\"},\"image\":{\"@id\":\"https:\/\/www.regionsaris.sk\/nabozensky-turizmus\/dreveny-chram-svatych-kozmu-a-damiana-vysny-komarnik\/#primaryimage\"},\"thumbnailUrl\":\"https:\/\/www.regionsaris.sk\/wp-content\/uploads\/2026\/01\/vysny-komarnik-kozmu248-thumb.jpg\",\"datePublished\":\"2026-01-07T11:45:04+00:00\",\"dateModified\":\"2026-02-05T12:43:32+00:00\",\"breadcrumb\":{\"@id\":\"https:\/\/www.regionsaris.sk\/nabozensky-turizmus\/dreveny-chram-svatych-kozmu-a-damiana-vysny-komarnik\/#breadcrumb\"},\"inLanguage\":\"it-IT\",\"potentialAction\":[{\"@type\":\"ReadAction\",\"target\":[\"https:\/\/www.regionsaris.sk\/nabozensky-turizmus\/dreveny-chram-svatych-kozmu-a-damiana-vysny-komarnik\/\"]}]},{\"@type\":\"ImageObject\",\"inLanguage\":\"it-IT\",\"@id\":\"https:\/\/www.regionsaris.sk\/nabozensky-turizmus\/dreveny-chram-svatych-kozmu-a-damiana-vysny-komarnik\/#primaryimage\",\"url\":\"https:\/\/www.regionsaris.sk\/wp-content\/uploads\/2026\/01\/vysny-komarnik-kozmu248-thumb.jpg\",\"contentUrl\":\"https:\/\/www.regionsaris.sk\/wp-content\/uploads\/2026\/01\/vysny-komarnik-kozmu248-thumb.jpg\",\"width\":600,\"height\":400},{\"@type\":\"BreadcrumbList\",\"@id\":\"https:\/\/www.regionsaris.sk\/nabozensky-turizmus\/dreveny-chram-svatych-kozmu-a-damiana-vysny-komarnik\/#breadcrumb\",\"itemListElement\":[{\"@type\":\"ListItem\",\"position\":1,\"name\":\"Domov\",\"item\":\"https:\/\/www.regionsaris.sk\/\"},{\"@type\":\"ListItem\",\"position\":2,\"name\":\"N\u00e1bo\u017eensk\u00fd turizmus v regi\u00f3ne\",\"item\":\"https:\/\/www.regionsaris.sk\/nabozensky-turizmus-v-regione\/\"},{\"@type\":\"ListItem\",\"position\":3,\"name\":\"Dreven\u00fd chr\u00e1m sv\u00e4t\u00fdch Kozmu a Dami\u00e1na, Vy\u0161n\u00fd Kom\u00e1rnik\"}]},{\"@type\":\"WebSite\",\"@id\":\"https:\/\/www.regionsaris.sk\/#website\",\"url\":\"https:\/\/www.regionsaris.sk\/\",\"name\":\"OOCR \u0160ari\u0161\",\"description\":\"\",\"potentialAction\":[{\"@type\":\"SearchAction\",\"target\":{\"@type\":\"EntryPoint\",\"urlTemplate\":\"https:\/\/www.regionsaris.sk\/?s={search_term_string}\"},\"query-input\":{\"@type\":\"PropertyValueSpecification\",\"valueRequired\":true,\"valueName\":\"search_term_string\"}}],\"inLanguage\":\"it-IT\"}]}<\/script>\n<!-- \/ Yoast SEO Premium plugin. -->","yoast_head_json":{"title":"Dreven\u00fd chr\u00e1m sv\u00e4t\u00fdch Kozmu a Dami\u00e1na, Vy\u0161n\u00fd Kom\u00e1rnik - OOCR \u0160ari\u0161","robots":{"index":"index","follow":"follow","max-snippet":"max-snippet:-1","max-image-preview":"max-image-preview:large","max-video-preview":"max-video-preview:-1"},"canonical":"https:\/\/www.regionsaris.sk\/it\/nabozensky-turizmus\/dreveny-chram-svatych-kozmu-a-damiana-vysny-komarnik\/","og_locale":"it_IT","og_type":"article","og_title":"Dreven\u00fd chr\u00e1m sv\u00e4t\u00fdch Kozmu a Dami\u00e1na, Vy\u0161n\u00fd Kom\u00e1rnik","og_description":"Dreven\u00e1 cerkov z roku 1924 bola postaven\u00e1 na mieste star\u0161ej drevenej cerkvi z roku 1700,...","og_url":"https:\/\/www.regionsaris.sk\/it\/nabozensky-turizmus\/dreveny-chram-svatych-kozmu-a-damiana-vysny-komarnik\/","og_site_name":"OOCR \u0160ari\u0161","article_modified_time":"2026-02-05T12:43:32+00:00","og_image":[{"width":600,"height":400,"url":"https:\/\/www.regionsaris.sk\/wp-content\/uploads\/2026\/01\/vysny-komarnik-kozmu248-thumb.jpg","type":"image\/jpeg"}],"twitter_card":"summary_large_image","twitter_misc":{"Tempo di lettura stimato":"1 minuto"},"schema":{"@context":"https:\/\/schema.org","@graph":[{"@type":"WebPage","@id":"https:\/\/www.regionsaris.sk\/nabozensky-turizmus\/dreveny-chram-svatych-kozmu-a-damiana-vysny-komarnik\/","url":"https:\/\/www.regionsaris.sk\/nabozensky-turizmus\/dreveny-chram-svatych-kozmu-a-damiana-vysny-komarnik\/","name":"Dreven\u00fd chr\u00e1m sv\u00e4t\u00fdch Kozmu a Dami\u00e1na, Vy\u0161n\u00fd Kom\u00e1rnik - OOCR \u0160ari\u0161","isPartOf":{"@id":"https:\/\/www.regionsaris.sk\/#website"},"primaryImageOfPage":{"@id":"https:\/\/www.regionsaris.sk\/nabozensky-turizmus\/dreveny-chram-svatych-kozmu-a-damiana-vysny-komarnik\/#primaryimage"},"image":{"@id":"https:\/\/www.regionsaris.sk\/nabozensky-turizmus\/dreveny-chram-svatych-kozmu-a-damiana-vysny-komarnik\/#primaryimage"},"thumbnailUrl":"https:\/\/www.regionsaris.sk\/wp-content\/uploads\/2026\/01\/vysny-komarnik-kozmu248-thumb.jpg","datePublished":"2026-01-07T11:45:04+00:00","dateModified":"2026-02-05T12:43:32+00:00","breadcrumb":{"@id":"https:\/\/www.regionsaris.sk\/nabozensky-turizmus\/dreveny-chram-svatych-kozmu-a-damiana-vysny-komarnik\/#breadcrumb"},"inLanguage":"it-IT","potentialAction":[{"@type":"ReadAction","target":["https:\/\/www.regionsaris.sk\/nabozensky-turizmus\/dreveny-chram-svatych-kozmu-a-damiana-vysny-komarnik\/"]}]},{"@type":"ImageObject","inLanguage":"it-IT","@id":"https:\/\/www.regionsaris.sk\/nabozensky-turizmus\/dreveny-chram-svatych-kozmu-a-damiana-vysny-komarnik\/#primaryimage","url":"https:\/\/www.regionsaris.sk\/wp-content\/uploads\/2026\/01\/vysny-komarnik-kozmu248-thumb.jpg","contentUrl":"https:\/\/www.regionsaris.sk\/wp-content\/uploads\/2026\/01\/vysny-komarnik-kozmu248-thumb.jpg","width":600,"height":400},{"@type":"BreadcrumbList","@id":"https:\/\/www.regionsaris.sk\/nabozensky-turizmus\/dreveny-chram-svatych-kozmu-a-damiana-vysny-komarnik\/#breadcrumb","itemListElement":[{"@type":"ListItem","position":1,"name":"Domov","item":"https:\/\/www.regionsaris.sk\/"},{"@type":"ListItem","position":2,"name":"N\u00e1bo\u017eensk\u00fd turizmus v regi\u00f3ne","item":"https:\/\/www.regionsaris.sk\/nabozensky-turizmus-v-regione\/"},{"@type":"ListItem","position":3,"name":"Dreven\u00fd chr\u00e1m sv\u00e4t\u00fdch Kozmu a Dami\u00e1na, Vy\u0161n\u00fd Kom\u00e1rnik"}]},{"@type":"WebSite","@id":"https:\/\/www.regionsaris.sk\/#website","url":"https:\/\/www.regionsaris.sk\/","name":"OOCR \u0160ari\u0161","description":"","potentialAction":[{"@type":"SearchAction","target":{"@type":"EntryPoint","urlTemplate":"https:\/\/www.regionsaris.sk\/?s={search_term_string}"},"query-input":{"@type":"PropertyValueSpecification","valueRequired":true,"valueName":"search_term_string"}}],"inLanguage":"it-IT"}]}},"_links":{"self":[{"href":"https:\/\/www.regionsaris.sk\/it\/wp-json\/wp\/v2\/nabozensky-turizmus\/2567","targetHints":{"allow":["GET"]}}],"collection":[{"href":"https:\/\/www.regionsaris.sk\/it\/wp-json\/wp\/v2\/nabozensky-turizmus"}],"about":[{"href":"https:\/\/www.regionsaris.sk\/it\/wp-json\/wp\/v2\/types\/nabozensky-turizmus"}],"wp:featuredmedia":[{"embeddable":true,"href":"https:\/\/www.regionsaris.sk\/it\/wp-json\/wp\/v2\/media\/2568"}],"wp:attachment":[{"href":"https:\/\/www.regionsaris.sk\/it\/wp-json\/wp\/v2\/media?parent=2567"}],"wp:term":[{"taxonomy":"kategoria-poi","embeddable":true,"href":"https:\/\/www.regionsaris.sk\/it\/wp-json\/wp\/v2\/kategoria-poi?post=2567"},{"taxonomy":"lokalita","embeddable":true,"href":"https:\/\/www.regionsaris.sk\/it\/wp-json\/wp\/v2\/lokalita?post=2567"},{"taxonomy":"sezona-poi","embeddable":true,"href":"https:\/\/www.regionsaris.sk\/it\/wp-json\/wp\/v2\/sezona-poi?post=2567"},{"taxonomy":"trvanie-vyletu","embeddable":true,"href":"https:\/\/www.regionsaris.sk\/it\/wp-json\/wp\/v2\/trvanie-vyletu?post=2567"}],"curies":[{"name":"wp","href":"https:\/\/api.w.org\/{rel}","templated":true}]}}