{"id":2081,"date":"2020-06-03T11:12:32","date_gmt":"2020-06-03T10:12:32","guid":{"rendered":"https:\/\/www.regionsaris.sk\/historia\/sanec-krize-na-sanci\/"},"modified":"2020-06-03T11:12:32","modified_gmt":"2020-06-03T10:12:32","slug":"sanec-krize-na-sanci","status":"publish","type":"historia","link":"https:\/\/www.regionsaris.sk\/it\/historia\/sanec-krize-na-sanci\/","title":{"rendered":"Chance - Croci su Chance"},"content":{"rendered":"<p>\u0160anec \u00e8 il nome di una parte della collina boscosa della citt\u00e0 di Sabinov e si trova proprio accanto al fiume Torysa. \u0160anec \u00e8 utilizzato principalmente per la ricreazione e, grazie alla sua vicinanza alla citt\u00e0 (ingresso direttamente dalla strada principale), \u00e8 un luogo popolare in ogni stagione. \u00c8 possibile raggiungere Koh\u00fat in 2-3 ore lungo il crinale.<\/p>\n\n\n\n<p>Il Venerd\u00ec Santo del 1990 i giovani salesiani hanno tenuto la prima Via Crucis, durante la quale \u00e8 stata portata a \u0160anec una croce di legno di betulla. Questa croce \u00e8 stata poi utilizzata come legna da ardere. L'idea di costruire una croce stabile in legno massiccio e resistente in questo luogo fu suggerita dall'allora lavoratore del VPS, il signor Bartolomej Roko\u0161n\u00fd. La forma e la finitura finale della croce sono state realizzate dal falegname Alfonz Kuch\u00e1r. Le croci di legno sono collocate lungo il percorso che porta alla croce. Ci sono 14 croci - 14 tappe della Via Crucis. La croce offre una bella vista sul panorama della citt\u00e0 di Sabinov e dei villaggi circostanti.<\/p>","protected":false},"featured_media":1478,"template":"","meta":{"_acf_changed":false},"kategoria-poi":[105,171,102,107],"lokalita":[27],"sezona-poi":[],"trvanie-vyletu":[],"class_list":["post-2081","historia","type-historia","status-publish","has-post-thumbnail","hentry","kategoria-poi-historia","kategoria-poi-ine-vyznamne-pamiatky","kategoria-poi-prirodne-krasy","kategoria-poi-turistika","lokalita-sabinov-a-okolie"],"acf":[],"yoast_head":"<!-- This site is optimized with the Yoast SEO Premium plugin v26.3 (Yoast SEO v26.8) - https:\/\/yoast.com\/product\/yoast-seo-premium-wordpress\/ -->\n<title>\u0160anec - Kr\u00ed\u017ee na \u0161anci - OOCR \u0160ari\u0161<\/title>\n<meta name=\"robots\" content=\"index, follow, max-snippet:-1, max-image-preview:large, max-video-preview:-1\" \/>\n<link rel=\"canonical\" href=\"https:\/\/www.regionsaris.sk\/it\/historia\/sanec-krize-na-sanci\/\" \/>\n<meta property=\"og:locale\" content=\"it_IT\" \/>\n<meta property=\"og:type\" content=\"article\" \/>\n<meta property=\"og:title\" content=\"\u0160anec - Kr\u00ed\u017ee na \u0161anci\" \/>\n<meta property=\"og:description\" content=\"\u0160anec je pomenovanie pre \u010das\u0165 zalesnen\u00e9ho kopca mesta Sabinov a nach\u00e1dza sa hne\u010f pri toku...\" \/>\n<meta property=\"og:url\" content=\"https:\/\/www.regionsaris.sk\/it\/historia\/sanec-krize-na-sanci\/\" \/>\n<meta property=\"og:site_name\" content=\"OOCR \u0160ari\u0161\" \/>\n<meta property=\"og:image\" content=\"https:\/\/www.regionsaris.sk\/wp-content\/uploads\/2026\/01\/sanec269-541.jpg\" \/>\n\t<meta property=\"og:image:width\" content=\"1422\" \/>\n\t<meta property=\"og:image:height\" content=\"800\" \/>\n\t<meta property=\"og:image:type\" content=\"image\/jpeg\" \/>\n<meta name=\"twitter:card\" content=\"summary_large_image\" \/>\n<meta name=\"twitter:label1\" content=\"Tempo di lettura stimato\" \/>\n\t<meta name=\"twitter:data1\" content=\"1 minuto\" \/>\n<script type=\"application\/ld+json\" class=\"yoast-schema-graph\">{\"@context\":\"https:\/\/schema.org\",\"@graph\":[{\"@type\":\"WebPage\",\"@id\":\"https:\/\/www.regionsaris.sk\/historia\/sanec-krize-na-sanci\/\",\"url\":\"https:\/\/www.regionsaris.sk\/historia\/sanec-krize-na-sanci\/\",\"name\":\"\u0160anec - Kr\u00ed\u017ee na \u0161anci - OOCR \u0160ari\u0161\",\"isPartOf\":{\"@id\":\"https:\/\/www.regionsaris.sk\/#website\"},\"primaryImageOfPage\":{\"@id\":\"https:\/\/www.regionsaris.sk\/historia\/sanec-krize-na-sanci\/#primaryimage\"},\"image\":{\"@id\":\"https:\/\/www.regionsaris.sk\/historia\/sanec-krize-na-sanci\/#primaryimage\"},\"thumbnailUrl\":\"https:\/\/www.regionsaris.sk\/wp-content\/uploads\/2026\/01\/sanec269-541.jpg\",\"datePublished\":\"2020-06-03T10:12:32+00:00\",\"breadcrumb\":{\"@id\":\"https:\/\/www.regionsaris.sk\/historia\/sanec-krize-na-sanci\/#breadcrumb\"},\"inLanguage\":\"it-IT\",\"potentialAction\":[{\"@type\":\"ReadAction\",\"target\":[\"https:\/\/www.regionsaris.sk\/historia\/sanec-krize-na-sanci\/\"]}]},{\"@type\":\"ImageObject\",\"inLanguage\":\"it-IT\",\"@id\":\"https:\/\/www.regionsaris.sk\/historia\/sanec-krize-na-sanci\/#primaryimage\",\"url\":\"https:\/\/www.regionsaris.sk\/wp-content\/uploads\/2026\/01\/sanec269-541.jpg\",\"contentUrl\":\"https:\/\/www.regionsaris.sk\/wp-content\/uploads\/2026\/01\/sanec269-541.jpg\",\"width\":1422,\"height\":800},{\"@type\":\"BreadcrumbList\",\"@id\":\"https:\/\/www.regionsaris.sk\/historia\/sanec-krize-na-sanci\/#breadcrumb\",\"itemListElement\":[{\"@type\":\"ListItem\",\"position\":1,\"name\":\"Domov\",\"item\":\"https:\/\/www.regionsaris.sk\/\"},{\"@type\":\"ListItem\",\"position\":2,\"name\":\"Hist\u00f3ria regi\u00f3nu\",\"item\":\"https:\/\/www.regionsaris.sk\/historia-regionu\/\"},{\"@type\":\"ListItem\",\"position\":3,\"name\":\"\u0160anec - Kr\u00ed\u017ee na \u0161anci\"}]},{\"@type\":\"WebSite\",\"@id\":\"https:\/\/www.regionsaris.sk\/#website\",\"url\":\"https:\/\/www.regionsaris.sk\/\",\"name\":\"OOCR \u0160ari\u0161\",\"description\":\"\",\"potentialAction\":[{\"@type\":\"SearchAction\",\"target\":{\"@type\":\"EntryPoint\",\"urlTemplate\":\"https:\/\/www.regionsaris.sk\/?s={search_term_string}\"},\"query-input\":{\"@type\":\"PropertyValueSpecification\",\"valueRequired\":true,\"valueName\":\"search_term_string\"}}],\"inLanguage\":\"it-IT\"}]}<\/script>\n<!-- \/ Yoast SEO Premium plugin. -->","yoast_head_json":{"title":"\u0160anec - Kr\u00ed\u017ee na \u0161anci - OOCR \u0160ari\u0161","robots":{"index":"index","follow":"follow","max-snippet":"max-snippet:-1","max-image-preview":"max-image-preview:large","max-video-preview":"max-video-preview:-1"},"canonical":"https:\/\/www.regionsaris.sk\/it\/historia\/sanec-krize-na-sanci\/","og_locale":"it_IT","og_type":"article","og_title":"\u0160anec - Kr\u00ed\u017ee na \u0161anci","og_description":"\u0160anec je pomenovanie pre \u010das\u0165 zalesnen\u00e9ho kopca mesta Sabinov a nach\u00e1dza sa hne\u010f pri toku...","og_url":"https:\/\/www.regionsaris.sk\/it\/historia\/sanec-krize-na-sanci\/","og_site_name":"OOCR \u0160ari\u0161","og_image":[{"width":1422,"height":800,"url":"https:\/\/www.regionsaris.sk\/wp-content\/uploads\/2026\/01\/sanec269-541.jpg","type":"image\/jpeg"}],"twitter_card":"summary_large_image","twitter_misc":{"Tempo di lettura stimato":"1 minuto"},"schema":{"@context":"https:\/\/schema.org","@graph":[{"@type":"WebPage","@id":"https:\/\/www.regionsaris.sk\/historia\/sanec-krize-na-sanci\/","url":"https:\/\/www.regionsaris.sk\/historia\/sanec-krize-na-sanci\/","name":"\u0160anec - Kr\u00ed\u017ee na \u0161anci - OOCR \u0160ari\u0161","isPartOf":{"@id":"https:\/\/www.regionsaris.sk\/#website"},"primaryImageOfPage":{"@id":"https:\/\/www.regionsaris.sk\/historia\/sanec-krize-na-sanci\/#primaryimage"},"image":{"@id":"https:\/\/www.regionsaris.sk\/historia\/sanec-krize-na-sanci\/#primaryimage"},"thumbnailUrl":"https:\/\/www.regionsaris.sk\/wp-content\/uploads\/2026\/01\/sanec269-541.jpg","datePublished":"2020-06-03T10:12:32+00:00","breadcrumb":{"@id":"https:\/\/www.regionsaris.sk\/historia\/sanec-krize-na-sanci\/#breadcrumb"},"inLanguage":"it-IT","potentialAction":[{"@type":"ReadAction","target":["https:\/\/www.regionsaris.sk\/historia\/sanec-krize-na-sanci\/"]}]},{"@type":"ImageObject","inLanguage":"it-IT","@id":"https:\/\/www.regionsaris.sk\/historia\/sanec-krize-na-sanci\/#primaryimage","url":"https:\/\/www.regionsaris.sk\/wp-content\/uploads\/2026\/01\/sanec269-541.jpg","contentUrl":"https:\/\/www.regionsaris.sk\/wp-content\/uploads\/2026\/01\/sanec269-541.jpg","width":1422,"height":800},{"@type":"BreadcrumbList","@id":"https:\/\/www.regionsaris.sk\/historia\/sanec-krize-na-sanci\/#breadcrumb","itemListElement":[{"@type":"ListItem","position":1,"name":"Domov","item":"https:\/\/www.regionsaris.sk\/"},{"@type":"ListItem","position":2,"name":"Hist\u00f3ria regi\u00f3nu","item":"https:\/\/www.regionsaris.sk\/historia-regionu\/"},{"@type":"ListItem","position":3,"name":"\u0160anec - Kr\u00ed\u017ee na \u0161anci"}]},{"@type":"WebSite","@id":"https:\/\/www.regionsaris.sk\/#website","url":"https:\/\/www.regionsaris.sk\/","name":"OOCR \u0160ari\u0161","description":"","potentialAction":[{"@type":"SearchAction","target":{"@type":"EntryPoint","urlTemplate":"https:\/\/www.regionsaris.sk\/?s={search_term_string}"},"query-input":{"@type":"PropertyValueSpecification","valueRequired":true,"valueName":"search_term_string"}}],"inLanguage":"it-IT"}]}},"_links":{"self":[{"href":"https:\/\/www.regionsaris.sk\/it\/wp-json\/wp\/v2\/historia\/2081","targetHints":{"allow":["GET"]}}],"collection":[{"href":"https:\/\/www.regionsaris.sk\/it\/wp-json\/wp\/v2\/historia"}],"about":[{"href":"https:\/\/www.regionsaris.sk\/it\/wp-json\/wp\/v2\/types\/historia"}],"wp:featuredmedia":[{"embeddable":true,"href":"https:\/\/www.regionsaris.sk\/it\/wp-json\/wp\/v2\/media\/1478"}],"wp:attachment":[{"href":"https:\/\/www.regionsaris.sk\/it\/wp-json\/wp\/v2\/media?parent=2081"}],"wp:term":[{"taxonomy":"kategoria-poi","embeddable":true,"href":"https:\/\/www.regionsaris.sk\/it\/wp-json\/wp\/v2\/kategoria-poi?post=2081"},{"taxonomy":"lokalita","embeddable":true,"href":"https:\/\/www.regionsaris.sk\/it\/wp-json\/wp\/v2\/lokalita?post=2081"},{"taxonomy":"sezona-poi","embeddable":true,"href":"https:\/\/www.regionsaris.sk\/it\/wp-json\/wp\/v2\/sezona-poi?post=2081"},{"taxonomy":"trvanie-vyletu","embeddable":true,"href":"https:\/\/www.regionsaris.sk\/it\/wp-json\/wp\/v2\/trvanie-vyletu?post=2081"}],"curies":[{"name":"wp","href":"https:\/\/api.w.org\/{rel}","templated":true}]}}