{"id":2041,"date":"2020-05-29T12:15:13","date_gmt":"2020-05-29T11:15:13","guid":{"rendered":"https:\/\/www.regionsaris.sk\/historia\/vodarenska-veza\/"},"modified":"2020-05-29T12:15:13","modified_gmt":"2020-05-29T11:15:13","slug":"vodarenska-veza","status":"publish","type":"historia","link":"https:\/\/www.regionsaris.sk\/it\/historia\/vodarenska-veza\/","title":{"rendered":"Torre dell'acqua a 300 m sul livello del mare."},"content":{"rendered":"La torre dell'acqua \u00e8 stata progettata dall'architetto Viliam Glasz (1882-1957), nato a Segedin, in Ungheria. Si stabil\u00ec a Pre\u0161ov intorno al 1910 e la torre \u00e8 uno dei primi edifici che costru\u00ec in citt\u00e0. Fu costruita nel quartiere residenziale pi\u00f9 alto di Pre\u0161ov nella prima met\u00e0 del XX secolo come parte di un progetto di approvvigionamento idrico.\n<h2>La torre dell'acqua offre una vista unica<\/h2>\nC'era un serbatoio con un volume di 350 metri cubi. L'edificio, alto 29 metri, \u00e8 stato successivamente ricostruito e ha cessato di essere utilizzato per il suo scopo originario. Nella parte inferiore \u00e8 stato costruito un ristorante con negozio e nella parte superiore \u00e8 stata creata un'area panoramica in vetro. \u00c8 rimasto inutilizzato per 23 anni ed \u00e8 caduto in rovina.\n\nDal 2013 \u00e8 stata riaperta al pubblico come torre di osservazione e dopo aver salito 135 gradini si pu\u00f2 godere di una vista su tutta Pre\u0161ov e talvolta anche sugli Alti Tatra.\n\nPotete leggere la storia della Torre dell'acqua anche su <a href=\"https:\/\/sk.wikipedia.org\/wiki\/Vod%C3%A1rensk%C3%A1_ve%C5%BEa_(Pre%C5%A1ov)\">Wikipedia<\/a>.\n\nA Pre\u0161ov si possono vedere diversi pomiatok: <a href=\"https:\/\/www.regionsaris.sk\/it\/historia\/konkatedrala-sv-mikulasa\/\">Cattedrale di San Nicola<\/a>, <a href=\"https:\/\/www.regionsaris.sk\/it\/historia\/neptunova-fontana\/\">Fontana di Nettuno<\/a>, <a href=\"https:\/\/www.regionsaris.sk\/it\/nabozensky_turizmus\/muzeum-zidovskej-kultury-slovenske-narodne-muzeum\/\">Museo della cultura ebraica<\/a>, <a href=\"https:\/\/www.regionsaris.sk\/it\/historia\/bosakova-banka\/\">Banca Bosakova<\/a>, <a href=\"https:\/\/www.regionsaris.sk\/it\/kategoria-aktivity\/historia\/mesta\/\">Porta Florian<\/a>, <a href=\"https:\/\/www.regionsaris.sk\/it\/kultura-a-umenie\/caraffova-vaznica\/\">La prigione di Caraf<\/a>, <a href=\"https:\/\/www.regionsaris.sk\/it\/historia\/rakociho-palac-presov\/\">Palazzo Rakoci<\/a>.","protected":false},"featured_media":1123,"template":"","meta":{"_acf_changed":false},"kategoria-poi":[105,104,102,107],"lokalita":[26],"sezona-poi":[],"trvanie-vyletu":[],"class_list":["post-2041","historia","type-historia","status-publish","has-post-thumbnail","hentry","kategoria-poi-historia","kategoria-poi-mesta","kategoria-poi-prirodne-krasy","kategoria-poi-turistika","lokalita-mesto-presov"],"acf":[],"yoast_head":"<!-- This site is optimized with the Yoast SEO Premium plugin v26.3 (Yoast SEO v26.8) - https:\/\/yoast.com\/product\/yoast-seo-premium-wordpress\/ -->\n<title>Vod\u00e1rensk\u00e1 ve\u017ea 300 m n. m. - OOCR \u0160ari\u0161<\/title>\n<meta name=\"robots\" content=\"index, follow, max-snippet:-1, max-image-preview:large, max-video-preview:-1\" \/>\n<link rel=\"canonical\" href=\"https:\/\/www.regionsaris.sk\/it\/historia\/vodarenska-veza\/\" \/>\n<meta property=\"og:locale\" content=\"it_IT\" \/>\n<meta property=\"og:type\" content=\"article\" \/>\n<meta property=\"og:title\" content=\"Vod\u00e1rensk\u00e1 ve\u017ea 300 m n. m.\" \/>\n<meta property=\"og:description\" content=\"Vod\u00e1rensk\u00e1 ve\u017ea bola navrhnut\u00e1 architektom Viliamom Glaszom (1882-1957) naroden\u00fdm v Seged\u00edne v Ma\u010farsku. V Pre\u0161ove...\" \/>\n<meta property=\"og:url\" content=\"https:\/\/www.regionsaris.sk\/it\/historia\/vodarenska-veza\/\" \/>\n<meta property=\"og:site_name\" content=\"OOCR \u0160ari\u0161\" \/>\n<meta property=\"og:image\" content=\"https:\/\/www.regionsaris.sk\/wp-content\/uploads\/2026\/01\/Vodarenska-veza-600x400-1.jpg\" \/>\n\t<meta property=\"og:image:width\" content=\"600\" \/>\n\t<meta property=\"og:image:height\" content=\"400\" \/>\n\t<meta property=\"og:image:type\" content=\"image\/jpeg\" \/>\n<meta name=\"twitter:card\" content=\"summary_large_image\" \/>\n<meta name=\"twitter:label1\" content=\"Tempo di lettura stimato\" \/>\n\t<meta name=\"twitter:data1\" content=\"1 minuto\" \/>\n<script type=\"application\/ld+json\" class=\"yoast-schema-graph\">{\"@context\":\"https:\/\/schema.org\",\"@graph\":[{\"@type\":\"WebPage\",\"@id\":\"https:\/\/www.regionsaris.sk\/historia\/vodarenska-veza\/\",\"url\":\"https:\/\/www.regionsaris.sk\/historia\/vodarenska-veza\/\",\"name\":\"Vod\u00e1rensk\u00e1 ve\u017ea 300 m n. m. - OOCR \u0160ari\u0161\",\"isPartOf\":{\"@id\":\"https:\/\/www.regionsaris.sk\/#website\"},\"primaryImageOfPage\":{\"@id\":\"https:\/\/www.regionsaris.sk\/historia\/vodarenska-veza\/#primaryimage\"},\"image\":{\"@id\":\"https:\/\/www.regionsaris.sk\/historia\/vodarenska-veza\/#primaryimage\"},\"thumbnailUrl\":\"https:\/\/www.regionsaris.sk\/wp-content\/uploads\/2026\/01\/Vodarenska-veza-600x400-1.jpg\",\"datePublished\":\"2020-05-29T11:15:13+00:00\",\"breadcrumb\":{\"@id\":\"https:\/\/www.regionsaris.sk\/historia\/vodarenska-veza\/#breadcrumb\"},\"inLanguage\":\"it-IT\",\"potentialAction\":[{\"@type\":\"ReadAction\",\"target\":[\"https:\/\/www.regionsaris.sk\/historia\/vodarenska-veza\/\"]}]},{\"@type\":\"ImageObject\",\"inLanguage\":\"it-IT\",\"@id\":\"https:\/\/www.regionsaris.sk\/historia\/vodarenska-veza\/#primaryimage\",\"url\":\"https:\/\/www.regionsaris.sk\/wp-content\/uploads\/2026\/01\/Vodarenska-veza-600x400-1.jpg\",\"contentUrl\":\"https:\/\/www.regionsaris.sk\/wp-content\/uploads\/2026\/01\/Vodarenska-veza-600x400-1.jpg\",\"width\":600,\"height\":400},{\"@type\":\"BreadcrumbList\",\"@id\":\"https:\/\/www.regionsaris.sk\/historia\/vodarenska-veza\/#breadcrumb\",\"itemListElement\":[{\"@type\":\"ListItem\",\"position\":1,\"name\":\"Domov\",\"item\":\"https:\/\/www.regionsaris.sk\/\"},{\"@type\":\"ListItem\",\"position\":2,\"name\":\"Hist\u00f3ria regi\u00f3nu\",\"item\":\"https:\/\/www.regionsaris.sk\/historia-regionu\/\"},{\"@type\":\"ListItem\",\"position\":3,\"name\":\"Vod\u00e1rensk\u00e1 ve\u017ea 300 m n. m.\"}]},{\"@type\":\"WebSite\",\"@id\":\"https:\/\/www.regionsaris.sk\/#website\",\"url\":\"https:\/\/www.regionsaris.sk\/\",\"name\":\"OOCR \u0160ari\u0161\",\"description\":\"\",\"potentialAction\":[{\"@type\":\"SearchAction\",\"target\":{\"@type\":\"EntryPoint\",\"urlTemplate\":\"https:\/\/www.regionsaris.sk\/?s={search_term_string}\"},\"query-input\":{\"@type\":\"PropertyValueSpecification\",\"valueRequired\":true,\"valueName\":\"search_term_string\"}}],\"inLanguage\":\"it-IT\"}]}<\/script>\n<!-- \/ Yoast SEO Premium plugin. -->","yoast_head_json":{"title":"Vod\u00e1rensk\u00e1 ve\u017ea 300 m n. m. - OOCR \u0160ari\u0161","robots":{"index":"index","follow":"follow","max-snippet":"max-snippet:-1","max-image-preview":"max-image-preview:large","max-video-preview":"max-video-preview:-1"},"canonical":"https:\/\/www.regionsaris.sk\/it\/historia\/vodarenska-veza\/","og_locale":"it_IT","og_type":"article","og_title":"Vod\u00e1rensk\u00e1 ve\u017ea 300 m n. m.","og_description":"Vod\u00e1rensk\u00e1 ve\u017ea bola navrhnut\u00e1 architektom Viliamom Glaszom (1882-1957) naroden\u00fdm v Seged\u00edne v Ma\u010farsku. V Pre\u0161ove...","og_url":"https:\/\/www.regionsaris.sk\/it\/historia\/vodarenska-veza\/","og_site_name":"OOCR \u0160ari\u0161","og_image":[{"width":600,"height":400,"url":"https:\/\/www.regionsaris.sk\/wp-content\/uploads\/2026\/01\/Vodarenska-veza-600x400-1.jpg","type":"image\/jpeg"}],"twitter_card":"summary_large_image","twitter_misc":{"Tempo di lettura stimato":"1 minuto"},"schema":{"@context":"https:\/\/schema.org","@graph":[{"@type":"WebPage","@id":"https:\/\/www.regionsaris.sk\/historia\/vodarenska-veza\/","url":"https:\/\/www.regionsaris.sk\/historia\/vodarenska-veza\/","name":"Vod\u00e1rensk\u00e1 ve\u017ea 300 m n. m. - OOCR \u0160ari\u0161","isPartOf":{"@id":"https:\/\/www.regionsaris.sk\/#website"},"primaryImageOfPage":{"@id":"https:\/\/www.regionsaris.sk\/historia\/vodarenska-veza\/#primaryimage"},"image":{"@id":"https:\/\/www.regionsaris.sk\/historia\/vodarenska-veza\/#primaryimage"},"thumbnailUrl":"https:\/\/www.regionsaris.sk\/wp-content\/uploads\/2026\/01\/Vodarenska-veza-600x400-1.jpg","datePublished":"2020-05-29T11:15:13+00:00","breadcrumb":{"@id":"https:\/\/www.regionsaris.sk\/historia\/vodarenska-veza\/#breadcrumb"},"inLanguage":"it-IT","potentialAction":[{"@type":"ReadAction","target":["https:\/\/www.regionsaris.sk\/historia\/vodarenska-veza\/"]}]},{"@type":"ImageObject","inLanguage":"it-IT","@id":"https:\/\/www.regionsaris.sk\/historia\/vodarenska-veza\/#primaryimage","url":"https:\/\/www.regionsaris.sk\/wp-content\/uploads\/2026\/01\/Vodarenska-veza-600x400-1.jpg","contentUrl":"https:\/\/www.regionsaris.sk\/wp-content\/uploads\/2026\/01\/Vodarenska-veza-600x400-1.jpg","width":600,"height":400},{"@type":"BreadcrumbList","@id":"https:\/\/www.regionsaris.sk\/historia\/vodarenska-veza\/#breadcrumb","itemListElement":[{"@type":"ListItem","position":1,"name":"Domov","item":"https:\/\/www.regionsaris.sk\/"},{"@type":"ListItem","position":2,"name":"Hist\u00f3ria regi\u00f3nu","item":"https:\/\/www.regionsaris.sk\/historia-regionu\/"},{"@type":"ListItem","position":3,"name":"Vod\u00e1rensk\u00e1 ve\u017ea 300 m n. m."}]},{"@type":"WebSite","@id":"https:\/\/www.regionsaris.sk\/#website","url":"https:\/\/www.regionsaris.sk\/","name":"OOCR \u0160ari\u0161","description":"","potentialAction":[{"@type":"SearchAction","target":{"@type":"EntryPoint","urlTemplate":"https:\/\/www.regionsaris.sk\/?s={search_term_string}"},"query-input":{"@type":"PropertyValueSpecification","valueRequired":true,"valueName":"search_term_string"}}],"inLanguage":"it-IT"}]}},"_links":{"self":[{"href":"https:\/\/www.regionsaris.sk\/it\/wp-json\/wp\/v2\/historia\/2041","targetHints":{"allow":["GET"]}}],"collection":[{"href":"https:\/\/www.regionsaris.sk\/it\/wp-json\/wp\/v2\/historia"}],"about":[{"href":"https:\/\/www.regionsaris.sk\/it\/wp-json\/wp\/v2\/types\/historia"}],"wp:featuredmedia":[{"embeddable":true,"href":"https:\/\/www.regionsaris.sk\/it\/wp-json\/wp\/v2\/media\/1123"}],"wp:attachment":[{"href":"https:\/\/www.regionsaris.sk\/it\/wp-json\/wp\/v2\/media?parent=2041"}],"wp:term":[{"taxonomy":"kategoria-poi","embeddable":true,"href":"https:\/\/www.regionsaris.sk\/it\/wp-json\/wp\/v2\/kategoria-poi?post=2041"},{"taxonomy":"lokalita","embeddable":true,"href":"https:\/\/www.regionsaris.sk\/it\/wp-json\/wp\/v2\/lokalita?post=2041"},{"taxonomy":"sezona-poi","embeddable":true,"href":"https:\/\/www.regionsaris.sk\/it\/wp-json\/wp\/v2\/sezona-poi?post=2041"},{"taxonomy":"trvanie-vyletu","embeddable":true,"href":"https:\/\/www.regionsaris.sk\/it\/wp-json\/wp\/v2\/trvanie-vyletu?post=2041"}],"curies":[{"name":"wp","href":"https:\/\/api.w.org\/{rel}","templated":true}]}}