{"id":2027,"date":"2020-05-29T09:57:43","date_gmt":"2020-05-29T08:57:43","guid":{"rendered":"https:\/\/www.regionsaris.sk\/historia\/chram-svateho-alexandra-nevskeho\/"},"modified":"2020-05-29T09:57:43","modified_gmt":"2020-05-29T08:57:43","slug":"chram-svateho-alexandra-nevskeho","status":"publish","type":"historia","link":"https:\/\/www.regionsaris.sk\/it\/historia\/chram-svateho-alexandra-nevskeho\/","title":{"rendered":"Cattedrale di Sant'Alessandro Nevskij"},"content":{"rendered":"<p>L'ortodossia in Slovacchia \u00e8 una religione di minoranza. Secondo le statistiche del 2011, vi aderisce circa lo 0,9 % della popolazione della Repubblica Slovacca. I credenti ortodossi vivono principalmente nella parte orientale del Paese. La storia dell'ortodossia in Slovacchia non \u00e8 antica. I fedeli ortodossi sono aumentati soprattutto dopo la creazione della Cecoslovacchia e la conversione dalla Chiesa greco-cattolica dopo il 1950.  La costruzione della chiesa ortodossa di Pre\u0161ov \u00e8 iniziata nel 1946 ed \u00e8 stata completata nel 1950. Fu consacrata l'11 febbraio 1950 con la benedizione del Metropolita Jelevferij di Praga dall'Archimandrita Andrea.  Il tempio \u00e8 costruito nello spirito delle tradizioni dell'architettura russa ortodossa. \u00c8 decorato con cinque cupole a cipolla, che ricordano l'architettura tipica della vecchia Russia zarista. \u00c8 dedicata al principe Sant'Alessandro Nevskij, che la Chiesa ortodossa considera il difensore dell'ortodossia. L'interno \u00e8 dominato da un'iconostasi in legno a due file che separa la navata dalla zona dell'altare. Il campanile a cuspide \u00e8 stato aggiunto tra il 1969 e il 1970. Nel 2004 \u00e8 stato ampliato e ricostruito in un edificio sacro riccamente articolato.<\/p>\n\n\n\n<p>Foto: OOCR Regi\u00f3n \u0160ari\u0161, FB<\/p>","protected":false},"featured_media":1070,"template":"","meta":{"_acf_changed":false},"kategoria-poi":[105,169,104,168,102,107],"lokalita":[26],"sezona-poi":[],"trvanie-vyletu":[],"class_list":["post-2027","historia","type-historia","status-publish","has-post-thumbnail","hentry","kategoria-poi-historia","kategoria-poi-kostoly","kategoria-poi-mesta","kategoria-poi-nabozensky-turizmus","kategoria-poi-prirodne-krasy","kategoria-poi-turistika","lokalita-mesto-presov"],"acf":[],"yoast_head":"<!-- This site is optimized with the Yoast SEO Premium plugin v26.3 (Yoast SEO v26.8) - https:\/\/yoast.com\/product\/yoast-seo-premium-wordpress\/ -->\n<title>Chr\u00e1m sv\u00e4t\u00e9ho Alexandra Nevsk\u00e9ho - OOCR \u0160ari\u0161<\/title>\n<meta name=\"robots\" content=\"index, follow, max-snippet:-1, max-image-preview:large, max-video-preview:-1\" \/>\n<link rel=\"canonical\" href=\"https:\/\/www.regionsaris.sk\/it\/historia\/chram-svateho-alexandra-nevskeho\/\" \/>\n<meta property=\"og:locale\" content=\"it_IT\" \/>\n<meta property=\"og:type\" content=\"article\" \/>\n<meta property=\"og:title\" content=\"Chr\u00e1m sv\u00e4t\u00e9ho Alexandra Nevsk\u00e9ho\" \/>\n<meta property=\"og:description\" content=\"Pravosl\u00e1vie na Slovensku je men\u0161inov\u00fdm n\u00e1bo\u017eenstvom. Hl\u00e1si sa k nemu pod\u013ea \u0161tatist\u00edk z roku 2011...\" \/>\n<meta property=\"og:url\" content=\"https:\/\/www.regionsaris.sk\/it\/historia\/chram-svateho-alexandra-nevskeho\/\" \/>\n<meta property=\"og:site_name\" content=\"OOCR \u0160ari\u0161\" \/>\n<meta property=\"og:image\" content=\"https:\/\/www.regionsaris.sk\/wp-content\/uploads\/2026\/01\/Chram-Nevskeho-600x400-1.jpg\" \/>\n\t<meta property=\"og:image:width\" content=\"600\" \/>\n\t<meta property=\"og:image:height\" content=\"400\" \/>\n\t<meta property=\"og:image:type\" content=\"image\/jpeg\" \/>\n<meta name=\"twitter:card\" content=\"summary_large_image\" \/>\n<meta name=\"twitter:label1\" content=\"Tempo di lettura stimato\" \/>\n\t<meta name=\"twitter:data1\" content=\"1 minuto\" \/>\n<script type=\"application\/ld+json\" class=\"yoast-schema-graph\">{\"@context\":\"https:\/\/schema.org\",\"@graph\":[{\"@type\":\"WebPage\",\"@id\":\"https:\/\/www.regionsaris.sk\/historia\/chram-svateho-alexandra-nevskeho\/\",\"url\":\"https:\/\/www.regionsaris.sk\/historia\/chram-svateho-alexandra-nevskeho\/\",\"name\":\"Chr\u00e1m sv\u00e4t\u00e9ho Alexandra Nevsk\u00e9ho - OOCR \u0160ari\u0161\",\"isPartOf\":{\"@id\":\"https:\/\/www.regionsaris.sk\/#website\"},\"primaryImageOfPage\":{\"@id\":\"https:\/\/www.regionsaris.sk\/historia\/chram-svateho-alexandra-nevskeho\/#primaryimage\"},\"image\":{\"@id\":\"https:\/\/www.regionsaris.sk\/historia\/chram-svateho-alexandra-nevskeho\/#primaryimage\"},\"thumbnailUrl\":\"https:\/\/www.regionsaris.sk\/wp-content\/uploads\/2026\/01\/Chram-Nevskeho-600x400-1.jpg\",\"datePublished\":\"2020-05-29T08:57:43+00:00\",\"breadcrumb\":{\"@id\":\"https:\/\/www.regionsaris.sk\/historia\/chram-svateho-alexandra-nevskeho\/#breadcrumb\"},\"inLanguage\":\"it-IT\",\"potentialAction\":[{\"@type\":\"ReadAction\",\"target\":[\"https:\/\/www.regionsaris.sk\/historia\/chram-svateho-alexandra-nevskeho\/\"]}]},{\"@type\":\"ImageObject\",\"inLanguage\":\"it-IT\",\"@id\":\"https:\/\/www.regionsaris.sk\/historia\/chram-svateho-alexandra-nevskeho\/#primaryimage\",\"url\":\"https:\/\/www.regionsaris.sk\/wp-content\/uploads\/2026\/01\/Chram-Nevskeho-600x400-1.jpg\",\"contentUrl\":\"https:\/\/www.regionsaris.sk\/wp-content\/uploads\/2026\/01\/Chram-Nevskeho-600x400-1.jpg\",\"width\":600,\"height\":400},{\"@type\":\"BreadcrumbList\",\"@id\":\"https:\/\/www.regionsaris.sk\/historia\/chram-svateho-alexandra-nevskeho\/#breadcrumb\",\"itemListElement\":[{\"@type\":\"ListItem\",\"position\":1,\"name\":\"Domov\",\"item\":\"https:\/\/www.regionsaris.sk\/\"},{\"@type\":\"ListItem\",\"position\":2,\"name\":\"Hist\u00f3ria regi\u00f3nu\",\"item\":\"https:\/\/www.regionsaris.sk\/historia-regionu\/\"},{\"@type\":\"ListItem\",\"position\":3,\"name\":\"Chr\u00e1m sv\u00e4t\u00e9ho Alexandra Nevsk\u00e9ho\"}]},{\"@type\":\"WebSite\",\"@id\":\"https:\/\/www.regionsaris.sk\/#website\",\"url\":\"https:\/\/www.regionsaris.sk\/\",\"name\":\"OOCR \u0160ari\u0161\",\"description\":\"\",\"potentialAction\":[{\"@type\":\"SearchAction\",\"target\":{\"@type\":\"EntryPoint\",\"urlTemplate\":\"https:\/\/www.regionsaris.sk\/?s={search_term_string}\"},\"query-input\":{\"@type\":\"PropertyValueSpecification\",\"valueRequired\":true,\"valueName\":\"search_term_string\"}}],\"inLanguage\":\"it-IT\"}]}<\/script>\n<!-- \/ Yoast SEO Premium plugin. -->","yoast_head_json":{"title":"Chr\u00e1m sv\u00e4t\u00e9ho Alexandra Nevsk\u00e9ho - OOCR \u0160ari\u0161","robots":{"index":"index","follow":"follow","max-snippet":"max-snippet:-1","max-image-preview":"max-image-preview:large","max-video-preview":"max-video-preview:-1"},"canonical":"https:\/\/www.regionsaris.sk\/it\/historia\/chram-svateho-alexandra-nevskeho\/","og_locale":"it_IT","og_type":"article","og_title":"Chr\u00e1m sv\u00e4t\u00e9ho Alexandra Nevsk\u00e9ho","og_description":"Pravosl\u00e1vie na Slovensku je men\u0161inov\u00fdm n\u00e1bo\u017eenstvom. Hl\u00e1si sa k nemu pod\u013ea \u0161tatist\u00edk z roku 2011...","og_url":"https:\/\/www.regionsaris.sk\/it\/historia\/chram-svateho-alexandra-nevskeho\/","og_site_name":"OOCR \u0160ari\u0161","og_image":[{"width":600,"height":400,"url":"https:\/\/www.regionsaris.sk\/wp-content\/uploads\/2026\/01\/Chram-Nevskeho-600x400-1.jpg","type":"image\/jpeg"}],"twitter_card":"summary_large_image","twitter_misc":{"Tempo di lettura stimato":"1 minuto"},"schema":{"@context":"https:\/\/schema.org","@graph":[{"@type":"WebPage","@id":"https:\/\/www.regionsaris.sk\/historia\/chram-svateho-alexandra-nevskeho\/","url":"https:\/\/www.regionsaris.sk\/historia\/chram-svateho-alexandra-nevskeho\/","name":"Chr\u00e1m sv\u00e4t\u00e9ho Alexandra Nevsk\u00e9ho - OOCR \u0160ari\u0161","isPartOf":{"@id":"https:\/\/www.regionsaris.sk\/#website"},"primaryImageOfPage":{"@id":"https:\/\/www.regionsaris.sk\/historia\/chram-svateho-alexandra-nevskeho\/#primaryimage"},"image":{"@id":"https:\/\/www.regionsaris.sk\/historia\/chram-svateho-alexandra-nevskeho\/#primaryimage"},"thumbnailUrl":"https:\/\/www.regionsaris.sk\/wp-content\/uploads\/2026\/01\/Chram-Nevskeho-600x400-1.jpg","datePublished":"2020-05-29T08:57:43+00:00","breadcrumb":{"@id":"https:\/\/www.regionsaris.sk\/historia\/chram-svateho-alexandra-nevskeho\/#breadcrumb"},"inLanguage":"it-IT","potentialAction":[{"@type":"ReadAction","target":["https:\/\/www.regionsaris.sk\/historia\/chram-svateho-alexandra-nevskeho\/"]}]},{"@type":"ImageObject","inLanguage":"it-IT","@id":"https:\/\/www.regionsaris.sk\/historia\/chram-svateho-alexandra-nevskeho\/#primaryimage","url":"https:\/\/www.regionsaris.sk\/wp-content\/uploads\/2026\/01\/Chram-Nevskeho-600x400-1.jpg","contentUrl":"https:\/\/www.regionsaris.sk\/wp-content\/uploads\/2026\/01\/Chram-Nevskeho-600x400-1.jpg","width":600,"height":400},{"@type":"BreadcrumbList","@id":"https:\/\/www.regionsaris.sk\/historia\/chram-svateho-alexandra-nevskeho\/#breadcrumb","itemListElement":[{"@type":"ListItem","position":1,"name":"Domov","item":"https:\/\/www.regionsaris.sk\/"},{"@type":"ListItem","position":2,"name":"Hist\u00f3ria regi\u00f3nu","item":"https:\/\/www.regionsaris.sk\/historia-regionu\/"},{"@type":"ListItem","position":3,"name":"Chr\u00e1m sv\u00e4t\u00e9ho Alexandra Nevsk\u00e9ho"}]},{"@type":"WebSite","@id":"https:\/\/www.regionsaris.sk\/#website","url":"https:\/\/www.regionsaris.sk\/","name":"OOCR \u0160ari\u0161","description":"","potentialAction":[{"@type":"SearchAction","target":{"@type":"EntryPoint","urlTemplate":"https:\/\/www.regionsaris.sk\/?s={search_term_string}"},"query-input":{"@type":"PropertyValueSpecification","valueRequired":true,"valueName":"search_term_string"}}],"inLanguage":"it-IT"}]}},"_links":{"self":[{"href":"https:\/\/www.regionsaris.sk\/it\/wp-json\/wp\/v2\/historia\/2027","targetHints":{"allow":["GET"]}}],"collection":[{"href":"https:\/\/www.regionsaris.sk\/it\/wp-json\/wp\/v2\/historia"}],"about":[{"href":"https:\/\/www.regionsaris.sk\/it\/wp-json\/wp\/v2\/types\/historia"}],"wp:featuredmedia":[{"embeddable":true,"href":"https:\/\/www.regionsaris.sk\/it\/wp-json\/wp\/v2\/media\/1070"}],"wp:attachment":[{"href":"https:\/\/www.regionsaris.sk\/it\/wp-json\/wp\/v2\/media?parent=2027"}],"wp:term":[{"taxonomy":"kategoria-poi","embeddable":true,"href":"https:\/\/www.regionsaris.sk\/it\/wp-json\/wp\/v2\/kategoria-poi?post=2027"},{"taxonomy":"lokalita","embeddable":true,"href":"https:\/\/www.regionsaris.sk\/it\/wp-json\/wp\/v2\/lokalita?post=2027"},{"taxonomy":"sezona-poi","embeddable":true,"href":"https:\/\/www.regionsaris.sk\/it\/wp-json\/wp\/v2\/sezona-poi?post=2027"},{"taxonomy":"trvanie-vyletu","embeddable":true,"href":"https:\/\/www.regionsaris.sk\/it\/wp-json\/wp\/v2\/trvanie-vyletu?post=2027"}],"curies":[{"name":"wp","href":"https:\/\/api.w.org\/{rel}","templated":true}]}}