{"id":4176,"date":"2026-03-23T08:15:46","date_gmt":"2026-03-23T07:15:46","guid":{"rendered":"https:\/\/www.regionsaris.sk\/?post_type=vyznamna-tvar&#038;p=4176"},"modified":"2026-03-25T14:32:18","modified_gmt":"2026-03-25T13:32:18","slug":"peter-nagy","status":"publish","type":"vyznamna-tvar","link":"https:\/\/www.regionsaris.sk\/hu\/vyznamna-tvar\/peter-nagy\/","title":{"rendered":"Nagy P\u00e9ter"},"content":{"rendered":"<p>Peter Nagy 1959. \u00e1prilis 9-\u00e9n sz\u00fcletett Pre\u0161ovban, \u00e9s az 1980-as \u00e9vek \u00e9s az 1990-es \u00e9vek els\u0151 fel\u00e9nek egyik legsikeresebb szlov\u00e1k k\u00f6nny\u0171zenei \u00e9nekese. A pre\u0161ovi J\u00e1n Adam Rayman Gimn\u00e1zium elv\u00e9gz\u00e9se ut\u00e1n a kassai El\u0151ad\u00f3m\u0171v\u00e9szeti Egyetem m\u0171v\u00e9szeti kar\u00e1n szerzett diplom\u00e1t.&nbsp;<\/p>\n\n\n\n<p>Az els\u0151 sikeres dal, amellyel Nagy P\u00e9ter a k\u00f6z\u00f6ns\u00e9g figyelm\u00e9t mag\u00e1ra vonta, az Indig\u00f3 professzor c\u00edm\u0171 dal volt. Ezt 1982 augusztus\u00e1ban vette fel a kassai r\u00e1di\u00f3 st\u00fadi\u00f3j\u00e1ban Karl Witz git\u00e1rossal egy\u00fctt, aki k\u00e9s\u0151bb a Modus \u00e9s a Collegium musicum egy\u00fcttesekkel dolgozott egy\u00fctt. A szerzem\u00e9ny egy \u00e9vvel k\u00e9s\u0151bb jelent meg. 1982-1983-ban Nagy a pozsonyi Katonai M\u0171v\u00e9szeti Egy\u00fcttes \u00e9nekesek\u00e9nt teljes\u00edtette a katonai alapszolg\u00e1latot, ahol megalap\u00edtotta els\u0151 hivat\u00e1sos zenei egy\u00fcttes\u00e9t Indigo n\u00e9ven. Ebben az id\u0151szakban kapott aj\u00e1nlatot a Modus egy\u00fcttes \u00e9nekes\u00e9nek.&nbsp;<\/p>\n\n\n\n<p>A harmadik albumuk megjelen\u00e9se ut\u00e1n Are You Thinking What I'm Thinking? Nagy P\u00e9ter megkapta az Opus arany c\u00edmer\u00e9t az Opus kiad\u00f3 akkori igazgat\u00f3j\u00e1t\u00f3l, Ivan Stanislavt\u00f3l az egymilliomodik eladott lemez\u00e9rt. Az album legsikeresebb dalai k\u00f6z\u00e9 tartozott a Szerelem itt van veled c\u00edm\u0171 dal, amely h\u00e1romszor nyert a Triangel TV sl\u00e1gerlist\u00e1j\u00e1n. 1987-ben, a negyedik \u00e9vfordul\u00f3 idej\u00e9n Nagy P\u00e9ter \u00e9s zenekara, az Indigo m\u00e1r t\u00f6bb mint 500 koncertet adott, ebb\u0151l kett\u0151t a telth\u00e1zas pr\u00e1gai Lucerna el\u0151tt.<\/p>\n\n\n\n<p>Nagy P\u00e9ter az 1980-as \u00e9vek m\u00e1sodik fel\u00e9t\u0151l kezdve egyed\u00fcl\u00e1ll\u00f3 gyermekalbum-projektekben is r\u00e9szt vesz, amelyek c\u00e9lja a fiatal \u00e9nekes tehets\u00e9gek felfedez\u00e9se. Egy ilyen albumsorozat els\u0151 darabja a Peter, Va\u0161o \u00e9s Be\u00e1ta gyerekeknek c\u00edm\u0171 album volt, amelyet Beata Dubasov\u00e1val \u00e9s Vasa Patejdl-lel k\u00f6z\u00f6sen k\u00e9sz\u00edtett. Az 1990-es \u00e9vek els\u0151 fel\u00e9ben Peter Nagy a Szlov\u00e1k Telev\u00edzi\u00f3 Fany c\u00edm\u0171 ifj\u00fas\u00e1gi m\u0171sor\u00e1nak h\u00e1zigazd\u00e1ja volt.<\/p>\n\n\n\n<p><strong>Forr\u00e1s:<\/strong> https:\/\/sk.wikipedia.org\/wiki\/Peter_Nagy<br><strong>Fot\u00f3 forr\u00e1sa:<\/strong> Felhaszn\u00e1l\u00f3:Richenza - F\u00e1jl:Nagy P\u00e9ter (20).jpg, CC BY-SA 4.0, https:\/\/commons.wikimedia.org\/w\/index.php?curid=58069418<\/p>","protected":false},"featured_media":4232,"template":"","meta":{"_acf_changed":true},"kategoria-vyznamnych-tvari":[244],"oblast-posobenia":[247,236,256],"class_list":["post-4176","vyznamna-tvar","type-vyznamna-tvar","status-publish","has-post-thumbnail","hentry","kategoria-vyznamnych-tvari-sucasna-osobnost","oblast-posobenia-fotografia","oblast-posobenia-hudba","oblast-posobenia-spev"],"acf":[],"yoast_head":"<!-- This site is optimized with the Yoast SEO Premium plugin v26.3 (Yoast SEO v26.8) - https:\/\/yoast.com\/product\/yoast-seo-premium-wordpress\/ -->\n<title>Peter Nagy - OOCR \u0160ari\u0161<\/title>\n<meta name=\"description\" content=\"Peter Nagy je zn\u00e1my hlavne ako spev\u00e1k, hudobn\u00fd skladate\u013e, hudobn\u00edk, text\u00e1r, hudobn\u00fd producent a fotograf r\u00f4znych \u0161t\u00fdlov.\" \/>\n<meta name=\"robots\" content=\"index, follow, max-snippet:-1, max-image-preview:large, max-video-preview:-1\" \/>\n<link rel=\"canonical\" href=\"https:\/\/www.regionsaris.sk\/hu\/vyznamna-tvar\/peter-nagy\/\" \/>\n<meta property=\"og:locale\" content=\"hu_HU\" \/>\n<meta property=\"og:type\" content=\"article\" \/>\n<meta property=\"og:title\" content=\"Peter Nagy\" \/>\n<meta property=\"og:description\" content=\"Peter Nagy je zn\u00e1my hlavne ako spev\u00e1k, hudobn\u00fd skladate\u013e, hudobn\u00edk, text\u00e1r, hudobn\u00fd producent a fotograf r\u00f4znych \u0161t\u00fdlov.\" \/>\n<meta property=\"og:url\" content=\"https:\/\/www.regionsaris.sk\/hu\/vyznamna-tvar\/peter-nagy\/\" \/>\n<meta property=\"og:site_name\" content=\"OOCR \u0160ari\u0161\" \/>\n<meta property=\"article:modified_time\" content=\"2026-03-25T13:32:18+00:00\" \/>\n<meta property=\"og:image\" content=\"https:\/\/www.regionsaris.sk\/wp-content\/uploads\/2026\/03\/peter-nagy-vyznamne-tvare-regionu-oocrrs.png\" \/>\n\t<meta property=\"og:image:width\" content=\"500\" \/>\n\t<meta property=\"og:image:height\" content=\"500\" \/>\n\t<meta property=\"og:image:type\" content=\"image\/png\" \/>\n<meta name=\"twitter:card\" content=\"summary_large_image\" \/>\n<meta name=\"twitter:label1\" content=\"Becs\u00fclt olvas\u00e1si id\u0151\" \/>\n\t<meta name=\"twitter:data1\" content=\"2 perc\" \/>\n<script type=\"application\/ld+json\" class=\"yoast-schema-graph\">{\"@context\":\"https:\/\/schema.org\",\"@graph\":[{\"@type\":\"WebPage\",\"@id\":\"https:\/\/www.regionsaris.sk\/vyznamna-tvar\/peter-nagy\/\",\"url\":\"https:\/\/www.regionsaris.sk\/vyznamna-tvar\/peter-nagy\/\",\"name\":\"Peter Nagy - OOCR \u0160ari\u0161\",\"isPartOf\":{\"@id\":\"https:\/\/www.regionsaris.sk\/#website\"},\"primaryImageOfPage\":{\"@id\":\"https:\/\/www.regionsaris.sk\/vyznamna-tvar\/peter-nagy\/#primaryimage\"},\"image\":{\"@id\":\"https:\/\/www.regionsaris.sk\/vyznamna-tvar\/peter-nagy\/#primaryimage\"},\"thumbnailUrl\":\"https:\/\/www.regionsaris.sk\/wp-content\/uploads\/2026\/03\/peter-nagy-vyznamne-tvare-regionu-oocrrs.png\",\"datePublished\":\"2026-03-23T07:15:46+00:00\",\"dateModified\":\"2026-03-25T13:32:18+00:00\",\"description\":\"Peter Nagy je zn\u00e1my hlavne ako spev\u00e1k, hudobn\u00fd skladate\u013e, hudobn\u00edk, text\u00e1r, hudobn\u00fd producent a fotograf r\u00f4znych \u0161t\u00fdlov.\",\"breadcrumb\":{\"@id\":\"https:\/\/www.regionsaris.sk\/vyznamna-tvar\/peter-nagy\/#breadcrumb\"},\"inLanguage\":\"hu\",\"potentialAction\":[{\"@type\":\"ReadAction\",\"target\":[\"https:\/\/www.regionsaris.sk\/vyznamna-tvar\/peter-nagy\/\"]}]},{\"@type\":\"ImageObject\",\"inLanguage\":\"hu\",\"@id\":\"https:\/\/www.regionsaris.sk\/vyznamna-tvar\/peter-nagy\/#primaryimage\",\"url\":\"https:\/\/www.regionsaris.sk\/wp-content\/uploads\/2026\/03\/peter-nagy-vyznamne-tvare-regionu-oocrrs.png\",\"contentUrl\":\"https:\/\/www.regionsaris.sk\/wp-content\/uploads\/2026\/03\/peter-nagy-vyznamne-tvare-regionu-oocrrs.png\",\"width\":500,\"height\":500},{\"@type\":\"BreadcrumbList\",\"@id\":\"https:\/\/www.regionsaris.sk\/vyznamna-tvar\/peter-nagy\/#breadcrumb\",\"itemListElement\":[{\"@type\":\"ListItem\",\"position\":1,\"name\":\"Domov\",\"item\":\"https:\/\/www.regionsaris.sk\/\"},{\"@type\":\"ListItem\",\"position\":2,\"name\":\"V\u00fdznamn\u00e9 tv\u00e1re regi\u00f3nu\",\"item\":\"https:\/\/www.regionsaris.sk\/vyznamne-tvare-regionu\/\"},{\"@type\":\"ListItem\",\"position\":3,\"name\":\"Peter Nagy\"}]},{\"@type\":\"WebSite\",\"@id\":\"https:\/\/www.regionsaris.sk\/#website\",\"url\":\"https:\/\/www.regionsaris.sk\/\",\"name\":\"OOCR \u0160ari\u0161\",\"description\":\"\",\"potentialAction\":[{\"@type\":\"SearchAction\",\"target\":{\"@type\":\"EntryPoint\",\"urlTemplate\":\"https:\/\/www.regionsaris.sk\/?s={search_term_string}\"},\"query-input\":{\"@type\":\"PropertyValueSpecification\",\"valueRequired\":true,\"valueName\":\"search_term_string\"}}],\"inLanguage\":\"hu\"}]}<\/script>\n<!-- \/ Yoast SEO Premium plugin. -->","yoast_head_json":{"title":"Peter Nagy - OOCR \u0160ari\u0161","description":"Peter Nagy je zn\u00e1my hlavne ako spev\u00e1k, hudobn\u00fd skladate\u013e, hudobn\u00edk, text\u00e1r, hudobn\u00fd producent a fotograf r\u00f4znych \u0161t\u00fdlov.","robots":{"index":"index","follow":"follow","max-snippet":"max-snippet:-1","max-image-preview":"max-image-preview:large","max-video-preview":"max-video-preview:-1"},"canonical":"https:\/\/www.regionsaris.sk\/hu\/vyznamna-tvar\/peter-nagy\/","og_locale":"hu_HU","og_type":"article","og_title":"Peter Nagy","og_description":"Peter Nagy je zn\u00e1my hlavne ako spev\u00e1k, hudobn\u00fd skladate\u013e, hudobn\u00edk, text\u00e1r, hudobn\u00fd producent a fotograf r\u00f4znych \u0161t\u00fdlov.","og_url":"https:\/\/www.regionsaris.sk\/hu\/vyznamna-tvar\/peter-nagy\/","og_site_name":"OOCR \u0160ari\u0161","article_modified_time":"2026-03-25T13:32:18+00:00","og_image":[{"width":500,"height":500,"url":"https:\/\/www.regionsaris.sk\/wp-content\/uploads\/2026\/03\/peter-nagy-vyznamne-tvare-regionu-oocrrs.png","type":"image\/png"}],"twitter_card":"summary_large_image","twitter_misc":{"Becs\u00fclt olvas\u00e1si id\u0151":"2 perc"},"schema":{"@context":"https:\/\/schema.org","@graph":[{"@type":"WebPage","@id":"https:\/\/www.regionsaris.sk\/vyznamna-tvar\/peter-nagy\/","url":"https:\/\/www.regionsaris.sk\/vyznamna-tvar\/peter-nagy\/","name":"Peter Nagy - OOCR \u0160ari\u0161","isPartOf":{"@id":"https:\/\/www.regionsaris.sk\/#website"},"primaryImageOfPage":{"@id":"https:\/\/www.regionsaris.sk\/vyznamna-tvar\/peter-nagy\/#primaryimage"},"image":{"@id":"https:\/\/www.regionsaris.sk\/vyznamna-tvar\/peter-nagy\/#primaryimage"},"thumbnailUrl":"https:\/\/www.regionsaris.sk\/wp-content\/uploads\/2026\/03\/peter-nagy-vyznamne-tvare-regionu-oocrrs.png","datePublished":"2026-03-23T07:15:46+00:00","dateModified":"2026-03-25T13:32:18+00:00","description":"Peter Nagy je zn\u00e1my hlavne ako spev\u00e1k, hudobn\u00fd skladate\u013e, hudobn\u00edk, text\u00e1r, hudobn\u00fd producent a fotograf r\u00f4znych \u0161t\u00fdlov.","breadcrumb":{"@id":"https:\/\/www.regionsaris.sk\/vyznamna-tvar\/peter-nagy\/#breadcrumb"},"inLanguage":"hu","potentialAction":[{"@type":"ReadAction","target":["https:\/\/www.regionsaris.sk\/vyznamna-tvar\/peter-nagy\/"]}]},{"@type":"ImageObject","inLanguage":"hu","@id":"https:\/\/www.regionsaris.sk\/vyznamna-tvar\/peter-nagy\/#primaryimage","url":"https:\/\/www.regionsaris.sk\/wp-content\/uploads\/2026\/03\/peter-nagy-vyznamne-tvare-regionu-oocrrs.png","contentUrl":"https:\/\/www.regionsaris.sk\/wp-content\/uploads\/2026\/03\/peter-nagy-vyznamne-tvare-regionu-oocrrs.png","width":500,"height":500},{"@type":"BreadcrumbList","@id":"https:\/\/www.regionsaris.sk\/vyznamna-tvar\/peter-nagy\/#breadcrumb","itemListElement":[{"@type":"ListItem","position":1,"name":"Domov","item":"https:\/\/www.regionsaris.sk\/"},{"@type":"ListItem","position":2,"name":"V\u00fdznamn\u00e9 tv\u00e1re regi\u00f3nu","item":"https:\/\/www.regionsaris.sk\/vyznamne-tvare-regionu\/"},{"@type":"ListItem","position":3,"name":"Peter Nagy"}]},{"@type":"WebSite","@id":"https:\/\/www.regionsaris.sk\/#website","url":"https:\/\/www.regionsaris.sk\/","name":"OOCR \u0160ari\u0161","description":"","potentialAction":[{"@type":"SearchAction","target":{"@type":"EntryPoint","urlTemplate":"https:\/\/www.regionsaris.sk\/?s={search_term_string}"},"query-input":{"@type":"PropertyValueSpecification","valueRequired":true,"valueName":"search_term_string"}}],"inLanguage":"hu"}]}},"_links":{"self":[{"href":"https:\/\/www.regionsaris.sk\/hu\/wp-json\/wp\/v2\/vyznamna-tvar\/4176","targetHints":{"allow":["GET"]}}],"collection":[{"href":"https:\/\/www.regionsaris.sk\/hu\/wp-json\/wp\/v2\/vyznamna-tvar"}],"about":[{"href":"https:\/\/www.regionsaris.sk\/hu\/wp-json\/wp\/v2\/types\/vyznamna-tvar"}],"wp:featuredmedia":[{"embeddable":true,"href":"https:\/\/www.regionsaris.sk\/hu\/wp-json\/wp\/v2\/media\/4232"}],"wp:attachment":[{"href":"https:\/\/www.regionsaris.sk\/hu\/wp-json\/wp\/v2\/media?parent=4176"}],"wp:term":[{"taxonomy":"kategoria-vyznamnych-tvari","embeddable":true,"href":"https:\/\/www.regionsaris.sk\/hu\/wp-json\/wp\/v2\/kategoria-vyznamnych-tvari?post=4176"},{"taxonomy":"oblast-posobenia","embeddable":true,"href":"https:\/\/www.regionsaris.sk\/hu\/wp-json\/wp\/v2\/oblast-posobenia?post=4176"}],"curies":[{"name":"wp","href":"https:\/\/api.w.org\/{rel}","templated":true}]}}