{"id":4174,"date":"2026-03-23T08:13:44","date_gmt":"2026-03-23T07:13:44","guid":{"rendered":"https:\/\/www.regionsaris.sk\/?post_type=vyznamna-tvar&#038;p=4174"},"modified":"2026-03-25T14:36:54","modified_gmt":"2026-03-25T13:36:54","slug":"peter-lipa","status":"publish","type":"vyznamna-tvar","link":"https:\/\/www.regionsaris.sk\/hu\/vyznamna-tvar\/peter-lipa\/","title":{"rendered":"Peter Lipa"},"content":{"rendered":"<p>Peter Lipa 1943. m\u00e1jus 30-\u00e1n sz\u00fcletett Pre\u0161ovban, \u00e9s m\u00e1r fiatal kor\u00e1t\u00f3l kezdve m\u00e9ly szenved\u00e9lyt \u00e9rzett a zene ir\u00e1nt. Tizenk\u00e9t \u00e9ves kor\u00e1ban kezdett heged\u00fclni tanulni, k\u00e9s\u0151bb trombit\u00e1val, harson\u00e1val \u00e9s git\u00e1rral eg\u00e9sz\u00edtette ki tud\u00e1s\u00e1t. A pre\u0161ovi gimn\u00e1zium elv\u00e9gz\u00e9se ut\u00e1n a pozsonyi Szlov\u00e1k M\u0171szaki Egyetem \u00e9p\u00edt\u0151m\u00e9rn\u00f6ki kar\u00e1n tanult, majd a Csehszlov\u00e1k R\u00e1di\u00f3 szerkeszt\u0151jek\u00e9nt dolgozott. 1975 \u00e9s 1976 k\u00f6z\u00f6tt a Comenius Egyetemen \u00fajs\u00e1g\u00edr\u00f3i posztgradu\u00e1lis tanulm\u00e1nyokat folytatott.&nbsp;<\/p>\n\n\n\n<p>Zenei \u00fatja az 1960-as \u00e9vek elej\u00e9n kezd\u0151d\u00f6tt a Strings, majd az Istropilana, a Blues Five, a Gust\u00e1v Offerman Orchestra, a Revival Jazz Band, a T+R Band \u00e9s a Lipa Andr\u0161t Blues Band k\u00f6vetkezett. A Blues Five-tal 1968-ban elnyerte a Fesztiv\u00e1l felfedezettje d\u00edjat a 2. pr\u00e1gai Beat Fesztiv\u00e1lon. P\u00e1lyafut\u00e1sa sor\u00e1n akt\u00edvan egy\u00fcttm\u0171k\u00f6d\u00f6tt zongorist\u00e1kkal, mivel ez az a hangszer, amelyet a legjobban \u00f6sszeegyeztethet\u0151nek tal\u00e1l a hangj\u00e1val. Zenei partnerei voltak Ladislav Gerhard, Milan Svoboda, Gabriel Jon\u00e1\u0161, Emil Viklick\u00fd, Peter Breiner, Boris Urb\u00e1nek, Juraj Tat\u00e1r, Pavol Bodn\u00e1r \u00e9s fia, Peter Lipa Jr.<\/p>\n\n\n\n<p>1978-ban megalap\u00edtotta saj\u00e1t zenekar\u00e1t, a Comb\u00f3t, amelyb\u0151l a mai Peter Lipa Band alakult. Az \u00e9vek sor\u00e1n sz\u00e1mos r\u00f6vid \u00e9s hossz\u00fa t\u00e1v\u00fa egy\u00fcttm\u0171k\u00f6d\u00e9sben vett r\u00e9szt, k\u00f6zt\u00fck olyan jelenlegi projektekben, mint a Visegrad Blues Band, az EU4 \u00e9s a Traditional Club. \u0150 volt az els\u0151 m\u0171v\u00e9sz Szlov\u00e1ki\u00e1ban, aki bevezette a szlov\u00e1k nyelvet a jazzbe. A nyelv term\u00e9szetes ritmus\u00e1b\u00f3l mer\u00edt, \u00e9s azt zenei fraze\u00e1l\u00e1ss\u00e1 alak\u00edtja \u00e1t. Reperto\u00e1rja a hagyom\u00e1nyos dallamokt\u00f3l \u00e9s a swing standardekt\u0151l a modern jazzig terjed.<\/p>\n\n\n\n<p>1990-ben megalakult a Szlov\u00e1k Jazz T\u00e1rsas\u00e1g, amelynek Peter Lipa volt az alap\u00edt\u00f3 eln\u00f6ke, \u00e9s ezt a tiszts\u00e9get ma is bet\u00f6lti. Az \u00e9vek sor\u00e1n az \u00f6sszes kontinensen fell\u00e9pett. B\u00e1r legt\u00f6bb dal\u00e1t m\u00e1r r\u00f6gz\u00edtett\u00e9k \u00e9s kiadt\u00e1k, k\u00fcl\u00f6n\u00f6s t\u00e9ny, hogy a kommunista cenz\u00fara miatt deb\u00fct\u00e1l\u00f3 albuma csak 40 \u00e9ves kor\u00e1ban jelent meg. Zenei p\u00e1lyafut\u00e1s\u00e1nak egyik legfeledhetetlenebb pillanata egy spont\u00e1n duett Bobby McFerrinnel, aki 1986-ban Pozsonyban adott koncertje v\u00e9g\u00e9n h\u00edvta fel a sz\u00ednpadra.<\/p>\n\n\n\n<p><strong>Forr\u00e1s:<\/strong> Peter Lipa (Online: https:\/\/www.peterlipa.com\/en\/biography\/)<br><strong>Fot\u00f3 forr\u00e1sa<\/strong>Szerz\u0151: Jind\u0159ich Nosek (NoJin) - Saj\u00e1t munka, CC BY-SA 4.0, https:\/\/commons.wikimedia.org\/w\/index.php?curid=115005958<\/p>","protected":false},"featured_media":4233,"template":"","meta":{"_acf_changed":true},"kategoria-vyznamnych-tvari":[244],"oblast-posobenia":[236],"class_list":["post-4174","vyznamna-tvar","type-vyznamna-tvar","status-publish","has-post-thumbnail","hentry","kategoria-vyznamnych-tvari-sucasna-osobnost","oblast-posobenia-hudba"],"acf":[],"yoast_head":"<!-- This site is optimized with the Yoast SEO Premium plugin v26.3 (Yoast SEO v26.8) - https:\/\/yoast.com\/product\/yoast-seo-premium-wordpress\/ -->\n<title>Peter Lipa - OOCR \u0160ari\u0161<\/title>\n<meta name=\"description\" content=\"Peter Lipa je spev\u00e1k, skladate\u013e, podnikate\u013e, organiz\u00e1tor hudobn\u00fdch podujat\u00ed, moder\u00e1tor, mana\u017e\u00e9r d\u017eezov\u00e9ho diania a dramaturg.\" \/>\n<meta name=\"robots\" content=\"index, follow, max-snippet:-1, max-image-preview:large, max-video-preview:-1\" \/>\n<link rel=\"canonical\" href=\"https:\/\/www.regionsaris.sk\/hu\/vyznamna-tvar\/peter-lipa\/\" \/>\n<meta property=\"og:locale\" content=\"hu_HU\" \/>\n<meta property=\"og:type\" content=\"article\" \/>\n<meta property=\"og:title\" content=\"Peter Lipa\" \/>\n<meta property=\"og:description\" content=\"Peter Lipa je spev\u00e1k, skladate\u013e, podnikate\u013e, organiz\u00e1tor hudobn\u00fdch podujat\u00ed, moder\u00e1tor, mana\u017e\u00e9r d\u017eezov\u00e9ho diania a dramaturg.\" \/>\n<meta property=\"og:url\" content=\"https:\/\/www.regionsaris.sk\/hu\/vyznamna-tvar\/peter-lipa\/\" \/>\n<meta property=\"og:site_name\" content=\"OOCR \u0160ari\u0161\" \/>\n<meta property=\"article:modified_time\" content=\"2026-03-25T13:36:54+00:00\" \/>\n<meta property=\"og:image\" content=\"https:\/\/www.regionsaris.sk\/wp-content\/uploads\/2026\/03\/peter-lipa-vyznamne-tvare-regionu-oocrrs.png\" \/>\n\t<meta property=\"og:image:width\" content=\"500\" \/>\n\t<meta property=\"og:image:height\" content=\"500\" \/>\n\t<meta property=\"og:image:type\" content=\"image\/png\" \/>\n<meta name=\"twitter:card\" content=\"summary_large_image\" \/>\n<meta name=\"twitter:label1\" content=\"Becs\u00fclt olvas\u00e1si id\u0151\" \/>\n\t<meta name=\"twitter:data1\" content=\"2 perc\" \/>\n<script type=\"application\/ld+json\" class=\"yoast-schema-graph\">{\"@context\":\"https:\/\/schema.org\",\"@graph\":[{\"@type\":\"WebPage\",\"@id\":\"https:\/\/www.regionsaris.sk\/vyznamna-tvar\/peter-lipa\/\",\"url\":\"https:\/\/www.regionsaris.sk\/vyznamna-tvar\/peter-lipa\/\",\"name\":\"Peter Lipa - OOCR \u0160ari\u0161\",\"isPartOf\":{\"@id\":\"https:\/\/www.regionsaris.sk\/#website\"},\"primaryImageOfPage\":{\"@id\":\"https:\/\/www.regionsaris.sk\/vyznamna-tvar\/peter-lipa\/#primaryimage\"},\"image\":{\"@id\":\"https:\/\/www.regionsaris.sk\/vyznamna-tvar\/peter-lipa\/#primaryimage\"},\"thumbnailUrl\":\"https:\/\/www.regionsaris.sk\/wp-content\/uploads\/2026\/03\/peter-lipa-vyznamne-tvare-regionu-oocrrs.png\",\"datePublished\":\"2026-03-23T07:13:44+00:00\",\"dateModified\":\"2026-03-25T13:36:54+00:00\",\"description\":\"Peter Lipa je spev\u00e1k, skladate\u013e, podnikate\u013e, organiz\u00e1tor hudobn\u00fdch podujat\u00ed, moder\u00e1tor, mana\u017e\u00e9r d\u017eezov\u00e9ho diania a dramaturg.\",\"breadcrumb\":{\"@id\":\"https:\/\/www.regionsaris.sk\/vyznamna-tvar\/peter-lipa\/#breadcrumb\"},\"inLanguage\":\"hu\",\"potentialAction\":[{\"@type\":\"ReadAction\",\"target\":[\"https:\/\/www.regionsaris.sk\/vyznamna-tvar\/peter-lipa\/\"]}]},{\"@type\":\"ImageObject\",\"inLanguage\":\"hu\",\"@id\":\"https:\/\/www.regionsaris.sk\/vyznamna-tvar\/peter-lipa\/#primaryimage\",\"url\":\"https:\/\/www.regionsaris.sk\/wp-content\/uploads\/2026\/03\/peter-lipa-vyznamne-tvare-regionu-oocrrs.png\",\"contentUrl\":\"https:\/\/www.regionsaris.sk\/wp-content\/uploads\/2026\/03\/peter-lipa-vyznamne-tvare-regionu-oocrrs.png\",\"width\":500,\"height\":500},{\"@type\":\"BreadcrumbList\",\"@id\":\"https:\/\/www.regionsaris.sk\/vyznamna-tvar\/peter-lipa\/#breadcrumb\",\"itemListElement\":[{\"@type\":\"ListItem\",\"position\":1,\"name\":\"Domov\",\"item\":\"https:\/\/www.regionsaris.sk\/\"},{\"@type\":\"ListItem\",\"position\":2,\"name\":\"V\u00fdznamn\u00e9 tv\u00e1re regi\u00f3nu\",\"item\":\"https:\/\/www.regionsaris.sk\/vyznamne-tvare-regionu\/\"},{\"@type\":\"ListItem\",\"position\":3,\"name\":\"Peter Lipa\"}]},{\"@type\":\"WebSite\",\"@id\":\"https:\/\/www.regionsaris.sk\/#website\",\"url\":\"https:\/\/www.regionsaris.sk\/\",\"name\":\"OOCR \u0160ari\u0161\",\"description\":\"\",\"potentialAction\":[{\"@type\":\"SearchAction\",\"target\":{\"@type\":\"EntryPoint\",\"urlTemplate\":\"https:\/\/www.regionsaris.sk\/?s={search_term_string}\"},\"query-input\":{\"@type\":\"PropertyValueSpecification\",\"valueRequired\":true,\"valueName\":\"search_term_string\"}}],\"inLanguage\":\"hu\"}]}<\/script>\n<!-- \/ Yoast SEO Premium plugin. -->","yoast_head_json":{"title":"Peter Lipa - OOCR \u0160ari\u0161","description":"Peter Lipa je spev\u00e1k, skladate\u013e, podnikate\u013e, organiz\u00e1tor hudobn\u00fdch podujat\u00ed, moder\u00e1tor, mana\u017e\u00e9r d\u017eezov\u00e9ho diania a dramaturg.","robots":{"index":"index","follow":"follow","max-snippet":"max-snippet:-1","max-image-preview":"max-image-preview:large","max-video-preview":"max-video-preview:-1"},"canonical":"https:\/\/www.regionsaris.sk\/hu\/vyznamna-tvar\/peter-lipa\/","og_locale":"hu_HU","og_type":"article","og_title":"Peter Lipa","og_description":"Peter Lipa je spev\u00e1k, skladate\u013e, podnikate\u013e, organiz\u00e1tor hudobn\u00fdch podujat\u00ed, moder\u00e1tor, mana\u017e\u00e9r d\u017eezov\u00e9ho diania a dramaturg.","og_url":"https:\/\/www.regionsaris.sk\/hu\/vyznamna-tvar\/peter-lipa\/","og_site_name":"OOCR \u0160ari\u0161","article_modified_time":"2026-03-25T13:36:54+00:00","og_image":[{"width":500,"height":500,"url":"https:\/\/www.regionsaris.sk\/wp-content\/uploads\/2026\/03\/peter-lipa-vyznamne-tvare-regionu-oocrrs.png","type":"image\/png"}],"twitter_card":"summary_large_image","twitter_misc":{"Becs\u00fclt olvas\u00e1si id\u0151":"2 perc"},"schema":{"@context":"https:\/\/schema.org","@graph":[{"@type":"WebPage","@id":"https:\/\/www.regionsaris.sk\/vyznamna-tvar\/peter-lipa\/","url":"https:\/\/www.regionsaris.sk\/vyznamna-tvar\/peter-lipa\/","name":"Peter Lipa - OOCR \u0160ari\u0161","isPartOf":{"@id":"https:\/\/www.regionsaris.sk\/#website"},"primaryImageOfPage":{"@id":"https:\/\/www.regionsaris.sk\/vyznamna-tvar\/peter-lipa\/#primaryimage"},"image":{"@id":"https:\/\/www.regionsaris.sk\/vyznamna-tvar\/peter-lipa\/#primaryimage"},"thumbnailUrl":"https:\/\/www.regionsaris.sk\/wp-content\/uploads\/2026\/03\/peter-lipa-vyznamne-tvare-regionu-oocrrs.png","datePublished":"2026-03-23T07:13:44+00:00","dateModified":"2026-03-25T13:36:54+00:00","description":"Peter Lipa je spev\u00e1k, skladate\u013e, podnikate\u013e, organiz\u00e1tor hudobn\u00fdch podujat\u00ed, moder\u00e1tor, mana\u017e\u00e9r d\u017eezov\u00e9ho diania a dramaturg.","breadcrumb":{"@id":"https:\/\/www.regionsaris.sk\/vyznamna-tvar\/peter-lipa\/#breadcrumb"},"inLanguage":"hu","potentialAction":[{"@type":"ReadAction","target":["https:\/\/www.regionsaris.sk\/vyznamna-tvar\/peter-lipa\/"]}]},{"@type":"ImageObject","inLanguage":"hu","@id":"https:\/\/www.regionsaris.sk\/vyznamna-tvar\/peter-lipa\/#primaryimage","url":"https:\/\/www.regionsaris.sk\/wp-content\/uploads\/2026\/03\/peter-lipa-vyznamne-tvare-regionu-oocrrs.png","contentUrl":"https:\/\/www.regionsaris.sk\/wp-content\/uploads\/2026\/03\/peter-lipa-vyznamne-tvare-regionu-oocrrs.png","width":500,"height":500},{"@type":"BreadcrumbList","@id":"https:\/\/www.regionsaris.sk\/vyznamna-tvar\/peter-lipa\/#breadcrumb","itemListElement":[{"@type":"ListItem","position":1,"name":"Domov","item":"https:\/\/www.regionsaris.sk\/"},{"@type":"ListItem","position":2,"name":"V\u00fdznamn\u00e9 tv\u00e1re regi\u00f3nu","item":"https:\/\/www.regionsaris.sk\/vyznamne-tvare-regionu\/"},{"@type":"ListItem","position":3,"name":"Peter Lipa"}]},{"@type":"WebSite","@id":"https:\/\/www.regionsaris.sk\/#website","url":"https:\/\/www.regionsaris.sk\/","name":"OOCR \u0160ari\u0161","description":"","potentialAction":[{"@type":"SearchAction","target":{"@type":"EntryPoint","urlTemplate":"https:\/\/www.regionsaris.sk\/?s={search_term_string}"},"query-input":{"@type":"PropertyValueSpecification","valueRequired":true,"valueName":"search_term_string"}}],"inLanguage":"hu"}]}},"_links":{"self":[{"href":"https:\/\/www.regionsaris.sk\/hu\/wp-json\/wp\/v2\/vyznamna-tvar\/4174","targetHints":{"allow":["GET"]}}],"collection":[{"href":"https:\/\/www.regionsaris.sk\/hu\/wp-json\/wp\/v2\/vyznamna-tvar"}],"about":[{"href":"https:\/\/www.regionsaris.sk\/hu\/wp-json\/wp\/v2\/types\/vyznamna-tvar"}],"wp:featuredmedia":[{"embeddable":true,"href":"https:\/\/www.regionsaris.sk\/hu\/wp-json\/wp\/v2\/media\/4233"}],"wp:attachment":[{"href":"https:\/\/www.regionsaris.sk\/hu\/wp-json\/wp\/v2\/media?parent=4174"}],"wp:term":[{"taxonomy":"kategoria-vyznamnych-tvari","embeddable":true,"href":"https:\/\/www.regionsaris.sk\/hu\/wp-json\/wp\/v2\/kategoria-vyznamnych-tvari?post=4174"},{"taxonomy":"oblast-posobenia","embeddable":true,"href":"https:\/\/www.regionsaris.sk\/hu\/wp-json\/wp\/v2\/oblast-posobenia?post=4174"}],"curies":[{"name":"wp","href":"https:\/\/api.w.org\/{rel}","templated":true}]}}