{"id":4172,"date":"2026-03-23T08:11:16","date_gmt":"2026-03-23T07:11:16","guid":{"rendered":"https:\/\/www.regionsaris.sk\/?post_type=vyznamna-tvar&#038;p=4172"},"modified":"2026-03-25T14:39:17","modified_gmt":"2026-03-25T13:39:17","slug":"pter-konya","status":"publish","type":"vyznamna-tvar","link":"https:\/\/www.regionsaris.sk\/hu\/vyznamna-tvar\/pter-konya\/","title":{"rendered":"K\u00f3nya P\u00e9ter"},"content":{"rendered":"<p>Dr. h. c. prof. Peter K\u00f3nya, PhD (* 1966. augusztus 20., Pre\u0161ov, Csehszlov\u00e1kia) szlov\u00e1k egyetemi tan\u00e1r, t\u00f6rt\u00e9n\u00e9sz, tudom\u00e1nyos tisztvisel\u0151. A Pre\u0161ovi Egyetem B\u00f6lcs\u00e9szettudom\u00e1nyi Kar\u00e1nak T\u00f6rt\u00e9neti Int\u00e9zet\u00e9ben dolgozik. A Pre\u0161ovi Egyetem rektora 2015. augusztus 1. \u00f3ta.<\/p>\n\n\n\n<p>Hossz\u00fa t\u00e1v\u00fa tudom\u00e1nyos kutat\u00e1sainak k\u00f6z\u00e9ppontj\u00e1ban a magyarorsz\u00e1gi Habsburg-ellenes felkel\u00e9sek t\u00f6rt\u00e9nete \u00e9s azok hat\u00e1sa a felvid\u00e9ki szabad kir\u00e1lyi v\u00e1rosokra (1687. \u00e9vi Pre\u0161ovi v\u00e9rv\u00e1d, Pre\u0161ov, B\u00e1rdos, Szabinov az ellenreform\u00e1ci\u00f3 \u00e9s a Habsburg-ellenes felkel\u00e9sek (1670-1711), Isten haz\u00e1j\u00e1\u00e9rt \u00e9s szabads\u00e1g\u00e1\u00e9rt. Juraj Ottlyk kuruc t\u00e1bornok viharos sorsa). Kutatja tov\u00e1bb\u00e1 a reform\u00e1ci\u00f3 \u00e9s a rekatoliz\u00e1ci\u00f3 k\u00e9rd\u00e9seit, valamint az evang\u00e9likus egyh\u00e1z t\u00f6rt\u00e9net\u00e9t a.v.,T\u00f6bb tudom\u00e1nyos gy\u0171jtem\u00e9ny, monogr\u00e1fia \u00e9s forr\u00e1skiad\u00e1s \u00f6ssze\u00e1ll\u00edt\u00f3ja \u00e9s szerz\u0151je volt a t\u00e9m\u00e1ban (Ellenreform\u00e1ci\u00f3, rekatoliz\u00e1ci\u00f3 \u00e9s katolikus reform\u00e1ci\u00f3, H\u00e1rom lutheri hitvall\u00e1s Magyarorsz\u00e1gr\u00f3l, Leonard St\u00f6ckel \u00e9s a reform\u00e1ci\u00f3 K\u00f6z\u00e9p-Eur\u00f3p\u00e1ban, A felekezeti hovatartoz\u00e1s Szlov\u00e1ki\u00e1ban a 16-18. sz\u00e1zadban).&nbsp;<\/p>\n\n\n\n<p>Kutat\u00e1si \u00e9rdekl\u0151d\u00e9se a region\u00e1lis t\u00f6rt\u00e9nelem kutat\u00e1s\u00e1ra is \u00f6sszpontosul, ahol sz\u00e1mos kelet-szlov\u00e1kiai falu \u00e9s v\u00e1ros t\u00f6rt\u00e9net\u00e9nek szerz\u0151je \u00e9s \u00f6ssze\u00e1ll\u00edt\u00f3ja volt (Sabinov t\u00f6rt\u00e9nete, Sobraniec t\u00f6rt\u00e9nete, Kr\u00e1\u013eovsk\u00fd Chlmec t\u00f6rt\u00e9nete, So\u013e k\u00f6zs\u00e9g t\u00f6rt\u00e9nete). A Magyarorsz\u00e1g t\u00f6rt\u00e9nete (1000-1918) c\u00edm\u0171 egyetemi tank\u00f6nyv \u00f6ssze\u00e1ll\u00edt\u00f3ja \u00e9s t\u00e1rsszerz\u0151je.<\/p>\n\n\n\n<p><strong>D\u00edjak:<\/strong><\/p>\n\n\n\n<p>A B\u00f6lcs\u00e9szettudom\u00e1nyi Kar 1. D\u00e9k\u00e1ni D\u00edja PU (2001, 2010)<\/p>\n\n\n\n<p>2. Jozef Miloslav Hurban \u00e9letrajzi \u00e9s sz\u00f3t\u00e1ri irodalmi d\u00edj (2010),<\/p>\n\n\n\n<p>3. A Szlov\u00e1k Tudom\u00e1nyos Akad\u00e9mia Szlov\u00e1k T\u00f6rt\u00e9nelmi T\u00e1rsas\u00e1g\u00e1nak d\u00edja (2011)<\/p>\n\n\n\n<p>4. A Magyar Tudom\u00e1nyos Akad\u00e9mia Debreceni Tagozat\u00e1nak Pro Cooperatione kit\u00fcntet\u00e9se.<\/p>\n\n\n\n<p><strong>Forr\u00e1s: <\/strong>https:\/\/www.unipo.sk\/filozoficka-fakulta\/instituty-fakulty\/ih-new\/ludia\/profesori\/30976<br><strong>Fot\u00f3 forr\u00e1sa:<\/strong> Szerz\u0151: University of Presov - https:\/\/www.unipo.sk\/informacie-o-univerzite\/organy\/oas\/rektor\/, CC BY-SA 4.0, https:\/\/commons.wikimedia.org\/w\/index.php?curid=85891316<\/p>\n\n\n\n<p><\/p>","protected":false},"featured_media":4234,"template":"","meta":{"_acf_changed":true},"kategoria-vyznamnych-tvari":[244],"oblast-posobenia":[232],"class_list":["post-4172","vyznamna-tvar","type-vyznamna-tvar","status-publish","has-post-thumbnail","hentry","kategoria-vyznamnych-tvari-sucasna-osobnost","oblast-posobenia-pedagogika"],"acf":[],"yoast_head":"<!-- This site is optimized with the Yoast SEO Premium plugin v26.3 (Yoast SEO v26.8) - https:\/\/yoast.com\/product\/yoast-seo-premium-wordpress\/ -->\n<title>Peter K\u00f3nya - OOCR \u0160ari\u0161<\/title>\n<meta name=\"description\" content=\"Peter K\u00f3nya je slovensk\u00fd univerzitn\u00fd profesor, historik a akademick\u00fd funkcion\u00e1r. P\u00f4sob\u00ed na In\u0161tit\u00fate hist\u00f3rie Filozofickej fakulty PU.\" \/>\n<meta name=\"robots\" content=\"index, follow, max-snippet:-1, max-image-preview:large, max-video-preview:-1\" \/>\n<link rel=\"canonical\" href=\"https:\/\/www.regionsaris.sk\/hu\/vyznamna-tvar\/pter-konya\/\" \/>\n<meta property=\"og:locale\" content=\"hu_HU\" \/>\n<meta property=\"og:type\" content=\"article\" \/>\n<meta property=\"og:title\" content=\"Peter K\u00f3nya\" \/>\n<meta property=\"og:description\" content=\"Peter K\u00f3nya je slovensk\u00fd univerzitn\u00fd profesor, historik a akademick\u00fd funkcion\u00e1r. P\u00f4sob\u00ed na In\u0161tit\u00fate hist\u00f3rie Filozofickej fakulty PU.\" \/>\n<meta property=\"og:url\" content=\"https:\/\/www.regionsaris.sk\/hu\/vyznamna-tvar\/pter-konya\/\" \/>\n<meta property=\"og:site_name\" content=\"OOCR \u0160ari\u0161\" \/>\n<meta property=\"article:modified_time\" content=\"2026-03-25T13:39:17+00:00\" \/>\n<meta property=\"og:image\" content=\"https:\/\/www.regionsaris.sk\/wp-content\/uploads\/2026\/03\/peter-konya-vyznamne-tvare-regionu-oocrrs.png\" \/>\n\t<meta property=\"og:image:width\" content=\"500\" \/>\n\t<meta property=\"og:image:height\" content=\"500\" \/>\n\t<meta property=\"og:image:type\" content=\"image\/png\" \/>\n<meta name=\"twitter:card\" content=\"summary_large_image\" \/>\n<meta name=\"twitter:label1\" content=\"Becs\u00fclt olvas\u00e1si id\u0151\" \/>\n\t<meta name=\"twitter:data1\" content=\"2 perc\" \/>\n<script type=\"application\/ld+json\" class=\"yoast-schema-graph\">{\"@context\":\"https:\/\/schema.org\",\"@graph\":[{\"@type\":\"WebPage\",\"@id\":\"https:\/\/www.regionsaris.sk\/vyznamna-tvar\/pter-konya\/\",\"url\":\"https:\/\/www.regionsaris.sk\/vyznamna-tvar\/pter-konya\/\",\"name\":\"Peter K\u00f3nya - OOCR \u0160ari\u0161\",\"isPartOf\":{\"@id\":\"https:\/\/www.regionsaris.sk\/#website\"},\"primaryImageOfPage\":{\"@id\":\"https:\/\/www.regionsaris.sk\/vyznamna-tvar\/pter-konya\/#primaryimage\"},\"image\":{\"@id\":\"https:\/\/www.regionsaris.sk\/vyznamna-tvar\/pter-konya\/#primaryimage\"},\"thumbnailUrl\":\"https:\/\/www.regionsaris.sk\/wp-content\/uploads\/2026\/03\/peter-konya-vyznamne-tvare-regionu-oocrrs.png\",\"datePublished\":\"2026-03-23T07:11:16+00:00\",\"dateModified\":\"2026-03-25T13:39:17+00:00\",\"description\":\"Peter K\u00f3nya je slovensk\u00fd univerzitn\u00fd profesor, historik a akademick\u00fd funkcion\u00e1r. P\u00f4sob\u00ed na In\u0161tit\u00fate hist\u00f3rie Filozofickej fakulty PU.\",\"breadcrumb\":{\"@id\":\"https:\/\/www.regionsaris.sk\/vyznamna-tvar\/pter-konya\/#breadcrumb\"},\"inLanguage\":\"hu\",\"potentialAction\":[{\"@type\":\"ReadAction\",\"target\":[\"https:\/\/www.regionsaris.sk\/vyznamna-tvar\/pter-konya\/\"]}]},{\"@type\":\"ImageObject\",\"inLanguage\":\"hu\",\"@id\":\"https:\/\/www.regionsaris.sk\/vyznamna-tvar\/pter-konya\/#primaryimage\",\"url\":\"https:\/\/www.regionsaris.sk\/wp-content\/uploads\/2026\/03\/peter-konya-vyznamne-tvare-regionu-oocrrs.png\",\"contentUrl\":\"https:\/\/www.regionsaris.sk\/wp-content\/uploads\/2026\/03\/peter-konya-vyznamne-tvare-regionu-oocrrs.png\",\"width\":500,\"height\":500},{\"@type\":\"BreadcrumbList\",\"@id\":\"https:\/\/www.regionsaris.sk\/vyznamna-tvar\/pter-konya\/#breadcrumb\",\"itemListElement\":[{\"@type\":\"ListItem\",\"position\":1,\"name\":\"Domov\",\"item\":\"https:\/\/www.regionsaris.sk\/\"},{\"@type\":\"ListItem\",\"position\":2,\"name\":\"V\u00fdznamn\u00e9 tv\u00e1re regi\u00f3nu\",\"item\":\"https:\/\/www.regionsaris.sk\/vyznamne-tvare-regionu\/\"},{\"@type\":\"ListItem\",\"position\":3,\"name\":\"Peter K\u00f3nya\"}]},{\"@type\":\"WebSite\",\"@id\":\"https:\/\/www.regionsaris.sk\/#website\",\"url\":\"https:\/\/www.regionsaris.sk\/\",\"name\":\"OOCR \u0160ari\u0161\",\"description\":\"\",\"potentialAction\":[{\"@type\":\"SearchAction\",\"target\":{\"@type\":\"EntryPoint\",\"urlTemplate\":\"https:\/\/www.regionsaris.sk\/?s={search_term_string}\"},\"query-input\":{\"@type\":\"PropertyValueSpecification\",\"valueRequired\":true,\"valueName\":\"search_term_string\"}}],\"inLanguage\":\"hu\"}]}<\/script>\n<!-- \/ Yoast SEO Premium plugin. -->","yoast_head_json":{"title":"Peter K\u00f3nya - OOCR \u0160ari\u0161","description":"Peter K\u00f3nya je slovensk\u00fd univerzitn\u00fd profesor, historik a akademick\u00fd funkcion\u00e1r. P\u00f4sob\u00ed na In\u0161tit\u00fate hist\u00f3rie Filozofickej fakulty PU.","robots":{"index":"index","follow":"follow","max-snippet":"max-snippet:-1","max-image-preview":"max-image-preview:large","max-video-preview":"max-video-preview:-1"},"canonical":"https:\/\/www.regionsaris.sk\/hu\/vyznamna-tvar\/pter-konya\/","og_locale":"hu_HU","og_type":"article","og_title":"Peter K\u00f3nya","og_description":"Peter K\u00f3nya je slovensk\u00fd univerzitn\u00fd profesor, historik a akademick\u00fd funkcion\u00e1r. P\u00f4sob\u00ed na In\u0161tit\u00fate hist\u00f3rie Filozofickej fakulty PU.","og_url":"https:\/\/www.regionsaris.sk\/hu\/vyznamna-tvar\/pter-konya\/","og_site_name":"OOCR \u0160ari\u0161","article_modified_time":"2026-03-25T13:39:17+00:00","og_image":[{"width":500,"height":500,"url":"https:\/\/www.regionsaris.sk\/wp-content\/uploads\/2026\/03\/peter-konya-vyznamne-tvare-regionu-oocrrs.png","type":"image\/png"}],"twitter_card":"summary_large_image","twitter_misc":{"Becs\u00fclt olvas\u00e1si id\u0151":"2 perc"},"schema":{"@context":"https:\/\/schema.org","@graph":[{"@type":"WebPage","@id":"https:\/\/www.regionsaris.sk\/vyznamna-tvar\/pter-konya\/","url":"https:\/\/www.regionsaris.sk\/vyznamna-tvar\/pter-konya\/","name":"Peter K\u00f3nya - OOCR \u0160ari\u0161","isPartOf":{"@id":"https:\/\/www.regionsaris.sk\/#website"},"primaryImageOfPage":{"@id":"https:\/\/www.regionsaris.sk\/vyznamna-tvar\/pter-konya\/#primaryimage"},"image":{"@id":"https:\/\/www.regionsaris.sk\/vyznamna-tvar\/pter-konya\/#primaryimage"},"thumbnailUrl":"https:\/\/www.regionsaris.sk\/wp-content\/uploads\/2026\/03\/peter-konya-vyznamne-tvare-regionu-oocrrs.png","datePublished":"2026-03-23T07:11:16+00:00","dateModified":"2026-03-25T13:39:17+00:00","description":"Peter K\u00f3nya je slovensk\u00fd univerzitn\u00fd profesor, historik a akademick\u00fd funkcion\u00e1r. P\u00f4sob\u00ed na In\u0161tit\u00fate hist\u00f3rie Filozofickej fakulty PU.","breadcrumb":{"@id":"https:\/\/www.regionsaris.sk\/vyznamna-tvar\/pter-konya\/#breadcrumb"},"inLanguage":"hu","potentialAction":[{"@type":"ReadAction","target":["https:\/\/www.regionsaris.sk\/vyznamna-tvar\/pter-konya\/"]}]},{"@type":"ImageObject","inLanguage":"hu","@id":"https:\/\/www.regionsaris.sk\/vyznamna-tvar\/pter-konya\/#primaryimage","url":"https:\/\/www.regionsaris.sk\/wp-content\/uploads\/2026\/03\/peter-konya-vyznamne-tvare-regionu-oocrrs.png","contentUrl":"https:\/\/www.regionsaris.sk\/wp-content\/uploads\/2026\/03\/peter-konya-vyznamne-tvare-regionu-oocrrs.png","width":500,"height":500},{"@type":"BreadcrumbList","@id":"https:\/\/www.regionsaris.sk\/vyznamna-tvar\/pter-konya\/#breadcrumb","itemListElement":[{"@type":"ListItem","position":1,"name":"Domov","item":"https:\/\/www.regionsaris.sk\/"},{"@type":"ListItem","position":2,"name":"V\u00fdznamn\u00e9 tv\u00e1re regi\u00f3nu","item":"https:\/\/www.regionsaris.sk\/vyznamne-tvare-regionu\/"},{"@type":"ListItem","position":3,"name":"Peter K\u00f3nya"}]},{"@type":"WebSite","@id":"https:\/\/www.regionsaris.sk\/#website","url":"https:\/\/www.regionsaris.sk\/","name":"OOCR \u0160ari\u0161","description":"","potentialAction":[{"@type":"SearchAction","target":{"@type":"EntryPoint","urlTemplate":"https:\/\/www.regionsaris.sk\/?s={search_term_string}"},"query-input":{"@type":"PropertyValueSpecification","valueRequired":true,"valueName":"search_term_string"}}],"inLanguage":"hu"}]}},"_links":{"self":[{"href":"https:\/\/www.regionsaris.sk\/hu\/wp-json\/wp\/v2\/vyznamna-tvar\/4172","targetHints":{"allow":["GET"]}}],"collection":[{"href":"https:\/\/www.regionsaris.sk\/hu\/wp-json\/wp\/v2\/vyznamna-tvar"}],"about":[{"href":"https:\/\/www.regionsaris.sk\/hu\/wp-json\/wp\/v2\/types\/vyznamna-tvar"}],"wp:featuredmedia":[{"embeddable":true,"href":"https:\/\/www.regionsaris.sk\/hu\/wp-json\/wp\/v2\/media\/4234"}],"wp:attachment":[{"href":"https:\/\/www.regionsaris.sk\/hu\/wp-json\/wp\/v2\/media?parent=4172"}],"wp:term":[{"taxonomy":"kategoria-vyznamnych-tvari","embeddable":true,"href":"https:\/\/www.regionsaris.sk\/hu\/wp-json\/wp\/v2\/kategoria-vyznamnych-tvari?post=4172"},{"taxonomy":"oblast-posobenia","embeddable":true,"href":"https:\/\/www.regionsaris.sk\/hu\/wp-json\/wp\/v2\/oblast-posobenia?post=4172"}],"curies":[{"name":"wp","href":"https:\/\/api.w.org\/{rel}","templated":true}]}}