{"id":4164,"date":"2026-03-23T07:59:37","date_gmt":"2026-03-23T06:59:37","guid":{"rendered":"https:\/\/www.regionsaris.sk\/?post_type=vyznamna-tvar&#038;p=4164"},"modified":"2026-03-25T14:48:50","modified_gmt":"2026-03-25T13:48:50","slug":"katarina-knechtova","status":"publish","type":"vyznamna-tvar","link":"https:\/\/www.regionsaris.sk\/hu\/vyznamna-tvar\/katarina-knechtova\/","title":{"rendered":"Katar\u00edna Knechtov\u00e1"},"content":{"rendered":"<p>Katar\u00edna Knechtov\u00e1 szlov\u00e1k \u00e9nekesn\u0151, zeneszerz\u0151, sz\u00f6veg\u00edr\u00f3, valamint zongorista, git\u00e1ros \u00e9s dobos. Pre\u0161ovb\u00f3l sz\u00e1rmazik, a Jan Adam Rayman Gimn\u00e1ziumban \u00e9retts\u00e9gizett, valamint a N\u00e9pm\u0171v\u00e9szeti Iskol\u00e1ban zongora szakon v\u00e9gzett \u00e9s a Pre\u0161ovch\u010dat\u00e1 egy\u00fcttesben \u00e9nekelt. .<\/p>\n\n\n\n<p>Tizen\u00f6t \u00e9vesen kezdte zenei karrierj\u00e9t az IMT Smile egy\u00fcttesben. Az akkor tizenh\u00e9t \u00e9ves Ivan T\u00e1sler, a zenekar vezet\u0151je m\u00e9g a pre\u0161ovi gimn\u00e1ziumban folytatott tanulm\u00e1nyai sor\u00e1n \u00e9rdekl\u0151d\u00f6tt ir\u00e1nta, \u00e9s felaj\u00e1nlott neki egy \u00e9nekesi \u00e1ll\u00e1st. Nem sokkal k\u00e9s\u0151bb a csapat a legend\u00e1s Olympik el\u0151zenekarak\u00e9nt egy nagy csehszlov\u00e1kiai turn\u00e9ra indult. .<\/p>\n\n\n\n<p>1997-ben Martin Migas dobossal \u00e9s Karel Sivak git\u00e1rossal \u00faj zenekart alap\u00edtott, a Peha-t. A siker azonnali, \u00e9s a \u201eRemote Control\u201c c\u00edm\u0171 dal a legt\u00f6bbet j\u00e1tszott dal lett Szlov\u00e1ki\u00e1ban. A 2005-\u00f6s Aurel a Peha diadala lett, ahol n\u00e9gy d\u00edjat nyertek: legjobb \u00e9nekes, legjobb egy\u00fcttes, legjobb dal \u201eZa tebou\u201c \u00e9s legjobb album.<\/p>\n\n\n\n<p>Knechtov\u00e1 2008-ban elhagyta a Peha-t, \u00e9s sz\u00f3l\u00f3karrierbe kezdett. Juraj Jakubisko BATHORY c\u00edm\u0171 filmj\u00e9hez kompon\u00e1lta 2007-ben a \u201eMuoj Bo\u017ee\u201c c\u00edm\u0171 dalt, amelyet k\u00f6z\u00e9pkori zsolt\u00e1rok ihlettek, \u00e9s r\u00e9szben \u00f3szl\u00e1v nyelven \u00edr\u00f3dott. Jakubisko Katarin\u00e1val egy\u00fctt rendezte a dalhoz k\u00e9sz\u00fclt klipet. A dal rendk\u00edv\u00fcl n\u00e9pszer\u0171 volt, megnyerte a szlov\u00e1k zenei sl\u00e1gerlist\u00e1kat, \u00e9s elnyerte az \u00e9v legjobb dal\u00e1nak j\u00e1r\u00f3 tekint\u00e9lyes Aurel-d\u00edjat. Ennek ellen\u00e9re nem ker\u00fclt be a v\u00e9gleges filmbe.<\/p>\n\n\n\n<p>A szlov\u00e1kiai \u00e9s csehorsz\u00e1gi koncertek mellett Katar\u00edna filmzen\u00e9t is kompon\u00e1lt, p\u00e9ld\u00e1ul az ISABEL c\u00edm\u0171 filmhez \u00e9s a ZEM JE GU\u013dAT\u00c1 (A F\u00d6LD GULAT\u00c1) c\u00edm\u0171 di\u00e1kfilmhez. \u00c1lomprojektje a The Cubes nev\u0171 l\u00e1nyegy\u00fcttes megalap\u00edt\u00e1sa volt, de nem \u00e9nekelt benne. Saj\u00e1t szavai szerint az\u00e9rt alap\u00edtotta, hogy dobolhasson benne. A csoport 2012-ben jelentetett meg egy albumot \u00e9s egy azonos c\u00edm\u0171 klipet \u201eTomorrow\u201c c\u00edmmel. A The Cubes a Garbage zenekart t\u00e1mogatta, Knechtova maga pedig a Cranberries \u00e9s a Depeche Mode egy\u00fctteseket t\u00e1mogatta pozsonyi \u00e9s pr\u00e1gai koncerteken. .<\/p>\n\n\n\n<p>Katar\u00edna sz\u00e1mos d\u00edjat kapott, p\u00e9ld\u00e1ul az \u00e9v legjobb \u00e9nekesn\u0151j\u00e9nek j\u00e1r\u00f3 Aurel- \u00e9s OTO-d\u00edjakat, vagy az Ez\u00fcst \u00c9jjeli Madarak d\u00edj\u00e1t. A zen\u00e9je mellett a k\u00fclsej\u00e9vel is szeret k\u00eds\u00e9rletezni, \u00e9s gyakran okoz meglepet\u00e9seket, k\u00fcl\u00f6n\u00f6sen a haja sz\u00edn\u00e9vel \u00e9s hossz\u00e1val. B\u00e1r legut\u00f3bbi album\u00e1nak angol nyelv\u0171 v\u00e1ltozata is megjelent, munk\u00e1j\u00e1ban a szlov\u00e1k nyelvet r\u00e9szes\u00edti el\u0151nyben, r\u00e9szt vesz a szlov\u00e1k term\u00e9keket n\u00e9pszer\u0171s\u00edt\u0151 projektekben, \u00e9s m\u00e9g mindig sz\u00fcl\u0151faluj\u00e1ban, Pre\u0161ovban \u00e9l.<\/p>\n\n\n\n<p><strong>Forr\u00e1s: <\/strong>https:\/\/www.csfd.sk\/tvorca\/101063-katarina-knechtova\/biografia\/<br><strong>Fot\u00f3 forr\u00e1sa: <\/strong>Fishfrog - Saj\u00e1t munka, CC BY-SA 3.0, https:\/\/commons.wikimedia.org\/w\/index.php?curid=29706592<\/p>","protected":false},"featured_media":4238,"template":"","meta":{"_acf_changed":true},"kategoria-vyznamnych-tvari":[244],"oblast-posobenia":[236,256],"class_list":["post-4164","vyznamna-tvar","type-vyznamna-tvar","status-publish","has-post-thumbnail","hentry","kategoria-vyznamnych-tvari-sucasna-osobnost","oblast-posobenia-hudba","oblast-posobenia-spev"],"acf":[],"yoast_head":"<!-- This site is optimized with the Yoast SEO Premium plugin v26.3 (Yoast SEO v26.8) - https:\/\/yoast.com\/product\/yoast-seo-premium-wordpress\/ -->\n<title>Katar\u00edna Knechtov\u00e1 - OOCR \u0160ari\u0161<\/title>\n<meta name=\"description\" content=\"Katar\u00edna Knechtov\u00e1 je slovensk\u00e1 spev\u00e1\u010dka, klaviristka, gitaristka a skladate\u013eka piesn\u00ed. Bola s\u00fa\u010das\u0165ou skupiny Peha.\" \/>\n<meta name=\"robots\" content=\"index, follow, max-snippet:-1, max-image-preview:large, max-video-preview:-1\" \/>\n<link rel=\"canonical\" href=\"https:\/\/www.regionsaris.sk\/hu\/vyznamna-tvar\/katarina-knechtova\/\" \/>\n<meta property=\"og:locale\" content=\"hu_HU\" \/>\n<meta property=\"og:type\" content=\"article\" \/>\n<meta property=\"og:title\" content=\"Katar\u00edna Knechtov\u00e1\" \/>\n<meta property=\"og:description\" content=\"Katar\u00edna Knechtov\u00e1 je slovensk\u00e1 spev\u00e1\u010dka, klaviristka, gitaristka a skladate\u013eka piesn\u00ed. Bola s\u00fa\u010das\u0165ou skupiny Peha.\" \/>\n<meta property=\"og:url\" content=\"https:\/\/www.regionsaris.sk\/hu\/vyznamna-tvar\/katarina-knechtova\/\" \/>\n<meta property=\"og:site_name\" content=\"OOCR \u0160ari\u0161\" \/>\n<meta property=\"article:modified_time\" content=\"2026-03-25T13:48:50+00:00\" \/>\n<meta property=\"og:image\" content=\"https:\/\/www.regionsaris.sk\/wp-content\/uploads\/2026\/03\/katarina-knechtova-vyznamne-tvare-regionu-oocrrs.png\" \/>\n\t<meta property=\"og:image:width\" content=\"500\" \/>\n\t<meta property=\"og:image:height\" content=\"500\" \/>\n\t<meta property=\"og:image:type\" content=\"image\/png\" \/>\n<meta name=\"twitter:card\" content=\"summary_large_image\" \/>\n<meta name=\"twitter:label1\" content=\"Becs\u00fclt olvas\u00e1si id\u0151\" \/>\n\t<meta name=\"twitter:data1\" content=\"3 perc\" \/>\n<script type=\"application\/ld+json\" class=\"yoast-schema-graph\">{\"@context\":\"https:\/\/schema.org\",\"@graph\":[{\"@type\":\"WebPage\",\"@id\":\"https:\/\/www.regionsaris.sk\/vyznamna-tvar\/katarina-knechtova\/\",\"url\":\"https:\/\/www.regionsaris.sk\/vyznamna-tvar\/katarina-knechtova\/\",\"name\":\"Katar\u00edna Knechtov\u00e1 - OOCR \u0160ari\u0161\",\"isPartOf\":{\"@id\":\"https:\/\/www.regionsaris.sk\/#website\"},\"primaryImageOfPage\":{\"@id\":\"https:\/\/www.regionsaris.sk\/vyznamna-tvar\/katarina-knechtova\/#primaryimage\"},\"image\":{\"@id\":\"https:\/\/www.regionsaris.sk\/vyznamna-tvar\/katarina-knechtova\/#primaryimage\"},\"thumbnailUrl\":\"https:\/\/www.regionsaris.sk\/wp-content\/uploads\/2026\/03\/katarina-knechtova-vyznamne-tvare-regionu-oocrrs.png\",\"datePublished\":\"2026-03-23T06:59:37+00:00\",\"dateModified\":\"2026-03-25T13:48:50+00:00\",\"description\":\"Katar\u00edna Knechtov\u00e1 je slovensk\u00e1 spev\u00e1\u010dka, klaviristka, gitaristka a skladate\u013eka piesn\u00ed. Bola s\u00fa\u010das\u0165ou skupiny Peha.\",\"breadcrumb\":{\"@id\":\"https:\/\/www.regionsaris.sk\/vyznamna-tvar\/katarina-knechtova\/#breadcrumb\"},\"inLanguage\":\"hu\",\"potentialAction\":[{\"@type\":\"ReadAction\",\"target\":[\"https:\/\/www.regionsaris.sk\/vyznamna-tvar\/katarina-knechtova\/\"]}]},{\"@type\":\"ImageObject\",\"inLanguage\":\"hu\",\"@id\":\"https:\/\/www.regionsaris.sk\/vyznamna-tvar\/katarina-knechtova\/#primaryimage\",\"url\":\"https:\/\/www.regionsaris.sk\/wp-content\/uploads\/2026\/03\/katarina-knechtova-vyznamne-tvare-regionu-oocrrs.png\",\"contentUrl\":\"https:\/\/www.regionsaris.sk\/wp-content\/uploads\/2026\/03\/katarina-knechtova-vyznamne-tvare-regionu-oocrrs.png\",\"width\":500,\"height\":500},{\"@type\":\"BreadcrumbList\",\"@id\":\"https:\/\/www.regionsaris.sk\/vyznamna-tvar\/katarina-knechtova\/#breadcrumb\",\"itemListElement\":[{\"@type\":\"ListItem\",\"position\":1,\"name\":\"Domov\",\"item\":\"https:\/\/www.regionsaris.sk\/\"},{\"@type\":\"ListItem\",\"position\":2,\"name\":\"V\u00fdznamn\u00e9 tv\u00e1re regi\u00f3nu\",\"item\":\"https:\/\/www.regionsaris.sk\/vyznamne-tvare-regionu\/\"},{\"@type\":\"ListItem\",\"position\":3,\"name\":\"Katar\u00edna Knechtov\u00e1\"}]},{\"@type\":\"WebSite\",\"@id\":\"https:\/\/www.regionsaris.sk\/#website\",\"url\":\"https:\/\/www.regionsaris.sk\/\",\"name\":\"OOCR \u0160ari\u0161\",\"description\":\"\",\"potentialAction\":[{\"@type\":\"SearchAction\",\"target\":{\"@type\":\"EntryPoint\",\"urlTemplate\":\"https:\/\/www.regionsaris.sk\/?s={search_term_string}\"},\"query-input\":{\"@type\":\"PropertyValueSpecification\",\"valueRequired\":true,\"valueName\":\"search_term_string\"}}],\"inLanguage\":\"hu\"}]}<\/script>\n<!-- \/ Yoast SEO Premium plugin. -->","yoast_head_json":{"title":"Katar\u00edna Knechtov\u00e1 - OOCR \u0160ari\u0161","description":"Katar\u00edna Knechtov\u00e1 je slovensk\u00e1 spev\u00e1\u010dka, klaviristka, gitaristka a skladate\u013eka piesn\u00ed. Bola s\u00fa\u010das\u0165ou skupiny Peha.","robots":{"index":"index","follow":"follow","max-snippet":"max-snippet:-1","max-image-preview":"max-image-preview:large","max-video-preview":"max-video-preview:-1"},"canonical":"https:\/\/www.regionsaris.sk\/hu\/vyznamna-tvar\/katarina-knechtova\/","og_locale":"hu_HU","og_type":"article","og_title":"Katar\u00edna Knechtov\u00e1","og_description":"Katar\u00edna Knechtov\u00e1 je slovensk\u00e1 spev\u00e1\u010dka, klaviristka, gitaristka a skladate\u013eka piesn\u00ed. Bola s\u00fa\u010das\u0165ou skupiny Peha.","og_url":"https:\/\/www.regionsaris.sk\/hu\/vyznamna-tvar\/katarina-knechtova\/","og_site_name":"OOCR \u0160ari\u0161","article_modified_time":"2026-03-25T13:48:50+00:00","og_image":[{"width":500,"height":500,"url":"https:\/\/www.regionsaris.sk\/wp-content\/uploads\/2026\/03\/katarina-knechtova-vyznamne-tvare-regionu-oocrrs.png","type":"image\/png"}],"twitter_card":"summary_large_image","twitter_misc":{"Becs\u00fclt olvas\u00e1si id\u0151":"3 perc"},"schema":{"@context":"https:\/\/schema.org","@graph":[{"@type":"WebPage","@id":"https:\/\/www.regionsaris.sk\/vyznamna-tvar\/katarina-knechtova\/","url":"https:\/\/www.regionsaris.sk\/vyznamna-tvar\/katarina-knechtova\/","name":"Katar\u00edna Knechtov\u00e1 - OOCR \u0160ari\u0161","isPartOf":{"@id":"https:\/\/www.regionsaris.sk\/#website"},"primaryImageOfPage":{"@id":"https:\/\/www.regionsaris.sk\/vyznamna-tvar\/katarina-knechtova\/#primaryimage"},"image":{"@id":"https:\/\/www.regionsaris.sk\/vyznamna-tvar\/katarina-knechtova\/#primaryimage"},"thumbnailUrl":"https:\/\/www.regionsaris.sk\/wp-content\/uploads\/2026\/03\/katarina-knechtova-vyznamne-tvare-regionu-oocrrs.png","datePublished":"2026-03-23T06:59:37+00:00","dateModified":"2026-03-25T13:48:50+00:00","description":"Katar\u00edna Knechtov\u00e1 je slovensk\u00e1 spev\u00e1\u010dka, klaviristka, gitaristka a skladate\u013eka piesn\u00ed. Bola s\u00fa\u010das\u0165ou skupiny Peha.","breadcrumb":{"@id":"https:\/\/www.regionsaris.sk\/vyznamna-tvar\/katarina-knechtova\/#breadcrumb"},"inLanguage":"hu","potentialAction":[{"@type":"ReadAction","target":["https:\/\/www.regionsaris.sk\/vyznamna-tvar\/katarina-knechtova\/"]}]},{"@type":"ImageObject","inLanguage":"hu","@id":"https:\/\/www.regionsaris.sk\/vyznamna-tvar\/katarina-knechtova\/#primaryimage","url":"https:\/\/www.regionsaris.sk\/wp-content\/uploads\/2026\/03\/katarina-knechtova-vyznamne-tvare-regionu-oocrrs.png","contentUrl":"https:\/\/www.regionsaris.sk\/wp-content\/uploads\/2026\/03\/katarina-knechtova-vyznamne-tvare-regionu-oocrrs.png","width":500,"height":500},{"@type":"BreadcrumbList","@id":"https:\/\/www.regionsaris.sk\/vyznamna-tvar\/katarina-knechtova\/#breadcrumb","itemListElement":[{"@type":"ListItem","position":1,"name":"Domov","item":"https:\/\/www.regionsaris.sk\/"},{"@type":"ListItem","position":2,"name":"V\u00fdznamn\u00e9 tv\u00e1re regi\u00f3nu","item":"https:\/\/www.regionsaris.sk\/vyznamne-tvare-regionu\/"},{"@type":"ListItem","position":3,"name":"Katar\u00edna Knechtov\u00e1"}]},{"@type":"WebSite","@id":"https:\/\/www.regionsaris.sk\/#website","url":"https:\/\/www.regionsaris.sk\/","name":"OOCR \u0160ari\u0161","description":"","potentialAction":[{"@type":"SearchAction","target":{"@type":"EntryPoint","urlTemplate":"https:\/\/www.regionsaris.sk\/?s={search_term_string}"},"query-input":{"@type":"PropertyValueSpecification","valueRequired":true,"valueName":"search_term_string"}}],"inLanguage":"hu"}]}},"_links":{"self":[{"href":"https:\/\/www.regionsaris.sk\/hu\/wp-json\/wp\/v2\/vyznamna-tvar\/4164","targetHints":{"allow":["GET"]}}],"collection":[{"href":"https:\/\/www.regionsaris.sk\/hu\/wp-json\/wp\/v2\/vyznamna-tvar"}],"about":[{"href":"https:\/\/www.regionsaris.sk\/hu\/wp-json\/wp\/v2\/types\/vyznamna-tvar"}],"wp:featuredmedia":[{"embeddable":true,"href":"https:\/\/www.regionsaris.sk\/hu\/wp-json\/wp\/v2\/media\/4238"}],"wp:attachment":[{"href":"https:\/\/www.regionsaris.sk\/hu\/wp-json\/wp\/v2\/media?parent=4164"}],"wp:term":[{"taxonomy":"kategoria-vyznamnych-tvari","embeddable":true,"href":"https:\/\/www.regionsaris.sk\/hu\/wp-json\/wp\/v2\/kategoria-vyznamnych-tvari?post=4164"},{"taxonomy":"oblast-posobenia","embeddable":true,"href":"https:\/\/www.regionsaris.sk\/hu\/wp-json\/wp\/v2\/oblast-posobenia?post=4164"}],"curies":[{"name":"wp","href":"https:\/\/api.w.org\/{rel}","templated":true}]}}