{"id":4136,"date":"2026-03-22T16:39:27","date_gmt":"2026-03-22T15:39:27","guid":{"rendered":"https:\/\/www.regionsaris.sk\/?post_type=vyznamna-tvar&#038;p=4136"},"modified":"2026-04-01T10:03:13","modified_gmt":"2026-04-01T09:03:13","slug":"pavol-szinyei-merse","status":"publish","type":"vyznamna-tvar","link":"https:\/\/www.regionsaris.sk\/hu\/vyznamna-tvar\/pavol-szinyei-merse\/","title":{"rendered":"Pavol Szinyei Merse"},"content":{"rendered":"<p>A k\u00f6rny\u00e9k\u00fcnk\u00f6n tev\u00e9kenyked\u0151 egyik legjelent\u0151sebb szem\u00e9lyis\u00e9g Pavol Szinyei Merse fest\u0151m\u0171v\u00e9sz volt, aki 1845. j\u00falius 4-\u00e9n sz\u00fcletett Chminiansk\u00e1 Nov\u00e1 Vesben, egy nemesi csal\u00e1d nyolc testv\u00e9re k\u00f6z\u00fcl harmadikk\u00e9nt.&nbsp;<\/p>\n\n\n\n<p>\u00c9desanyja, a Jekelfalussy Val\u00e9ria m\u00e1r akkor is nagyon m\u0171velt m\u0171v\u00e9sz volt, \u00e9s ezt m\u00e1r kor\u00e1n belenevelte fi\u00e1ba. M\u0171v\u00e9szi k\u00e9pzetts\u00e9g\u00e9t a m\u00fcncheni K\u00e9pz\u0151m\u0171v\u00e9szeti Akad\u00e9mi\u00e1n szerezte. Legfontosabb m\u0171v\u00e9t, a \u201eReggeli a term\u00e9szetben\u201c c\u00edm\u0171t kort\u00e1rsai f\u00e9lre\u00e9rtett\u00e9k \u00e9s botr\u00e1nyt kavart. A m\u0171vet ingyen felaj\u00e1nlotta a budapesti Nemzeti M\u00fazeumnak, amely azonban visszautas\u00edtotta. Ez\u00e9rt Merse visszavonult a mag\u00e1nyba, \u00e9s egy id\u0151re abbahagyta a fest\u00e9szetet. A magyar nemesek \u00e9let\u00e9t \u00e9lte, a magyar parlamentben \u00fclt, ahol az oktat\u00e1s korszer\u0171s\u00edt\u00e9s\u00e9n dolgozott. R\u00f6vid megszak\u00edt\u00e1sokkal eg\u00e9sz \u00e9let\u00e9t egy nagy birtokon \u00e9lte le Jarovnic\u00e9ben, \u0160ari\u0161ban.<\/p>\n\n\n\n<p>A munk\u00e1ja f\u00e9lre\u00e9rt\u00e9se miatti lelki trauma balzsamja volt feles\u00e9ge, \u017dofie Probstner t\u00e1rsas\u00e1ga. A n\u0151 azonban v\u00e9g\u00fcl elhagyta \u0151t a szerelem\u00e9rt, Ghil\u00e1nyi Imrich\u00e9rt, aki a Fri\u010dovcei kast\u00e9lyba vitte.<\/p>\n\n\n\n<p>Munk\u00e1inak meghat\u00e1roz\u00f3 t\u00e9m\u00e1ja a term\u00e9szet \u00e9s a t\u00e9rs\u00e9g\u00fcnkben \u00e9l\u0151 emberek voltak. Azonban nagyon nehezen tudott modelleket szerezni a fest\u00e9shez, mert a falusiak k\u00f6z\u00f6tt volt egy babona, miszerint akit lefest, az hamarosan meghal. P\u00e1rizsban, M\u00fcnchenben, Berlinben sikert aratott, \u00e9s bar\u00e1tai r\u00e1besz\u00e9lt\u00e9k, hogy ism\u00e9t \u00e1ll\u00edtsa ki a Reggelit Budapesten, ahol a k\u00f6z\u00f6ns\u00e9g lelkesen fogadta. 1905-ben kinevezt\u00e9k a budapesti K\u00e9pz\u0151m\u0171v\u00e9szeti F\u0151iskola igazgat\u00f3j\u00e1v\u00e1. T\u00e1jk\u00e9pei mellett Szinyei festette a jarovnicai templomban tal\u00e1lhat\u00f3 Remete Szent J\u00e1nos olt\u00e1rk\u00e9pet \u00e9s egyetlen \u00f6narck\u00e9p\u00e9t, egy b\u0151rkab\u00e1tos vid\u00e9ki h\u00e1znagyot, amelynek egyetlen p\u00e9ld\u00e1nya a fri\u010dovcei kast\u00e9lyban f\u00fcgg. A festm\u00e9ny szerz\u0151je \u0160tefan Filep akad\u00e9mikus fest\u0151. Az eredeti a firenzei Galleria degli Uffizi egyik term\u00e9t d\u00edsz\u00edti.&nbsp;<\/p>\n\n\n\n<p>Szinyei Merse P\u00e1l 1920. febru\u00e1r 20-\u00e1n meghal l\u00e1nya karjaiban Jarovnic\u00e9ben. Egykori feles\u00e9ge, \u017dofia 101 \u00e9vet \u00e9lt.<\/p>\n\n\n\n<p><strong>Forr\u00e1s: <\/strong>https:\/\/ovcie.info\/2014\/08\/18\/pavol-szinyei-merse\/<br><strong>Fot\u00f3 forr\u00e1sa<\/strong>: CC BY-SA 2.0, https:\/\/commons.wikimedia.org\/w\/index.php?curid=223899<\/p>\n\n\n\n<p><\/p>","protected":false},"featured_media":4265,"template":"","meta":{"_acf_changed":true},"kategoria-vyznamnych-tvari":[230],"oblast-posobenia":[255,253],"class_list":["post-4136","vyznamna-tvar","type-vyznamna-tvar","status-publish","has-post-thumbnail","hentry","kategoria-vyznamnych-tvari-historicka-osobnost","oblast-posobenia-maliarstvo","oblast-posobenia-vytvarne-umenie"],"acf":[],"yoast_head":"<!-- This site is optimized with the Yoast SEO Premium plugin v26.3 (Yoast SEO v26.8) - https:\/\/yoast.com\/product\/yoast-seo-premium-wordpress\/ -->\n<title>Pavol Szinyei Merse - OOCR \u0160ari\u0161<\/title>\n<meta name=\"description\" content=\"Pavol Szinyei Merse - maliar svetovej \u00farovne z regi\u00f3nu \u0160ari\u0161. P\u00f4sobil preva\u017ene na v\u00fdchodnom Slovensku, no jeho obrazy pozn\u00e1 cel\u00fd svet.\" \/>\n<meta name=\"robots\" content=\"index, follow, max-snippet:-1, max-image-preview:large, max-video-preview:-1\" \/>\n<link rel=\"canonical\" href=\"https:\/\/www.regionsaris.sk\/hu\/vyznamna-tvar\/pavol-szinyei-merse\/\" \/>\n<meta property=\"og:locale\" content=\"hu_HU\" \/>\n<meta property=\"og:type\" content=\"article\" \/>\n<meta property=\"og:title\" content=\"Pavol Szinyei Merse\" \/>\n<meta property=\"og:description\" content=\"Pavol Szinyei Merse - maliar svetovej \u00farovne z regi\u00f3nu \u0160ari\u0161. P\u00f4sobil preva\u017ene na v\u00fdchodnom Slovensku, no jeho obrazy pozn\u00e1 cel\u00fd svet.\" \/>\n<meta property=\"og:url\" content=\"https:\/\/www.regionsaris.sk\/hu\/vyznamna-tvar\/pavol-szinyei-merse\/\" \/>\n<meta property=\"og:site_name\" content=\"OOCR \u0160ari\u0161\" \/>\n<meta property=\"article:modified_time\" content=\"2026-04-01T09:03:13+00:00\" \/>\n<meta property=\"og:image\" content=\"https:\/\/www.regionsaris.sk\/wp-content\/uploads\/2026\/03\/pavol-szinyei-merse-vyznamne-tvare-regionu-oocrrs.jpg\" \/>\n\t<meta property=\"og:image:width\" content=\"500\" \/>\n\t<meta property=\"og:image:height\" content=\"500\" \/>\n\t<meta property=\"og:image:type\" content=\"image\/jpeg\" \/>\n<meta name=\"twitter:card\" content=\"summary_large_image\" \/>\n<meta name=\"twitter:label1\" content=\"Becs\u00fclt olvas\u00e1si id\u0151\" \/>\n\t<meta name=\"twitter:data1\" content=\"2 perc\" \/>\n<script type=\"application\/ld+json\" class=\"yoast-schema-graph\">{\"@context\":\"https:\/\/schema.org\",\"@graph\":[{\"@type\":\"WebPage\",\"@id\":\"https:\/\/www.regionsaris.sk\/vyznamna-tvar\/pavol-szinyei-merse\/\",\"url\":\"https:\/\/www.regionsaris.sk\/vyznamna-tvar\/pavol-szinyei-merse\/\",\"name\":\"Pavol Szinyei Merse - OOCR \u0160ari\u0161\",\"isPartOf\":{\"@id\":\"https:\/\/www.regionsaris.sk\/#website\"},\"primaryImageOfPage\":{\"@id\":\"https:\/\/www.regionsaris.sk\/vyznamna-tvar\/pavol-szinyei-merse\/#primaryimage\"},\"image\":{\"@id\":\"https:\/\/www.regionsaris.sk\/vyznamna-tvar\/pavol-szinyei-merse\/#primaryimage\"},\"thumbnailUrl\":\"https:\/\/www.regionsaris.sk\/wp-content\/uploads\/2026\/03\/pavol-szinyei-merse-vyznamne-tvare-regionu-oocrrs.jpg\",\"datePublished\":\"2026-03-22T15:39:27+00:00\",\"dateModified\":\"2026-04-01T09:03:13+00:00\",\"description\":\"Pavol Szinyei Merse - maliar svetovej \u00farovne z regi\u00f3nu \u0160ari\u0161. P\u00f4sobil preva\u017ene na v\u00fdchodnom Slovensku, no jeho obrazy pozn\u00e1 cel\u00fd svet.\",\"breadcrumb\":{\"@id\":\"https:\/\/www.regionsaris.sk\/vyznamna-tvar\/pavol-szinyei-merse\/#breadcrumb\"},\"inLanguage\":\"hu\",\"potentialAction\":[{\"@type\":\"ReadAction\",\"target\":[\"https:\/\/www.regionsaris.sk\/vyznamna-tvar\/pavol-szinyei-merse\/\"]}]},{\"@type\":\"ImageObject\",\"inLanguage\":\"hu\",\"@id\":\"https:\/\/www.regionsaris.sk\/vyznamna-tvar\/pavol-szinyei-merse\/#primaryimage\",\"url\":\"https:\/\/www.regionsaris.sk\/wp-content\/uploads\/2026\/03\/pavol-szinyei-merse-vyznamne-tvare-regionu-oocrrs.jpg\",\"contentUrl\":\"https:\/\/www.regionsaris.sk\/wp-content\/uploads\/2026\/03\/pavol-szinyei-merse-vyznamne-tvare-regionu-oocrrs.jpg\",\"width\":500,\"height\":500},{\"@type\":\"BreadcrumbList\",\"@id\":\"https:\/\/www.regionsaris.sk\/vyznamna-tvar\/pavol-szinyei-merse\/#breadcrumb\",\"itemListElement\":[{\"@type\":\"ListItem\",\"position\":1,\"name\":\"Domov\",\"item\":\"https:\/\/www.regionsaris.sk\/\"},{\"@type\":\"ListItem\",\"position\":2,\"name\":\"V\u00fdznamn\u00e9 tv\u00e1re regi\u00f3nu\",\"item\":\"https:\/\/www.regionsaris.sk\/vyznamne-tvare-regionu\/\"},{\"@type\":\"ListItem\",\"position\":3,\"name\":\"Pavol Szinyei Merse\"}]},{\"@type\":\"WebSite\",\"@id\":\"https:\/\/www.regionsaris.sk\/#website\",\"url\":\"https:\/\/www.regionsaris.sk\/\",\"name\":\"OOCR \u0160ari\u0161\",\"description\":\"\",\"potentialAction\":[{\"@type\":\"SearchAction\",\"target\":{\"@type\":\"EntryPoint\",\"urlTemplate\":\"https:\/\/www.regionsaris.sk\/?s={search_term_string}\"},\"query-input\":{\"@type\":\"PropertyValueSpecification\",\"valueRequired\":true,\"valueName\":\"search_term_string\"}}],\"inLanguage\":\"hu\"}]}<\/script>\n<!-- \/ Yoast SEO Premium plugin. -->","yoast_head_json":{"title":"Pavol Szinyei Merse - OOCR \u0160ari\u0161","description":"Pavol Szinyei Merse - maliar svetovej \u00farovne z regi\u00f3nu \u0160ari\u0161. P\u00f4sobil preva\u017ene na v\u00fdchodnom Slovensku, no jeho obrazy pozn\u00e1 cel\u00fd svet.","robots":{"index":"index","follow":"follow","max-snippet":"max-snippet:-1","max-image-preview":"max-image-preview:large","max-video-preview":"max-video-preview:-1"},"canonical":"https:\/\/www.regionsaris.sk\/hu\/vyznamna-tvar\/pavol-szinyei-merse\/","og_locale":"hu_HU","og_type":"article","og_title":"Pavol Szinyei Merse","og_description":"Pavol Szinyei Merse - maliar svetovej \u00farovne z regi\u00f3nu \u0160ari\u0161. P\u00f4sobil preva\u017ene na v\u00fdchodnom Slovensku, no jeho obrazy pozn\u00e1 cel\u00fd svet.","og_url":"https:\/\/www.regionsaris.sk\/hu\/vyznamna-tvar\/pavol-szinyei-merse\/","og_site_name":"OOCR \u0160ari\u0161","article_modified_time":"2026-04-01T09:03:13+00:00","og_image":[{"width":500,"height":500,"url":"https:\/\/www.regionsaris.sk\/wp-content\/uploads\/2026\/03\/pavol-szinyei-merse-vyznamne-tvare-regionu-oocrrs.jpg","type":"image\/jpeg"}],"twitter_card":"summary_large_image","twitter_misc":{"Becs\u00fclt olvas\u00e1si id\u0151":"2 perc"},"schema":{"@context":"https:\/\/schema.org","@graph":[{"@type":"WebPage","@id":"https:\/\/www.regionsaris.sk\/vyznamna-tvar\/pavol-szinyei-merse\/","url":"https:\/\/www.regionsaris.sk\/vyznamna-tvar\/pavol-szinyei-merse\/","name":"Pavol Szinyei Merse - OOCR \u0160ari\u0161","isPartOf":{"@id":"https:\/\/www.regionsaris.sk\/#website"},"primaryImageOfPage":{"@id":"https:\/\/www.regionsaris.sk\/vyznamna-tvar\/pavol-szinyei-merse\/#primaryimage"},"image":{"@id":"https:\/\/www.regionsaris.sk\/vyznamna-tvar\/pavol-szinyei-merse\/#primaryimage"},"thumbnailUrl":"https:\/\/www.regionsaris.sk\/wp-content\/uploads\/2026\/03\/pavol-szinyei-merse-vyznamne-tvare-regionu-oocrrs.jpg","datePublished":"2026-03-22T15:39:27+00:00","dateModified":"2026-04-01T09:03:13+00:00","description":"Pavol Szinyei Merse - maliar svetovej \u00farovne z regi\u00f3nu \u0160ari\u0161. P\u00f4sobil preva\u017ene na v\u00fdchodnom Slovensku, no jeho obrazy pozn\u00e1 cel\u00fd svet.","breadcrumb":{"@id":"https:\/\/www.regionsaris.sk\/vyznamna-tvar\/pavol-szinyei-merse\/#breadcrumb"},"inLanguage":"hu","potentialAction":[{"@type":"ReadAction","target":["https:\/\/www.regionsaris.sk\/vyznamna-tvar\/pavol-szinyei-merse\/"]}]},{"@type":"ImageObject","inLanguage":"hu","@id":"https:\/\/www.regionsaris.sk\/vyznamna-tvar\/pavol-szinyei-merse\/#primaryimage","url":"https:\/\/www.regionsaris.sk\/wp-content\/uploads\/2026\/03\/pavol-szinyei-merse-vyznamne-tvare-regionu-oocrrs.jpg","contentUrl":"https:\/\/www.regionsaris.sk\/wp-content\/uploads\/2026\/03\/pavol-szinyei-merse-vyznamne-tvare-regionu-oocrrs.jpg","width":500,"height":500},{"@type":"BreadcrumbList","@id":"https:\/\/www.regionsaris.sk\/vyznamna-tvar\/pavol-szinyei-merse\/#breadcrumb","itemListElement":[{"@type":"ListItem","position":1,"name":"Domov","item":"https:\/\/www.regionsaris.sk\/"},{"@type":"ListItem","position":2,"name":"V\u00fdznamn\u00e9 tv\u00e1re regi\u00f3nu","item":"https:\/\/www.regionsaris.sk\/vyznamne-tvare-regionu\/"},{"@type":"ListItem","position":3,"name":"Pavol Szinyei Merse"}]},{"@type":"WebSite","@id":"https:\/\/www.regionsaris.sk\/#website","url":"https:\/\/www.regionsaris.sk\/","name":"OOCR \u0160ari\u0161","description":"","potentialAction":[{"@type":"SearchAction","target":{"@type":"EntryPoint","urlTemplate":"https:\/\/www.regionsaris.sk\/?s={search_term_string}"},"query-input":{"@type":"PropertyValueSpecification","valueRequired":true,"valueName":"search_term_string"}}],"inLanguage":"hu"}]}},"_links":{"self":[{"href":"https:\/\/www.regionsaris.sk\/hu\/wp-json\/wp\/v2\/vyznamna-tvar\/4136","targetHints":{"allow":["GET"]}}],"collection":[{"href":"https:\/\/www.regionsaris.sk\/hu\/wp-json\/wp\/v2\/vyznamna-tvar"}],"about":[{"href":"https:\/\/www.regionsaris.sk\/hu\/wp-json\/wp\/v2\/types\/vyznamna-tvar"}],"wp:featuredmedia":[{"embeddable":true,"href":"https:\/\/www.regionsaris.sk\/hu\/wp-json\/wp\/v2\/media\/4265"}],"wp:attachment":[{"href":"https:\/\/www.regionsaris.sk\/hu\/wp-json\/wp\/v2\/media?parent=4136"}],"wp:term":[{"taxonomy":"kategoria-vyznamnych-tvari","embeddable":true,"href":"https:\/\/www.regionsaris.sk\/hu\/wp-json\/wp\/v2\/kategoria-vyznamnych-tvari?post=4136"},{"taxonomy":"oblast-posobenia","embeddable":true,"href":"https:\/\/www.regionsaris.sk\/hu\/wp-json\/wp\/v2\/oblast-posobenia?post=4136"}],"curies":[{"name":"wp","href":"https:\/\/api.w.org\/{rel}","templated":true}]}}