{"id":4113,"date":"2026-03-22T11:35:25","date_gmt":"2026-03-22T10:35:25","guid":{"rendered":"https:\/\/www.regionsaris.sk\/?post_type=vyznamna-tvar&#038;p=4113"},"modified":"2026-04-01T10:19:40","modified_gmt":"2026-04-01T09:19:40","slug":"rudolf-dilong","status":"publish","type":"vyznamna-tvar","link":"https:\/\/www.regionsaris.sk\/hu\/vyznamna-tvar\/rudolf-dilong\/","title":{"rendered":"Rudolf Dilong"},"content":{"rendered":"<p>1905. augusztus 1-j\u00e9n sz\u00fcletett a nagyv\u00e1radi Trsten\u00e1ban, ahol a gimn\u00e1ziumban \u00e9retts\u00e9gizett. \u00c9retts\u00e9gi ut\u00e1n a ferences rend szerzetese lett, \u00e9s a kremnicai, hlohoveci, malackai \u00e9s zsolnai kolostorokban dolgozott. Katolikus teol\u00f3gi\u00e1t tanult \u00e9s pap lett. Ezt k\u00f6vet\u0151en k\u00f6z\u00e9piskolai vall\u00e1stan\u00e1rk\u00e9nt dolgozott t\u00f6bb v\u00e1rosban, t\u00f6bbek k\u00f6z\u00f6tt az 1930-as \u00e9vek m\u00e1sodik fel\u00e9ben Pre\u0161ovban egy evang\u00e9likus koll\u00e9giumban. A II. vil\u00e1gh\u00e1bor\u00fa kit\u00f6r\u00e9se ut\u00e1n \u00f6nk\u00e9ntesk\u00e9nt t\u00e1bori kur\u00e1tornak jelentkezett a keleti frontra.&nbsp;<\/p>\n\n\n\n<p>1944 \u0151sz\u00e9n a frontr\u00f3l visszat\u00e9rve \u00f6t h\u00f3napot t\u00f6lt\u00f6tt a Pre\u0161ov melletti Ni\u017en\u00e1 \u0160ebastov\u00e1 ferences kolostor\u00e1ban. A h\u00e1bor\u00fa ut\u00e1n emigr\u00e1lt, el\u0151sz\u00f6r R\u00f3m\u00e1ba, majd onnan Argent\u00edn\u00e1ba, ahol 1947-t\u0151l a Buenos Aires-i szlov\u00e1k emigr\u00e1nsok papja volt, \u00e9s szerkesztette a Slovensk\u00e9 zvesti (Szlov\u00e1k H\u00edrmond\u00f3) c\u00edm\u0171 foly\u00f3iratot. 1965-t\u0151l az Egyes\u00fclt \u00c1llamokban, Pittsburghben \u00e9lt egy kolostorban, ahol a Szent Ferenc levelei szerkeszt\u0151je, de a Szlov\u00e1kok Vil\u00e1gkongresszus\u00e1nak is tiszts\u00e9gvisel\u0151je volt. 1969-ben Szlov\u00e1ki\u00e1ba l\u00e1togatott azzal a sz\u00e1nd\u00e9kkal, hogy ott marad, de v\u00e9g\u00fcl visszat\u00e9rt az USA-ba. Pittsburghben halt meg 1986. \u00e1prilis 7-\u00e9n.<\/p>\n\n\n\n<p>Dilong a szlov\u00e1k katolikus modernizmus egyik vezet\u0151 k\u00e9pvisel\u0151je, akinek munk\u00e1ss\u00e1ga t\u00f6bb mint sz\u00e1z versesk\u00f6tetet foglal mag\u00e1ban. \u00c9let\u00e9t \u00e9s munk\u00e1ss\u00e1g\u00e1t az antiszemitizmus idej\u00e9n egy zsid\u00f3 sz\u00e1rmaz\u00e1s\u00fa n\u0151, Vali ir\u00e1nti \u201etiltott\u201c szerelme f\u00e9mjelezte. Az irodalomba a Postup c\u00edm\u0171 foly\u00f3irat t\u00e1rsalap\u00edt\u00f3jak\u00e9nt l\u00e9pett be. Els\u0151 h\u00e1rom versesk\u00f6tet\u00e9ben, a J\u00f6v\u0151 emberei, a Dics\u0151s\u00e9ges g\u00f3lyal\u00e1bakon, a L\u00e9legezz lusta! a term\u00e9szet \u00e9s a paraszti \u00e9let t\u00e9m\u00e1j\u00e1t hagyom\u00e1nyos paraszti l\u00e1t\u00e1sm\u00f3ddal \u00e1br\u00e1zolta. A Helena liliomot visel \u00e9s Az ifj\u00fa v\u0151leg\u00e9ny c\u00edm\u0171 gy\u0171jtem\u00e9nyekben a cseh k\u00f6lt\u00e9szet hat\u00e1sait lehet felismerni. K\u00e9s\u0151bb, a h\u00e1bor\u00fa borzalmait\u00f3l s\u00fajtva, Dilong gy\u0171jtem\u00e9nyeiben a gyermekkor \u00e9s sz\u00fcl\u0151f\u00f6ldje, \u00c1rva t\u00e9m\u00e1ihoz ny\u00falt, amelyet a h\u00e1bor\u00fas id\u0151kben biztons\u00e1got l\u00e1tott.&nbsp;<\/p>\n\n\n\n<p>Munk\u00e1ss\u00e1ga spiritu\u00e1lis, meditat\u00edv jelleg\u0171 volt, \u00e9s az \u00c9n, Szent Ferenc c\u00edm\u0171 k\u00f6nyve tekinthet\u0151 ennek cs\u00facspontj\u00e1nak. Sz\u00e1m\u0171zet\u00e9s\u00e9ben t\u00f6bb mint 70 gy\u0171jtem\u00e9nyt adott ki. Sz\u00e1m\u0171z\u00f6tt m\u0171veib\u0151l 1989 ut\u00e1n jelent meg v\u00e1logat\u00e1s I, Rudolf Dilong, trubad\u00far c\u00edmmel, amely sz\u00e1m\u0171z\u00f6ttk\u00e9nt \u00e9s haz\u00e1j\u00e1t\u00f3l elszak\u00edtva keserves sors\u00e1r\u00f3l tan\u00faskodik. Legut\u00f3bbi m\u0171vei k\u00f6z\u00e9 tartozik a Ru\u017ea Dagmar c\u00edm\u0171 befejezetlen pr\u00f3zai m\u0171ve.&nbsp;<\/p>\n\n\n\n<p>Pre\u0161ovban utc\u00e1t neveztek el r\u00f3la.<\/p>\n\n\n\n<p><strong>Forr\u00e1s: <\/strong>Region\u00e1lis k\u00f6nyvt\u00e1r P. O. Hviezdoslav, Pre\u0161ov; Mikroprojekt.<br><strong>Fot\u00f3 forr\u00e1sa: <\/strong>Szerz\u0151 Slovak Bookshop, Pr\u00e1ga - The Pictures of Slovak Writers Serie, vol. 1 (The Pictures of Slovak Writers Series, Series 1), Szabad m\u0171vek, https:\/\/commons.wikimedia.org\/w\/index.php?curid=10679310<\/p>\n\n\n\n<p><\/p>","protected":false},"featured_media":4268,"template":"","meta":{"_acf_changed":true},"kategoria-vyznamnych-tvari":[230],"oblast-posobenia":[233,231],"class_list":["post-4113","vyznamna-tvar","type-vyznamna-tvar","status-publish","has-post-thumbnail","hentry","kategoria-vyznamnych-tvari-historicka-osobnost","oblast-posobenia-literatura","oblast-posobenia-teologia"],"acf":[],"yoast_head":"<!-- This site is optimized with the Yoast SEO Premium plugin v26.3 (Yoast SEO v26.8) - https:\/\/yoast.com\/product\/yoast-seo-premium-wordpress\/ -->\n<title>Rudolf Dilong - OOCR \u0160ari\u0161<\/title>\n<meta name=\"description\" content=\"Rudolf Dilong ur\u010dit\u00fd \u010das p\u00f4sobil v Pre\u0161ove, no pres\u0165ahoval sa do Ameriky. Bol popredn\u00fdm predstavite\u013eom katol\u00edckej moderny.\" \/>\n<meta name=\"robots\" content=\"index, follow, max-snippet:-1, max-image-preview:large, max-video-preview:-1\" \/>\n<link rel=\"canonical\" href=\"https:\/\/www.regionsaris.sk\/hu\/vyznamna-tvar\/rudolf-dilong\/\" \/>\n<meta property=\"og:locale\" content=\"hu_HU\" \/>\n<meta property=\"og:type\" content=\"article\" \/>\n<meta property=\"og:title\" content=\"Rudolf Dilong\" \/>\n<meta property=\"og:description\" content=\"Rudolf Dilong ur\u010dit\u00fd \u010das p\u00f4sobil v Pre\u0161ove, no pres\u0165ahoval sa do Ameriky. Bol popredn\u00fdm predstavite\u013eom katol\u00edckej moderny.\" \/>\n<meta property=\"og:url\" content=\"https:\/\/www.regionsaris.sk\/hu\/vyznamna-tvar\/rudolf-dilong\/\" \/>\n<meta property=\"og:site_name\" content=\"OOCR \u0160ari\u0161\" \/>\n<meta property=\"article:modified_time\" content=\"2026-04-01T09:19:40+00:00\" \/>\n<meta property=\"og:image\" content=\"https:\/\/www.regionsaris.sk\/wp-content\/uploads\/2026\/03\/rudolf-dilong-vyznamne-tvare-regionu-oocrrs.jpg\" \/>\n\t<meta property=\"og:image:width\" content=\"500\" \/>\n\t<meta property=\"og:image:height\" content=\"500\" \/>\n\t<meta property=\"og:image:type\" content=\"image\/jpeg\" \/>\n<meta name=\"twitter:card\" content=\"summary_large_image\" \/>\n<meta name=\"twitter:label1\" content=\"Becs\u00fclt olvas\u00e1si id\u0151\" \/>\n\t<meta name=\"twitter:data1\" content=\"3 perc\" \/>\n<script type=\"application\/ld+json\" class=\"yoast-schema-graph\">{\"@context\":\"https:\/\/schema.org\",\"@graph\":[{\"@type\":\"WebPage\",\"@id\":\"https:\/\/www.regionsaris.sk\/vyznamna-tvar\/rudolf-dilong\/\",\"url\":\"https:\/\/www.regionsaris.sk\/vyznamna-tvar\/rudolf-dilong\/\",\"name\":\"Rudolf Dilong - OOCR \u0160ari\u0161\",\"isPartOf\":{\"@id\":\"https:\/\/www.regionsaris.sk\/#website\"},\"primaryImageOfPage\":{\"@id\":\"https:\/\/www.regionsaris.sk\/vyznamna-tvar\/rudolf-dilong\/#primaryimage\"},\"image\":{\"@id\":\"https:\/\/www.regionsaris.sk\/vyznamna-tvar\/rudolf-dilong\/#primaryimage\"},\"thumbnailUrl\":\"https:\/\/www.regionsaris.sk\/wp-content\/uploads\/2026\/03\/rudolf-dilong-vyznamne-tvare-regionu-oocrrs.jpg\",\"datePublished\":\"2026-03-22T10:35:25+00:00\",\"dateModified\":\"2026-04-01T09:19:40+00:00\",\"description\":\"Rudolf Dilong ur\u010dit\u00fd \u010das p\u00f4sobil v Pre\u0161ove, no pres\u0165ahoval sa do Ameriky. Bol popredn\u00fdm predstavite\u013eom katol\u00edckej moderny.\",\"breadcrumb\":{\"@id\":\"https:\/\/www.regionsaris.sk\/vyznamna-tvar\/rudolf-dilong\/#breadcrumb\"},\"inLanguage\":\"hu\",\"potentialAction\":[{\"@type\":\"ReadAction\",\"target\":[\"https:\/\/www.regionsaris.sk\/vyznamna-tvar\/rudolf-dilong\/\"]}]},{\"@type\":\"ImageObject\",\"inLanguage\":\"hu\",\"@id\":\"https:\/\/www.regionsaris.sk\/vyznamna-tvar\/rudolf-dilong\/#primaryimage\",\"url\":\"https:\/\/www.regionsaris.sk\/wp-content\/uploads\/2026\/03\/rudolf-dilong-vyznamne-tvare-regionu-oocrrs.jpg\",\"contentUrl\":\"https:\/\/www.regionsaris.sk\/wp-content\/uploads\/2026\/03\/rudolf-dilong-vyznamne-tvare-regionu-oocrrs.jpg\",\"width\":500,\"height\":500},{\"@type\":\"BreadcrumbList\",\"@id\":\"https:\/\/www.regionsaris.sk\/vyznamna-tvar\/rudolf-dilong\/#breadcrumb\",\"itemListElement\":[{\"@type\":\"ListItem\",\"position\":1,\"name\":\"Domov\",\"item\":\"https:\/\/www.regionsaris.sk\/\"},{\"@type\":\"ListItem\",\"position\":2,\"name\":\"V\u00fdznamn\u00e9 tv\u00e1re regi\u00f3nu\",\"item\":\"https:\/\/www.regionsaris.sk\/vyznamne-tvare-regionu\/\"},{\"@type\":\"ListItem\",\"position\":3,\"name\":\"Rudolf Dilong\"}]},{\"@type\":\"WebSite\",\"@id\":\"https:\/\/www.regionsaris.sk\/#website\",\"url\":\"https:\/\/www.regionsaris.sk\/\",\"name\":\"OOCR \u0160ari\u0161\",\"description\":\"\",\"potentialAction\":[{\"@type\":\"SearchAction\",\"target\":{\"@type\":\"EntryPoint\",\"urlTemplate\":\"https:\/\/www.regionsaris.sk\/?s={search_term_string}\"},\"query-input\":{\"@type\":\"PropertyValueSpecification\",\"valueRequired\":true,\"valueName\":\"search_term_string\"}}],\"inLanguage\":\"hu\"}]}<\/script>\n<!-- \/ Yoast SEO Premium plugin. -->","yoast_head_json":{"title":"Rudolf Dilong - OOCR \u0160ari\u0161","description":"Rudolf Dilong ur\u010dit\u00fd \u010das p\u00f4sobil v Pre\u0161ove, no pres\u0165ahoval sa do Ameriky. Bol popredn\u00fdm predstavite\u013eom katol\u00edckej moderny.","robots":{"index":"index","follow":"follow","max-snippet":"max-snippet:-1","max-image-preview":"max-image-preview:large","max-video-preview":"max-video-preview:-1"},"canonical":"https:\/\/www.regionsaris.sk\/hu\/vyznamna-tvar\/rudolf-dilong\/","og_locale":"hu_HU","og_type":"article","og_title":"Rudolf Dilong","og_description":"Rudolf Dilong ur\u010dit\u00fd \u010das p\u00f4sobil v Pre\u0161ove, no pres\u0165ahoval sa do Ameriky. Bol popredn\u00fdm predstavite\u013eom katol\u00edckej moderny.","og_url":"https:\/\/www.regionsaris.sk\/hu\/vyznamna-tvar\/rudolf-dilong\/","og_site_name":"OOCR \u0160ari\u0161","article_modified_time":"2026-04-01T09:19:40+00:00","og_image":[{"width":500,"height":500,"url":"https:\/\/www.regionsaris.sk\/wp-content\/uploads\/2026\/03\/rudolf-dilong-vyznamne-tvare-regionu-oocrrs.jpg","type":"image\/jpeg"}],"twitter_card":"summary_large_image","twitter_misc":{"Becs\u00fclt olvas\u00e1si id\u0151":"3 perc"},"schema":{"@context":"https:\/\/schema.org","@graph":[{"@type":"WebPage","@id":"https:\/\/www.regionsaris.sk\/vyznamna-tvar\/rudolf-dilong\/","url":"https:\/\/www.regionsaris.sk\/vyznamna-tvar\/rudolf-dilong\/","name":"Rudolf Dilong - OOCR \u0160ari\u0161","isPartOf":{"@id":"https:\/\/www.regionsaris.sk\/#website"},"primaryImageOfPage":{"@id":"https:\/\/www.regionsaris.sk\/vyznamna-tvar\/rudolf-dilong\/#primaryimage"},"image":{"@id":"https:\/\/www.regionsaris.sk\/vyznamna-tvar\/rudolf-dilong\/#primaryimage"},"thumbnailUrl":"https:\/\/www.regionsaris.sk\/wp-content\/uploads\/2026\/03\/rudolf-dilong-vyznamne-tvare-regionu-oocrrs.jpg","datePublished":"2026-03-22T10:35:25+00:00","dateModified":"2026-04-01T09:19:40+00:00","description":"Rudolf Dilong ur\u010dit\u00fd \u010das p\u00f4sobil v Pre\u0161ove, no pres\u0165ahoval sa do Ameriky. Bol popredn\u00fdm predstavite\u013eom katol\u00edckej moderny.","breadcrumb":{"@id":"https:\/\/www.regionsaris.sk\/vyznamna-tvar\/rudolf-dilong\/#breadcrumb"},"inLanguage":"hu","potentialAction":[{"@type":"ReadAction","target":["https:\/\/www.regionsaris.sk\/vyznamna-tvar\/rudolf-dilong\/"]}]},{"@type":"ImageObject","inLanguage":"hu","@id":"https:\/\/www.regionsaris.sk\/vyznamna-tvar\/rudolf-dilong\/#primaryimage","url":"https:\/\/www.regionsaris.sk\/wp-content\/uploads\/2026\/03\/rudolf-dilong-vyznamne-tvare-regionu-oocrrs.jpg","contentUrl":"https:\/\/www.regionsaris.sk\/wp-content\/uploads\/2026\/03\/rudolf-dilong-vyznamne-tvare-regionu-oocrrs.jpg","width":500,"height":500},{"@type":"BreadcrumbList","@id":"https:\/\/www.regionsaris.sk\/vyznamna-tvar\/rudolf-dilong\/#breadcrumb","itemListElement":[{"@type":"ListItem","position":1,"name":"Domov","item":"https:\/\/www.regionsaris.sk\/"},{"@type":"ListItem","position":2,"name":"V\u00fdznamn\u00e9 tv\u00e1re regi\u00f3nu","item":"https:\/\/www.regionsaris.sk\/vyznamne-tvare-regionu\/"},{"@type":"ListItem","position":3,"name":"Rudolf Dilong"}]},{"@type":"WebSite","@id":"https:\/\/www.regionsaris.sk\/#website","url":"https:\/\/www.regionsaris.sk\/","name":"OOCR \u0160ari\u0161","description":"","potentialAction":[{"@type":"SearchAction","target":{"@type":"EntryPoint","urlTemplate":"https:\/\/www.regionsaris.sk\/?s={search_term_string}"},"query-input":{"@type":"PropertyValueSpecification","valueRequired":true,"valueName":"search_term_string"}}],"inLanguage":"hu"}]}},"_links":{"self":[{"href":"https:\/\/www.regionsaris.sk\/hu\/wp-json\/wp\/v2\/vyznamna-tvar\/4113","targetHints":{"allow":["GET"]}}],"collection":[{"href":"https:\/\/www.regionsaris.sk\/hu\/wp-json\/wp\/v2\/vyznamna-tvar"}],"about":[{"href":"https:\/\/www.regionsaris.sk\/hu\/wp-json\/wp\/v2\/types\/vyznamna-tvar"}],"wp:featuredmedia":[{"embeddable":true,"href":"https:\/\/www.regionsaris.sk\/hu\/wp-json\/wp\/v2\/media\/4268"}],"wp:attachment":[{"href":"https:\/\/www.regionsaris.sk\/hu\/wp-json\/wp\/v2\/media?parent=4113"}],"wp:term":[{"taxonomy":"kategoria-vyznamnych-tvari","embeddable":true,"href":"https:\/\/www.regionsaris.sk\/hu\/wp-json\/wp\/v2\/kategoria-vyznamnych-tvari?post=4113"},{"taxonomy":"oblast-posobenia","embeddable":true,"href":"https:\/\/www.regionsaris.sk\/hu\/wp-json\/wp\/v2\/oblast-posobenia?post=4113"}],"curies":[{"name":"wp","href":"https:\/\/api.w.org\/{rel}","templated":true}]}}