{"id":4082,"date":"2026-03-20T11:33:55","date_gmt":"2026-03-20T10:33:55","guid":{"rendered":"https:\/\/www.regionsaris.sk\/?post_type=vyznamna-tvar&#038;p=4082"},"modified":"2026-04-01T10:52:23","modified_gmt":"2026-04-01T09:52:23","slug":"pavol-petro-gojdic","status":"publish","type":"vyznamna-tvar","link":"https:\/\/www.regionsaris.sk\/hu\/vyznamna-tvar\/pavol-petro-gojdic\/","title":{"rendered":"Pavol Petro Gojdi\u010d"},"content":{"rendered":"<p>1888. j\u00falius 17-\u00e9n sz\u00fcletett Ruske Pek\u013eanyban, Stefan Gojdi\u010d g\u00f6r\u00f6gkatolikus pap \u00e9s feles\u00e9ge, Gerbery Anna csal\u00e1dj\u00e1ban. Teol\u00f3gi\u00e1t tanult Pre\u0161ovban \u00e9s Budapesten. 1911-ben szentelt\u00e9k papp\u00e1 a pre\u0161ovi Keresztel\u0151 Szent J\u00e1nos-sz\u00e9kesegyh\u00e1zban. Ezt k\u00f6vet\u0151en Cige\u013ek\u00e1ban \u00e9s Pre\u0161ovban m\u0171k\u00f6d\u00f6tt. 1922. j\u00falius 20-\u00e1n bel\u00e9pett a Muka\u010devo melletti \u010cerne\u010d-hegyen l\u00e9v\u0151 bazilita kolostorba, ahol felvette a \u201ePavel\u201c szerzetesi nevet.<\/p>\n\n\n\n<p>1926-ban kinevezt\u00e9k a pre\u0161ovi egyh\u00e1zmegye apostoli adminisztr\u00e1tor\u00e1v\u00e1. P\u00fcsp\u00f6kk\u00e9 1927. m\u00e1rcius 25-\u00e9n szentelte p\u00fcsp\u00f6kk\u00e9 a r\u00f3mai Szent Kelemen-bazilik\u00e1ban Ny\u00e1radi Dion\u00fdz kri\u017eev\u00e1ci p\u00fcsp\u00f6k, aki addig a pre\u0161ovi apostoli adminisztr\u00e1tor volt. 1940. augusztus 8-\u00e1n Pre\u0161ovban helyezt\u00e9k tr\u00f3nra, mint pre\u0161ovi rezidens p\u00fcsp\u00f6k\u00f6t, 1946. janu\u00e1r 15-\u00e9n pedig meger\u0151s\u00edtett\u00e9k joghat\u00f3s\u00e1g\u00e1t az eg\u00e9sz Csehszlov\u00e1kia g\u00f6r\u00f6g katolikusai felett.<\/p>\n\n\n\n<p>Amikor 1948 ut\u00e1n Csehszlov\u00e1kia Kommunista P\u00e1rtja a Szovjetuni\u00f3 p\u00e9ld\u00e1j\u00e1t k\u00f6vetve v\u00e1llalta a szlov\u00e1kiai g\u00f6r\u00f6g katolikus egyh\u00e1z felsz\u00e1mol\u00e1s\u00e1t, 1950. \u00e1prilis 28-\u00e1n, a \u201ePre\u0161ov Sobor\u201c nev\u0171 egyh\u00e1zellenes akci\u00f3 sor\u00e1n Gojdi\u010d vladyk\u00e1t letart\u00f3ztatt\u00e1k \u00e9s intern\u00e1lt\u00e1k, \u00e9s ezzel egyidej\u0171leg adminisztrat\u00edv \u00faton a g\u00f6r\u00f6g katolikus egyh\u00e1zat is felsz\u00e1molt\u00e1k. Egy koholt perben Gojdi\u010dot Vojta\u0161\u0161\u00e1k \u00e9s Buzalek p\u00fcsp\u00f6k\u00f6kkel egy\u00fctt \u00e9letfogytiglani b\u00f6rt\u00f6nb\u00fcntet\u00e9sre \u00edt\u00e9lt\u00e9k haza\u00e1rul\u00e1s\u00e9rt.&nbsp;<\/p>\n\n\n\n<p>A Leopold b\u00f6rt\u00f6nben 1960. j\u00falius 17-\u00e9n, 72. sz\u00fclet\u00e9snapj\u00e1n, k\u00ednz\u00e1sok \u00e9s b\u00e1ntalmaz\u00e1sok k\u00f6vetkezt\u00e9ben halt meg. A b\u00f6rt\u00f6n temet\u0151j\u00e9ben temett\u00e9k el, s\u00edrj\u00e1t csak a 681-es sz\u00e1mmal jel\u00f6lt\u00e9k.<\/p>\n\n\n\n<p>1968. okt\u00f3ber 29-\u00e9n exhum\u00e1lt\u00e1k f\u00f6ldi maradv\u00e1nyait, \u00e9s Pre\u0161ovba vitt\u00e9k, ahol a P\u00e9ter \u00e9s P\u00e1l apostolok k\u00e1poln\u00e1j\u00e1ban helyezt\u00e9k el. 1990 \u00f3ta szarkof\u00e1gban \u0151rzik \u0151ket a pre\u0161ovi Keresztel\u0151 Szent J\u00e1nos g\u00f6r\u00f6g katolikus sz\u00e9kesegyh\u00e1z k\u00e1poln\u00e1j\u00e1ban. 2001. november 4-\u00e9n II. J\u00e1nos P\u00e1l p\u00e1pa a vatik\u00e1ni Szent P\u00e9ter t\u00e9ren boldogg\u00e1 avatta Paul Petro Gojdi\u010dot. Az \u00f6n\u00e1ll\u00f3 Szlov\u00e1kia megalakul\u00e1s\u00e1nak 7. \u00e9vfordul\u00f3ja alkalm\u00e1b\u00f3l Pavol Petro Gojdi\u010d p\u00fcsp\u00f6k a Szlov\u00e1k K\u00f6zt\u00e1rsas\u00e1g korm\u00e1nya eml\u00e9k\u00e9re az I. oszt\u00e1ly\u00fa Pribina-keresztet kapta.<\/p>\n\n\n\n<p><strong>Forr\u00e1s:<\/strong> https:\/\/sk.wikipedia.org\/wiki\/Pavol_Petro_Gojdi\u010d<br><strong>Fot\u00f3 forr\u00e1sa:<\/strong> Szerz\u0151 Ismeretlen - Erzeparchie Prestov - www.grkatpo.sk\/historia_biskupi, CC BY-SA 3.0, https:\/\/commons.wikimedia.org\/w\/index.php?curid=8551906<\/p>","protected":false},"featured_media":4274,"template":"","meta":{"_acf_changed":true},"kategoria-vyznamnych-tvari":[230],"oblast-posobenia":[231],"class_list":["post-4082","vyznamna-tvar","type-vyznamna-tvar","status-publish","has-post-thumbnail","hentry","kategoria-vyznamnych-tvari-historicka-osobnost","oblast-posobenia-teologia"],"acf":[],"yoast_head":"<!-- This site is optimized with the Yoast SEO Premium plugin v26.3 (Yoast SEO v26.8) - https:\/\/yoast.com\/product\/yoast-seo-premium-wordpress\/ -->\n<title>Pavol Petro Gojdi\u010d - OOCR \u0160ari\u0161<\/title>\n<meta name=\"description\" content=\"Pavol Petro Gojdi\u010d bol gr\u00e9ckokatol\u00edcky k\u0148az, biskup. Po n\u00e1silnej smrti bol vyhl\u00e1sen\u00fd za blahoslaven\u00e9ho mu\u010den\u00edka.\" \/>\n<meta name=\"robots\" content=\"index, follow, max-snippet:-1, max-image-preview:large, max-video-preview:-1\" \/>\n<link rel=\"canonical\" href=\"https:\/\/www.regionsaris.sk\/hu\/vyznamna-tvar\/pavol-petro-gojdic\/\" \/>\n<meta property=\"og:locale\" content=\"hu_HU\" \/>\n<meta property=\"og:type\" content=\"article\" \/>\n<meta property=\"og:title\" content=\"Pavol Petro Gojdi\u010d\" \/>\n<meta property=\"og:description\" content=\"Pavol Petro Gojdi\u010d bol gr\u00e9ckokatol\u00edcky k\u0148az, biskup. Po n\u00e1silnej smrti bol vyhl\u00e1sen\u00fd za blahoslaven\u00e9ho mu\u010den\u00edka.\" \/>\n<meta property=\"og:url\" content=\"https:\/\/www.regionsaris.sk\/hu\/vyznamna-tvar\/pavol-petro-gojdic\/\" \/>\n<meta property=\"og:site_name\" content=\"OOCR \u0160ari\u0161\" \/>\n<meta property=\"article:modified_time\" content=\"2026-04-01T09:52:23+00:00\" \/>\n<meta property=\"og:image\" content=\"https:\/\/www.regionsaris.sk\/wp-content\/uploads\/2026\/03\/pavol-petro-gojdic-vyznamne-tvare-regionu-oocrrs.jpg\" \/>\n\t<meta property=\"og:image:width\" content=\"500\" \/>\n\t<meta property=\"og:image:height\" content=\"500\" \/>\n\t<meta property=\"og:image:type\" content=\"image\/jpeg\" \/>\n<meta name=\"twitter:card\" content=\"summary_large_image\" \/>\n<meta name=\"twitter:label1\" content=\"Becs\u00fclt olvas\u00e1si id\u0151\" \/>\n\t<meta name=\"twitter:data1\" content=\"2 perc\" \/>\n<script type=\"application\/ld+json\" class=\"yoast-schema-graph\">{\"@context\":\"https:\/\/schema.org\",\"@graph\":[{\"@type\":\"WebPage\",\"@id\":\"https:\/\/www.regionsaris.sk\/vyznamna-tvar\/pavol-petro-gojdic\/\",\"url\":\"https:\/\/www.regionsaris.sk\/vyznamna-tvar\/pavol-petro-gojdic\/\",\"name\":\"Pavol Petro Gojdi\u010d - OOCR \u0160ari\u0161\",\"isPartOf\":{\"@id\":\"https:\/\/www.regionsaris.sk\/#website\"},\"primaryImageOfPage\":{\"@id\":\"https:\/\/www.regionsaris.sk\/vyznamna-tvar\/pavol-petro-gojdic\/#primaryimage\"},\"image\":{\"@id\":\"https:\/\/www.regionsaris.sk\/vyznamna-tvar\/pavol-petro-gojdic\/#primaryimage\"},\"thumbnailUrl\":\"https:\/\/www.regionsaris.sk\/wp-content\/uploads\/2026\/03\/pavol-petro-gojdic-vyznamne-tvare-regionu-oocrrs.jpg\",\"datePublished\":\"2026-03-20T10:33:55+00:00\",\"dateModified\":\"2026-04-01T09:52:23+00:00\",\"description\":\"Pavol Petro Gojdi\u010d bol gr\u00e9ckokatol\u00edcky k\u0148az, biskup. Po n\u00e1silnej smrti bol vyhl\u00e1sen\u00fd za blahoslaven\u00e9ho mu\u010den\u00edka.\",\"breadcrumb\":{\"@id\":\"https:\/\/www.regionsaris.sk\/vyznamna-tvar\/pavol-petro-gojdic\/#breadcrumb\"},\"inLanguage\":\"hu\",\"potentialAction\":[{\"@type\":\"ReadAction\",\"target\":[\"https:\/\/www.regionsaris.sk\/vyznamna-tvar\/pavol-petro-gojdic\/\"]}]},{\"@type\":\"ImageObject\",\"inLanguage\":\"hu\",\"@id\":\"https:\/\/www.regionsaris.sk\/vyznamna-tvar\/pavol-petro-gojdic\/#primaryimage\",\"url\":\"https:\/\/www.regionsaris.sk\/wp-content\/uploads\/2026\/03\/pavol-petro-gojdic-vyznamne-tvare-regionu-oocrrs.jpg\",\"contentUrl\":\"https:\/\/www.regionsaris.sk\/wp-content\/uploads\/2026\/03\/pavol-petro-gojdic-vyznamne-tvare-regionu-oocrrs.jpg\",\"width\":500,\"height\":500},{\"@type\":\"BreadcrumbList\",\"@id\":\"https:\/\/www.regionsaris.sk\/vyznamna-tvar\/pavol-petro-gojdic\/#breadcrumb\",\"itemListElement\":[{\"@type\":\"ListItem\",\"position\":1,\"name\":\"Domov\",\"item\":\"https:\/\/www.regionsaris.sk\/\"},{\"@type\":\"ListItem\",\"position\":2,\"name\":\"V\u00fdznamn\u00e9 tv\u00e1re regi\u00f3nu\",\"item\":\"https:\/\/www.regionsaris.sk\/vyznamne-tvare-regionu\/\"},{\"@type\":\"ListItem\",\"position\":3,\"name\":\"Pavol Petro Gojdi\u010d\"}]},{\"@type\":\"WebSite\",\"@id\":\"https:\/\/www.regionsaris.sk\/#website\",\"url\":\"https:\/\/www.regionsaris.sk\/\",\"name\":\"OOCR \u0160ari\u0161\",\"description\":\"\",\"potentialAction\":[{\"@type\":\"SearchAction\",\"target\":{\"@type\":\"EntryPoint\",\"urlTemplate\":\"https:\/\/www.regionsaris.sk\/?s={search_term_string}\"},\"query-input\":{\"@type\":\"PropertyValueSpecification\",\"valueRequired\":true,\"valueName\":\"search_term_string\"}}],\"inLanguage\":\"hu\"}]}<\/script>\n<!-- \/ Yoast SEO Premium plugin. -->","yoast_head_json":{"title":"Pavol Petro Gojdi\u010d - OOCR \u0160ari\u0161","description":"Pavol Petro Gojdi\u010d bol gr\u00e9ckokatol\u00edcky k\u0148az, biskup. Po n\u00e1silnej smrti bol vyhl\u00e1sen\u00fd za blahoslaven\u00e9ho mu\u010den\u00edka.","robots":{"index":"index","follow":"follow","max-snippet":"max-snippet:-1","max-image-preview":"max-image-preview:large","max-video-preview":"max-video-preview:-1"},"canonical":"https:\/\/www.regionsaris.sk\/hu\/vyznamna-tvar\/pavol-petro-gojdic\/","og_locale":"hu_HU","og_type":"article","og_title":"Pavol Petro Gojdi\u010d","og_description":"Pavol Petro Gojdi\u010d bol gr\u00e9ckokatol\u00edcky k\u0148az, biskup. Po n\u00e1silnej smrti bol vyhl\u00e1sen\u00fd za blahoslaven\u00e9ho mu\u010den\u00edka.","og_url":"https:\/\/www.regionsaris.sk\/hu\/vyznamna-tvar\/pavol-petro-gojdic\/","og_site_name":"OOCR \u0160ari\u0161","article_modified_time":"2026-04-01T09:52:23+00:00","og_image":[{"width":500,"height":500,"url":"https:\/\/www.regionsaris.sk\/wp-content\/uploads\/2026\/03\/pavol-petro-gojdic-vyznamne-tvare-regionu-oocrrs.jpg","type":"image\/jpeg"}],"twitter_card":"summary_large_image","twitter_misc":{"Becs\u00fclt olvas\u00e1si id\u0151":"2 perc"},"schema":{"@context":"https:\/\/schema.org","@graph":[{"@type":"WebPage","@id":"https:\/\/www.regionsaris.sk\/vyznamna-tvar\/pavol-petro-gojdic\/","url":"https:\/\/www.regionsaris.sk\/vyznamna-tvar\/pavol-petro-gojdic\/","name":"Pavol Petro Gojdi\u010d - OOCR \u0160ari\u0161","isPartOf":{"@id":"https:\/\/www.regionsaris.sk\/#website"},"primaryImageOfPage":{"@id":"https:\/\/www.regionsaris.sk\/vyznamna-tvar\/pavol-petro-gojdic\/#primaryimage"},"image":{"@id":"https:\/\/www.regionsaris.sk\/vyznamna-tvar\/pavol-petro-gojdic\/#primaryimage"},"thumbnailUrl":"https:\/\/www.regionsaris.sk\/wp-content\/uploads\/2026\/03\/pavol-petro-gojdic-vyznamne-tvare-regionu-oocrrs.jpg","datePublished":"2026-03-20T10:33:55+00:00","dateModified":"2026-04-01T09:52:23+00:00","description":"Pavol Petro Gojdi\u010d bol gr\u00e9ckokatol\u00edcky k\u0148az, biskup. Po n\u00e1silnej smrti bol vyhl\u00e1sen\u00fd za blahoslaven\u00e9ho mu\u010den\u00edka.","breadcrumb":{"@id":"https:\/\/www.regionsaris.sk\/vyznamna-tvar\/pavol-petro-gojdic\/#breadcrumb"},"inLanguage":"hu","potentialAction":[{"@type":"ReadAction","target":["https:\/\/www.regionsaris.sk\/vyznamna-tvar\/pavol-petro-gojdic\/"]}]},{"@type":"ImageObject","inLanguage":"hu","@id":"https:\/\/www.regionsaris.sk\/vyznamna-tvar\/pavol-petro-gojdic\/#primaryimage","url":"https:\/\/www.regionsaris.sk\/wp-content\/uploads\/2026\/03\/pavol-petro-gojdic-vyznamne-tvare-regionu-oocrrs.jpg","contentUrl":"https:\/\/www.regionsaris.sk\/wp-content\/uploads\/2026\/03\/pavol-petro-gojdic-vyznamne-tvare-regionu-oocrrs.jpg","width":500,"height":500},{"@type":"BreadcrumbList","@id":"https:\/\/www.regionsaris.sk\/vyznamna-tvar\/pavol-petro-gojdic\/#breadcrumb","itemListElement":[{"@type":"ListItem","position":1,"name":"Domov","item":"https:\/\/www.regionsaris.sk\/"},{"@type":"ListItem","position":2,"name":"V\u00fdznamn\u00e9 tv\u00e1re regi\u00f3nu","item":"https:\/\/www.regionsaris.sk\/vyznamne-tvare-regionu\/"},{"@type":"ListItem","position":3,"name":"Pavol Petro Gojdi\u010d"}]},{"@type":"WebSite","@id":"https:\/\/www.regionsaris.sk\/#website","url":"https:\/\/www.regionsaris.sk\/","name":"OOCR \u0160ari\u0161","description":"","potentialAction":[{"@type":"SearchAction","target":{"@type":"EntryPoint","urlTemplate":"https:\/\/www.regionsaris.sk\/?s={search_term_string}"},"query-input":{"@type":"PropertyValueSpecification","valueRequired":true,"valueName":"search_term_string"}}],"inLanguage":"hu"}]}},"_links":{"self":[{"href":"https:\/\/www.regionsaris.sk\/hu\/wp-json\/wp\/v2\/vyznamna-tvar\/4082","targetHints":{"allow":["GET"]}}],"collection":[{"href":"https:\/\/www.regionsaris.sk\/hu\/wp-json\/wp\/v2\/vyznamna-tvar"}],"about":[{"href":"https:\/\/www.regionsaris.sk\/hu\/wp-json\/wp\/v2\/types\/vyznamna-tvar"}],"wp:featuredmedia":[{"embeddable":true,"href":"https:\/\/www.regionsaris.sk\/hu\/wp-json\/wp\/v2\/media\/4274"}],"wp:attachment":[{"href":"https:\/\/www.regionsaris.sk\/hu\/wp-json\/wp\/v2\/media?parent=4082"}],"wp:term":[{"taxonomy":"kategoria-vyznamnych-tvari","embeddable":true,"href":"https:\/\/www.regionsaris.sk\/hu\/wp-json\/wp\/v2\/kategoria-vyznamnych-tvari?post=4082"},{"taxonomy":"oblast-posobenia","embeddable":true,"href":"https:\/\/www.regionsaris.sk\/hu\/wp-json\/wp\/v2\/oblast-posobenia?post=4082"}],"curies":[{"name":"wp","href":"https:\/\/api.w.org\/{rel}","templated":true}]}}