{"id":4080,"date":"2026-03-20T11:29:03","date_gmt":"2026-03-20T10:29:03","guid":{"rendered":"https:\/\/www.regionsaris.sk\/?post_type=vyznamna-tvar&#038;p=4080"},"modified":"2026-04-01T10:54:43","modified_gmt":"2026-04-01T09:54:43","slug":"jozef-gaganec","status":"publish","type":"vyznamna-tvar","link":"https:\/\/www.regionsaris.sk\/hu\/vyznamna-tvar\/jozef-gaganec\/","title":{"rendered":"Jozef Gaganec"},"content":{"rendered":"<p>Jozef Gaganec 1793. m\u00e1rcius 25-\u00e9n sz\u00fcletett Vy\u0161n\u00fd Tvaro\u017eec faluban (a mai Bardejovi j\u00e1r\u00e1s), egy templomi k\u00e1ntor csal\u00e1dj\u00e1ban t\u00edz gyermek k\u00f6z\u00fcl m\u00e1sodikk\u00e9nt. Az elemi iskol\u00e1t Bardejovban v\u00e9gezte, majd az \u00fajhelyi \u00e9s l\u00e9vai gimn\u00e1ziumokban folytatta tanulm\u00e1nyait. Fels\u0151fok\u00fa tanulm\u00e1nyait a nagyv\u00e1radi akad\u00e9mi\u00e1n kezdte, ahol filoz\u00f3fi\u00e1t tanult, majd a teol\u00f3giai tanulm\u00e1nyait Trnav\u00e1ban fejezte be. Anyanyelv\u00e9n, a ruszin mellett latinul, magyarul \u00e9s n\u00e9met\u00fcl is tudott.&nbsp;<\/p>\n\n\n\n<p>1817. m\u00e1rcius 8-\u00e1n szentelt\u00e9k papp\u00e1 Velky Varadinban. Papk\u00e9nt az akkori Rusk\u00e9 Pek\u013eany k\u00f6zs\u00e9gben kezdte, k\u00e9s\u0151bb Vislavban \u00e9s Hej\u0151kereszt\u00faron volt pl\u00e9b\u00e1nos, majd Borsod megye igumenje. Felszentel\u00e9se el\u0151tt feles\u00e9g\u00fcl vette Kovalicka Ann\u00e1t. Jozef Gaganec 1837-ben Gregor Tarkovi\u010d pre\u0161ovi\u0107i epacs titk\u00e1ra lett. Tarkovi\u010d hal\u00e1la ut\u00e1n, 1835-ben a pre\u0161ovi g\u00f6r\u00f6g katolikus eparchia kapitul\u00e1ris vik\u00e1riusa lett. Ugyanebben az \u00e9vben meg\u00f6zvegy\u00fclt, \u00e9s hamarosan kanonokk\u00e1 \u00e9s a p\u00fcsp\u00f6ki konziszt\u00f3rium tagj\u00e1v\u00e1 nevezt\u00e9k ki.<\/p>\n\n\n\n<p>I. Ferdin\u00e1nd cs\u00e1sz\u00e1r p\u00fcsp\u00f6kk\u00e9 nevezte ki Gaganec J\u00f3zsefet, \u00e9s 1843. j\u00fanius 25-\u00e9n a b\u00e9csi cs\u00e1sz\u00e1ri k\u00e1poln\u00e1ban a cs\u00e1sz\u00e1ri udvar jelenl\u00e9t\u00e9ben p\u00fcsp\u00f6kk\u00e9 szentelt\u00e9k. Popovics Bazil muhacsev\u00f3i p\u00fcsp\u00f6k szentelte fel.&nbsp;<\/p>\n\n\n\n<p>Presovi egyh\u00e1zf\u0151i hivatali ideje alatt 36 \u00faj templom \u00e9p\u00fclt az egyh\u00e1zmegy\u00e9ben, \u00e9s sz\u00e1mos templomot \u00fajj\u00e1\u00e9p\u00edtettek \u00e9s fel\u00faj\u00edtottak. Ez id\u0151 alatt 237 papot szentelt fel (190-et a pre\u0161ovi egyh\u00e1zmegye sz\u00e1m\u00e1ra, 12-t a Szent Bazil Rend sz\u00e1m\u00e1ra \u00e9s 35-\u00f6t a szomsz\u00e9dos ekepchies\u00e1k sz\u00e1m\u00e1ra). Papjaihoz gyakran \u00e9s nagyon hat\u00e1rozottan fordult int\u00e9sekkel \u00e9s k\u00e9r\u00e9sekkel, hogy h\u0171s\u00e9gesen \u0151rizz\u00e9k meg \u00e9s m\u00e9ly\u00edts\u00e9k el a keleti r\u00edtus ismeret\u00e9t.<\/p>\n\n\n\n<p>A Szlov\u00e1k M\u00e1trix tagja volt. Alexander Duchovi\u010d kezdem\u00e9nyez\u00e9s\u00e9re 1862-ben megalap\u00edtotta a Keresztel\u0151 Szent J\u00e1nos T\u00e1rsas\u00e1got, amelynek c\u00e9lja az \u00e1rva vagy szeg\u00e9ny di\u00e1kok gondoz\u00e1sa volt. A cs\u00e1sz\u00e1r a Ferenc J\u00f3zsef-renddel t\u00fcntette ki. 1868-ban IX. Pius p\u00e1pa kinevezte \u0151t p\u00e1pai seg\u00e9dtisztnek. 1875. december 22-\u00e9n halt meg.<\/p>\n\n\n\n<p><strong>Forr\u00e1s: <\/strong>https:\/\/sk.wikipedia.org\/wiki\/Jozef_Gaganec<br><strong>Fot\u00f3 forr\u00e1sa:<\/strong> Szerz\u0151 Ismeretlen - Erzeparchie Prestov - www.grkatpo.sk\/historia_biskupi, Free work, https:\/\/commons.wikimedia.org\/w\/index.php?curid=8551718<\/p>\n\n\n\n<p><\/p>","protected":false},"featured_media":4275,"template":"","meta":{"_acf_changed":true},"kategoria-vyznamnych-tvari":[230],"oblast-posobenia":[231],"class_list":["post-4080","vyznamna-tvar","type-vyznamna-tvar","status-publish","has-post-thumbnail","hentry","kategoria-vyznamnych-tvari-historicka-osobnost","oblast-posobenia-teologia"],"acf":[],"yoast_head":"<!-- This site is optimized with the Yoast SEO Premium plugin v26.3 (Yoast SEO v26.8) - https:\/\/yoast.com\/product\/yoast-seo-premium-wordpress\/ -->\n<title>Jozef Gaganec - OOCR \u0160ari\u0161<\/title>\n<meta name=\"description\" content=\"Jozef Gaganec bol v\u00fdznamn\u00fdm k\u02c7\u0148azom, predstavite\u013eom rus\u00ednskej kult\u00fary, biskupom a \u010dlenom Matice slovenskej.\" \/>\n<meta name=\"robots\" content=\"index, follow, max-snippet:-1, max-image-preview:large, max-video-preview:-1\" \/>\n<link rel=\"canonical\" href=\"https:\/\/www.regionsaris.sk\/hu\/vyznamna-tvar\/jozef-gaganec\/\" \/>\n<meta property=\"og:locale\" content=\"hu_HU\" \/>\n<meta property=\"og:type\" content=\"article\" \/>\n<meta property=\"og:title\" content=\"Jozef Gaganec\" \/>\n<meta property=\"og:description\" content=\"Jozef Gaganec bol v\u00fdznamn\u00fdm k\u02c7\u0148azom, predstavite\u013eom rus\u00ednskej kult\u00fary, biskupom a \u010dlenom Matice slovenskej.\" \/>\n<meta property=\"og:url\" content=\"https:\/\/www.regionsaris.sk\/hu\/vyznamna-tvar\/jozef-gaganec\/\" \/>\n<meta property=\"og:site_name\" content=\"OOCR \u0160ari\u0161\" \/>\n<meta property=\"article:modified_time\" content=\"2026-04-01T09:54:43+00:00\" \/>\n<meta property=\"og:image\" content=\"https:\/\/www.regionsaris.sk\/wp-content\/uploads\/2026\/03\/jozef-gaganec-vyznamne-tvare-regionu-oocrrs.jpg\" \/>\n\t<meta property=\"og:image:width\" content=\"500\" \/>\n\t<meta property=\"og:image:height\" content=\"500\" \/>\n\t<meta property=\"og:image:type\" content=\"image\/jpeg\" \/>\n<meta name=\"twitter:card\" content=\"summary_large_image\" \/>\n<meta name=\"twitter:label1\" content=\"Becs\u00fclt olvas\u00e1si id\u0151\" \/>\n\t<meta name=\"twitter:data1\" content=\"2 perc\" \/>\n<script type=\"application\/ld+json\" class=\"yoast-schema-graph\">{\"@context\":\"https:\/\/schema.org\",\"@graph\":[{\"@type\":\"WebPage\",\"@id\":\"https:\/\/www.regionsaris.sk\/vyznamna-tvar\/jozef-gaganec\/\",\"url\":\"https:\/\/www.regionsaris.sk\/vyznamna-tvar\/jozef-gaganec\/\",\"name\":\"Jozef Gaganec - OOCR \u0160ari\u0161\",\"isPartOf\":{\"@id\":\"https:\/\/www.regionsaris.sk\/#website\"},\"primaryImageOfPage\":{\"@id\":\"https:\/\/www.regionsaris.sk\/vyznamna-tvar\/jozef-gaganec\/#primaryimage\"},\"image\":{\"@id\":\"https:\/\/www.regionsaris.sk\/vyznamna-tvar\/jozef-gaganec\/#primaryimage\"},\"thumbnailUrl\":\"https:\/\/www.regionsaris.sk\/wp-content\/uploads\/2026\/03\/jozef-gaganec-vyznamne-tvare-regionu-oocrrs.jpg\",\"datePublished\":\"2026-03-20T10:29:03+00:00\",\"dateModified\":\"2026-04-01T09:54:43+00:00\",\"description\":\"Jozef Gaganec bol v\u00fdznamn\u00fdm k\u02c7\u0148azom, predstavite\u013eom rus\u00ednskej kult\u00fary, biskupom a \u010dlenom Matice slovenskej.\",\"breadcrumb\":{\"@id\":\"https:\/\/www.regionsaris.sk\/vyznamna-tvar\/jozef-gaganec\/#breadcrumb\"},\"inLanguage\":\"hu\",\"potentialAction\":[{\"@type\":\"ReadAction\",\"target\":[\"https:\/\/www.regionsaris.sk\/vyznamna-tvar\/jozef-gaganec\/\"]}]},{\"@type\":\"ImageObject\",\"inLanguage\":\"hu\",\"@id\":\"https:\/\/www.regionsaris.sk\/vyznamna-tvar\/jozef-gaganec\/#primaryimage\",\"url\":\"https:\/\/www.regionsaris.sk\/wp-content\/uploads\/2026\/03\/jozef-gaganec-vyznamne-tvare-regionu-oocrrs.jpg\",\"contentUrl\":\"https:\/\/www.regionsaris.sk\/wp-content\/uploads\/2026\/03\/jozef-gaganec-vyznamne-tvare-regionu-oocrrs.jpg\",\"width\":500,\"height\":500},{\"@type\":\"BreadcrumbList\",\"@id\":\"https:\/\/www.regionsaris.sk\/vyznamna-tvar\/jozef-gaganec\/#breadcrumb\",\"itemListElement\":[{\"@type\":\"ListItem\",\"position\":1,\"name\":\"Domov\",\"item\":\"https:\/\/www.regionsaris.sk\/\"},{\"@type\":\"ListItem\",\"position\":2,\"name\":\"V\u00fdznamn\u00e9 tv\u00e1re regi\u00f3nu\",\"item\":\"https:\/\/www.regionsaris.sk\/vyznamne-tvare-regionu\/\"},{\"@type\":\"ListItem\",\"position\":3,\"name\":\"Jozef Gaganec\"}]},{\"@type\":\"WebSite\",\"@id\":\"https:\/\/www.regionsaris.sk\/#website\",\"url\":\"https:\/\/www.regionsaris.sk\/\",\"name\":\"OOCR \u0160ari\u0161\",\"description\":\"\",\"potentialAction\":[{\"@type\":\"SearchAction\",\"target\":{\"@type\":\"EntryPoint\",\"urlTemplate\":\"https:\/\/www.regionsaris.sk\/?s={search_term_string}\"},\"query-input\":{\"@type\":\"PropertyValueSpecification\",\"valueRequired\":true,\"valueName\":\"search_term_string\"}}],\"inLanguage\":\"hu\"}]}<\/script>\n<!-- \/ Yoast SEO Premium plugin. -->","yoast_head_json":{"title":"Jozef Gaganec - OOCR \u0160ari\u0161","description":"Jozef Gaganec bol v\u00fdznamn\u00fdm k\u02c7\u0148azom, predstavite\u013eom rus\u00ednskej kult\u00fary, biskupom a \u010dlenom Matice slovenskej.","robots":{"index":"index","follow":"follow","max-snippet":"max-snippet:-1","max-image-preview":"max-image-preview:large","max-video-preview":"max-video-preview:-1"},"canonical":"https:\/\/www.regionsaris.sk\/hu\/vyznamna-tvar\/jozef-gaganec\/","og_locale":"hu_HU","og_type":"article","og_title":"Jozef Gaganec","og_description":"Jozef Gaganec bol v\u00fdznamn\u00fdm k\u02c7\u0148azom, predstavite\u013eom rus\u00ednskej kult\u00fary, biskupom a \u010dlenom Matice slovenskej.","og_url":"https:\/\/www.regionsaris.sk\/hu\/vyznamna-tvar\/jozef-gaganec\/","og_site_name":"OOCR \u0160ari\u0161","article_modified_time":"2026-04-01T09:54:43+00:00","og_image":[{"width":500,"height":500,"url":"https:\/\/www.regionsaris.sk\/wp-content\/uploads\/2026\/03\/jozef-gaganec-vyznamne-tvare-regionu-oocrrs.jpg","type":"image\/jpeg"}],"twitter_card":"summary_large_image","twitter_misc":{"Becs\u00fclt olvas\u00e1si id\u0151":"2 perc"},"schema":{"@context":"https:\/\/schema.org","@graph":[{"@type":"WebPage","@id":"https:\/\/www.regionsaris.sk\/vyznamna-tvar\/jozef-gaganec\/","url":"https:\/\/www.regionsaris.sk\/vyznamna-tvar\/jozef-gaganec\/","name":"Jozef Gaganec - OOCR \u0160ari\u0161","isPartOf":{"@id":"https:\/\/www.regionsaris.sk\/#website"},"primaryImageOfPage":{"@id":"https:\/\/www.regionsaris.sk\/vyznamna-tvar\/jozef-gaganec\/#primaryimage"},"image":{"@id":"https:\/\/www.regionsaris.sk\/vyznamna-tvar\/jozef-gaganec\/#primaryimage"},"thumbnailUrl":"https:\/\/www.regionsaris.sk\/wp-content\/uploads\/2026\/03\/jozef-gaganec-vyznamne-tvare-regionu-oocrrs.jpg","datePublished":"2026-03-20T10:29:03+00:00","dateModified":"2026-04-01T09:54:43+00:00","description":"Jozef Gaganec bol v\u00fdznamn\u00fdm k\u02c7\u0148azom, predstavite\u013eom rus\u00ednskej kult\u00fary, biskupom a \u010dlenom Matice slovenskej.","breadcrumb":{"@id":"https:\/\/www.regionsaris.sk\/vyznamna-tvar\/jozef-gaganec\/#breadcrumb"},"inLanguage":"hu","potentialAction":[{"@type":"ReadAction","target":["https:\/\/www.regionsaris.sk\/vyznamna-tvar\/jozef-gaganec\/"]}]},{"@type":"ImageObject","inLanguage":"hu","@id":"https:\/\/www.regionsaris.sk\/vyznamna-tvar\/jozef-gaganec\/#primaryimage","url":"https:\/\/www.regionsaris.sk\/wp-content\/uploads\/2026\/03\/jozef-gaganec-vyznamne-tvare-regionu-oocrrs.jpg","contentUrl":"https:\/\/www.regionsaris.sk\/wp-content\/uploads\/2026\/03\/jozef-gaganec-vyznamne-tvare-regionu-oocrrs.jpg","width":500,"height":500},{"@type":"BreadcrumbList","@id":"https:\/\/www.regionsaris.sk\/vyznamna-tvar\/jozef-gaganec\/#breadcrumb","itemListElement":[{"@type":"ListItem","position":1,"name":"Domov","item":"https:\/\/www.regionsaris.sk\/"},{"@type":"ListItem","position":2,"name":"V\u00fdznamn\u00e9 tv\u00e1re regi\u00f3nu","item":"https:\/\/www.regionsaris.sk\/vyznamne-tvare-regionu\/"},{"@type":"ListItem","position":3,"name":"Jozef Gaganec"}]},{"@type":"WebSite","@id":"https:\/\/www.regionsaris.sk\/#website","url":"https:\/\/www.regionsaris.sk\/","name":"OOCR \u0160ari\u0161","description":"","potentialAction":[{"@type":"SearchAction","target":{"@type":"EntryPoint","urlTemplate":"https:\/\/www.regionsaris.sk\/?s={search_term_string}"},"query-input":{"@type":"PropertyValueSpecification","valueRequired":true,"valueName":"search_term_string"}}],"inLanguage":"hu"}]}},"_links":{"self":[{"href":"https:\/\/www.regionsaris.sk\/hu\/wp-json\/wp\/v2\/vyznamna-tvar\/4080","targetHints":{"allow":["GET"]}}],"collection":[{"href":"https:\/\/www.regionsaris.sk\/hu\/wp-json\/wp\/v2\/vyznamna-tvar"}],"about":[{"href":"https:\/\/www.regionsaris.sk\/hu\/wp-json\/wp\/v2\/types\/vyznamna-tvar"}],"wp:featuredmedia":[{"embeddable":true,"href":"https:\/\/www.regionsaris.sk\/hu\/wp-json\/wp\/v2\/media\/4275"}],"wp:attachment":[{"href":"https:\/\/www.regionsaris.sk\/hu\/wp-json\/wp\/v2\/media?parent=4080"}],"wp:term":[{"taxonomy":"kategoria-vyznamnych-tvari","embeddable":true,"href":"https:\/\/www.regionsaris.sk\/hu\/wp-json\/wp\/v2\/kategoria-vyznamnych-tvari?post=4080"},{"taxonomy":"oblast-posobenia","embeddable":true,"href":"https:\/\/www.regionsaris.sk\/hu\/wp-json\/wp\/v2\/oblast-posobenia?post=4080"}],"curies":[{"name":"wp","href":"https:\/\/api.w.org\/{rel}","templated":true}]}}