{"id":3171,"date":"2026-01-11T13:42:08","date_gmt":"2026-01-11T12:42:08","guid":{"rendered":"https:\/\/www.regionsaris.sk\/?post_type=ubytovanie-gastro&#038;p=3171"},"modified":"2026-02-08T18:02:15","modified_gmt":"2026-02-08T17:02:15","slug":"hotel-dukla","status":"publish","type":"ubytovanie-gastro","link":"https:\/\/www.regionsaris.sk\/hu\/ubytovanie-gastro\/hotel-dukla\/","title":{"rendered":"Hotel Dukla"},"content":{"rendered":"A Hotel Dukla 1952-ben \u00e9p\u00fclt a r\u00e9gi posta hely\u00e9n. \u00dczembe helyez\u00e9s\u00e9vel kezd\u0151d\u00f6tt meg Pre\u0161ov v\u00e1ros sz\u00e1llodaipar\u00e1nak modernkori t\u00f6rt\u00e9nete. Fenn\u00e1ll\u00e1sa alatt a sz\u00e1lloda t\u00f6bbsz\u00f6r v\u00e1ltott tulajdonost \u00e9s k\u00fclsej\u00e9t.\n\nA 2002-2007 k\u00f6z\u00f6tti id\u0151szakban a sz\u00e1lloda t\u00f6bb szakaszban \u00e1tfog\u00f3 rekonstrukci\u00f3n esett \u00e1t. A rekonstrukci\u00f3 sor\u00e1n a sz\u00e1lloda\u00e9p\u00fclet konyh\u00e1j\u00e1t \u00e9s szoci\u00e1lis helyis\u00e9geit teljesen fel\u00faj\u00edtott\u00e1k az eur\u00f3pai szabv\u00e1nyoknak megfelel\u0151en. A k\u00edn\u00e1lt szolg\u00e1ltat\u00e1sok \u00e9s a f\u0151bej\u00e1ratr\u00f3l val\u00f3 kerekessz\u00e9kes megk\u00f6zel\u00edthet\u0151s\u00e9g tekintet\u00e9ben ugyanez a m\u00e9lygar\u00e1zsb\u00f3l is kieg\u00e9sz\u00fclt. A rekonstrukci\u00f3t k\u00f6vet\u0151en a sz\u00e1lloda egy 200 f\u0151 befogad\u00e1s\u00e1ra alkalmas kongresszusi teremmel, a sz\u00e1lloda legfels\u0151 emelet\u00e9n tal\u00e1lhat\u00f3 wellness-k\u00f6zponttal \u00e9s egy \u00faj t\u00e9likerttel rendelkezik. Mindezek az \u00faj ter\u00fcletek \u00e9s az eredeti lobby b\u00e1r, k\u00e1v\u00e9z\u00f3, \u00e9tterem, snack b\u00e1r l\u00e9gkondicion\u00e1ltak, ahogy a sz\u00e1llodai szob\u00e1k egy r\u00e9sze is.\n\nA sz\u00e1lloda 60 szob\u00e1val rendelkezik, \u00f6sszesen 101 \u00e1gyas kapacit\u00e1ssal. Minden szoba \u00edr\u00f3asztallal, m\u0171holdas TV-vel, internet-hozz\u00e1f\u00e9r\u00e9ssel, sz\u00e9ffel, minib\u00e1rral, hajsz\u00e1r\u00edt\u00f3val \u00e9s k\u00fcl\u00f6n f\u00fcrd\u0151szob\u00e1val, k\u00e1ddal \u00e9s WC-vel felszerelt. L\u00e9gkondicion\u00e1lt szob\u00e1k is rendelkez\u00e9sre \u00e1llnak.\n\nFenntart\u00e1sok: A sz\u00e1lloda a k\u00f6vetkez\u0151 szolg\u00e1ltat\u00e1sokat ny\u00fajtja: - Foglal\u00e1sok:\u00a0<a href=\"https:\/\/www.hotelduklapresov.sk\/kontakt\/\" target=\"_blank\" rel=\"noopener\">www.hotelduklapresov.sk\/rezervacia<\/a>\n\nH\u00e1zias \u00e9telek, region\u00e1lis specialit\u00e1sok \u00e9s veget\u00e1ri\u00e1nus \u00e9telek sz\u00e9les v\u00e1laszt\u00e9ka 10.00-21.00 \u00f3ra k\u00f6z\u00f6tt kellemes k\u00f6rnyezetben, a sz\u00e1lloda 120 f\u00e9r\u0151helyes, l\u00e9gkondicion\u00e1lt \u00e9tteremr\u00e9sz\u00e9ben, amely a mindennapi \u00e9tkez\u00e9sekhez, de k\u00fcl\u00f6nleges rendezv\u00e9nyek \u00e9s \u00fcnneps\u00e9gek szervez\u00e9s\u00e9hez is ig\u00e9nybe vehet\u0151.\n\nSzak\u00e1csokb\u00f3l \u00e9s pinc\u00e9rekb\u0151l \u00e1ll\u00f3 csapatunk gondoskodik arr\u00f3l, hogy a szak\u00e1csaink \u00e1ltal k\u00e9sz\u00edtett \u00edzletes \u00e9telek \u00e9lvezet\u00e9vel telve t\u00e1vozzon t\u0151l\u00fcnk. Az \u00e9tteremhez tartozik egy 20 f\u0151s kis t\u00e1rsalg\u00f3 is.\n\nA konferenciateremmel egy\u00fctt 550 f\u00e9r\u0151helyes, t\u00f6bb b\u00e1rral ell\u00e1tott luxus k\u00f6rnyezetben tal\u00e1lhat\u00f3, amely a nagy t\u00e1rsas\u00e1gi esem\u00e9nyek szervez\u00e9sekor a legig\u00e9nyesebb krit\u00e9riumoknak is megfelel.\n<h3>Lobby b\u00e1r<\/h3>\nA hangulatosan berendezett Lobby B\u00e1r ide\u00e1lis hely a zavartalan tal\u00e1lkoz\u00e1sokhoz egy j\u00f3 k\u00e1v\u00e9 vagy egy poh\u00e1r bor mellett 7.00 \u00f3r\u00e1t\u00f3l 22.00 \u00f3r\u00e1ig. 30 \u00fcl\u0151hely k\u00e9nyelmes fotelekben garant\u00e1lja, hogy nem akar majd elmenni t\u0151l\u00fcnk, egy nagy LCD k\u00e9perny\u0151 teszi kellemesebb\u00e9 a v\u00e1rakoz\u00e1st a t\u00e1rs\u00e1ra. A l\u00e9gkondicion\u00e1lt helyis\u00e9gekben alkoholos italok, \u00fcd\u00edt\u0151k \u00e9s k\u00e1v\u00e9k sz\u00e9les v\u00e1laszt\u00e9k\u00e1t szolg\u00e1ljuk fel.\n<h3>T\u00e9li kert<\/h3>\nAz \u00faj, st\u00edlusos b\u0151v\u00edt\u00e9s k\u00edv\u00fclr\u0151l is vonzza az \u00e9rdekl\u0151d\u0151ket \u00e9p\u00edt\u00e9szeti kialak\u00edt\u00e1s\u00e1val. A t\u00e9likertben 7.00-22.00 \u00f3ra k\u00f6z\u00f6tt teljes \u00e9tel- \u00e9s italk\u00edn\u00e1latot k\u00edn\u00e1lunk. A l\u00e9gkondicion\u00e1lt, szell\u0151s helyis\u00e9gek kiv\u00e1l\u00f3 helyet biztos\u00edtanak a kellemes \u00fcld\u00f6g\u00e9l\u00e9sre, k\u00fcl\u00f6n\u00f6sen a ny\u00e1ri h\u00f3napokban, kil\u00e1t\u00e1ssal a Legion\u00e1riusok ter\u00e9re \u00e9s Pre\u0161ov f\u0151utc\u00e1j\u00e1ra.\nAz 50 f\u00e9r\u0151helyes helyis\u00e9g kiv\u00e1l\u00f3an alkalmas kisebb z\u00e1rtk\u00f6r\u0171 c\u00e9ges vagy t\u00e1rsas\u00e1gi rendezv\u00e9nyek lebonyol\u00edt\u00e1s\u00e1ra.\n<h3>Caf\u00e9<\/h3>\nA hagyom\u00e1nyos, l\u00e9gkondicion\u00e1lt k\u00e1v\u00e9z\u00f3ban a bar\u00e1tokkal vagy \u00fczleti partnerekkel \u00fclhet le egy cs\u00e9sze k\u00e1v\u00e9 mellett, mik\u00f6zben a napi sajt\u00f3 az asztal\u00e1n van. A kellemes k\u00f6rnyezetben b\u00e1rpulttal 60 \u00fcl\u0151hely \u00e1ll rendelkez\u00e9sre, \u00e9s sz\u00fcks\u00e9g eset\u00e9n lehet\u0151s\u00e9g van a k\u00e1v\u00e9z\u00f3 \u00e9s az \u00e9ttermi r\u00e9sz \u00f6sszekapcsol\u00e1s\u00e1ra, ami nagyobb kultur\u00e1lis \u00e9s t\u00e1rsadalmi esem\u00e9nyek, p\u00e9ld\u00e1ul ballag\u00e1si \u00fcnneps\u00e9gek, b\u00e1lok, esk\u00fcv\u0151k, valamint c\u00e9ges rendezv\u00e9nyek szervez\u00e9s\u00e9re alkalmas teret teremt.\n<h3>Wellness<\/h3>\nA sz\u00e1lloda legfels\u0151 emelet\u00e9n vend\u00e9geink \u00e9s napi l\u00e1togat\u00f3ink a b\u00e9ke o\u00e1zis\u00e1t tal\u00e1lj\u00e1k - a Wellness K\u00f6zpontot, ahonnan panor\u00e1m\u00e1s kil\u00e1t\u00e1s ny\u00edlik Pre\u0161ovra, \u00e9s olyan szolg\u00e1ltat\u00e1sok sz\u00e9les sk\u00e1l\u00e1j\u00e1t k\u00edn\u00e1lja, amelyeket a v\u00e1rosban nem tal\u00e1l - fitneszk\u00f6zpont, massz\u00e1zsok, szaun\u00e1k, jacuzzi, fodr\u00e1szat, szol\u00e1rium, b\u00e1r \u00e9s pihen\u0151szoba.\n\nA wellnessk\u00f6zpontban profi szem\u00e9lyzet gondoskodik az \u00fcgyfelekr\u0151l.\n\nWellnessk\u00f6zpontunk nagyon \u00e9rdekes aj\u00e1nlata az aj\u00e1nd\u00e9kutalv\u00e1nyok, amelyekkel boldogg\u00e1 teheti szeretteit vagy \u00fczleti partnereit.","protected":false},"featured_media":2501,"template":"","meta":{"_acf_changed":false},"kategoria-poi":[204,200],"lokalita":[26],"sezona-poi":[],"trvanie-vyletu":[],"class_list":["post-3171","ubytovanie-gastro","type-ubytovanie-gastro","status-publish","has-post-thumbnail","hentry","kategoria-poi-hotely-a-penziony","kategoria-poi-ubytovanie-a-gastronomia","lokalita-mesto-presov"],"acf":[],"yoast_head":"<!-- This site is optimized with the Yoast SEO Premium plugin v26.3 (Yoast SEO v26.8) - https:\/\/yoast.com\/product\/yoast-seo-premium-wordpress\/ -->\n<title>Hotel Dukla - OOCR \u0160ari\u0161<\/title>\n<meta name=\"robots\" content=\"index, follow, max-snippet:-1, max-image-preview:large, max-video-preview:-1\" \/>\n<link rel=\"canonical\" href=\"https:\/\/www.regionsaris.sk\/hu\/ubytovanie-gastro\/hotel-dukla\/\" \/>\n<meta property=\"og:locale\" content=\"hu_HU\" \/>\n<meta property=\"og:type\" content=\"article\" \/>\n<meta property=\"og:title\" content=\"Hotel Dukla\" \/>\n<meta property=\"og:description\" content=\"Hotel Dukla bol postaven\u00fd v roku 1952 na mieste, kde st\u00e1la star\u00e1 po\u0161ta. Jeho uveden\u00edm...\" \/>\n<meta property=\"og:url\" content=\"https:\/\/www.regionsaris.sk\/hu\/ubytovanie-gastro\/hotel-dukla\/\" \/>\n<meta property=\"og:site_name\" content=\"OOCR \u0160ari\u0161\" \/>\n<meta property=\"article:modified_time\" content=\"2026-02-08T17:02:15+00:00\" \/>\n<meta property=\"og:image\" content=\"https:\/\/www.regionsaris.sk\/wp-content\/uploads\/2026\/01\/hotel_dukla_5.jpg\" \/>\n\t<meta property=\"og:image:width\" content=\"768\" \/>\n\t<meta property=\"og:image:height\" content=\"768\" \/>\n\t<meta property=\"og:image:type\" content=\"image\/jpeg\" \/>\n<meta name=\"twitter:card\" content=\"summary_large_image\" \/>\n<meta name=\"twitter:label1\" content=\"Becs\u00fclt olvas\u00e1si id\u0151\" \/>\n\t<meta name=\"twitter:data1\" content=\"4 perc\" \/>\n<script type=\"application\/ld+json\" class=\"yoast-schema-graph\">{\"@context\":\"https:\/\/schema.org\",\"@graph\":[{\"@type\":\"WebPage\",\"@id\":\"https:\/\/www.regionsaris.sk\/ubytovanie-gastro\/hotel-dukla\/\",\"url\":\"https:\/\/www.regionsaris.sk\/ubytovanie-gastro\/hotel-dukla\/\",\"name\":\"Hotel Dukla - OOCR \u0160ari\u0161\",\"isPartOf\":{\"@id\":\"https:\/\/www.regionsaris.sk\/#website\"},\"primaryImageOfPage\":{\"@id\":\"https:\/\/www.regionsaris.sk\/ubytovanie-gastro\/hotel-dukla\/#primaryimage\"},\"image\":{\"@id\":\"https:\/\/www.regionsaris.sk\/ubytovanie-gastro\/hotel-dukla\/#primaryimage\"},\"thumbnailUrl\":\"https:\/\/www.regionsaris.sk\/wp-content\/uploads\/2026\/01\/hotel_dukla_5.jpg\",\"datePublished\":\"2026-01-11T12:42:08+00:00\",\"dateModified\":\"2026-02-08T17:02:15+00:00\",\"breadcrumb\":{\"@id\":\"https:\/\/www.regionsaris.sk\/ubytovanie-gastro\/hotel-dukla\/#breadcrumb\"},\"inLanguage\":\"hu\",\"potentialAction\":[{\"@type\":\"ReadAction\",\"target\":[\"https:\/\/www.regionsaris.sk\/ubytovanie-gastro\/hotel-dukla\/\"]}]},{\"@type\":\"ImageObject\",\"inLanguage\":\"hu\",\"@id\":\"https:\/\/www.regionsaris.sk\/ubytovanie-gastro\/hotel-dukla\/#primaryimage\",\"url\":\"https:\/\/www.regionsaris.sk\/wp-content\/uploads\/2026\/01\/hotel_dukla_5.jpg\",\"contentUrl\":\"https:\/\/www.regionsaris.sk\/wp-content\/uploads\/2026\/01\/hotel_dukla_5.jpg\",\"width\":768,\"height\":768},{\"@type\":\"BreadcrumbList\",\"@id\":\"https:\/\/www.regionsaris.sk\/ubytovanie-gastro\/hotel-dukla\/#breadcrumb\",\"itemListElement\":[{\"@type\":\"ListItem\",\"position\":1,\"name\":\"Domov\",\"item\":\"https:\/\/www.regionsaris.sk\/\"},{\"@type\":\"ListItem\",\"position\":2,\"name\":\"Ubytovanie a gastron\u00f3mia v regi\u00f3ne\",\"item\":\"https:\/\/www.regionsaris.sk\/ubytovanie-gastro-region-saris\/\"},{\"@type\":\"ListItem\",\"position\":3,\"name\":\"Hotel Dukla\"}]},{\"@type\":\"WebSite\",\"@id\":\"https:\/\/www.regionsaris.sk\/#website\",\"url\":\"https:\/\/www.regionsaris.sk\/\",\"name\":\"OOCR \u0160ari\u0161\",\"description\":\"\",\"potentialAction\":[{\"@type\":\"SearchAction\",\"target\":{\"@type\":\"EntryPoint\",\"urlTemplate\":\"https:\/\/www.regionsaris.sk\/?s={search_term_string}\"},\"query-input\":{\"@type\":\"PropertyValueSpecification\",\"valueRequired\":true,\"valueName\":\"search_term_string\"}}],\"inLanguage\":\"hu\"}]}<\/script>\n<!-- \/ Yoast SEO Premium plugin. -->","yoast_head_json":{"title":"Hotel Dukla - OOCR \u0160ari\u0161","robots":{"index":"index","follow":"follow","max-snippet":"max-snippet:-1","max-image-preview":"max-image-preview:large","max-video-preview":"max-video-preview:-1"},"canonical":"https:\/\/www.regionsaris.sk\/hu\/ubytovanie-gastro\/hotel-dukla\/","og_locale":"hu_HU","og_type":"article","og_title":"Hotel Dukla","og_description":"Hotel Dukla bol postaven\u00fd v roku 1952 na mieste, kde st\u00e1la star\u00e1 po\u0161ta. Jeho uveden\u00edm...","og_url":"https:\/\/www.regionsaris.sk\/hu\/ubytovanie-gastro\/hotel-dukla\/","og_site_name":"OOCR \u0160ari\u0161","article_modified_time":"2026-02-08T17:02:15+00:00","og_image":[{"width":768,"height":768,"url":"https:\/\/www.regionsaris.sk\/wp-content\/uploads\/2026\/01\/hotel_dukla_5.jpg","type":"image\/jpeg"}],"twitter_card":"summary_large_image","twitter_misc":{"Becs\u00fclt olvas\u00e1si id\u0151":"4 perc"},"schema":{"@context":"https:\/\/schema.org","@graph":[{"@type":"WebPage","@id":"https:\/\/www.regionsaris.sk\/ubytovanie-gastro\/hotel-dukla\/","url":"https:\/\/www.regionsaris.sk\/ubytovanie-gastro\/hotel-dukla\/","name":"Hotel Dukla - OOCR \u0160ari\u0161","isPartOf":{"@id":"https:\/\/www.regionsaris.sk\/#website"},"primaryImageOfPage":{"@id":"https:\/\/www.regionsaris.sk\/ubytovanie-gastro\/hotel-dukla\/#primaryimage"},"image":{"@id":"https:\/\/www.regionsaris.sk\/ubytovanie-gastro\/hotel-dukla\/#primaryimage"},"thumbnailUrl":"https:\/\/www.regionsaris.sk\/wp-content\/uploads\/2026\/01\/hotel_dukla_5.jpg","datePublished":"2026-01-11T12:42:08+00:00","dateModified":"2026-02-08T17:02:15+00:00","breadcrumb":{"@id":"https:\/\/www.regionsaris.sk\/ubytovanie-gastro\/hotel-dukla\/#breadcrumb"},"inLanguage":"hu","potentialAction":[{"@type":"ReadAction","target":["https:\/\/www.regionsaris.sk\/ubytovanie-gastro\/hotel-dukla\/"]}]},{"@type":"ImageObject","inLanguage":"hu","@id":"https:\/\/www.regionsaris.sk\/ubytovanie-gastro\/hotel-dukla\/#primaryimage","url":"https:\/\/www.regionsaris.sk\/wp-content\/uploads\/2026\/01\/hotel_dukla_5.jpg","contentUrl":"https:\/\/www.regionsaris.sk\/wp-content\/uploads\/2026\/01\/hotel_dukla_5.jpg","width":768,"height":768},{"@type":"BreadcrumbList","@id":"https:\/\/www.regionsaris.sk\/ubytovanie-gastro\/hotel-dukla\/#breadcrumb","itemListElement":[{"@type":"ListItem","position":1,"name":"Domov","item":"https:\/\/www.regionsaris.sk\/"},{"@type":"ListItem","position":2,"name":"Ubytovanie a gastron\u00f3mia v regi\u00f3ne","item":"https:\/\/www.regionsaris.sk\/ubytovanie-gastro-region-saris\/"},{"@type":"ListItem","position":3,"name":"Hotel Dukla"}]},{"@type":"WebSite","@id":"https:\/\/www.regionsaris.sk\/#website","url":"https:\/\/www.regionsaris.sk\/","name":"OOCR \u0160ari\u0161","description":"","potentialAction":[{"@type":"SearchAction","target":{"@type":"EntryPoint","urlTemplate":"https:\/\/www.regionsaris.sk\/?s={search_term_string}"},"query-input":{"@type":"PropertyValueSpecification","valueRequired":true,"valueName":"search_term_string"}}],"inLanguage":"hu"}]}},"_links":{"self":[{"href":"https:\/\/www.regionsaris.sk\/hu\/wp-json\/wp\/v2\/ubytovanie-gastro\/3171","targetHints":{"allow":["GET"]}}],"collection":[{"href":"https:\/\/www.regionsaris.sk\/hu\/wp-json\/wp\/v2\/ubytovanie-gastro"}],"about":[{"href":"https:\/\/www.regionsaris.sk\/hu\/wp-json\/wp\/v2\/types\/ubytovanie-gastro"}],"wp:featuredmedia":[{"embeddable":true,"href":"https:\/\/www.regionsaris.sk\/hu\/wp-json\/wp\/v2\/media\/2501"}],"wp:attachment":[{"href":"https:\/\/www.regionsaris.sk\/hu\/wp-json\/wp\/v2\/media?parent=3171"}],"wp:term":[{"taxonomy":"kategoria-poi","embeddable":true,"href":"https:\/\/www.regionsaris.sk\/hu\/wp-json\/wp\/v2\/kategoria-poi?post=3171"},{"taxonomy":"lokalita","embeddable":true,"href":"https:\/\/www.regionsaris.sk\/hu\/wp-json\/wp\/v2\/lokalita?post=3171"},{"taxonomy":"sezona-poi","embeddable":true,"href":"https:\/\/www.regionsaris.sk\/hu\/wp-json\/wp\/v2\/sezona-poi?post=3171"},{"taxonomy":"trvanie-vyletu","embeddable":true,"href":"https:\/\/www.regionsaris.sk\/hu\/wp-json\/wp\/v2\/trvanie-vyletu?post=3171"}],"curies":[{"name":"wp","href":"https:\/\/api.w.org\/{rel}","templated":true}]}}