{"id":3025,"date":"2026-01-07T19:24:35","date_gmt":"2026-01-07T18:24:35","guid":{"rendered":"https:\/\/www.regionsaris.sk\/?post_type=prirodne-krasy&#038;p=3025"},"modified":"2026-02-05T14:32:16","modified_gmt":"2026-02-05T13:32:16","slug":"naucny-chodnik-sv-martina-z-tours","status":"publish","type":"prirodne-krasy","link":"https:\/\/www.regionsaris.sk\/hu\/prirodne-krasy\/naucny-chodnik-sv-martina-z-tours\/","title":{"rendered":"Tours-i Szent M\u00e1rton tan\u00f6sv\u00e9ny"},"content":{"rendered":"<div class=\"kvgmc6g5 cxmmr5t8 oygrvhab hcukyx3x c1et5uql ii04i59q\">\n<div dir=\"auto\">Kr\u00e1sna L\u00faka k\u00f6zs\u00e9g, n\u00e9pszer\u0171 nev\u00e9n \"\u0160envi\u017e\", a Ku\u010dmansk\u00fd-patak v\u00f6lgy\u00e9ben, a L\u00e9vai-hegys\u00e9g keleti kiugr\u00e1sai alatt fekszik, gy\u00f6ny\u00f6r\u0171, gy\u00f3gyn\u00f6v\u00e9nyekkel teli r\u00e9tekkel k\u00f6r\u00fclv\u00e9ve.<\/div>\n<div dir=\"auto\">A helyi templomot Tours-i Szent M\u00e1rtonnak szentelt\u00e9k. A helyi OZ \u0160envi\u017e r\u00e9szt vett egy \u00faj tan\u00f6sv\u00e9ny l\u00e9trehoz\u00e1s\u00e1ban. Ezt a k\u00fcl\u00f6nleges tan\u00f6sv\u00e9nyt a szentr\u0151l nevezt\u00e9k el, \u00e9s a tan\u00f6sv\u00e9nyen 7 \u00e1llom\u00e1s tal\u00e1lhat\u00f3, amelyek a szent \u00e9let\u00e9t mutatj\u00e1k be. Az \u00f6sv\u00e9nyen val\u00f3 s\u00e9t\u00e1t \u00e9nekl\u00e9ssel is kellemesebb\u00e9 lehet tenni. Minden t\u00e1bl\u00e1n egy-egy \u00e9nekvers tal\u00e1lhat\u00f3 az Egys\u00e9ges Katolikus Lexikonb\u00f3l.<\/div>\n<div dir=\"auto\">A Kr\u00e1sna L\u00faka faluba tett kir\u00e1ndul\u00e1s spiritu\u00e1lisan \u00e9s turisztikailag is \u00f6sszekapcsolhat\u00f3. A melegebb \u00e9vszakban \u00f6sszekapcsolhat\u00f3 a gy\u00f3gyn\u00f6v\u00e9nyek gy\u0171jt\u00e9s\u00e9vel, mint p\u00e9ld\u00e1ul az anyarozs, a k\u00f6k\u00e9ny, a bojtorj\u00e1n, a lovagi zs\u00e1lya, a csipkebogy\u00f3, a szalmavir\u00e1g. Ugyanakkor ezt a kellemes t\u00far\u00e1z\u00e1st \u00f6sszekapcsolhatja a \u201e\u0161merdza\u010dky\u201c - vajcovky \u00e1sv\u00e1nyv\u00edzkutakn\u00e1l val\u00f3 meg\u00e1ll\u00e1ssal, vagy a \u010cierna kopa kil\u00e1t\u00f3 megm\u00e1sz\u00e1s\u00e1val.<\/div>\n<div dir=\"auto\"><\/div>\n<\/div>\n<div class=\"cxmmr5t8 oygrvhab hcukyx3x c1et5uql o9v6fnle ii04i59q\">\n<div dir=\"auto\"><strong>Hogyan juthat el ide:<\/strong> A tan\u00f6sv\u00e9nyt a Tours-i Szent M\u00e1rton-templomt\u00f3l lehet megk\u00f6zel\u00edteni. Az \u00f6sv\u00e9ny egy f\u00f6ld\u00faton halad tov\u00e1bb \u00e9szak fel\u00e9 a Kereszt\u00fat st\u00e1ci\u00f3j\u00e1ig (5 perc). A kereszt\u00fat tetej\u00e9n tal\u00e1lhat\u00f3 a Szent Vendelin-k\u00e1polna. A k\u00e1polna m\u00f6g\u00f6tt van egy erd\u0151, ahol egy \u00f6sv\u00e9ny vezet fel a Vl\u010d\u00ed dol kereszthez, ahol van egy eur\u00f3pai v\u00edzv\u00e1laszt\u00f3 - a v\u00edz a Balti-tengerbe (Popr\u00e1d foly\u00f3) \u00e9s a Fekete-tengerbe (Torysa foly\u00f3) \u00f6mlik.<\/div>\n<div dir=\"auto\"><strong>Neh\u00e9zs\u00e9g:<\/strong> K\u00f6nny\u0171, minden koroszt\u00e1ly sz\u00e1m\u00e1ra alkalmas. Fiataloknak \u00e9s id\u0151seknek.<\/div>\n<\/div>","protected":false},"featured_media":2405,"template":"","meta":{"_acf_changed":false},"kategoria-poi":[168,102,170,107],"lokalita":[27],"sezona-poi":[],"trvanie-vyletu":[217,180],"class_list":["post-3025","prirodne-krasy","type-prirodne-krasy","status-publish","has-post-thumbnail","hentry","kategoria-poi-nabozensky-turizmus","kategoria-poi-prirodne-krasy","kategoria-poi-putnicke-miesta","kategoria-poi-turistika","lokalita-sabinov-a-okolie","trvanie-vyletu-kratke-vylety","trvanie-vyletu-poldenne-vylety"],"acf":[],"yoast_head":"<!-- This site is optimized with the Yoast SEO Premium plugin v26.3 (Yoast SEO v26.8) - https:\/\/yoast.com\/product\/yoast-seo-premium-wordpress\/ -->\n<title>N\u00e1u\u010dn\u00fd chodn\u00edk sv. Martina z Tours - OOCR \u0160ari\u0161<\/title>\n<meta name=\"robots\" content=\"index, follow, max-snippet:-1, max-image-preview:large, max-video-preview:-1\" \/>\n<link rel=\"canonical\" href=\"https:\/\/www.regionsaris.sk\/hu\/prirodne-krasy\/naucny-chodnik-sv-martina-z-tours\/\" \/>\n<meta property=\"og:locale\" content=\"hu_HU\" \/>\n<meta property=\"og:type\" content=\"article\" \/>\n<meta property=\"og:title\" content=\"N\u00e1u\u010dn\u00fd chodn\u00edk sv. Martina z Tours\" \/>\n<meta property=\"og:description\" content=\"Obec Kr\u00e1sna L\u00faka, \u013eudovo naz\u00fdvan\u00e1 &quot;\u0160envi\u017e&quot;, le\u017e\u00ed v doline Ku\u010dmansk\u00e9ho potoka, pod v\u00fdchodn\u00fdmi v\u00fdbe\u017ekami Levo\u010dsk\u00fdch...\" \/>\n<meta property=\"og:url\" content=\"https:\/\/www.regionsaris.sk\/hu\/prirodne-krasy\/naucny-chodnik-sv-martina-z-tours\/\" \/>\n<meta property=\"og:site_name\" content=\"OOCR \u0160ari\u0161\" \/>\n<meta property=\"article:modified_time\" content=\"2026-02-05T13:32:16+00:00\" \/>\n<meta property=\"og:image\" content=\"https:\/\/www.regionsaris.sk\/wp-content\/uploads\/2026\/01\/269781162_332819791998345_3834934600576178275_n.jpg\" \/>\n\t<meta property=\"og:image:width\" content=\"1920\" \/>\n\t<meta property=\"og:image:height\" content=\"1080\" \/>\n\t<meta property=\"og:image:type\" content=\"image\/jpeg\" \/>\n<meta name=\"twitter:card\" content=\"summary_large_image\" \/>\n<meta name=\"twitter:label1\" content=\"Becs\u00fclt olvas\u00e1si id\u0151\" \/>\n\t<meta name=\"twitter:data1\" content=\"1 perc\" \/>\n<script type=\"application\/ld+json\" class=\"yoast-schema-graph\">{\"@context\":\"https:\/\/schema.org\",\"@graph\":[{\"@type\":\"WebPage\",\"@id\":\"https:\/\/www.regionsaris.sk\/prirodne-krasy\/naucny-chodnik-sv-martina-z-tours\/\",\"url\":\"https:\/\/www.regionsaris.sk\/prirodne-krasy\/naucny-chodnik-sv-martina-z-tours\/\",\"name\":\"N\u00e1u\u010dn\u00fd chodn\u00edk sv. Martina z Tours - OOCR \u0160ari\u0161\",\"isPartOf\":{\"@id\":\"https:\/\/www.regionsaris.sk\/#website\"},\"primaryImageOfPage\":{\"@id\":\"https:\/\/www.regionsaris.sk\/prirodne-krasy\/naucny-chodnik-sv-martina-z-tours\/#primaryimage\"},\"image\":{\"@id\":\"https:\/\/www.regionsaris.sk\/prirodne-krasy\/naucny-chodnik-sv-martina-z-tours\/#primaryimage\"},\"thumbnailUrl\":\"https:\/\/www.regionsaris.sk\/wp-content\/uploads\/2026\/01\/269781162_332819791998345_3834934600576178275_n.jpg\",\"datePublished\":\"2026-01-07T18:24:35+00:00\",\"dateModified\":\"2026-02-05T13:32:16+00:00\",\"breadcrumb\":{\"@id\":\"https:\/\/www.regionsaris.sk\/prirodne-krasy\/naucny-chodnik-sv-martina-z-tours\/#breadcrumb\"},\"inLanguage\":\"hu\",\"potentialAction\":[{\"@type\":\"ReadAction\",\"target\":[\"https:\/\/www.regionsaris.sk\/prirodne-krasy\/naucny-chodnik-sv-martina-z-tours\/\"]}]},{\"@type\":\"ImageObject\",\"inLanguage\":\"hu\",\"@id\":\"https:\/\/www.regionsaris.sk\/prirodne-krasy\/naucny-chodnik-sv-martina-z-tours\/#primaryimage\",\"url\":\"https:\/\/www.regionsaris.sk\/wp-content\/uploads\/2026\/01\/269781162_332819791998345_3834934600576178275_n.jpg\",\"contentUrl\":\"https:\/\/www.regionsaris.sk\/wp-content\/uploads\/2026\/01\/269781162_332819791998345_3834934600576178275_n.jpg\",\"width\":1920,\"height\":1080},{\"@type\":\"BreadcrumbList\",\"@id\":\"https:\/\/www.regionsaris.sk\/prirodne-krasy\/naucny-chodnik-sv-martina-z-tours\/#breadcrumb\",\"itemListElement\":[{\"@type\":\"ListItem\",\"position\":1,\"name\":\"Domov\",\"item\":\"https:\/\/www.regionsaris.sk\/\"},{\"@type\":\"ListItem\",\"position\":2,\"name\":\"Pr\u00edrodn\u00e9 kr\u00e1sy v regi\u00f3ne\",\"item\":\"https:\/\/www.regionsaris.sk\/prirodne-krasy-v-regione\/\"},{\"@type\":\"ListItem\",\"position\":3,\"name\":\"N\u00e1u\u010dn\u00fd chodn\u00edk sv. Martina z Tours\"}]},{\"@type\":\"WebSite\",\"@id\":\"https:\/\/www.regionsaris.sk\/#website\",\"url\":\"https:\/\/www.regionsaris.sk\/\",\"name\":\"OOCR \u0160ari\u0161\",\"description\":\"\",\"potentialAction\":[{\"@type\":\"SearchAction\",\"target\":{\"@type\":\"EntryPoint\",\"urlTemplate\":\"https:\/\/www.regionsaris.sk\/?s={search_term_string}\"},\"query-input\":{\"@type\":\"PropertyValueSpecification\",\"valueRequired\":true,\"valueName\":\"search_term_string\"}}],\"inLanguage\":\"hu\"}]}<\/script>\n<!-- \/ Yoast SEO Premium plugin. -->","yoast_head_json":{"title":"N\u00e1u\u010dn\u00fd chodn\u00edk sv. Martina z Tours - OOCR \u0160ari\u0161","robots":{"index":"index","follow":"follow","max-snippet":"max-snippet:-1","max-image-preview":"max-image-preview:large","max-video-preview":"max-video-preview:-1"},"canonical":"https:\/\/www.regionsaris.sk\/hu\/prirodne-krasy\/naucny-chodnik-sv-martina-z-tours\/","og_locale":"hu_HU","og_type":"article","og_title":"N\u00e1u\u010dn\u00fd chodn\u00edk sv. Martina z Tours","og_description":"Obec Kr\u00e1sna L\u00faka, \u013eudovo naz\u00fdvan\u00e1 \"\u0160envi\u017e\", le\u017e\u00ed v doline Ku\u010dmansk\u00e9ho potoka, pod v\u00fdchodn\u00fdmi v\u00fdbe\u017ekami Levo\u010dsk\u00fdch...","og_url":"https:\/\/www.regionsaris.sk\/hu\/prirodne-krasy\/naucny-chodnik-sv-martina-z-tours\/","og_site_name":"OOCR \u0160ari\u0161","article_modified_time":"2026-02-05T13:32:16+00:00","og_image":[{"width":1920,"height":1080,"url":"https:\/\/www.regionsaris.sk\/wp-content\/uploads\/2026\/01\/269781162_332819791998345_3834934600576178275_n.jpg","type":"image\/jpeg"}],"twitter_card":"summary_large_image","twitter_misc":{"Becs\u00fclt olvas\u00e1si id\u0151":"1 perc"},"schema":{"@context":"https:\/\/schema.org","@graph":[{"@type":"WebPage","@id":"https:\/\/www.regionsaris.sk\/prirodne-krasy\/naucny-chodnik-sv-martina-z-tours\/","url":"https:\/\/www.regionsaris.sk\/prirodne-krasy\/naucny-chodnik-sv-martina-z-tours\/","name":"N\u00e1u\u010dn\u00fd chodn\u00edk sv. Martina z Tours - OOCR \u0160ari\u0161","isPartOf":{"@id":"https:\/\/www.regionsaris.sk\/#website"},"primaryImageOfPage":{"@id":"https:\/\/www.regionsaris.sk\/prirodne-krasy\/naucny-chodnik-sv-martina-z-tours\/#primaryimage"},"image":{"@id":"https:\/\/www.regionsaris.sk\/prirodne-krasy\/naucny-chodnik-sv-martina-z-tours\/#primaryimage"},"thumbnailUrl":"https:\/\/www.regionsaris.sk\/wp-content\/uploads\/2026\/01\/269781162_332819791998345_3834934600576178275_n.jpg","datePublished":"2026-01-07T18:24:35+00:00","dateModified":"2026-02-05T13:32:16+00:00","breadcrumb":{"@id":"https:\/\/www.regionsaris.sk\/prirodne-krasy\/naucny-chodnik-sv-martina-z-tours\/#breadcrumb"},"inLanguage":"hu","potentialAction":[{"@type":"ReadAction","target":["https:\/\/www.regionsaris.sk\/prirodne-krasy\/naucny-chodnik-sv-martina-z-tours\/"]}]},{"@type":"ImageObject","inLanguage":"hu","@id":"https:\/\/www.regionsaris.sk\/prirodne-krasy\/naucny-chodnik-sv-martina-z-tours\/#primaryimage","url":"https:\/\/www.regionsaris.sk\/wp-content\/uploads\/2026\/01\/269781162_332819791998345_3834934600576178275_n.jpg","contentUrl":"https:\/\/www.regionsaris.sk\/wp-content\/uploads\/2026\/01\/269781162_332819791998345_3834934600576178275_n.jpg","width":1920,"height":1080},{"@type":"BreadcrumbList","@id":"https:\/\/www.regionsaris.sk\/prirodne-krasy\/naucny-chodnik-sv-martina-z-tours\/#breadcrumb","itemListElement":[{"@type":"ListItem","position":1,"name":"Domov","item":"https:\/\/www.regionsaris.sk\/"},{"@type":"ListItem","position":2,"name":"Pr\u00edrodn\u00e9 kr\u00e1sy v regi\u00f3ne","item":"https:\/\/www.regionsaris.sk\/prirodne-krasy-v-regione\/"},{"@type":"ListItem","position":3,"name":"N\u00e1u\u010dn\u00fd chodn\u00edk sv. Martina z Tours"}]},{"@type":"WebSite","@id":"https:\/\/www.regionsaris.sk\/#website","url":"https:\/\/www.regionsaris.sk\/","name":"OOCR \u0160ari\u0161","description":"","potentialAction":[{"@type":"SearchAction","target":{"@type":"EntryPoint","urlTemplate":"https:\/\/www.regionsaris.sk\/?s={search_term_string}"},"query-input":{"@type":"PropertyValueSpecification","valueRequired":true,"valueName":"search_term_string"}}],"inLanguage":"hu"}]}},"_links":{"self":[{"href":"https:\/\/www.regionsaris.sk\/hu\/wp-json\/wp\/v2\/prirodne-krasy\/3025","targetHints":{"allow":["GET"]}}],"collection":[{"href":"https:\/\/www.regionsaris.sk\/hu\/wp-json\/wp\/v2\/prirodne-krasy"}],"about":[{"href":"https:\/\/www.regionsaris.sk\/hu\/wp-json\/wp\/v2\/types\/prirodne-krasy"}],"wp:featuredmedia":[{"embeddable":true,"href":"https:\/\/www.regionsaris.sk\/hu\/wp-json\/wp\/v2\/media\/2405"}],"wp:attachment":[{"href":"https:\/\/www.regionsaris.sk\/hu\/wp-json\/wp\/v2\/media?parent=3025"}],"wp:term":[{"taxonomy":"kategoria-poi","embeddable":true,"href":"https:\/\/www.regionsaris.sk\/hu\/wp-json\/wp\/v2\/kategoria-poi?post=3025"},{"taxonomy":"lokalita","embeddable":true,"href":"https:\/\/www.regionsaris.sk\/hu\/wp-json\/wp\/v2\/lokalita?post=3025"},{"taxonomy":"sezona-poi","embeddable":true,"href":"https:\/\/www.regionsaris.sk\/hu\/wp-json\/wp\/v2\/sezona-poi?post=3025"},{"taxonomy":"trvanie-vyletu","embeddable":true,"href":"https:\/\/www.regionsaris.sk\/hu\/wp-json\/wp\/v2\/trvanie-vyletu?post=3025"}],"curies":[{"name":"wp","href":"https:\/\/api.w.org\/{rel}","templated":true}]}}