{"id":2979,"date":"2026-01-07T19:24:37","date_gmt":"2026-01-07T18:24:37","guid":{"rendered":"https:\/\/www.regionsaris.sk\/?post_type=prirodne-krasy&#038;p=2979"},"modified":"2026-02-05T14:31:10","modified_gmt":"2026-02-05T13:31:10","slug":"lesny-naucny-chodnik-kanas-straze","status":"publish","type":"prirodne-krasy","link":"https:\/\/www.regionsaris.sk\/hu\/prirodne-krasy\/lesny-naucny-chodnik-kanas-straze\/","title":{"rendered":"Erdei tan\u00f6sv\u00e9ny Kanas Str\u00e1\u017ee"},"content":{"rendered":"<p>A Pre\u0161ov v\u00e1ros\u00e1t\u00f3l mind\u00f6ssze 10 kilom\u00e9terre tal\u00e1lhat\u00f3 Ve\u013ek\u00fd \u0160ari\u0161 Kanas telep\u00fcl\u00e9sr\u00e9sz term\u00e9szeti l\u00e1tv\u00e1nyoss\u00e1g, amelyet \u00e9rdemes felfedezni. Az eg\u00e9sz telep\u00fcl\u00e9st erd\u0151 veszi k\u00f6r\u00fcl, ahol megtapasztalhatja a l\u00e9lekemel\u0151 csendet \u00e9s nyugalmat.<\/p>\n\n\n\n<p>A kansasi erd\u0151k nagy r\u00e9sze egy eur\u00f3pai jelent\u0151s\u00e9g\u0171 ter\u00fclet r\u00e9sze, az \u00fan.\u00a0<strong>Fintikus lejt\u0151k<\/strong>, amely t\u00falnyom\u00f3r\u00e9szt b\u00fckk\u00f6s \u00e9s feny\u0151-b\u00fckk\u00f6s vir\u00e1gos erd\u0151ket tartalmaz, mint eur\u00f3pai jelent\u0151s\u00e9g\u0171 biot\u00f3pokat. Az \u00f6sszef\u00fcgg\u0151 erd\u0151takar\u00f3 olyan erdei \u00e1llatoknak ad otthont, mint a r\u00f3ka, a g\u00edmszarvas, a vaddiszn\u00f3 \u00e9s a f\u00e1c\u00e1n.<\/p>\n\n\n\n<p>Ez\u00e9rt hemzsegnek a t\u00f6lgyerd\u0151k az \u00e9lett\u0151l. Kanas a t\u00far\u00e1z\u00e1s szempontj\u00e1b\u00f3l is fontos, mivel egy piros jelz\u00e9s\u0171 \u00fat szeli \u00e1t\u00a0<strong>Az SNP h\u0151seinek \u00fatja<\/strong>, amely \u00f6sszek\u00f6ti Dukl\u00e1t a k\u00f6zt\u00e1rsas\u00e1g nyugati r\u00e9sz\u00e9n tal\u00e1lhat\u00f3 M.R. \u0160tef\u00e1nik bradlai k\u0151rak\u00e1ssal.<\/p>\n\n\n\n<p>Kezdje a\u00a0<strong>\u201eErdei tan\u00f6sv\u00e9ny Str\u00e1\u017ee\u201d<\/strong>\u00a0a \u201eKanas Str\u00e1\u017ee\u201c v\u00e9g\u00e1llom\u00e1son tal\u00e1lja. Az \u00f6sv\u00e9ny j\u00f3l jelzett. Hossza<strong>\u00a03 600 m<\/strong>, van\u00a0<strong>10 meg\u00e1ll\u00f3,<\/strong>\u00a0bele\u00e9rtve a fafarag\u00e1sok ki\u00e1ll\u00edt\u00e1s\u00e1t. Az utols\u00f3 meg\u00e1ll\u00f3 el\u0151tt aj\u00e1nljuk a k\u00fat megl\u00e1togat\u00e1s\u00e1t - az \u00fan.<strong>\u00a0<em>Szemtan\u00fa<\/em><\/strong>\u00a0ahogy a helyiek h\u00edvj\u00e1k.\u00a0<strong>*<\/strong>Azt mondj\u00e1k, hogy ha ezzel mosod a szemed, j\u00f3t\u00e9kony hat\u00e1ssal lesz a l\u00e1t\u00e1sodra, r\u00e1ad\u00e1sul csukott szemmel is pihenhetsz \u00e9s \u00e9lvezheted a csendet.<\/p>\n\n\n\n<p>Ha s\u00e9t\u00e1ja sor\u00e1n olyan t\u00e1rgyakra bukkan, amelyek nem a term\u00e9szetbe val\u00f3k, ne f\u00e9ljen lehajolni, felvenni \u00e9s mag\u00e1val vinni \u0151ket. A term\u00e9szet meg fogja k\u00f6sz\u00f6nni.<\/p>\n\n\n\n<p><strong>\u201eSzedtem egy hervadt vir\u00e1got, fogtam egy pillang\u00f3t, a tenyeremben halt el, akkor \u00e9rtettem meg, hogy a sz\u00e9ps\u00e9get szemmel \u00e9s sz\u00edvvel kell meg\u00e9rinteni.\u201d Ilyen tal\u00e1l\u00f3 felirattal kezd\u0151dik a \u201eStr\u00e1\u017ee\u201d erdei tan\u00f6sv\u00e9ny.<\/strong><\/p>\n\n\n\n<p><em>*Az inform\u00e1ci\u00f3 csak helyi inform\u00e1ci\u00f3s forr\u00e1sokon alapul, \u00e9s semmilyen k\u00f6r\u00fclm\u00e9nyek k\u00f6z\u00f6tt nem bizony\u00edt\u00e9k a t\u00e9nyleges hat\u00e1sra \u00e9s gy\u00f3gy\u00edt\u00f3 hat\u00e1sokra.<\/em><\/p>","protected":false},"featured_media":2391,"template":"","meta":{"_acf_changed":false},"kategoria-poi":[102,107],"lokalita":[28],"sezona-poi":[12],"trvanie-vyletu":[217],"class_list":["post-2979","prirodne-krasy","type-prirodne-krasy","status-publish","has-post-thumbnail","hentry","kategoria-poi-prirodne-krasy","kategoria-poi-turistika","lokalita-presov-a-okolie","sezona-poi-celorocne","trvanie-vyletu-kratke-vylety"],"acf":[],"yoast_head":"<!-- This site is optimized with the Yoast SEO Premium plugin v26.3 (Yoast SEO v26.8) - https:\/\/yoast.com\/product\/yoast-seo-premium-wordpress\/ -->\n<title>Lesn\u00fd n\u00e1u\u010dn\u00fd chodn\u00edk Kana\u0161 Str\u00e1\u017ee - OOCR \u0160ari\u0161<\/title>\n<meta name=\"robots\" content=\"index, follow, max-snippet:-1, max-image-preview:large, max-video-preview:-1\" \/>\n<link rel=\"canonical\" href=\"https:\/\/www.regionsaris.sk\/hu\/prirodne-krasy\/lesny-naucny-chodnik-kanas-straze\/\" \/>\n<meta property=\"og:locale\" content=\"hu_HU\" \/>\n<meta property=\"og:type\" content=\"article\" \/>\n<meta property=\"og:title\" content=\"Lesn\u00fd n\u00e1u\u010dn\u00fd chodn\u00edk Kana\u0161 Str\u00e1\u017ee\" \/>\n<meta property=\"og:description\" content=\"Miestna \u010das\u0165 mesta Ve\u013ek\u00fd \u0160ari\u0161 Kana\u0161 je vzdialen\u00e1 iba 10 kilometrov od mesta Pre\u0161ov a...\" \/>\n<meta property=\"og:url\" content=\"https:\/\/www.regionsaris.sk\/hu\/prirodne-krasy\/lesny-naucny-chodnik-kanas-straze\/\" \/>\n<meta property=\"og:site_name\" content=\"OOCR \u0160ari\u0161\" \/>\n<meta property=\"article:modified_time\" content=\"2026-02-05T13:31:10+00:00\" \/>\n<meta property=\"og:image\" content=\"https:\/\/www.regionsaris.sk\/wp-content\/uploads\/2026\/01\/Lesny-naucny-chodnik-Kanas-Straze-3.jpg\" \/>\n\t<meta property=\"og:image:width\" content=\"758\" \/>\n\t<meta property=\"og:image:height\" content=\"568\" \/>\n\t<meta property=\"og:image:type\" content=\"image\/jpeg\" \/>\n<meta name=\"twitter:card\" content=\"summary_large_image\" \/>\n<meta name=\"twitter:label1\" content=\"Becs\u00fclt olvas\u00e1si id\u0151\" \/>\n\t<meta name=\"twitter:data1\" content=\"2 perc\" \/>\n<script type=\"application\/ld+json\" class=\"yoast-schema-graph\">{\"@context\":\"https:\/\/schema.org\",\"@graph\":[{\"@type\":\"WebPage\",\"@id\":\"https:\/\/www.regionsaris.sk\/prirodne-krasy\/lesny-naucny-chodnik-kanas-straze\/\",\"url\":\"https:\/\/www.regionsaris.sk\/prirodne-krasy\/lesny-naucny-chodnik-kanas-straze\/\",\"name\":\"Lesn\u00fd n\u00e1u\u010dn\u00fd chodn\u00edk Kana\u0161 Str\u00e1\u017ee - OOCR \u0160ari\u0161\",\"isPartOf\":{\"@id\":\"https:\/\/www.regionsaris.sk\/#website\"},\"primaryImageOfPage\":{\"@id\":\"https:\/\/www.regionsaris.sk\/prirodne-krasy\/lesny-naucny-chodnik-kanas-straze\/#primaryimage\"},\"image\":{\"@id\":\"https:\/\/www.regionsaris.sk\/prirodne-krasy\/lesny-naucny-chodnik-kanas-straze\/#primaryimage\"},\"thumbnailUrl\":\"https:\/\/www.regionsaris.sk\/wp-content\/uploads\/2026\/01\/Lesny-naucny-chodnik-Kanas-Straze-3.jpg\",\"datePublished\":\"2026-01-07T18:24:37+00:00\",\"dateModified\":\"2026-02-05T13:31:10+00:00\",\"breadcrumb\":{\"@id\":\"https:\/\/www.regionsaris.sk\/prirodne-krasy\/lesny-naucny-chodnik-kanas-straze\/#breadcrumb\"},\"inLanguage\":\"hu\",\"potentialAction\":[{\"@type\":\"ReadAction\",\"target\":[\"https:\/\/www.regionsaris.sk\/prirodne-krasy\/lesny-naucny-chodnik-kanas-straze\/\"]}]},{\"@type\":\"ImageObject\",\"inLanguage\":\"hu\",\"@id\":\"https:\/\/www.regionsaris.sk\/prirodne-krasy\/lesny-naucny-chodnik-kanas-straze\/#primaryimage\",\"url\":\"https:\/\/www.regionsaris.sk\/wp-content\/uploads\/2026\/01\/Lesny-naucny-chodnik-Kanas-Straze-3.jpg\",\"contentUrl\":\"https:\/\/www.regionsaris.sk\/wp-content\/uploads\/2026\/01\/Lesny-naucny-chodnik-Kanas-Straze-3.jpg\",\"width\":758,\"height\":568},{\"@type\":\"BreadcrumbList\",\"@id\":\"https:\/\/www.regionsaris.sk\/prirodne-krasy\/lesny-naucny-chodnik-kanas-straze\/#breadcrumb\",\"itemListElement\":[{\"@type\":\"ListItem\",\"position\":1,\"name\":\"Domov\",\"item\":\"https:\/\/www.regionsaris.sk\/\"},{\"@type\":\"ListItem\",\"position\":2,\"name\":\"Pr\u00edrodn\u00e9 kr\u00e1sy v regi\u00f3ne\",\"item\":\"https:\/\/www.regionsaris.sk\/prirodne-krasy-v-regione\/\"},{\"@type\":\"ListItem\",\"position\":3,\"name\":\"Lesn\u00fd n\u00e1u\u010dn\u00fd chodn\u00edk Kana\u0161 Str\u00e1\u017ee\"}]},{\"@type\":\"WebSite\",\"@id\":\"https:\/\/www.regionsaris.sk\/#website\",\"url\":\"https:\/\/www.regionsaris.sk\/\",\"name\":\"OOCR \u0160ari\u0161\",\"description\":\"\",\"potentialAction\":[{\"@type\":\"SearchAction\",\"target\":{\"@type\":\"EntryPoint\",\"urlTemplate\":\"https:\/\/www.regionsaris.sk\/?s={search_term_string}\"},\"query-input\":{\"@type\":\"PropertyValueSpecification\",\"valueRequired\":true,\"valueName\":\"search_term_string\"}}],\"inLanguage\":\"hu\"}]}<\/script>\n<!-- \/ Yoast SEO Premium plugin. -->","yoast_head_json":{"title":"Lesn\u00fd n\u00e1u\u010dn\u00fd chodn\u00edk Kana\u0161 Str\u00e1\u017ee - OOCR \u0160ari\u0161","robots":{"index":"index","follow":"follow","max-snippet":"max-snippet:-1","max-image-preview":"max-image-preview:large","max-video-preview":"max-video-preview:-1"},"canonical":"https:\/\/www.regionsaris.sk\/hu\/prirodne-krasy\/lesny-naucny-chodnik-kanas-straze\/","og_locale":"hu_HU","og_type":"article","og_title":"Lesn\u00fd n\u00e1u\u010dn\u00fd chodn\u00edk Kana\u0161 Str\u00e1\u017ee","og_description":"Miestna \u010das\u0165 mesta Ve\u013ek\u00fd \u0160ari\u0161 Kana\u0161 je vzdialen\u00e1 iba 10 kilometrov od mesta Pre\u0161ov a...","og_url":"https:\/\/www.regionsaris.sk\/hu\/prirodne-krasy\/lesny-naucny-chodnik-kanas-straze\/","og_site_name":"OOCR \u0160ari\u0161","article_modified_time":"2026-02-05T13:31:10+00:00","og_image":[{"width":758,"height":568,"url":"https:\/\/www.regionsaris.sk\/wp-content\/uploads\/2026\/01\/Lesny-naucny-chodnik-Kanas-Straze-3.jpg","type":"image\/jpeg"}],"twitter_card":"summary_large_image","twitter_misc":{"Becs\u00fclt olvas\u00e1si id\u0151":"2 perc"},"schema":{"@context":"https:\/\/schema.org","@graph":[{"@type":"WebPage","@id":"https:\/\/www.regionsaris.sk\/prirodne-krasy\/lesny-naucny-chodnik-kanas-straze\/","url":"https:\/\/www.regionsaris.sk\/prirodne-krasy\/lesny-naucny-chodnik-kanas-straze\/","name":"Lesn\u00fd n\u00e1u\u010dn\u00fd chodn\u00edk Kana\u0161 Str\u00e1\u017ee - OOCR \u0160ari\u0161","isPartOf":{"@id":"https:\/\/www.regionsaris.sk\/#website"},"primaryImageOfPage":{"@id":"https:\/\/www.regionsaris.sk\/prirodne-krasy\/lesny-naucny-chodnik-kanas-straze\/#primaryimage"},"image":{"@id":"https:\/\/www.regionsaris.sk\/prirodne-krasy\/lesny-naucny-chodnik-kanas-straze\/#primaryimage"},"thumbnailUrl":"https:\/\/www.regionsaris.sk\/wp-content\/uploads\/2026\/01\/Lesny-naucny-chodnik-Kanas-Straze-3.jpg","datePublished":"2026-01-07T18:24:37+00:00","dateModified":"2026-02-05T13:31:10+00:00","breadcrumb":{"@id":"https:\/\/www.regionsaris.sk\/prirodne-krasy\/lesny-naucny-chodnik-kanas-straze\/#breadcrumb"},"inLanguage":"hu","potentialAction":[{"@type":"ReadAction","target":["https:\/\/www.regionsaris.sk\/prirodne-krasy\/lesny-naucny-chodnik-kanas-straze\/"]}]},{"@type":"ImageObject","inLanguage":"hu","@id":"https:\/\/www.regionsaris.sk\/prirodne-krasy\/lesny-naucny-chodnik-kanas-straze\/#primaryimage","url":"https:\/\/www.regionsaris.sk\/wp-content\/uploads\/2026\/01\/Lesny-naucny-chodnik-Kanas-Straze-3.jpg","contentUrl":"https:\/\/www.regionsaris.sk\/wp-content\/uploads\/2026\/01\/Lesny-naucny-chodnik-Kanas-Straze-3.jpg","width":758,"height":568},{"@type":"BreadcrumbList","@id":"https:\/\/www.regionsaris.sk\/prirodne-krasy\/lesny-naucny-chodnik-kanas-straze\/#breadcrumb","itemListElement":[{"@type":"ListItem","position":1,"name":"Domov","item":"https:\/\/www.regionsaris.sk\/"},{"@type":"ListItem","position":2,"name":"Pr\u00edrodn\u00e9 kr\u00e1sy v regi\u00f3ne","item":"https:\/\/www.regionsaris.sk\/prirodne-krasy-v-regione\/"},{"@type":"ListItem","position":3,"name":"Lesn\u00fd n\u00e1u\u010dn\u00fd chodn\u00edk Kana\u0161 Str\u00e1\u017ee"}]},{"@type":"WebSite","@id":"https:\/\/www.regionsaris.sk\/#website","url":"https:\/\/www.regionsaris.sk\/","name":"OOCR \u0160ari\u0161","description":"","potentialAction":[{"@type":"SearchAction","target":{"@type":"EntryPoint","urlTemplate":"https:\/\/www.regionsaris.sk\/?s={search_term_string}"},"query-input":{"@type":"PropertyValueSpecification","valueRequired":true,"valueName":"search_term_string"}}],"inLanguage":"hu"}]}},"_links":{"self":[{"href":"https:\/\/www.regionsaris.sk\/hu\/wp-json\/wp\/v2\/prirodne-krasy\/2979","targetHints":{"allow":["GET"]}}],"collection":[{"href":"https:\/\/www.regionsaris.sk\/hu\/wp-json\/wp\/v2\/prirodne-krasy"}],"about":[{"href":"https:\/\/www.regionsaris.sk\/hu\/wp-json\/wp\/v2\/types\/prirodne-krasy"}],"wp:featuredmedia":[{"embeddable":true,"href":"https:\/\/www.regionsaris.sk\/hu\/wp-json\/wp\/v2\/media\/2391"}],"wp:attachment":[{"href":"https:\/\/www.regionsaris.sk\/hu\/wp-json\/wp\/v2\/media?parent=2979"}],"wp:term":[{"taxonomy":"kategoria-poi","embeddable":true,"href":"https:\/\/www.regionsaris.sk\/hu\/wp-json\/wp\/v2\/kategoria-poi?post=2979"},{"taxonomy":"lokalita","embeddable":true,"href":"https:\/\/www.regionsaris.sk\/hu\/wp-json\/wp\/v2\/lokalita?post=2979"},{"taxonomy":"sezona-poi","embeddable":true,"href":"https:\/\/www.regionsaris.sk\/hu\/wp-json\/wp\/v2\/sezona-poi?post=2979"},{"taxonomy":"trvanie-vyletu","embeddable":true,"href":"https:\/\/www.regionsaris.sk\/hu\/wp-json\/wp\/v2\/trvanie-vyletu?post=2979"}],"curies":[{"name":"wp","href":"https:\/\/api.w.org\/{rel}","templated":true}]}}