{"id":2955,"date":"2026-01-07T19:24:41","date_gmt":"2026-01-07T18:24:41","guid":{"rendered":"https:\/\/www.regionsaris.sk\/?post_type=prirodne-krasy&#038;p=2955"},"modified":"2026-02-05T14:29:24","modified_gmt":"2026-02-05T13:29:24","slug":"rozhladna-na-sanci-465-m-n-m","status":"publish","type":"prirodne-krasy","link":"https:\/\/www.regionsaris.sk\/hu\/prirodne-krasy\/rozhladna-na-sanci-465-m-n-m\/","title":{"rendered":"Kil\u00e1t\u00f3torony a \u0160ancin 465 m tengerszint feletti magass\u00e1gban."},"content":{"rendered":"<p>Fentebb<strong> <a href=\"https:\/\/www.regionsaris.sk\/hu\/kam-ist-na-vylet\/sabinov-a-okolie\/\">Sabinov v\u00e1rosa <\/a><\/strong>Az es\u00e9lye elsz\u00e1llt. Ez a neve a Torysa foly\u00f3 melletti erd\u0151s domb egy r\u00e9sz\u00e9nek. \u0160anec els\u0151sorban pihen\u00e9sre szolg\u00e1l, \u00e9s a v\u00e1roshoz val\u00f3 k\u00f6zels\u00e9ge miatt (a bej\u00e1rat k\u00f6zvetlen\u00fcl a f\u0151\u00fatr\u00f3l ny\u00edlik) minden \u00e9vszakban n\u00e9pszer\u0171 hely. A hegy l\u00e1b\u00e1hoz mindenf\u00e9le \u00f6sv\u00e9nyeken lehet feljutni, az \u00fatvonalakat a k\u00f6vetkez\u0151 n\u00e9ven ismerik <a href=\"https:\/\/www.regionsaris.sk\/hu\/prirodne-krasy\/svablovske-chodnicky-kupelny-chodnicek\/\">\u201e\u0160vablovsk\u00e9 chodni\u010dky\u201c<\/a>. A tetej\u00e9n van egy s\u00edks\u00e1g, ahol 2020 szeptember\u00e9ben avatt\u00e1k fel <strong>\u201eKil\u00e1t\u00f3torony az Es\u00e9lyen\u201c<\/strong>. A kil\u00e1t\u00f3torony \u00e9p\u00edt\u00e9se a Szlov\u00e1k K\u00f6zt\u00e1rsas\u00e1g Korm\u00e1nyhivatala anyagi t\u00e1mogat\u00e1s\u00e1nak k\u00f6sz\u00f6nhet\u0151en val\u00f3sult meg, a turizmus n\u00e9pszer\u0171s\u00edt\u00e9s\u00e9nek \u00e9s a k\u00fclv\u00e1rosi r\u00e9szek vonzerej\u00e9nek n\u00f6vel\u00e9s\u00e9nek eszk\u00f6zek\u00e9nt.<a href=\"https:\/\/www.regionsaris.sk\/hu\/prirodne-krasy\/lesopark-svablovka\/\"><strong> \u0160vab\u013eovka erd\u0151park.<\/strong><\/a><\/p>\n\n\n\n<p>A kil\u00e1t\u00f3torony 465 m tengerszint feletti magass\u00e1gban tal\u00e1lhat\u00f3. A kil\u00e1t\u00f3torony hely\u00e9t \u00e9s maxim\u00e1lis magass\u00e1g\u00e1t a k\u00f6zeli Ra\u017e\u0148any rep\u00fcl\u0151t\u00e9r, annak v\u00e9delmi z\u00f3n\u00e1i \u00e9s a l\u00e9gi k\u00f6zleked\u00e9s biztons\u00e1ga miatt korl\u00e1tozt\u00e1k. A kil\u00e1t\u00f3torony magas<strong> 11m<\/strong>, k\u00e9tszintes, f\u00e1b\u00f3l k\u00e9sz\u00fclt, ahol a legmodernebb famegmunk\u00e1l\u00e1si technol\u00f3gi\u00e1t alkalmazt\u00e1k. A projekt tervez\u0151je a <em>Ing. Juraj Lovich<\/em>, \u00e9s a v\u00e1llalkoz\u00f3 <em>Interbau s.r.o.<\/em><\/p>\n\n\n\n<p>A toronyban tal\u00e1lhat\u00f3 egy \u00fcl\u0151hely, ahonnan gy\u00f6ny\u00f6r\u0171 kil\u00e1t\u00e1s ny\u00edlik a \u0160ari\u0161 r\u00e9gi\u00f3 teljes panor\u00e1m\u00e1j\u00e1ra a \u0160ari\u0161 v\u00e1rhegyt\u0151l, Hradov\u00e1, Zobrana, Malkovsk\u00e1 h\u00f4rka, Makovica, Bodo\u0148, Lys\u00e1, \u010cierna Hora, \u0160imonka telep\u00fcl\u00e9seken \u00e1t.<\/p>\n\n\n\n<p>A kil\u00e1t\u00f3torony alatt van egy m\u00e1sik pihen\u0151hely is, a h\u00edres <a href=\"https:\/\/www.regionsaris.sk\/hu\/historia\/sanec-krize-na-sanci\/\"><strong>\u201eKeresztek a v\u00e9letlenre\u201c,<\/strong><\/a> amelyek a \u0160vab\u013eovka erd\u0151park r\u00e9sz\u00e9t k\u00e9pezik, amely \u00fajj\u00e1\u00e9leszt\u00e9sre v\u00e1r.<\/p>\n\n\n\n<p><iframe loading=\"lazy\" title=\"\u0160vab\u013eovka Sabinov kil\u00e1t\u00f3torony \u0160vab\u013eovka Sabinov\" width=\"500\" height=\"281\" src=\"https:\/\/www.youtube.com\/embed\/GUd8Evgr9kA?start=71&feature=oembed\" frameborder=\"0\" allow=\"accelerometer; autoplay; clipboard-write; encrypted-media; gyroscope; picture-in-picture; web-share\" referrerpolicy=\"strict-origin-when-cross-origin\" allowfullscreen><\/iframe><\/p>","protected":false},"featured_media":170,"template":"","meta":{"_acf_changed":false},"kategoria-poi":[104,102,174,107],"lokalita":[27],"sezona-poi":[12],"trvanie-vyletu":[180],"class_list":["post-2955","prirodne-krasy","type-prirodne-krasy","status-publish","has-post-thumbnail","hentry","kategoria-poi-mesta","kategoria-poi-prirodne-krasy","kategoria-poi-prirodne-zaujimavosti","kategoria-poi-turistika","lokalita-sabinov-a-okolie","sezona-poi-celorocne","trvanie-vyletu-poldenne-vylety"],"acf":[],"yoast_head":"<!-- This site is optimized with the Yoast SEO Premium plugin v26.3 (Yoast SEO v26.8) - https:\/\/yoast.com\/product\/yoast-seo-premium-wordpress\/ -->\n<title>Rozh\u013ead\u0148a na \u0160anci 465 m n. m. - OOCR \u0160ari\u0161<\/title>\n<meta name=\"robots\" content=\"index, follow, max-snippet:-1, max-image-preview:large, max-video-preview:-1\" \/>\n<link rel=\"canonical\" href=\"https:\/\/www.regionsaris.sk\/hu\/prirodne-krasy\/rozhladna-na-sanci-465-m-n-m\/\" \/>\n<meta property=\"og:locale\" content=\"hu_HU\" \/>\n<meta property=\"og:type\" content=\"article\" \/>\n<meta property=\"og:title\" content=\"Rozh\u013ead\u0148a na \u0160anci 465 m n. m.\" \/>\n<meta property=\"og:description\" content=\"Nad mestom Sabinov sa vyp\u00edna \u0160anec. Je to pomenovanie pre \u010das\u0165 zalesnen\u00e9ho kopca hne\u010f pri...\" \/>\n<meta property=\"og:url\" content=\"https:\/\/www.regionsaris.sk\/hu\/prirodne-krasy\/rozhladna-na-sanci-465-m-n-m\/\" \/>\n<meta property=\"og:site_name\" content=\"OOCR \u0160ari\u0161\" \/>\n<meta property=\"article:modified_time\" content=\"2026-02-05T13:29:24+00:00\" \/>\n<meta property=\"og:image\" content=\"https:\/\/www.regionsaris.sk\/wp-content\/uploads\/2025\/12\/Rozhladna-na-Sanci_1.jpg\" \/>\n\t<meta property=\"og:image:width\" content=\"800\" \/>\n\t<meta property=\"og:image:height\" content=\"1255\" \/>\n\t<meta property=\"og:image:type\" content=\"image\/jpeg\" \/>\n<meta name=\"twitter:card\" content=\"summary_large_image\" \/>\n<meta name=\"twitter:label1\" content=\"Becs\u00fclt olvas\u00e1si id\u0151\" \/>\n\t<meta name=\"twitter:data1\" content=\"1 perc\" \/>\n<script type=\"application\/ld+json\" class=\"yoast-schema-graph\">{\"@context\":\"https:\/\/schema.org\",\"@graph\":[{\"@type\":\"WebPage\",\"@id\":\"https:\/\/www.regionsaris.sk\/prirodne-krasy\/rozhladna-na-sanci-465-m-n-m\/\",\"url\":\"https:\/\/www.regionsaris.sk\/prirodne-krasy\/rozhladna-na-sanci-465-m-n-m\/\",\"name\":\"Rozh\u013ead\u0148a na \u0160anci 465 m n. m. - OOCR \u0160ari\u0161\",\"isPartOf\":{\"@id\":\"https:\/\/www.regionsaris.sk\/#website\"},\"primaryImageOfPage\":{\"@id\":\"https:\/\/www.regionsaris.sk\/prirodne-krasy\/rozhladna-na-sanci-465-m-n-m\/#primaryimage\"},\"image\":{\"@id\":\"https:\/\/www.regionsaris.sk\/prirodne-krasy\/rozhladna-na-sanci-465-m-n-m\/#primaryimage\"},\"thumbnailUrl\":\"https:\/\/www.regionsaris.sk\/wp-content\/uploads\/2025\/12\/Rozhladna-na-Sanci_1.jpg\",\"datePublished\":\"2026-01-07T18:24:41+00:00\",\"dateModified\":\"2026-02-05T13:29:24+00:00\",\"breadcrumb\":{\"@id\":\"https:\/\/www.regionsaris.sk\/prirodne-krasy\/rozhladna-na-sanci-465-m-n-m\/#breadcrumb\"},\"inLanguage\":\"hu\",\"potentialAction\":[{\"@type\":\"ReadAction\",\"target\":[\"https:\/\/www.regionsaris.sk\/prirodne-krasy\/rozhladna-na-sanci-465-m-n-m\/\"]}]},{\"@type\":\"ImageObject\",\"inLanguage\":\"hu\",\"@id\":\"https:\/\/www.regionsaris.sk\/prirodne-krasy\/rozhladna-na-sanci-465-m-n-m\/#primaryimage\",\"url\":\"https:\/\/www.regionsaris.sk\/wp-content\/uploads\/2025\/12\/Rozhladna-na-Sanci_1.jpg\",\"contentUrl\":\"https:\/\/www.regionsaris.sk\/wp-content\/uploads\/2025\/12\/Rozhladna-na-Sanci_1.jpg\",\"width\":800,\"height\":1255},{\"@type\":\"BreadcrumbList\",\"@id\":\"https:\/\/www.regionsaris.sk\/prirodne-krasy\/rozhladna-na-sanci-465-m-n-m\/#breadcrumb\",\"itemListElement\":[{\"@type\":\"ListItem\",\"position\":1,\"name\":\"Domov\",\"item\":\"https:\/\/www.regionsaris.sk\/\"},{\"@type\":\"ListItem\",\"position\":2,\"name\":\"Pr\u00edrodn\u00e9 kr\u00e1sy v regi\u00f3ne\",\"item\":\"https:\/\/www.regionsaris.sk\/prirodne-krasy-v-regione\/\"},{\"@type\":\"ListItem\",\"position\":3,\"name\":\"Rozh\u013ead\u0148a na \u0160anci 465 m n. m.\"}]},{\"@type\":\"WebSite\",\"@id\":\"https:\/\/www.regionsaris.sk\/#website\",\"url\":\"https:\/\/www.regionsaris.sk\/\",\"name\":\"OOCR \u0160ari\u0161\",\"description\":\"\",\"potentialAction\":[{\"@type\":\"SearchAction\",\"target\":{\"@type\":\"EntryPoint\",\"urlTemplate\":\"https:\/\/www.regionsaris.sk\/?s={search_term_string}\"},\"query-input\":{\"@type\":\"PropertyValueSpecification\",\"valueRequired\":true,\"valueName\":\"search_term_string\"}}],\"inLanguage\":\"hu\"}]}<\/script>\n<!-- \/ Yoast SEO Premium plugin. -->","yoast_head_json":{"title":"Rozh\u013ead\u0148a na \u0160anci 465 m n. m. - OOCR \u0160ari\u0161","robots":{"index":"index","follow":"follow","max-snippet":"max-snippet:-1","max-image-preview":"max-image-preview:large","max-video-preview":"max-video-preview:-1"},"canonical":"https:\/\/www.regionsaris.sk\/hu\/prirodne-krasy\/rozhladna-na-sanci-465-m-n-m\/","og_locale":"hu_HU","og_type":"article","og_title":"Rozh\u013ead\u0148a na \u0160anci 465 m n. m.","og_description":"Nad mestom Sabinov sa vyp\u00edna \u0160anec. Je to pomenovanie pre \u010das\u0165 zalesnen\u00e9ho kopca hne\u010f pri...","og_url":"https:\/\/www.regionsaris.sk\/hu\/prirodne-krasy\/rozhladna-na-sanci-465-m-n-m\/","og_site_name":"OOCR \u0160ari\u0161","article_modified_time":"2026-02-05T13:29:24+00:00","og_image":[{"width":800,"height":1255,"url":"https:\/\/www.regionsaris.sk\/wp-content\/uploads\/2025\/12\/Rozhladna-na-Sanci_1.jpg","type":"image\/jpeg"}],"twitter_card":"summary_large_image","twitter_misc":{"Becs\u00fclt olvas\u00e1si id\u0151":"1 perc"},"schema":{"@context":"https:\/\/schema.org","@graph":[{"@type":"WebPage","@id":"https:\/\/www.regionsaris.sk\/prirodne-krasy\/rozhladna-na-sanci-465-m-n-m\/","url":"https:\/\/www.regionsaris.sk\/prirodne-krasy\/rozhladna-na-sanci-465-m-n-m\/","name":"Rozh\u013ead\u0148a na \u0160anci 465 m n. m. - OOCR \u0160ari\u0161","isPartOf":{"@id":"https:\/\/www.regionsaris.sk\/#website"},"primaryImageOfPage":{"@id":"https:\/\/www.regionsaris.sk\/prirodne-krasy\/rozhladna-na-sanci-465-m-n-m\/#primaryimage"},"image":{"@id":"https:\/\/www.regionsaris.sk\/prirodne-krasy\/rozhladna-na-sanci-465-m-n-m\/#primaryimage"},"thumbnailUrl":"https:\/\/www.regionsaris.sk\/wp-content\/uploads\/2025\/12\/Rozhladna-na-Sanci_1.jpg","datePublished":"2026-01-07T18:24:41+00:00","dateModified":"2026-02-05T13:29:24+00:00","breadcrumb":{"@id":"https:\/\/www.regionsaris.sk\/prirodne-krasy\/rozhladna-na-sanci-465-m-n-m\/#breadcrumb"},"inLanguage":"hu","potentialAction":[{"@type":"ReadAction","target":["https:\/\/www.regionsaris.sk\/prirodne-krasy\/rozhladna-na-sanci-465-m-n-m\/"]}]},{"@type":"ImageObject","inLanguage":"hu","@id":"https:\/\/www.regionsaris.sk\/prirodne-krasy\/rozhladna-na-sanci-465-m-n-m\/#primaryimage","url":"https:\/\/www.regionsaris.sk\/wp-content\/uploads\/2025\/12\/Rozhladna-na-Sanci_1.jpg","contentUrl":"https:\/\/www.regionsaris.sk\/wp-content\/uploads\/2025\/12\/Rozhladna-na-Sanci_1.jpg","width":800,"height":1255},{"@type":"BreadcrumbList","@id":"https:\/\/www.regionsaris.sk\/prirodne-krasy\/rozhladna-na-sanci-465-m-n-m\/#breadcrumb","itemListElement":[{"@type":"ListItem","position":1,"name":"Domov","item":"https:\/\/www.regionsaris.sk\/"},{"@type":"ListItem","position":2,"name":"Pr\u00edrodn\u00e9 kr\u00e1sy v regi\u00f3ne","item":"https:\/\/www.regionsaris.sk\/prirodne-krasy-v-regione\/"},{"@type":"ListItem","position":3,"name":"Rozh\u013ead\u0148a na \u0160anci 465 m n. m."}]},{"@type":"WebSite","@id":"https:\/\/www.regionsaris.sk\/#website","url":"https:\/\/www.regionsaris.sk\/","name":"OOCR \u0160ari\u0161","description":"","potentialAction":[{"@type":"SearchAction","target":{"@type":"EntryPoint","urlTemplate":"https:\/\/www.regionsaris.sk\/?s={search_term_string}"},"query-input":{"@type":"PropertyValueSpecification","valueRequired":true,"valueName":"search_term_string"}}],"inLanguage":"hu"}]}},"_links":{"self":[{"href":"https:\/\/www.regionsaris.sk\/hu\/wp-json\/wp\/v2\/prirodne-krasy\/2955","targetHints":{"allow":["GET"]}}],"collection":[{"href":"https:\/\/www.regionsaris.sk\/hu\/wp-json\/wp\/v2\/prirodne-krasy"}],"about":[{"href":"https:\/\/www.regionsaris.sk\/hu\/wp-json\/wp\/v2\/types\/prirodne-krasy"}],"wp:featuredmedia":[{"embeddable":true,"href":"https:\/\/www.regionsaris.sk\/hu\/wp-json\/wp\/v2\/media\/170"}],"wp:attachment":[{"href":"https:\/\/www.regionsaris.sk\/hu\/wp-json\/wp\/v2\/media?parent=2955"}],"wp:term":[{"taxonomy":"kategoria-poi","embeddable":true,"href":"https:\/\/www.regionsaris.sk\/hu\/wp-json\/wp\/v2\/kategoria-poi?post=2955"},{"taxonomy":"lokalita","embeddable":true,"href":"https:\/\/www.regionsaris.sk\/hu\/wp-json\/wp\/v2\/lokalita?post=2955"},{"taxonomy":"sezona-poi","embeddable":true,"href":"https:\/\/www.regionsaris.sk\/hu\/wp-json\/wp\/v2\/sezona-poi?post=2955"},{"taxonomy":"trvanie-vyletu","embeddable":true,"href":"https:\/\/www.regionsaris.sk\/hu\/wp-json\/wp\/v2\/trvanie-vyletu?post=2955"}],"curies":[{"name":"wp","href":"https:\/\/api.w.org\/{rel}","templated":true}]}}